{"id":5424,"date":"2024-06-06T11:14:58","date_gmt":"2024-06-06T09:14:58","guid":{"rendered":"https:\/\/fundacionrecover.org\/?page_id=5424"},"modified":"2026-08-14T19:44:24","modified_gmt":"2026-08-14T17:44:24","slug":"politique-de-confidentialite","status":"publish","type":"page","link":"https:\/\/fundacionrecover.org\/fr\/politica-de-privacidad\/","title":{"rendered":"Politique de Confidentialit\u00e9"},"content":{"rendered":"<p class=\"wp-block-paragraph\">Conform\u00e9ment au r\u00e8glement (UE) 2016\/679 du Parlement europ\u00e9en et du Conseil du 27 avril 2016 relatif \u00e0 la protection des personnes physiques \u00e0 l'\u00e9gard du traitement des donn\u00e9es \u00e0 caract\u00e8re personnel et \u00e0 la libre circulation de ces donn\u00e9es, et \u00e0 la loi organique 3\/2018 du 5 d\u00e9cembre relative \u00e0 la protection des donn\u00e9es personnelles et \u00e0 la garantie des droits num\u00e9riques, nous proc\u00e9dons \u00e0 informer par la pr\u00e9sente Politique de Confidentialit\u00e9 des termes et conditions du traitement des donn\u00e9es personnelles que vous nous fournissez \u00e0 l'occasion de votre relation avec la Fundaci\u00f3n Recover, Hospitales para \u00c1frica (ci-apr\u00e8s, \u201c FUNDACI\u00d3N RECOVER \u201d).<\/p>\n\n\n\n<p class=\"wp-block-paragraph\">La Fundaci\u00f3n Recover adopte les mesures de s\u00e9curit\u00e9 \u00e9tablies dans les r\u00e9glementations l\u00e9gales espagnoles et internationales (y compris europ\u00e9ennes). Nous vous expliquons ci-dessous comment et dans quel but nous collectons vos donn\u00e9es. Les informations que vous nous fournissez sont confidentielles et ne seront divulgu\u00e9es que dans les cas d\u00e9crits ci-dessous et lorsque nous sommes sollicit\u00e9s par une administration publique ou judiciaire ou lorsque cela est n\u00e9cessaire dans tout autre cas pr\u00e9vu par la loi.<\/p>\n\n\n\n<p class=\"wp-block-paragraph\">Cette politique exprime la mani\u00e8re dont les informations personnelles de toutes les personnes qui interagissent avec la fondation FUNDACI\u00d3N RECOVER par le biais de ce site web seront trait\u00e9es et prot\u00e9g\u00e9es. Veuillez lire toutes les sections de l'avis juridique, de la politique relative aux cookies et de la pr\u00e9sente politique de confidentialit\u00e9 avant d'utiliser ce site web.&nbsp;<\/p>\n\n\n\n<p class=\"wp-block-paragraph\">Conform\u00e9ment aux dispositions du R\u00e8glement UE 2016\/679 du Parlement europ\u00e9en et du Conseil du 27 avril 2016 (RGPD) et de la loi organique 3\/2018 du 5 d\u00e9cembre relative \u00e0 la protection des donn\u00e9es personnelles et \u00e0 la garantie des droits num\u00e9riques, Fundaci\u00f3n Recover vous informe qu'en acceptant la pr\u00e9sente Politique de confidentialit\u00e9, vous donnez votre consentement expr\u00e8s, \u00e9clair\u00e9, libre et univoque pour que les donn\u00e9es que vous fournissez, et auxquelles s'appliquent les mesures de s\u00e9curit\u00e9, techniques et organisationnelles pr\u00e9vues par la r\u00e9glementation en vigueur, soient trait\u00e9es par Fundaci\u00f3n Recover, en tant que responsable du traitement.<\/p>\n\n\n\n<p class=\"wp-block-paragraph\">Chez FUNDACION RECOVER, nous adoptons les mesures de s\u00e9curit\u00e9 \u00e9tablies par les normes l\u00e9gales tant espagnoles qu'internationales (y compris europ\u00e9ennes). Nous vous expliquons ci-dessous comment et pourquoi nous recueillons vos donn\u00e9es. Les informations que vous nous fournissez sont confidentielles et ne seront divulgu\u00e9es que dans les cas pr\u00e9vus ci-dessous et lorsqu'une administration publique ou judiciaire nous le demandera ou que cela sera n\u00e9cessaire dans tout autre cas pr\u00e9vu par la loi.<\/p>\n\n\n\n<p class=\"wp-block-paragraph\">Ce que nous faisons et ne faisons pas avec vos donn\u00e9es personnelles sur ce site web peut \u00eatre consult\u00e9 ici.<\/p>\n\n\n\n<p class=\"wp-block-paragraph\">Cette politique exprime la mani\u00e8re dont les informations personnelles de toutes les personnes qui interagissent avec la FONDATION RECOVER par le biais de ce site web seront trait\u00e9es et prot\u00e9g\u00e9es. Veuillez lire toutes les sections de l'Avis L\u00e9gal, de la politique de cookies et de la pr\u00e9sente politique de confidentialit\u00e9 avant d'utiliser ce site web.&nbsp;<\/p>\n\n\n\n<p class=\"wp-block-paragraph\">Conform\u00e9ment aux dispositions du R\u00e8glement UE 2016\/679 du Parlement europ\u00e9en et du Conseil du 27 avril 2016 (RGPD) et de la Loi organique 3\/2018 du 5 d\u00e9cembre relative \u00e0 la protection des donn\u00e9es personnelles et \u00e0 la garantie des droits num\u00e9riques, la FUNDACI\u00d3N RECOVER vous informe qu'en acceptant la pr\u00e9sente Politique de confidentialit\u00e9, vous donnez votre consentement expr\u00e8s, \u00e9clair\u00e9, libre et univoque pour que les donn\u00e9es que vous fournissez, et auxquelles s'appliquent les mesures de s\u00e9curit\u00e9, techniques et organisationnelles pr\u00e9vues par la r\u00e9glementation en vigueur, soient trait\u00e9es par la FUNDACI\u00d3N RECOVER en tant que responsable du traitement.<\/p>\n\n\n\n<p class=\"wp-block-paragraph\"><strong>Qui est responsable du traitement de vos donn\u00e9es personnelles ?<\/strong><\/p>\n\n\n\n<p class=\"wp-block-paragraph\"><a><strong>Propri\u00e9taire du site web :&nbsp;<\/strong><\/a>La Fondation Recover, H\u00f2pitaux pour l\u2019Afrique<\/p>\n\n\n\n<p class=\"wp-block-paragraph\"><strong>NIF\/CIF :<\/strong>&nbsp; G-84.838.465<\/p>\n\n\n\n<p class=\"wp-block-paragraph\"><strong>Adresse :<\/strong>&nbsp; Calle Hilari\u00f3n eslava, 27 bis 1\u00aa Planta Oficina 7 28015 Madrid<\/p>\n\n\n\n<p class=\"wp-block-paragraph\"><strong>Coordonn\u00e9es du D\u00e9l\u00e9gu\u00e9 \u00e0 la Protection des Donn\u00e9es :<\/strong>&nbsp;dpo@fundacionrecover.org<\/p>\n\n\n\n<p class=\"wp-block-paragraph\"><strong>Activit\u00e9 :<\/strong>&nbsp;fondation \u00e0 caract\u00e8re social sans but lucratif<\/p>\n\n\n\n<p class=\"wp-block-paragraph\"><strong>Inscription<\/strong>: inscrite au Registre des fondations d'assistance sous le num\u00e9ro 28-1428<\/p>\n\n\n\n<p class=\"wp-block-paragraph\"><strong>Enregistrement de l'ONGD<\/strong>: 2232<\/p>\n\n\n\n<p class=\"wp-block-paragraph\"><strong>Quelles sont les donn\u00e9es personnelles que nous traitons ?<\/strong><\/p>\n\n\n\n<p class=\"wp-block-paragraph\">Les donn\u00e9es que nous traiterons vous concernant aux fins l\u00e9gitimes expliqu\u00e9es ci-apr\u00e8s sont les suivantes :<br>Donn\u00e9es n\u00e9cessaires pour maintenir la relation avec vous :<br>\u2013 Nombre<br>- Nom de famille<br>- NUM\u00c9RO D'IDENTIFICATION FISCALE (TIN)<br>- Adresse \u00e9lectronique<br>- Num\u00e9ro de t\u00e9l\u00e9phone<br>- Adresse postale<br>Lorsque la nature de notre relation avec vous l'exige, nous pouvons traiter d'autres donn\u00e9es que vous nous fournissez volontairement :<br>- Date de naissance<br>\u2013 Sexo<br>- Contribution financi\u00e8re<br>- Coordonn\u00e9es bancaires<br>- Occupation<br>- Les informations que vous nous avez fournies pour l'exercice du volontariat<br>- Image personnelle.<br>Les informations sp\u00e9cifiques concernant les donn\u00e9es trait\u00e9es en relation avec la boutique en ligne sont d\u00e9taill\u00e9es dans la section \u201c Traitement des donn\u00e9es dans la boutique en ligne \u201d.<br>Nous vous informons \u00e9galement que nous traiterons toutes les donn\u00e9es suppl\u00e9mentaires que vous nous fournissez volontairement au cours des relations et interactions futures que vous entretenez avec RECOVER, y compris les donn\u00e9es que vous nous fournissez par le biais de r\u00e9seaux sociaux, de plateformes ou d'applications. Ces donn\u00e9es d\u00e9pendent de vos propres param\u00e8tres de confidentialit\u00e9, de l'utilisation du r\u00e9seau social, des plateformes ou des applications, ainsi que des politiques de confidentialit\u00e9 de chaque r\u00e9seau social, plateforme ou application, et nous vous recommandons donc de les lire attentivement avant de nous fournir des donn\u00e9es par le biais de ces r\u00e9seaux sociaux, plateformes ou applications.<\/p>\n\n\n\n<p class=\"wp-block-paragraph\"><strong>\u00c0 quelles fins traitons-nous vos donn\u00e9es personnelles ?<\/strong><\/p>\n\n\n\n<p class=\"wp-block-paragraph\">Pour atteindre notre objectif fondateur, \u00e0 savoir l'acc\u00e8s \u00e0 une sant\u00e9 de qualit\u00e9 et d'avenir pour toutes les personnes en Afrique subsaharienne, nous traitons les donn\u00e9es de nos membres, donateurs, b\u00e9n\u00e9voles, collaborateurs, parties int\u00e9ress\u00e9es et clients de la boutique en ligne aux fins suivantes :<br>\u2013 G\u00e9rer la relation avec les partenaires, donateurs, b\u00e9n\u00e9voles, collaborateurs et parties prenantes.<br>- Pour envoyer des informations sur RECOVER par SMS, t\u00e9l\u00e9phone, courrier, e-mail, m\u00eame lorsque notre relation est termin\u00e9e, \u00e0 moins que la partie int\u00e9ress\u00e9e n'en d\u00e9cide autrement ; et pour r\u00e9pondre aux demandes d'informations.<br>- Promouvoir la collaboration financi\u00e8re avec RECOVER, ainsi que d'autres types de participation active.<br>- Encourager la collaboration au sein de RECOVER par le biais du r\u00e9seau de volontaires.<br>- Coordonner la participation aux activit\u00e9s organis\u00e9es par ou pour le r\u00e9seau de volontaires RECOVER.<br>- Invitation \u00e0 des actes ou \u00e9v\u00e9nements organis\u00e9s par RECOVER.<br>\u2013 R\u00e9aliser des enqu\u00eates de satisfaction.<br>\u2013 Traiter les achats effectu\u00e9s sur la boutique en ligne, confirmer les commandes, g\u00e9rer le paiement, \u00e9mettre des factures ou des justificatifs le cas \u00e9ch\u00e9ant, pr\u00e9parer et livrer les produits, r\u00e9pondre aux demandes, g\u00e9rer les retours, les r\u00e9tractations, les garanties, les incidents de transport, les r\u00e9clamations et les communications n\u00e9cessaires li\u00e9es \u00e0 l'achat.<br>\u2013 Respecter les obligations l\u00e9gales, fiscales, comptables, de consommation, de commerce \u00e9lectronique et de protection des donn\u00e9es applicables.<br>\u2013 Pr\u00e9venir les fraudes, les abus ou les utilisations abusives du site web et de la boutique en ligne, ainsi que maintenir la s\u00e9curit\u00e9 des syst\u00e8mes.<br>- des activit\u00e9s de profilage de base, bas\u00e9es sur les informations que vous nous avez directement fournies, et visant \u00e0 assurer la bonne gestion des activit\u00e9s susmentionn\u00e9es.<br>De plus, nous traitons \u00e9galement vos donn\u00e9es pour l'envoi, y compris par voie \u00e9lectronique, de communications promotionnelles concernant des activit\u00e9s, des campagnes et des initiatives de nature similaire \u00e0 celles auxquelles vous avez particip\u00e9 par le pass\u00e9. L'acceptation des communications commerciales sera g\u00e9r\u00e9e s\u00e9par\u00e9ment de l'acceptation n\u00e9cessaire pour traiter un achat dans la boutique en ligne.<br>La personne concern\u00e9e peut s'opposer \u00e0 la r\u00e9ception de ces communications promotionnelles, maintenant ou \u00e0 tout moment, en envoyant un e-mail \u00e0 l'adresse dpo@fundacionrecover.org ou en envoyant une demande \u00e0 l'adresse postale de RECOVER.<\/p>\n\n\n\n<p class=\"wp-block-paragraph\"><strong>Sur quelle base juridique nous traitons vos donn\u00e9es ?<\/strong><\/p>\n\n\n\n<p class=\"wp-block-paragraph\">Nous traitons vos donn\u00e9es personnelles sur les bases juridiques suivantes :<\/p>\n\n\n\n<ul class=\"wp-block-list\">\n<li><strong>L'ex\u00e9cution d'un contrat avec\u00a0<\/strong>FONDATION RECOVER<strong>,\u00a0<\/strong>pour g\u00e9rer les services demand\u00e9s et, en particulier, l'achat de produits dans la boutique en ligne, le traitement de la commande, le paiement, la facturation, l'exp\u00e9dition, la livraison, les retours, les garanties et le service client.<\/li>\n\n\n\n<li><strong>Consentement<\/strong>\u00a0de l'utilisateur en ce qui concerne la prise de contact, l'abonnement \u00e0 des contenus et l'envoi de communications commerciales par courrier \u00e9lectronique, cookies ou syst\u00e8mes de messagerie.<\/li>\n\n\n\n<li><strong>Int\u00e9r\u00eat l\u00e9gitime<\/strong>\u00a0du responsable du traitement pour prot\u00e9ger les utilisateurs du site web de FUNDACION RECOVER contre les abus et la fraude dans l'utilisation de nos services.<\/li>\n<\/ul>\n\n\n\n<p class=\"wp-block-paragraph\"><br><strong>Quand et pour quelle raison pouvons-nous communiquer vos donn\u00e9es \u00e0 des tiers ?<\/strong><br>Nous ne vendrons, ne louerons ni ne c\u00e8derons vos donn\u00e9es personnelles \u00e0 des fins autres que celles indiqu\u00e9es ici. Nous pourrons communiquer vos donn\u00e9es ou en permettre l'acc\u00e8s, lorsque cela sera n\u00e9cessaire, aux administrations publiques, aux juridictions et tribunaux, aux \u00e9tablissements bancaires, aux prestataires de services de paiement, aux op\u00e9rateurs de transport ou de logistique, aux fournisseurs technologiques, aux services d'h\u00e9bergement, de maintenance web, de courrier \u00e9lectronique, de service client, de conseil professionnel ainsi qu'\u00e0 d'autres sous-traitants qui nous fournissent des services n\u00e9cessaires au fonctionnement du site web, de la boutique en ligne et \u00e0 l'ex\u00e9cution de nos obligations.<\/p>\n\n\n\n<p class=\"wp-block-paragraph\"><strong>Effectuons-nous des transferts internationaux de donn\u00e9es ?<\/strong><\/p>\n\n\n\n<p class=\"wp-block-paragraph\">De mani\u00e8re g\u00e9n\u00e9rale, vos donn\u00e9es sont trait\u00e9es au sein de l'Espace \u00c9conomique Europ\u00e9en (EEE). N\u00e9anmoins, certains prestataires technologiques que nous utilisons, tels que les services d'analyse ou d'h\u00e9bergement, peuvent impliquer des transferts internationaux de donn\u00e9es vers des pays tiers, par exemple aux \u00c9tats-Unis. Dans de tels cas, la FUNDACION RECOVER veille \u00e0 ce que ces transferts b\u00e9n\u00e9ficient des garanties ad\u00e9quates pr\u00e9vues par le RGPD (d\u00e9cisions d'ad\u00e9quation de la Commission europ\u00e9enne, clauses contractuelles types ou adh\u00e9sion du prestataire au cadre de protection des donn\u00e9es UE-\u00c9tats-Unis, le cas \u00e9ch\u00e9ant). Vous pouvez demander des informations compl\u00e9mentaires concernant ces transferts et leurs garanties en \u00e9crivant \u00e0 dpo@fundacionrecover.org.<\/p>\n\n\n\n<p class=\"wp-block-paragraph\"><strong>Traitement des donn\u00e9es dans la boutique en ligne<\/strong><\/p>\n\n\n\n<p class=\"wp-block-paragraph\">Lorsque vous achetez des produits via la boutique en ligne de FUNDACION RECOVER, nous traiterons les donn\u00e9es personnelles n\u00e9cessaires pour traiter l'achat, g\u00e9rer le paiement, pr\u00e9parer l'exp\u00e9dition ou le retrait, r\u00e9pondre aux questions et aux incidents et nous conformer aux obligations l\u00e9gales applicables.<\/p>\n\n\n\n<p class=\"wp-block-paragraph\">Les cat\u00e9gories de donn\u00e9es que nous pourrons traiter lors du processus d'achat sont : l'adresse de e-mail ; la condition d'achat en tant qu'invit\u00e9 ; le mode de livraison s\u00e9lectionn\u00e9, qu'il s'agisse d'une exp\u00e9dition ou d'un retrait ; le pays ou la r\u00e9gion de livraison, actuellement l'Espagne ; le nom et le pr\u00e9nom ; l'entreprise, si elle est fournie volontairement ; l'adresse postale, l'appartement, la chambre, l'escalier ou d'autres donn\u00e9es compl\u00e9mentaires de livraison ; le code postal ; la ville ; la province s\u00e9lectionn\u00e9e ou indiqu\u00e9e dans le formulaire, actuellement Madrid ; le t\u00e9l\u00e9phone, s'il est fourni volontairement ; l'indication de l'utilisation de la m\u00eame adresse pour la facturation ; les produits achet\u00e9s ; le num\u00e9ro de commande.<\/p>\n\n\n\n<p class=\"wp-block-paragraph\">Si vous avez besoin d'une facture, vous devrez s\u00e9lectionner l'option \u00ab Je souhaite recevoir une facture \u00bb lors du processus de paiement. Dans ce cas, nous traiterons les donn\u00e9es n\u00e9cessaires \u00e0 son \u00e9mission, son envoi et sa conservation, conform\u00e9ment \u00e0 la r\u00e9glementation applicable.<\/p>\n\n\n\n<p class=\"wp-block-paragraph\">Concernant les moyens de paiement, la boutique permet d'effectuer le paiement par carte de cr\u00e9dit via Servired\/RedSys, ainsi que par PayPal. Lorsque le paiement est trait\u00e9 par l'interm\u00e9diaire de Servired\/RedSys, la FUNDACION RECOVER n'aura pas acc\u00e8s aux donn\u00e9es compl\u00e8tes de votre carte et ne les conservera pas, celles-ci \u00e9tant trait\u00e9es directement par le prestataire de services de paiement. La FUNDACION RECOVER pourra traiter les informations n\u00e9cessaires pour confirmer l'\u00e9tat du paiement, concilier l'op\u00e9ration, g\u00e9rer les incidents, traiter les remboursements et respecter ses obligations l\u00e9gales.<\/p>\n\n\n\n<p class=\"wp-block-paragraph\">Les finalit\u00e9s sp\u00e9cifiques de ce traitement sont : g\u00e9rer la commande et la relation contractuelle d'achat-vente ; envoyer des confirmations et des communications n\u00e9cessaires concernant l'achat ; traiter le paiement ; pr\u00e9parer l'exp\u00e9dition ou le retrait ; g\u00e9rer les demandes de facture ; traiter les demandes, retours, r\u00e9tractations, garanties, incidents et r\u00e9clamations ; pr\u00e9venir la fraude, les erreurs ou les usages abusifs ; et respecter les obligations l\u00e9gales, fiscales, comptables, de consommation, de commerce \u00e9lectronique et de protection des donn\u00e9es.<\/p>\n\n\n\n<p class=\"wp-block-paragraph\">La base juridique principale pour traiter ces donn\u00e9es est l'ex\u00e9cution du contrat de vente ou l'application de mesures pr\u00e9contractuelles demand\u00e9es par l'utilisateur. Le traitement des donn\u00e9es fiscales, comptables, de consommation, des garanties, des r\u00e9clamations et de la conservation de la documentation se fonde sur le respect d'obligations l\u00e9gales. La pr\u00e9vention de la fraude, la s\u00e9curit\u00e9 du site web et la gestion ordinaire des incidents pourront se fonder sur l'int\u00e9r\u00eat l\u00e9gitime de FUNDACION RECOVER. Les communications commerciales et les cookies non exempt\u00e9s ne seront trait\u00e9s que sur la base juridique correspondante dans chaque cas et, si n\u00e9cessaire, par le biais d'un consentement s\u00e9par\u00e9.<\/p>\n\n\n\n<p class=\"wp-block-paragraph\">Pour la gestion de la boutique en ligne, nous pourrons communiquer ou permettre l'acc\u00e8s aux donn\u00e9es strictement n\u00e9cessaires aux prestataires de services de paiement, aux \u00e9tablissements financiers, aux op\u00e9rateurs de transport ou de collecte, aux fournisseurs technologiques de la boutique en ligne, aux services d'h\u00e9bergement, de maintenance web, de courrier \u00e9lectronique transactionnel, de conseil professionnel ainsi qu'aux administrations publiques, tribunaux ou cours de justice lorsqu'il existe une obligation l\u00e9gale.<\/p>\n\n\n\n<p class=\"wp-block-paragraph\">Les donn\u00e9es associ\u00e9es \u00e0 la boutique en ligne seront conserv\u00e9es pendant le temps n\u00e9cessaire pour traiter la commande et, par la suite, pendant les d\u00e9lais requis par la r\u00e9glementation fiscale, comptable, de la consommation et de d\u00e9fense des droits. Les notes que l'utilisateur ajoute volontairement \u00e0 la commande doivent se limiter aux informations n\u00e9cessaires \u00e0 la gestion de l'achat, en \u00e9vitant d'inclure des donn\u00e9es particuli\u00e8rement sensibles ou des informations non n\u00e9cessaires.<\/p>\n\n\n\n<p class=\"wp-block-paragraph\"><strong>Pendant combien de temps conserverons-nous vos donn\u00e9es ?<\/strong><\/p>\n\n\n\n<p class=\"wp-block-paragraph\">Vos donn\u00e9es personnelles seront conserv\u00e9es tant que durera votre relation avec RECOVER, et m\u00eame apr\u00e8s la fin de cette relation, pour quelque cause que ce soit, pendant les d\u00e9lais de prescription l\u00e9gaux applicables, sauf indication contraire de votre part. Dans ce cas, elles seront trait\u00e9es afin de prouver le respect de nos obligations l\u00e9gales et\/ou contractuelles. Les donn\u00e9es relatives aux achats, paiements, facturation, exp\u00e9ditions, retours, garanties, r\u00e9clamations et incidents seront conserv\u00e9es pendant les d\u00e9lais n\u00e9cessaires pour g\u00e9rer la relation contractuelle et satisfaire aux obligations l\u00e9gales, fiscales, comptables, de consommation et de d\u00e9fense des droits applicables. Nous conserverons vos informations personnelles aussi longtemps que n\u00e9cessaire ou permis au regard des finalit\u00e9s pour lesquelles elles ont \u00e9t\u00e9 collect\u00e9es. Les crit\u00e8res utilis\u00e9s pour d\u00e9terminer les dur\u00e9es de conservation incluent nos obligations l\u00e9gales, nos besoins statistiques ou le fait que la conservation soit ou non conseill\u00e9e au vu de notre position juridique.<br><br>Si vous \u00eates mineur et que vous utilisez l'un de nos sites web ou participez \u00e0 l'une de nos campagnes, veuillez ne pas nous communiquer d'informations personnelles vous concernant ou concernant votre famille sans l'autorisation pr\u00e9alable de vos parents ou de votre tuteur. Nous encourageons vos parents ou tuteurs \u00e0 nous contacter \u00e0 l'adresse dpo@fundacionrecover.org et \u00e0 nous demander de supprimer ces informations.<strong> <\/strong>&nbsp;Conform\u00e9ment \u00e0 la r\u00e9glementation espagnole, l'\u00e2ge \u00e0 partir duquel le\/la mineur(e) peut valablement donner son consentement est de 14 ans ; en de\u00e7\u00e0 de cet \u00e2ge, il doit \u00eatre donn\u00e9 par le titulaire de l'autorit\u00e9 parentale ou de la tutelle. Par mesure de protection renforc\u00e9e, nous recommandons que les mineurs de 18 ans ne fournissent pas de donn\u00e9es sans l'autorisation de leurs parents ou tuteurs.<\/p>\n\n\n\n<p class=\"wp-block-paragraph\"><strong>Quels sont vos droits ?<\/strong><\/p>\n\n\n\n<p class=\"wp-block-paragraph\">Vous pouvez exercer vos droits d'acc\u00e8s, de rectification, de limitation, de suppression et de portabilit\u00e9, de limitation et\/ou d'opposition au traitement, par voie postale \u00e0 l'adresse calle Hilari\u00f3n Eslava, 27 bis, 1\u00ba 7, 28015, Madrid, et\/ou par voie \u00e9lectronique \u00e0 l'adresse dpo@fundacionrecover.org, en sp\u00e9cifiant le droit que vous souhaitez exercer <a>et en indiquant les informations n\u00e9cessaires pour pouvoir identifier votre demande. LA FONDATION RECOVER pourra demander des informations suppl\u00e9mentaires uniquement lorsqu'elles seront indispensables pour v\u00e9rifier votre identit\u00e9 ou la repr\u00e9sentation all\u00e9gu\u00e9e, en utilisant des moyens fournis et limit\u00e9s \u00e0 cette fin<\/a>.<br>De m\u00eame, si vous estimez que le traitement de vos donn\u00e9es personnelles est contraire \u00e0 la loi ou \u00e0 vos droits en mati\u00e8re de protection de la vie priv\u00e9e, vous pouvez d\u00e9poser une plainte :<br>- Pour plus d'informations sur la protection de la vie priv\u00e9e, vous pouvez contacter RECOVER \u00e0 l'adresse dpo@fundacionrecover.org ou \u00e0 l'adresse postale ci-dessus.<br>- Devant l'Agence espagnole de protection des donn\u00e9es, par l'interm\u00e9diaire de son si\u00e8ge \u00e9lectronique ou de son adresse postale.\u00a0<a href=\"https:\/\/www.aepd.es\/es\"><em>https:\/\/www.aepd.es\/es<\/em><\/a><\/p>\n\n\n\n<p class=\"wp-block-paragraph\"><strong>Il existe un formulaire pour l'exercice de vos droits<\/strong>Vous pouvez le commander par courrier \u00e9lectronique ou, si vous le pr\u00e9f\u00e9rez, vous pouvez utiliser le formulaire de commande.&nbsp;<a href=\"https:\/\/www.aepd.es\/es\/derechos-y-deberes\/conoce-tus-derechos\"><em>celles \u00e9labor\u00e9es par l'Agence espagnole de protection des donn\u00e9es ou par des tiers.<\/em><\/a><\/p>\n\n\n\n<p class=\"wp-block-paragraph\">Ces formulaires devront \u00eatre sign\u00e9s par le demandeur ou pr\u00e9sent\u00e9s par un moyen permettant d'attester l'authenticit\u00e9 de la demande, sans exiger de mani\u00e8re g\u00e9n\u00e9rale la fourniture d'une copie des documents d'identit\u00e9.<\/p>\n\n\n\n<p class=\"wp-block-paragraph\">Si vous \u00eates repr\u00e9sent\u00e9 par une autre personne, la repr\u00e9sentation doit \u00eatre prouv\u00e9e par un moyen valide et proportionn\u00e9.<\/p>\n\n\n\n<p class=\"wp-block-paragraph\">Les formulaires peuvent \u00eatre d\u00e9pos\u00e9s en personne, par lettre ou par courrier \u00e0 l'adresse de la personne responsable indiqu\u00e9e au d\u00e9but de ce texte.<\/p>\n\n\n\n<p class=\"wp-block-paragraph\"><strong>LE SECRET ET LA S\u00c9CURIT\u00c9 DES DONN\u00c9ES<\/strong><\/p>\n\n\n\n<p class=\"wp-block-paragraph\"><a href=\"https:\/\/fundacionrecover.org\/fr\/\">Fondation<\/a> RECOVER s'engage \u00e0 utiliser et \u00e0 traiter les donn\u00e9es personnelles de l'utilisateur, dans le respect de leur confidentialit\u00e9 et conform\u00e9ment \u00e0 la finalit\u00e9 de celles-ci, ainsi qu'\u00e0 remplir son obligation de les conserver et d'adopter toutes les mesures n\u00e9cessaires pour \u00e9viter leur alt\u00e9ration, perte, traitement ou acc\u00e8s non autoris\u00e9, conform\u00e9ment aux dispositions de la r\u00e9glementation en vigueur en mati\u00e8re de protection des donn\u00e9es.<\/p>\n\n\n\n<p class=\"wp-block-paragraph\">(Ce site Web comprend un certificat SSL. Il s'agit d'un protocole de s\u00e9curit\u00e9 qui garantit que vos donn\u00e9es transitent de mani\u00e8re int\u00e8gre et s\u00fbre ; c'est-\u00e0-dire que la transmission des donn\u00e9es entre un serveur et l'utilisateur du site Web, ainsi que leur r\u00e9troaction, est totalement chiffr\u00e9e)<\/p>\n\n\n\n<p class=\"wp-block-paragraph\">FUNDACION RECOVER ne peut garantir l'absolue invuln\u00e9rabilit\u00e9 du r\u00e9seau Internet, ni, par cons\u00e9quent, la violation des donn\u00e9es par des acc\u00e8s frauduleux de la part de tiers.<\/p>\n\n\n\n<p class=\"wp-block-paragraph\">En ce qui concerne la confidentialit\u00e9 du traitement, FUNDACION RECOVER veillera \u00e0 ce que toute personne autoris\u00e9e par FUNDACION RECOVER \u00e0 traiter les donn\u00e9es du client (y compris son personnel, ses collaborateurs et ses prestataires) soit soumise \u00e0 une obligation appropri\u00e9e de confidentialit\u00e9 (qu'il s'agisse d'un devoir contractuel ou l\u00e9gal).<\/p>\n\n\n\n<p class=\"wp-block-paragraph\">En cas d'incident de s\u00e9curit\u00e9, d\u00e8s qu'elle en aura connaissance, la FUNDACION RECOVER devra prendre les mesures appropri\u00e9es et, lorsque la loi l'exige, le notifier aux personnes concern\u00e9es ou \u00e0 l'autorit\u00e9 de contr\u00f4le dans les plus brefs d\u00e9lais, en fournissant les informations disponibles sur l'incident dans les termes requis par la r\u00e9glementation applicable.<\/p>\n\n\n\n<p class=\"wp-block-paragraph\"><strong>L'EXACTITUDE ET LA V\u00c9RACIT\u00c9 DES DONN\u00c9ES<\/strong><\/p>\n\n\n\n<p class=\"wp-block-paragraph\">En tant qu'utilisateur, vous \u00eates seul responsable de la v\u00e9racit\u00e9 et de l'exactitude des donn\u00e9es que vous envoyez \u00e0&nbsp;<a href=\"https:\/\/fundacionrecover.org\/fr\/\">www.fundacionrecover.org<\/a>, d\u00e9gageant la FUNDACION RECOVER de toute responsabilit\u00e9 \u00e0 cet \u00e9gard. Les utilisateurs garantissent et r\u00e9pondent, dans tous les cas, de l'exactitude, de la validit\u00e9 et de l'authenticit\u00e9 des donn\u00e9es personnelles fournies, et s'engagent \u00e0 les maintenir d\u00fbment mises \u00e0 jour. L'utilisateur accepte de fournir des informations compl\u00e8tes et correctes dans le formulaire de contact ou d'inscription.<\/p>\n\n\n\n<p class=\"wp-block-paragraph\"><strong>R\u00c9VOCABILIT\u00c9<\/strong><\/p>\n\n\n\n<p class=\"wp-block-paragraph\">Le consentement donn\u00e9, tant pour le traitement que pour la cession des donn\u00e9es des personnes concern\u00e9es, est r\u00e9vocable \u00e0 tout moment en le communiquant \u00e0 FUNDACION RECOVER dans les conditions \u00e9tablies dans la pr\u00e9sente Politique pour l'exercice des droits. <strong>reconnus par le RGPD (acc\u00e8s, rectification, suppression, opposition, limitation et portabilit\u00e9)<\/strong>. Cette r\u00e9vocation n'aura en aucun cas un caract\u00e8re r\u00e9troactif.<\/p>\n\n\n\n<p class=\"wp-block-paragraph\"><strong>MODIFICATIONS DE LA POLITIQUE DE CONFIDENTIALIT\u00c9<\/strong><\/p>\n\n\n\n<p class=\"wp-block-paragraph\">FUNDACION RECOVER se r\u00e9serve le droit de modifier la pr\u00e9sente politique afin de l'adapter aux nouveaut\u00e9s l\u00e9gislatives ou jurisprudentielles, ainsi qu'aux pratiques de l'industrie. Dans de tels cas, elle annoncera sur cette page les changements introduits avec un pr\u00e9avis raisonnable avant leur mise en \u0153uvre.<\/p>\n\n\n\n<p class=\"wp-block-paragraph\"><strong>\u00daltima actualizaci\u00f3n de esta Pol\u00edtica de Privacidad: 14 de agosto de 2026.<\/strong><\/p>\n\n\n\n<p class=\"wp-block-paragraph\"><strong>Politique en mati\u00e8re de cookies<\/strong><\/p>\n\n\n\n<p class=\"wp-block-paragraph\">En esta web y en su tienda online recopilamos y utilizamos la informaci\u00f3n seg\u00fan indicamos en nuestra pol\u00edtica de privacidad. Una de las formas en las que recopilamos informaci\u00f3n es a trav\u00e9s del uso de la tecnolog\u00eda llamada \u201ccookies\u201d. En&nbsp;<a href=\"https:\/\/fundacionrecover.org\/fr\/\">www.fundacionrecover.org<\/a>Nous utilisons des cookies pour un certain nombre de raisons.<\/p>\n\n\n\n<p class=\"wp-block-paragraph\"><strong>Qu'est-ce qu'un cookie et quelle est sa fonction ?<\/strong><\/p>\n\n\n\n<p class=\"wp-block-paragraph\">Les cookies sont de petits fichiers d'information qui sont envoy\u00e9s et stock\u00e9s dans l'\u00e9quipement \u00e0 partir duquel vous acc\u00e9dez \u00e0 ce site web (t\u00e9l\u00e9phone mobile, ordinateur personnel, tablette ou t\u00e9l\u00e9vision connect\u00e9e) facilitant l'utilisation de ce dernier.<\/p>\n\n\n\n<p class=\"wp-block-paragraph\">Las cookies que utiliza en su caso esta p\u00e1gina web no da\u00f1an su equipo, \u00fanicamente, sirven para mejorar los servicios ofrecidos. Algunas son estrictamente necesarias para que la p\u00e1gina web funcione bien y otras sirven para mejorar el rendimiento y experiencia como usuario.<\/p>\n\n\n\n<p class=\"wp-block-paragraph\"><strong>Quelle est son importance ?<\/strong><\/p>\n\n\n\n<p class=\"wp-block-paragraph\">D'un point de vue technique, elles permettent aux sites web de fonctionner de mani\u00e8re plus souple et de s'adapter aux pr\u00e9f\u00e9rences des utilisateurs, par exemple en m\u00e9morisant la langue, la devise du pays ou en d\u00e9tectant le dispositif d'acc\u00e8s.<\/p>\n\n\n\n<p class=\"wp-block-paragraph\">Establecen niveles de protecci\u00f3n y seguridad que <strong>impiden<\/strong> o dificultan ciberataques contra el sitio web o sus usuarios.<\/p>\n\n\n\n<p class=\"wp-block-paragraph\">Ils permettent aux gestionnaires de m\u00e9dias d'obtenir des donn\u00e9es statistiques collect\u00e9es dans les cookies afin d'am\u00e9liorer la qualit\u00e9 et l'exp\u00e9rience de leurs services.<\/p>\n\n\n\n<p class=\"wp-block-paragraph\">Ils sont utilis\u00e9s pour optimiser la publicit\u00e9 que nous montrons aux utilisateurs, en leur proposant la publicit\u00e9 qui correspond le mieux \u00e0 leurs int\u00e9r\u00eats.<\/p>\n\n\n\n<p class=\"wp-block-paragraph\">De plus amples informations que celles fournies dans la pr\u00e9sente politique peuvent \u00eatre obtenues aupr\u00e8s de la&nbsp;<a href=\"http:\/\/www.agpd.es\/portalwebAGPD\/canaldocumentacion\/publicaciones\/common\/Guias\/Guia_Cookies.pdf\">guide sur l'utilisation des cookies<\/a>&nbsp;publi\u00e9 par l'Agence espagnole de protection des donn\u00e9es.<\/p>\n\n\n\n<p class=\"wp-block-paragraph\"><strong>Acceptation des cookies<\/strong><\/p>\n\n\n\n<p class=\"wp-block-paragraph\">Lorsque vous acc\u00e9dez \u00e0 ce site web ou \u00e0 cette application pour la premi\u00e8re fois, un avertissement appara\u00eet pour vous informer de l'utilisation de cookies et de l'endroit o\u00f9 vous pouvez consulter la pr\u00e9sente politique en mati\u00e8re de cookies.<\/p>\n\n\n\n<p class=\"wp-block-paragraph\">Aucun cookie ne sera t\u00e9l\u00e9charg\u00e9 tant que l'utilisateur n'aura pas express\u00e9ment consenti \u00e0 l'installation de cookies. Si l'utilisateur consent \u00e0 l'utilisation de cookies, ceux-ci seront install\u00e9s sur l'ordinateur ou l'appareil de l'utilisateur.<\/p>\n\n\n\n<p class=\"wp-block-paragraph\">Outre l'utilisation de nos propres cookies, nous autorisons des tiers \u00e0 installer des cookies sur votre appareil et \u00e0 y acc\u00e9der.<\/p>\n\n\n\n<p class=\"wp-block-paragraph\"><strong>Quelles informations un cookie stocke-t-il ?<\/strong><\/p>\n\n\n\n<p class=\"wp-block-paragraph\">Les cookies ne stockent g\u00e9n\u00e9ralement pas d'informations sensibles vous concernant, telles que des donn\u00e9es bancaires ou de carte de cr\u00e9dit, des photographies ou des informations personnelles, etc. Les donn\u00e9es qu'ils stockent sont de nature technique, statistiques, pr\u00e9f\u00e9rences personnelles, personnalisation du contenu, etc.<\/p>\n\n\n\n<p class=\"wp-block-paragraph\"><strong>Quels sont les types de cookies ?<\/strong><\/p>\n\n\n\n<ul class=\"wp-block-list\">\n<li><strong>Cookies techniques :<\/strong>\u00a0son aquellas que permiten el funcionamiento b\u00e1sico de la web y de la tienda online. Entre otras funciones, permiten distinguir cu\u00e1ndo navega una persona o una aplicaci\u00f3n automatizada, identificar la sesi\u00f3n de un usuario, recordar los productos incorporados al carrito, mantener la sesi\u00f3n durante el proceso de compra, permitir el checkout, facilitar el pago, reforzar la seguridad y realizar tareas necesarias para el correcto funcionamiento de la web y de la tienda online.<\/li>\n\n\n\n<li><strong>Cookies de an\u00e1lisis <u>o medici\u00f3n<\/u>:<\/strong>\u00a0son aquellas que permiten cuantificar el n\u00famero de usuarios y realizar la medici\u00f3n y an\u00e1lisis estad\u00edstico del uso que hacen los usuarios de la web y de la tienda online. En particular, pueden utilizarse para analizar la navegaci\u00f3n, las secciones visitadas, los productos consultados, el uso del carrito, la conversi\u00f3n, las ventas, la franja horaria de uso, el idioma y otros datos agregados o estad\u00edsticos que permitan mejorar la experiencia de usuario y el funcionamiento de la tienda online.<\/li>\n\n\n\n<li><strong>Cookies publicitaires :<\/strong>\u00a0son aquellas que permiten gestionar espacios publicitarios o mostrar publicidad en funci\u00f3n de determinados criterios.<\/li>\n<\/ul>\n\n\n\n<p class=\"wp-block-paragraph\"><strong>Quels sont les cookies utilis\u00e9s par ce site web ?<\/strong><\/p>\n\n\n\n<p class=\"wp-block-paragraph\">Esta web y su tienda online utilizan cookies propias y de terceros. En particular, se utilizan las cookies que se detallan a continuaci\u00f3n:<\/p>\n\n\n\n<p class=\"wp-block-paragraph\"><strong>PROPRES COOKIES<\/strong><\/p>\n\n\n\n<p class=\"wp-block-paragraph\"><strong>Connexion :<\/strong>&nbsp;las cookies para iniciar sesi\u00f3n permiten entrar y salir de la cuenta de&nbsp;usuario en www.fundacionrecover.org, cuando dicha funcionalidad est\u00e9 disponible.<\/p>\n\n\n\n<p class=\"wp-block-paragraph\"><strong>Personalizaci\u00f3n y preferencias:<\/strong>&nbsp;estas cookies permiten recordar determinados ajustes y preferencias del usuario, como el idioma preferido, la configuraci\u00f3n de privacidad u otras opciones necesarias para mejorar la navegaci\u00f3n.<\/p>\n\n\n\n<p class=\"wp-block-paragraph\"><strong>La s\u00e9curit\u00e9 :\u00a0<\/strong>utilizamos cookies t\u00e9cnicas para reforzar la seguridad de la web y de la tienda online, detectar posibles usos indebidos, prevenir accesos no autorizados y proteger el proceso de compra.<\/p>\n\n\n\n<p class=\"wp-block-paragraph\"><strong>Carrito y proceso de compra:<\/strong> las cookies t\u00e9cnicas de la tienda online permiten recordar los productos incorporados al carrito, mantener la sesi\u00f3n durante el proceso de compra, tramitar el pedido, facilitar el checkout, permitir el pago, aplicar medidas de seguridad y evitar errores o fraudes en la operaci\u00f3n.<\/p>\n\n\n\n<p class=\"wp-block-paragraph\"><strong>LES COOKIES DE TIERS<\/strong><\/p>\n\n\n\n<p class=\"wp-block-paragraph\"><strong>Cookies analytiques<\/strong><\/p>\n\n\n\n<p class=\"wp-block-paragraph\">Esta web y su tienda online utilizan servicios de an\u00e1lisis, concretamente&nbsp;Google Analytics,&nbsp;para analizar el uso que hacen los usuarios del sitio web y de la tienda online, mejorar la usabilidad, medir productos consultados, uso del carrito, conversi\u00f3n y ventas, as\u00ed como activar funcionalidades de medici\u00f3n mejorada de comercio electr\u00f3nico. Google Analytics es un servicio de an\u00e1lisis prestado por Google. El usuario puede consultar&nbsp;<a href=\"https:\/\/www.google.es\/intl\/es\/policies\/technologies\/types\/\">ici<\/a>&nbsp;el tipo de cookies utilizadas por Google. Estas cookies de an\u00e1lisis no se instalar\u00e1n salvo que el usuario haya prestado su consentimiento cuando este sea legalmente necesario.<\/p>\n\n\n\n<p class=\"wp-block-paragraph\"><strong>Cookies publicitarias<\/strong><\/p>\n\n\n\n<p class=\"wp-block-paragraph\">La FUNDACION RECOVER utiliza cookies publicitarias en su p\u00e1gina web con la finalidad de realizar la medici\u00f3n y seguimiento de las campa\u00f1as publicitarias activas, as\u00ed como permitir la realizaci\u00f3n de campa\u00f1as de retargeting. <a href=\"https:\/\/www.kumaradigital.com\/\"><\/a><a href=\"https:\/\/fundacionrecover.org\/fr\/\"><\/a><a href=\"https:\/\/fundacionrecover.org\/fr\/\"><\/a><\/p>\n\n\n\n<p class=\"wp-block-paragraph\"><strong>Les cookies peuvent-ils \u00eatre supprim\u00e9s ?<\/strong><\/p>\n\n\n\n<p class=\"wp-block-paragraph\">Oui, et non seulement supprimer, mais aussi bloquer, soit de mani\u00e8re g\u00e9n\u00e9rale, soit pour un domaine sp\u00e9cifique.<\/p>\n\n\n\n<p class=\"wp-block-paragraph\">Pour supprimer les cookies d'un site web, vous devez aller dans les param\u00e8tres de votre navigateur et vous pouvez y rechercher les cookies associ\u00e9s au domaine en question et les supprimer.<\/p>\n\n\n\n<ul class=\"wp-block-list\">\n<li>Param\u00e8tres des cookies pour\u00a0<a href=\"https:\/\/support.google.com\/chrome\/bin\/answer.py?hl=es&amp;answer=95647\"><em>Google Chrome<\/em><\/a><\/li>\n\n\n\n<li>Param\u00e8tres des cookies pour\u00a0<a href=\"https:\/\/support.apple.com\/es-es\/HT201265\"><em>Apple Safari<\/em><\/a><\/li>\n\n\n\n<li>Param\u00e8tres des cookies pour\u00a0<a href=\"https:\/\/support.microsoft.com\/en-us\/help\/17442\/windows-internet-explorer-delete-manage-cookies#ie=ie-10\"><em>Internet Explorer<\/em><\/a><\/li>\n\n\n\n<li>Param\u00e8tres des cookies pour\u00a0<a href=\"https:\/\/support.mozilla.org\/es\/kb\/habilitar-y-deshabilitar-cookies-sitios-web-rastrear-preferencias?redirectlocale=es&amp;redirectslug=habilitar-y-deshabilitar-cookies-que-los-sitios-we\"><em>Mozilla Firefox<\/em><\/a><em>\u00a0<\/em><\/li>\n<\/ul>\n\n\n\n<p class=\"wp-block-paragraph\"><strong>Plus d'informations sur les cookies<\/strong><\/p>\n\n\n\n<p class=\"wp-block-paragraph\">Vous pouvez consulter le r\u00e8glement sur les cookies publi\u00e9 par l'Agence espagnole de protection des donn\u00e9es dans son site Web.&nbsp;<em>\"<\/em><a href=\"https:\/\/www.aepd.es\/sites\/default\/files\/2020-07\/guia-cookies.pdf\"><em>Guide sur l'utilisation des cookies\".<\/em><\/a>&nbsp;et en savoir plus sur les cookies sur Internet,&nbsp;<a href=\"https:\/\/www.aboutcookies.org\/\"><em>https:\/\/www.aboutcookies.org\/<\/em><\/a><\/p>\n\n\n\n<p class=\"wp-block-paragraph\">Si vous souhaitez mieux contr\u00f4ler l'installation des cookies, vous pouvez installer des programmes ou des modules compl\u00e9mentaires \u00e0 votre navigateur, connus sous le nom d'\"outils de cookies\".&nbsp;<em>\"Ne pas suivre<\/em>qui vous permettra de choisir les cookies que vous souhaitez autoriser.<\/p>\n\n\n\n<p class=\"wp-block-paragraph\">Esta pol\u00edtica de cookies ha sido actualizada por \u00faltima vez el 14 de agosto de 2026.<\/p>\n\n\n\n<p class=\"wp-block-paragraph\"><a id=\"_msocom_1\"><\/a><\/p>","protected":false},"excerpt":{"rendered":"<p>De conformidad con el Reglamento (UE) 2016\/679 del Parlamento y del Consejo de 27 de abril de 2016 relativo a la protecci\u00f3n de las personas f\u00edsicas en lo que respecta al tratamiento de sus datos personales y la libre circulaci\u00f3n de \u00e9stos,&nbsp;la&nbsp;Ley Org\u00e1nica 3\/2018, de 5 de diciembre, de Protecci\u00f3n de Datos Personales y garant\u00eda [&hellip;]<\/p>\n","protected":false},"author":1,"featured_media":0,"parent":0,"menu_order":0,"comment_status":"closed","ping_status":"closed","template":"","meta":{"give_campaign_id":0,"footnotes":""},"class_list":["post-5424","page","type-page","status-publish","hentry"],"yoast_head":"<!-- This site is optimized with the Yoast SEO plugin v28.3 - https:\/\/yoast.com\/product\/yoast-seo-wordpress\/ -->\n<title>Pol\u00edtica de Privacidad - Fundaci\u00f3n Recover Hospitales para \u00c1frica<\/title>\n<meta name=\"robots\" content=\"noindex, follow\" \/>\n<meta property=\"og:locale\" content=\"fr_FR\" \/>\n<meta property=\"og:type\" content=\"article\" \/>\n<meta property=\"og:title\" content=\"Pol\u00edtica de Privacidad - Fundaci\u00f3n Recover Hospitales para \u00c1frica\" \/>\n<meta property=\"og:description\" content=\"De conformidad con el Reglamento (UE) 2016\/679 del Parlamento y del Consejo de 27 de abril de 2016 relativo a la protecci\u00f3n de las personas f\u00edsicas en lo que respecta al tratamiento de sus datos personales y la libre circulaci\u00f3n de \u00e9stos,&nbsp;la&nbsp;Ley Org\u00e1nica 3\/2018, de 5 de diciembre, de Protecci\u00f3n de Datos Personales y garant\u00eda [&hellip;]\" \/>\n<meta property=\"og:url\" content=\"https:\/\/fundacionrecover.org\/fr\/politique-de-confidentialite\/\" \/>\n<meta property=\"og:site_name\" content=\"Fundaci\u00f3n Recover Hospitales para \u00c1frica\" \/>\n<meta property=\"article:publisher\" content=\"https:\/\/www.facebook.com\/fundacionrecover\/\" \/>\n<meta property=\"article:modified_time\" content=\"2026-08-14T17:44:24+00:00\" \/>\n<meta property=\"og:image\" content=\"https:\/\/fundacionrecover.org\/wp-content\/uploads\/2024\/05\/Logotipo_FundacionRecover_FondoVerde_ESP.png\" \/>\n\t<meta property=\"og:image:width\" content=\"334\" \/>\n\t<meta property=\"og:image:height\" content=\"272\" \/>\n\t<meta property=\"og:image:type\" content=\"image\/png\" \/>\n<meta name=\"twitter:card\" content=\"summary_large_image\" \/>\n<meta name=\"twitter:label1\" content=\"Dur\u00e9e de lecture estim\u00e9e\" \/>\n\t<meta name=\"twitter:data1\" content=\"19 minutes\" \/>\n<script type=\"application\/ld+json\" class=\"yoast-schema-graph\">{\"@context\":\"https:\\\/\\\/schema.org\",\"@graph\":[{\"@type\":\"WebPage\",\"@id\":\"https:\\\/\\\/fundacionrecover.org\\\/politica-de-privacidad\\\/\",\"url\":\"https:\\\/\\\/fundacionrecover.org\\\/politica-de-privacidad\\\/\",\"name\":\"Pol\u00edtica de Privacidad - Fundaci\u00f3n Recover Hospitales para \u00c1frica\",\"isPartOf\":{\"@id\":\"https:\\\/\\\/fundacionrecover.org\\\/#website\"},\"datePublished\":\"2024-06-06T09:14:58+00:00\",\"dateModified\":\"2026-08-14T17:44:24+00:00\",\"breadcrumb\":{\"@id\":\"https:\\\/\\\/fundacionrecover.org\\\/politica-de-privacidad\\\/#breadcrumb\"},\"inLanguage\":\"fr-FR\",\"potentialAction\":[{\"@type\":\"ReadAction\",\"target\":[\"https:\\\/\\\/fundacionrecover.org\\\/politica-de-privacidad\\\/\"]}]},{\"@type\":\"BreadcrumbList\",\"@id\":\"https:\\\/\\\/fundacionrecover.org\\\/politica-de-privacidad\\\/#breadcrumb\",\"itemListElement\":[{\"@type\":\"ListItem\",\"position\":1,\"name\":\"Home\",\"item\":\"https:\\\/\\\/fundacionrecover.org\\\/\"},{\"@type\":\"ListItem\",\"position\":2,\"name\":\"Pol\u00edtica de Privacidad\"}]},{\"@type\":\"WebSite\",\"@id\":\"https:\\\/\\\/fundacionrecover.org\\\/#website\",\"url\":\"https:\\\/\\\/fundacionrecover.org\\\/\",\"name\":\"Fundaci\u00f3n Recover Hospitales para \u00c1frica\",\"description\":\"Fundaci\u00f3n Recover\",\"publisher\":{\"@id\":\"https:\\\/\\\/fundacionrecover.org\\\/#organization\"},\"potentialAction\":[{\"@type\":\"SearchAction\",\"target\":{\"@type\":\"EntryPoint\",\"urlTemplate\":\"https:\\\/\\\/fundacionrecover.org\\\/?s={search_term_string}\"},\"query-input\":{\"@type\":\"PropertyValueSpecification\",\"valueRequired\":true,\"valueName\":\"search_term_string\"}}],\"inLanguage\":\"fr-FR\"},{\"@type\":\"Organization\",\"@id\":\"https:\\\/\\\/fundacionrecover.org\\\/#organization\",\"name\":\"Fundaci\u00f3n Recover, Hospitales para \u00c1frica\",\"alternateName\":\"Fundaci\u00f3n Recover\",\"url\":\"https:\\\/\\\/fundacionrecover.org\\\/\",\"logo\":{\"@type\":\"ImageObject\",\"inLanguage\":\"fr-FR\",\"@id\":\"https:\\\/\\\/fundacionrecover.org\\\/#\\\/schema\\\/logo\\\/image\\\/\",\"url\":\"https:\\\/\\\/fundacionrecover.org\\\/wp-content\\\/uploads\\\/2024\\\/03\\\/FundacionRecoverHospitalesParaAfrica_logo_blanco_cut.png\",\"contentUrl\":\"https:\\\/\\\/fundacionrecover.org\\\/wp-content\\\/uploads\\\/2024\\\/03\\\/FundacionRecoverHospitalesParaAfrica_logo_blanco_cut.png\",\"width\":335,\"height\":183,\"caption\":\"Fundaci\u00f3n Recover, Hospitales para \u00c1frica\"},\"image\":{\"@id\":\"https:\\\/\\\/fundacionrecover.org\\\/#\\\/schema\\\/logo\\\/image\\\/\"},\"sameAs\":[\"https:\\\/\\\/www.facebook.com\\\/fundacionrecover\\\/\",\"https:\\\/\\\/www.instagram.com\\\/fundacionrecover\\\/\",\"https:\\\/\\\/www.linkedin.com\\\/company\\\/fundaci\u00f3n-recover-hospitales-para-\u00e1frica\\\/\",\"https:\\\/\\\/www.tiktok.com\\\/@fundacionrecover\"]}]}<\/script>\n<!-- \/ Yoast SEO plugin. -->","yoast_head_json":{"title":"Politique de confidentialit\u00e9 - Recover Hospitals for Africa Foundation","robots":{"index":"noindex","follow":"follow"},"og_locale":"fr_FR","og_type":"article","og_title":"Pol\u00edtica de Privacidad - Fundaci\u00f3n Recover Hospitales para \u00c1frica","og_description":"De conformidad con el Reglamento (UE) 2016\/679 del Parlamento y del Consejo de 27 de abril de 2016 relativo a la protecci\u00f3n de las personas f\u00edsicas en lo que respecta al tratamiento de sus datos personales y la libre circulaci\u00f3n de \u00e9stos,&nbsp;la&nbsp;Ley Org\u00e1nica 3\/2018, de 5 de diciembre, de Protecci\u00f3n de Datos Personales y garant\u00eda [&hellip;]","og_url":"https:\/\/fundacionrecover.org\/fr\/politique-de-confidentialite\/","og_site_name":"Fundaci\u00f3n Recover Hospitales para \u00c1frica","article_publisher":"https:\/\/www.facebook.com\/fundacionrecover\/","article_modified_time":"2026-08-14T17:44:24+00:00","og_image":[{"width":334,"height":272,"url":"https:\/\/fundacionrecover.org\/wp-content\/uploads\/2024\/05\/Logotipo_FundacionRecover_FondoVerde_ESP.png","type":"image\/png"}],"twitter_card":"summary_large_image","twitter_misc":{"Dur\u00e9e de lecture estim\u00e9e":"19 minutes"},"schema":{"@context":"https:\/\/schema.org","@graph":[{"@type":"WebPage","@id":"https:\/\/fundacionrecover.org\/politica-de-privacidad\/","url":"https:\/\/fundacionrecover.org\/politica-de-privacidad\/","name":"Politique de confidentialit\u00e9 - Recover Hospitals for Africa Foundation","isPartOf":{"@id":"https:\/\/fundacionrecover.org\/#website"},"datePublished":"2024-06-06T09:14:58+00:00","dateModified":"2026-08-14T17:44:24+00:00","breadcrumb":{"@id":"https:\/\/fundacionrecover.org\/politica-de-privacidad\/#breadcrumb"},"inLanguage":"fr-FR","potentialAction":[{"@type":"ReadAction","target":["https:\/\/fundacionrecover.org\/politica-de-privacidad\/"]}]},{"@type":"BreadcrumbList","@id":"https:\/\/fundacionrecover.org\/politica-de-privacidad\/#breadcrumb","itemListElement":[{"@type":"ListItem","position":1,"name":"Home","item":"https:\/\/fundacionrecover.org\/"},{"@type":"ListItem","position":2,"name":"Pol\u00edtica de Privacidad"}]},{"@type":"WebSite","@id":"https:\/\/fundacionrecover.org\/#website","url":"https:\/\/fundacionrecover.org\/","name":"La Fondation Recover, H\u00f2pitaux pour l\u2019Afrique","description":"La Fondation Recover","publisher":{"@id":"https:\/\/fundacionrecover.org\/#organization"},"potentialAction":[{"@type":"SearchAction","target":{"@type":"EntryPoint","urlTemplate":"https:\/\/fundacionrecover.org\/?s={search_term_string}"},"query-input":{"@type":"PropertyValueSpecification","valueRequired":true,"valueName":"search_term_string"}}],"inLanguage":"fr-FR"},{"@type":"Organization","@id":"https:\/\/fundacionrecover.org\/#organization","name":"La Fondation Recover, H\u00f2pitaux pour l\u2019Afrique","alternateName":"Fundaci\u00f3n Recover","url":"https:\/\/fundacionrecover.org\/","logo":{"@type":"ImageObject","inLanguage":"fr-FR","@id":"https:\/\/fundacionrecover.org\/#\/schema\/logo\/image\/","url":"https:\/\/fundacionrecover.org\/wp-content\/uploads\/2024\/03\/FundacionRecoverHospitalesParaAfrica_logo_blanco_cut.png","contentUrl":"https:\/\/fundacionrecover.org\/wp-content\/uploads\/2024\/03\/FundacionRecoverHospitalesParaAfrica_logo_blanco_cut.png","width":335,"height":183,"caption":"Fundaci\u00f3n Recover, Hospitales para \u00c1frica"},"image":{"@id":"https:\/\/fundacionrecover.org\/#\/schema\/logo\/image\/"},"sameAs":["https:\/\/www.facebook.com\/fundacionrecover\/","https:\/\/www.instagram.com\/fundacionrecover\/","https:\/\/www.linkedin.com\/company\/fundaci\u00f3n-recover-hospitales-para-\u00e1frica\/","https:\/\/www.tiktok.com\/@fundacionrecover"]}]}},"campaignId":"","_links":{"self":[{"href":"https:\/\/fundacionrecover.org\/fr\/wp-json\/wp\/v2\/pages\/5424","targetHints":{"allow":["GET"]}}],"collection":[{"href":"https:\/\/fundacionrecover.org\/fr\/wp-json\/wp\/v2\/pages"}],"about":[{"href":"https:\/\/fundacionrecover.org\/fr\/wp-json\/wp\/v2\/types\/page"}],"author":[{"embeddable":true,"href":"https:\/\/fundacionrecover.org\/fr\/wp-json\/wp\/v2\/users\/1"}],"replies":[{"embeddable":true,"href":"https:\/\/fundacionrecover.org\/fr\/wp-json\/wp\/v2\/comments?post=5424"}],"version-history":[{"count":0,"href":"https:\/\/fundacionrecover.org\/fr\/wp-json\/wp\/v2\/pages\/5424\/revisions"}],"wp:attachment":[{"href":"https:\/\/fundacionrecover.org\/fr\/wp-json\/wp\/v2\/media?parent=5424"}],"curies":[{"name":"wp","href":"https:\/\/api.w.org\/{rel}","templated":true}]}}