{"id":5424,"date":"2024-06-06T11:14:58","date_gmt":"2024-06-06T09:14:58","guid":{"rendered":"https:\/\/fundacionrecover.org\/?page_id=5424"},"modified":"2024-06-14T12:44:48","modified_gmt":"2024-06-14T10:44:48","slug":"politique-de-confidentialite","status":"publish","type":"page","link":"https:\/\/fundacionrecover.org\/fr\/politica-de-privacidad\/","title":{"rendered":"Politique de Confidentialit\u00e9"},"content":{"rendered":"<p><strong>INFORMATIONS COMPL\u00c9MENTAIRES SUR LA PROTECTION DES DONN\u00c9ES<\/strong><\/p>\n\n\n\n<p>La Fundaci\u00f3n Recover adopte les mesures de s\u00e9curit\u00e9 \u00e9tablies dans les r\u00e9glementations l\u00e9gales espagnoles et internationales (y compris europ\u00e9ennes). Nous vous expliquons ci-dessous comment et dans quel but nous collectons vos donn\u00e9es. Les informations que vous nous fournissez sont confidentielles et ne seront divulgu\u00e9es que dans les cas d\u00e9crits ci-dessous et lorsque nous sommes sollicit\u00e9s par une administration publique ou judiciaire ou lorsque cela est n\u00e9cessaire dans tout autre cas pr\u00e9vu par la loi.<\/p>\n\n\n\n<p>Ce que nous faisons et ne faisons pas avec vos donn\u00e9es personnelles sur ce site web peut \u00eatre consult\u00e9 ici.<\/p>\n\n\n\n<p>Cette politique exprime la fa\u00e7on dont les informations personnelles de toutes les personnes qui interagissent avec la Fundaci\u00f3n Recover par le biais de ce site Web seront trait\u00e9es et prot\u00e9g\u00e9es. Veuillez lire toutes les sections de l'avis juridique, de la politique en mati\u00e8re de cookies et de la pr\u00e9sente politique de confidentialit\u00e9 avant d'utiliser ce site web.&nbsp;<\/p>\n\n\n\n<p>Conform\u00e9ment aux dispositions du R\u00e8glement UE 2016\/679, du Parlement europ\u00e9en et du Conseil du 27 avril 2016 (GDPR) et de la Loi organique 3\/2018, du 5 d\u00e9cembre, sur la protection des donn\u00e9es \u00e0 caract\u00e8re personnel et la garantie des droits num\u00e9riques, Fundaci\u00f3n Recover vous informe qu'en acceptant cette politique de confidentialit\u00e9, vous donnez votre consentement expr\u00e8s, inform\u00e9, libre et sans \u00e9quivoque pour que les donn\u00e9es que vous fournissez, et sur lesquelles sont appliqu\u00e9es les mesures de s\u00e9curit\u00e9, techniques et organisationnelles pr\u00e9vues par la l\u00e9gislation en vigueur, soient trait\u00e9es par Fundaci\u00f3n Recover, en tant que responsable du traitement des donn\u00e9es.<\/p>\n\n\n\n<p><\/p>\n\n\n\n<h5 class=\"wp-block-heading\"><strong>Qui est responsable du traitement de vos donn\u00e9es personnelles ?<\/strong><\/h5>\n\n\n\n<p><strong>Propri\u00e9taire du site web :\u00a0<\/strong>La Fondation Recover, H\u00f2pitaux pour l\u2019Afrique<\/p>\n\n\n\n<p><strong>NIF\/CIF :<\/strong>&nbsp; G-84.838.465<\/p>\n\n\n\n<p><strong>Adresse :<\/strong>&nbsp; Calle Hilari\u00f3n eslava, 27 bis 1\u00aa Planta Oficina 7 28015 Madrid<strong><\/strong><\/p>\n\n\n\n<p><strong>E-mail :<\/strong> <a href=\"mailto:info@fundacionrecover.org\">info@fundacionrecover.org<\/a><\/p>\n\n\n\n<p><strong>Activit\u00e9 :<\/strong>&nbsp;association sans but lucratif \u00e0 caract\u00e8re social<\/p>\n\n\n\n<p><strong>Inscription<\/strong>Inscrite au registre des associations du minist\u00e8re de la sant\u00e9, des services sociaux et de l'\u00e9galit\u00e9, sous le num\u00e9ro 28\/1428.<\/p>\n\n\n\n<p><strong>Enregistrement de l'ONGD<\/strong>: 2232<\/p>\n\n\n\n<h5 class=\"wp-block-heading\"><strong>Quelles sont les donn\u00e9es personnelles que nous traitons ?<\/strong><\/h5>\n\n\n\n<p>Les donn\u00e9es que nous traiterons \u00e0 votre sujet aux fins l\u00e9gitimes expliqu\u00e9es ci-dessous sont les suivantes :<br>Donn\u00e9es n\u00e9cessaires pour maintenir la relation avec vous :<br>\u2013 Nombre<br>- Nom de famille<br>- NUM\u00c9RO D'IDENTIFICATION FISCALE (TIN)<br>- Adresse \u00e9lectronique<br>- Num\u00e9ro de t\u00e9l\u00e9phone<br>Lorsque la nature de notre relation avec vous l'exige, nous pouvons traiter d'autres donn\u00e9es que vous nous fournissez volontairement :<br>- Date de naissance<br>\u2013 Sexo<br>- Adresse postale<br>- Contribution financi\u00e8re<br>- Coordonn\u00e9es bancaires<br>- Occupation<br>- Les informations que vous nous avez fournies pour l'exercice du volontariat<br>- Image personnelle.<br>Nous vous informons \u00e9galement que nous traiterons toutes les donn\u00e9es suppl\u00e9mentaires que vous nous fournissez volontairement au cours des relations et interactions futures que vous entretenez avec RECOVER, y compris les donn\u00e9es que vous nous fournissez par le biais de r\u00e9seaux sociaux, de plateformes ou d'applications. Ces donn\u00e9es d\u00e9pendent de vos propres param\u00e8tres de confidentialit\u00e9, de l'utilisation du r\u00e9seau social, des plateformes ou des applications, ainsi que des politiques de confidentialit\u00e9 de chaque r\u00e9seau social, plateforme ou application, et nous vous recommandons donc de les lire attentivement avant de nous fournir des donn\u00e9es par le biais de ces r\u00e9seaux sociaux, plateformes ou applications.<\/p>\n\n\n\n<h5 class=\"wp-block-heading\"><strong>Sur quelle base juridique nous traitons vos donn\u00e9es ?<\/strong><\/h5>\n\n\n\n<p>Nous traitons vos donn\u00e9es personnelles sur les bases juridiques suivantes :<\/p>\n\n\n\n<ul class=\"wp-block-list\">\n<li><strong>L'ex\u00e9cution d'un contrat avec\u00a0<\/strong>La Fondation Recover<strong>,\u00a0<\/strong>pour la passation de contrats de services, la publication d'annonces et la gestion des services demand\u00e9s.<\/li>\n\n\n\n<li><strong>Consentement<\/strong>\u00a0de l'utilisateur en ce qui concerne la prise de contact, l'abonnement \u00e0 des contenus et l'envoi de communications commerciales par courrier \u00e9lectronique, cookies ou syst\u00e8mes de messagerie.<\/li>\n\n\n\n<li><strong>Int\u00e9r\u00eat l\u00e9gitime<\/strong>\u00a0du responsable du traitement des donn\u00e9es pour prot\u00e9ger les utilisateurs du site web de la Fondation Recover contre les abus et les fraudes dans l'utilisation de nos services.<\/li>\n<\/ul>\n\n\n\n<h5 class=\"wp-block-heading\"><strong>\u00c0 quelles fins traitons-nous vos donn\u00e9es personnelles ?<\/strong><\/h5>\n\n\n\n<p>Afin d'atteindre notre objectif fondateur, l'acc\u00e8s \u00e0 des soins de sant\u00e9 de qualit\u00e9 et d'avenir pour toutes les personnes en Afrique subsaharienne, nous traitons les donn\u00e9es de nos membres, donateurs, b\u00e9n\u00e9voles, collaborateurs et parties int\u00e9ress\u00e9es aux fins d'information suivantes :<br>- Pour envoyer des informations sur RECOVER par SMS, t\u00e9l\u00e9phone, courrier, e-mail, m\u00eame lorsque notre relation est termin\u00e9e, \u00e0 moins que la partie int\u00e9ress\u00e9e n'en d\u00e9cide autrement ; et pour r\u00e9pondre aux demandes d'informations.<br>- Promouvoir la collaboration financi\u00e8re avec RECOVER, ainsi que d'autres types de participation active.<br>- Encourager la collaboration au sein de RECOVER par le biais du r\u00e9seau de volontaires.<br>- Coordonner la participation aux activit\u00e9s organis\u00e9es par ou pour le r\u00e9seau de volontaires RECOVER.<br>- Invitation \u00e0 des actes ou \u00e9v\u00e9nements organis\u00e9s par RECOVER.<br>- Mener des enqu\u00eates de satisfaction.<br>- des activit\u00e9s de profilage de base, bas\u00e9es sur les informations que vous nous avez directement fournies, et visant \u00e0 assurer la bonne gestion des activit\u00e9s susmentionn\u00e9es.<br>En outre, nous traitons \u00e9galement vos donn\u00e9es dans le but d'envoyer, y compris par voie \u00e9lectronique, des communications promotionnelles sur des activit\u00e9s, des campagnes et des initiatives de nature similaire \u00e0 celles auxquelles vous avez d\u00e9j\u00e0 particip\u00e9.<br>La personne concern\u00e9e peut s'opposer \u00e0 la r\u00e9ception de ces communications promotionnelles, maintenant ou \u00e0 tout moment, en envoyant un e-mail \u00e0 l'adresse dpo@fundacionrecover.org ou en envoyant une demande \u00e0 l'adresse postale de RECOVER.<\/p>\n\n\n\n<h5 class=\"wp-block-heading\"><strong>Pourquoi pouvons-nous traiter vos donn\u00e9es personnelles ?<\/strong><\/h5>\n\n\n\n<p>Le traitement de vos donn\u00e9es personnelles a lieu en cons\u00e9quence de votre relation avec RECOVER en tant que membre, donateur, volontaire, collaborateur ou partie int\u00e9ress\u00e9e, et nous traiterons donc vos donn\u00e9es aux fins de ces proc\u00e9dures.<br>Le traitement de vos donn\u00e9es personnelles pour l'envoi d'informations promotionnelles sur les activit\u00e9s, les campagnes ou les initiatives de RECOVER similaires \u00e0 celles auxquelles vous avez particip\u00e9 est soumis \u00e0 votre consentement pr\u00e9alable, que vous pouvez r\u00e9voquer \u00e0 tout moment \u00e0 l'adresse dpo@fundacionrecover.org.<br>Le traitement de vos donn\u00e9es personnelles \u00e0 des fins de volontariat est requis par la r\u00e9glementation en vigueur sur le volontariat.<br>Quand et pour quelle raison pouvons-nous communiquer vos donn\u00e9es \u00e0 des tiers ?<br>Nous ne vendrons, ne louerons ou ne c\u00e9derons jamais vos donn\u00e9es personnelles, sauf aux administrations publiques pour l'accomplissement des obligations l\u00e9gales auxquelles RECOVER est soumis par son activit\u00e9.<\/p>\n\n\n\n<h5 class=\"wp-block-heading\"><strong>Pendant combien de temps conserverons-nous vos donn\u00e9es ?<\/strong><\/h5>\n\n\n\n<p>Vos donn\u00e9es personnelles seront conserv\u00e9es aussi longtemps que votre relation avec RECOVER sera maintenue, et m\u00eame apr\u00e8s la fin de cette relation pour quelque raison que ce soit, pendant les d\u00e9lais de prescription l\u00e9gaux applicables, si vous ne nous informez pas du contraire. Dans ce cas, elles seront trait\u00e9es dans le but d'accr\u00e9diter le respect de nos obligations l\u00e9gales et\/ou contractuelles. Nous conserverons vos donn\u00e9es personnelles aussi longtemps que n\u00e9cessaire ou permis par les finalit\u00e9s pour lesquelles elles ont \u00e9t\u00e9 collect\u00e9es. Les crit\u00e8res utilis\u00e9s pour d\u00e9terminer les p\u00e9riodes de conservation comprennent nos obligations l\u00e9gales, les besoins statistiques ou l'opportunit\u00e9 de conserver les donn\u00e9es sur la base de notre position juridique.<br>Si vous avez moins de 18 ans<br>Si vous \u00eates mineur et que vous utilisez l'un de nos sites web ou participez \u00e0 l'une de nos campagnes, veuillez ne pas nous communiquer d'informations personnelles vous concernant ou concernant votre famille sans l'autorisation pr\u00e9alable de vos parents ou de votre tuteur. Nous encourageons vos parents ou tuteurs \u00e0 nous contacter \u00e0 l'adresse dpo@fundacionrecover.org et \u00e0 nous demander de supprimer ces informations.<\/p>\n\n\n\n<h5 class=\"wp-block-heading\"><strong>Quels sont vos droits ?<\/strong><\/h5>\n\n\n\n<p>Vous pouvez exercer vos droits d'acc\u00e8s, de rectification, d'effacement et de portabilit\u00e9, de limitation et\/ou d'opposition au traitement, \u00e0 l'adresse postale, calle Hilari\u00f3n Eslava, 27 bis, 1\u00ba 7, 28015, Madrid, et\/ou par courrier \u00e9lectronique dpo@fundacionrecover.org, en pr\u00e9cisant le droit que vous souhaitez exercer et en joignant une photocopie de votre carte d'identit\u00e9.<br>De m\u00eame, si vous estimez que le traitement de vos donn\u00e9es personnelles est contraire \u00e0 la loi ou \u00e0 vos droits en mati\u00e8re de protection de la vie priv\u00e9e, vous pouvez d\u00e9poser une plainte :<br>- Pour plus d'informations sur la protection de la vie priv\u00e9e, vous pouvez contacter RECOVER \u00e0 l'adresse dpo@fundacionrecover.org ou \u00e0 l'adresse postale ci-dessus.<br>- Devant l'Agence espagnole de protection des donn\u00e9es, par l'interm\u00e9diaire de son si\u00e8ge \u00e9lectronique ou de son adresse postale. <a href=\"https:\/\/www.aepd.es\/es\"><em>https:\/\/www.aepd.es\/es<\/em><\/a><\/p>\n\n\n\n<p><strong>Il existe un formulaire pour l'exercice de vos droits<\/strong>Vous pouvez le commander par courrier \u00e9lectronique ou, si vous le pr\u00e9f\u00e9rez, vous pouvez utiliser le formulaire de commande.&nbsp;<a href=\"https:\/\/www.aepd.es\/es\/derechos-y-deberes\/conoce-tus-derechos\"><em>celles \u00e9labor\u00e9es par l'Agence espagnole de protection des donn\u00e9es ou par des tiers.<\/em><\/a><\/p>\n\n\n\n<p>Ces formulaires doivent \u00eatre sign\u00e9s \u00e9lectroniquement ou accompagn\u00e9s d'une photocopie de la carte d'identit\u00e9.<\/p>\n\n\n\n<p>Si vous \u00eates repr\u00e9sent\u00e9 par quelqu'un, vous devez joindre une copie de votre carte d'identit\u00e9 ou signer avec votre signature \u00e9lectronique.<\/p>\n\n\n\n<p>Les formulaires peuvent \u00eatre d\u00e9pos\u00e9s en personne, par lettre ou par courrier \u00e0 l'adresse de la personne responsable indiqu\u00e9e au d\u00e9but de ce texte.<\/p>\n\n\n\n<h4 class=\"wp-block-heading\"><strong>LE SECRET ET LA S\u00c9CURIT\u00c9 DES DONN\u00c9ES<\/strong><\/h4>\n\n\n\n<p><a href=\"https:\/\/fundacionrecover.org\/fr\/\">www.fundacionrecover.org<\/a>&nbsp;s'engage \u00e0 utiliser et \u00e0 traiter les donn\u00e9es personnelles de l'utilisateur, en respectant leur confidentialit\u00e9, conform\u00e9ment \u00e0 leur finalit\u00e9 ; ainsi qu'\u00e0 respecter son obligation de les conserver et d'adapter toutes les mesures pour \u00e9viter leur alt\u00e9ration, leur perte, leur traitement ou leur acc\u00e8s non autoris\u00e9, conform\u00e9ment aux dispositions de la l\u00e9gislation en vigueur en mati\u00e8re de protection des donn\u00e9es.<\/p>\n\n\n\n<p>(Ce site web comprend un certificat SSL. Il s'agit d'un protocole de s\u00e9curit\u00e9 qui fait voyager vos donn\u00e9es de mani\u00e8re int\u00e9grale et s\u00e9curis\u00e9e, c'est-\u00e0-dire que la transmission des donn\u00e9es entre un serveur et l'internaute, et en retour est enti\u00e8rement crypt\u00e9e ou chiffr\u00e9e).<\/p>\n\n\n\n<p><a href=\"https:\/\/fundacionrecover.org\/fr\/\">www.fundacionrecover.org<\/a>&nbsp;ne peut garantir l'impr\u00e9gnabilit\u00e9 absolue du r\u00e9seau Internet, ni, par cons\u00e9quent, la violation des donn\u00e9es par l'acc\u00e8s frauduleux \u00e0 celles-ci par des tiers.<\/p>\n\n\n\n<p>En ce qui concerne la confidentialit\u00e9 du traitement, Fundaci\u00f3n Recover s'assurera que toute personne autoris\u00e9e par Fundaci\u00f3n Recover \u00e0 traiter les donn\u00e9es du client (y compris son personnel, ses collaborateurs et ses prestataires de services) est soumise \u00e0 l'obligation de confidentialit\u00e9 appropri\u00e9e (qu'il s'agisse d'une obligation contractuelle ou l\u00e9gale).<\/p>\n\n\n\n<p>D\u00e8s qu'elle a connaissance d'un incident de s\u00e9curit\u00e9, Recover Foundation en informe le client dans les meilleurs d\u00e9lais et lui fournit en temps utile les informations relatives \u00e0 l'incident de s\u00e9curit\u00e9 d\u00e8s qu'elle en a connaissance, ou lorsque le client le demande raisonnablement.<\/p>\n\n\n\n<h4 class=\"wp-block-heading\"><strong>L'EXACTITUDE ET LA V\u00c9RACIT\u00c9 DES DONN\u00c9ES<\/strong><\/h4>\n\n\n\n<p>En tant qu'utilisateur, vous \u00eates seul responsable de la v\u00e9racit\u00e9 et de l'exactitude des donn\u00e9es que vous envoyez \u00e0&nbsp;<a href=\"https:\/\/fundacionrecover.org\/fr\/\">www.fundacionrecover.org<\/a>Les utilisateurs exon\u00e8rent la Fondation Recover de toute responsabilit\u00e9 \u00e0 cet \u00e9gard. Les utilisateurs garantissent et sont responsables, en tout \u00e9tat de cause, de l'exactitude, de la validit\u00e9 et de l'authenticit\u00e9 des donn\u00e9es personnelles fournies, et s'engagent \u00e0 les tenir d\u00fbment \u00e0 jour. L'utilisateur s'engage \u00e0 fournir des informations compl\u00e8tes et correctes dans le formulaire de contact ou d'abonnement.<\/p>\n\n\n\n<h4 class=\"wp-block-heading\"><strong>R\u00c9VOCABILIT\u00c9<\/strong><\/h4>\n\n\n\n<p>Le consentement donn\u00e9, tant pour le traitement que pour le transfert des donn\u00e9es des int\u00e9ress\u00e9s, peut \u00eatre r\u00e9voqu\u00e9 \u00e0 tout moment en le communiquant \u00e0 FUNDACI\u00d3N RECOVER dans les termes \u00e9tablis dans cette Politique pour l'exercice des droits de l'ARCO. Cette r\u00e9vocation ne sera en aucun cas r\u00e9troactive.<\/p>\n\n\n\n<h4 class=\"wp-block-heading\"><strong>MODIFICATIONS DE LA POLITIQUE DE CONFIDENTIALIT\u00c9<\/strong><\/h4>\n\n\n\n<p>La Fundaci\u00f3n Recover se r\u00e9serve le droit de modifier cette politique pour l'adapter aux nouvelles l\u00e9gislations ou jurisprudences, ainsi qu'aux pratiques de l'industrie. Dans ce cas, elle annoncera sur cette page les changements introduits raisonnablement avant leur mise en \u0153uvre.<\/p>","protected":false},"excerpt":{"rendered":"<p>INFORMACI\u00d3N ADICIONAL SOBRE PROTECCI\u00d3N DE DATOS En Fundaci\u00f3n Recover adoptamos las medidas de seguridad establecidas en las normas legales tanto espa\u00f1olas como internacionales (incluyendo las europeas). A continuaci\u00f3n, te explicamos c\u00f3mo y para qu\u00e9 recabamos tus datos. La informaci\u00f3n que nos proporcionas es confidencial, y solo ser\u00e1 revelada en los casos contemplados a continuaci\u00f3n y [&hellip;]<\/p>\n","protected":false},"author":1,"featured_media":0,"parent":0,"menu_order":0,"comment_status":"closed","ping_status":"closed","template":"","meta":{"give_campaign_id":0,"footnotes":""},"class_list":["post-5424","page","type-page","status-publish","hentry"],"yoast_head":"<!-- This site is optimized with the Yoast SEO plugin v27.4 - https:\/\/yoast.com\/product\/yoast-seo-wordpress\/ -->\n<title>Pol\u00edtica de Privacidad - Fundaci\u00f3n Recover Hospitales para \u00c1frica<\/title>\n<meta name=\"robots\" content=\"noindex, follow\" \/>\n<meta property=\"og:locale\" content=\"fr_FR\" \/>\n<meta property=\"og:type\" content=\"article\" \/>\n<meta property=\"og:title\" content=\"Pol\u00edtica de Privacidad - Fundaci\u00f3n Recover Hospitales para \u00c1frica\" \/>\n<meta property=\"og:description\" content=\"INFORMACI\u00d3N ADICIONAL SOBRE PROTECCI\u00d3N DE DATOS En Fundaci\u00f3n Recover adoptamos las medidas de seguridad establecidas en las normas legales tanto espa\u00f1olas como internacionales (incluyendo las europeas). A continuaci\u00f3n, te explicamos c\u00f3mo y para qu\u00e9 recabamos tus datos. La informaci\u00f3n que nos proporcionas es confidencial, y solo ser\u00e1 revelada en los casos contemplados a continuaci\u00f3n y [&hellip;]\" \/>\n<meta property=\"og:url\" content=\"https:\/\/fundacionrecover.org\/fr\/politique-de-confidentialite\/\" \/>\n<meta property=\"og:site_name\" content=\"Fundaci\u00f3n Recover Hospitales para \u00c1frica\" \/>\n<meta property=\"article:publisher\" content=\"https:\/\/www.facebook.com\/fundacionrecover\/\" \/>\n<meta property=\"article:modified_time\" content=\"2024-06-14T10:44:48+00:00\" \/>\n<meta property=\"og:image\" content=\"https:\/\/fundacionrecover.org\/wp-content\/uploads\/2024\/05\/Logotipo_FundacionRecover_FondoVerde_ESP.png\" \/>\n\t<meta property=\"og:image:width\" content=\"334\" \/>\n\t<meta property=\"og:image:height\" content=\"272\" \/>\n\t<meta property=\"og:image:type\" content=\"image\/png\" \/>\n<meta name=\"twitter:card\" content=\"summary_large_image\" \/>\n<meta name=\"twitter:label1\" content=\"Dur\u00e9e de lecture estim\u00e9e\" \/>\n\t<meta name=\"twitter:data1\" content=\"8 minutes\" \/>\n<script type=\"application\/ld+json\" class=\"yoast-schema-graph\">{\"@context\":\"https:\\\/\\\/schema.org\",\"@graph\":[{\"@type\":\"WebPage\",\"@id\":\"https:\\\/\\\/fundacionrecover.org\\\/politica-de-privacidad\\\/\",\"url\":\"https:\\\/\\\/fundacionrecover.org\\\/politica-de-privacidad\\\/\",\"name\":\"Pol\u00edtica de Privacidad - Fundaci\u00f3n Recover Hospitales para \u00c1frica\",\"isPartOf\":{\"@id\":\"https:\\\/\\\/fundacionrecover.org\\\/#website\"},\"datePublished\":\"2024-06-06T09:14:58+00:00\",\"dateModified\":\"2024-06-14T10:44:48+00:00\",\"breadcrumb\":{\"@id\":\"https:\\\/\\\/fundacionrecover.org\\\/politica-de-privacidad\\\/#breadcrumb\"},\"inLanguage\":\"fr-FR\",\"potentialAction\":[{\"@type\":\"ReadAction\",\"target\":[\"https:\\\/\\\/fundacionrecover.org\\\/politica-de-privacidad\\\/\"]}]},{\"@type\":\"BreadcrumbList\",\"@id\":\"https:\\\/\\\/fundacionrecover.org\\\/politica-de-privacidad\\\/#breadcrumb\",\"itemListElement\":[{\"@type\":\"ListItem\",\"position\":1,\"name\":\"Home\",\"item\":\"https:\\\/\\\/fundacionrecover.org\\\/\"},{\"@type\":\"ListItem\",\"position\":2,\"name\":\"Pol\u00edtica de Privacidad\"}]},{\"@type\":\"WebSite\",\"@id\":\"https:\\\/\\\/fundacionrecover.org\\\/#website\",\"url\":\"https:\\\/\\\/fundacionrecover.org\\\/\",\"name\":\"Fundaci\u00f3n Recover Hospitales para \u00c1frica\",\"description\":\"Fundaci\u00f3n Recover\",\"publisher\":{\"@id\":\"https:\\\/\\\/fundacionrecover.org\\\/#organization\"},\"potentialAction\":[{\"@type\":\"SearchAction\",\"target\":{\"@type\":\"EntryPoint\",\"urlTemplate\":\"https:\\\/\\\/fundacionrecover.org\\\/?s={search_term_string}\"},\"query-input\":{\"@type\":\"PropertyValueSpecification\",\"valueRequired\":true,\"valueName\":\"search_term_string\"}}],\"inLanguage\":\"fr-FR\"},{\"@type\":\"Organization\",\"@id\":\"https:\\\/\\\/fundacionrecover.org\\\/#organization\",\"name\":\"Fundaci\u00f3n Recover, Hospitales para \u00c1frica\",\"alternateName\":\"Fundaci\u00f3n Recover\",\"url\":\"https:\\\/\\\/fundacionrecover.org\\\/\",\"logo\":{\"@type\":\"ImageObject\",\"inLanguage\":\"fr-FR\",\"@id\":\"https:\\\/\\\/fundacionrecover.org\\\/#\\\/schema\\\/logo\\\/image\\\/\",\"url\":\"https:\\\/\\\/fundacionrecover.org\\\/wp-content\\\/uploads\\\/2024\\\/03\\\/FundacionRecoverHospitalesParaAfrica_logo_blanco_cut.png\",\"contentUrl\":\"https:\\\/\\\/fundacionrecover.org\\\/wp-content\\\/uploads\\\/2024\\\/03\\\/FundacionRecoverHospitalesParaAfrica_logo_blanco_cut.png\",\"width\":335,\"height\":183,\"caption\":\"Fundaci\u00f3n Recover, Hospitales para \u00c1frica\"},\"image\":{\"@id\":\"https:\\\/\\\/fundacionrecover.org\\\/#\\\/schema\\\/logo\\\/image\\\/\"},\"sameAs\":[\"https:\\\/\\\/www.facebook.com\\\/fundacionrecover\\\/\",\"https:\\\/\\\/www.instagram.com\\\/fundacionrecover\\\/\",\"https:\\\/\\\/www.linkedin.com\\\/company\\\/fundaci\u00f3n-recover-hospitales-para-\u00e1frica\\\/\",\"https:\\\/\\\/www.tiktok.com\\\/@fundacionrecover\"]}]}<\/script>\n<!-- \/ Yoast SEO plugin. -->","yoast_head_json":{"title":"Politique de confidentialit\u00e9 - Recover Hospitals for Africa Foundation","robots":{"index":"noindex","follow":"follow"},"og_locale":"fr_FR","og_type":"article","og_title":"Pol\u00edtica de Privacidad - Fundaci\u00f3n Recover Hospitales para \u00c1frica","og_description":"INFORMACI\u00d3N ADICIONAL SOBRE PROTECCI\u00d3N DE DATOS En Fundaci\u00f3n Recover adoptamos las medidas de seguridad establecidas en las normas legales tanto espa\u00f1olas como internacionales (incluyendo las europeas). A continuaci\u00f3n, te explicamos c\u00f3mo y para qu\u00e9 recabamos tus datos. La informaci\u00f3n que nos proporcionas es confidencial, y solo ser\u00e1 revelada en los casos contemplados a continuaci\u00f3n y [&hellip;]","og_url":"https:\/\/fundacionrecover.org\/fr\/politique-de-confidentialite\/","og_site_name":"Fundaci\u00f3n Recover Hospitales para \u00c1frica","article_publisher":"https:\/\/www.facebook.com\/fundacionrecover\/","article_modified_time":"2024-06-14T10:44:48+00:00","og_image":[{"width":334,"height":272,"url":"https:\/\/fundacionrecover.org\/wp-content\/uploads\/2024\/05\/Logotipo_FundacionRecover_FondoVerde_ESP.png","type":"image\/png"}],"twitter_card":"summary_large_image","twitter_misc":{"Dur\u00e9e de lecture estim\u00e9e":"8 minutes"},"schema":{"@context":"https:\/\/schema.org","@graph":[{"@type":"WebPage","@id":"https:\/\/fundacionrecover.org\/politica-de-privacidad\/","url":"https:\/\/fundacionrecover.org\/politica-de-privacidad\/","name":"Politique de confidentialit\u00e9 - Recover Hospitals for Africa Foundation","isPartOf":{"@id":"https:\/\/fundacionrecover.org\/#website"},"datePublished":"2024-06-06T09:14:58+00:00","dateModified":"2024-06-14T10:44:48+00:00","breadcrumb":{"@id":"https:\/\/fundacionrecover.org\/politica-de-privacidad\/#breadcrumb"},"inLanguage":"fr-FR","potentialAction":[{"@type":"ReadAction","target":["https:\/\/fundacionrecover.org\/politica-de-privacidad\/"]}]},{"@type":"BreadcrumbList","@id":"https:\/\/fundacionrecover.org\/politica-de-privacidad\/#breadcrumb","itemListElement":[{"@type":"ListItem","position":1,"name":"Home","item":"https:\/\/fundacionrecover.org\/"},{"@type":"ListItem","position":2,"name":"Pol\u00edtica de Privacidad"}]},{"@type":"WebSite","@id":"https:\/\/fundacionrecover.org\/#website","url":"https:\/\/fundacionrecover.org\/","name":"La Fondation Recover, H\u00f2pitaux pour l\u2019Afrique","description":"La Fondation Recover","publisher":{"@id":"https:\/\/fundacionrecover.org\/#organization"},"potentialAction":[{"@type":"SearchAction","target":{"@type":"EntryPoint","urlTemplate":"https:\/\/fundacionrecover.org\/?s={search_term_string}"},"query-input":{"@type":"PropertyValueSpecification","valueRequired":true,"valueName":"search_term_string"}}],"inLanguage":"fr-FR"},{"@type":"Organization","@id":"https:\/\/fundacionrecover.org\/#organization","name":"La Fondation Recover, H\u00f2pitaux pour l\u2019Afrique","alternateName":"Fundaci\u00f3n Recover","url":"https:\/\/fundacionrecover.org\/","logo":{"@type":"ImageObject","inLanguage":"fr-FR","@id":"https:\/\/fundacionrecover.org\/#\/schema\/logo\/image\/","url":"https:\/\/fundacionrecover.org\/wp-content\/uploads\/2024\/03\/FundacionRecoverHospitalesParaAfrica_logo_blanco_cut.png","contentUrl":"https:\/\/fundacionrecover.org\/wp-content\/uploads\/2024\/03\/FundacionRecoverHospitalesParaAfrica_logo_blanco_cut.png","width":335,"height":183,"caption":"Fundaci\u00f3n Recover, Hospitales para \u00c1frica"},"image":{"@id":"https:\/\/fundacionrecover.org\/#\/schema\/logo\/image\/"},"sameAs":["https:\/\/www.facebook.com\/fundacionrecover\/","https:\/\/www.instagram.com\/fundacionrecover\/","https:\/\/www.linkedin.com\/company\/fundaci\u00f3n-recover-hospitales-para-\u00e1frica\/","https:\/\/www.tiktok.com\/@fundacionrecover"]}]}},"campaignId":"","_links":{"self":[{"href":"https:\/\/fundacionrecover.org\/fr\/wp-json\/wp\/v2\/pages\/5424","targetHints":{"allow":["GET"]}}],"collection":[{"href":"https:\/\/fundacionrecover.org\/fr\/wp-json\/wp\/v2\/pages"}],"about":[{"href":"https:\/\/fundacionrecover.org\/fr\/wp-json\/wp\/v2\/types\/page"}],"author":[{"embeddable":true,"href":"https:\/\/fundacionrecover.org\/fr\/wp-json\/wp\/v2\/users\/1"}],"replies":[{"embeddable":true,"href":"https:\/\/fundacionrecover.org\/fr\/wp-json\/wp\/v2\/comments?post=5424"}],"version-history":[{"count":0,"href":"https:\/\/fundacionrecover.org\/fr\/wp-json\/wp\/v2\/pages\/5424\/revisions"}],"wp:attachment":[{"href":"https:\/\/fundacionrecover.org\/fr\/wp-json\/wp\/v2\/media?parent=5424"}],"curies":[{"name":"wp","href":"https:\/\/api.w.org\/{rel}","templated":true}]}}