{"id":8453,"date":"2025-02-07T18:24:01","date_gmt":"2025-02-07T17:24:01","guid":{"rendered":"https:\/\/fundacionrecover.org\/?page_id=8453"},"modified":"2026-04-22T00:04:08","modified_gmt":"2026-04-21T22:04:08","slug":"exposition-de-solidarite-a-partir-de-lessentiel","status":"publish","type":"page","link":"https:\/\/fundacionrecover.org\/fr\/colabora\/exposicion-solidaria-desde-lo-esencial\/","title":{"rendered":"Exposition de solidarit\u00e9 \"De l'essentiel\"."},"content":{"rendered":"\t\t<div data-elementor-type=\"wp-page\" data-elementor-id=\"8453\" class=\"elementor elementor-8453\" data-elementor-post-type=\"page\">\n\t\t\t\t<div class=\"elementor-element elementor-element-4fe3c5b e-con-full e-flex e-con e-parent\" data-id=\"4fe3c5b\" data-element_type=\"container\" data-e-type=\"container\" data-settings=\"{&quot;background_background&quot;:&quot;classic&quot;}\">\n\t\t<div class=\"elementor-element elementor-element-19bbaa2 e-flex e-con-boxed e-con e-child\" data-id=\"19bbaa2\" data-element_type=\"container\" data-e-type=\"container\" data-settings=\"{&quot;background_background&quot;:&quot;classic&quot;}\">\n\t\t\t\t\t<div class=\"e-con-inner\">\n\t\t\t\t<div class=\"elementor-element elementor-element-642ca83 elementor-widget__width-initial elementor-widget elementor-widget-heading\" data-id=\"642ca83\" data-element_type=\"widget\" data-e-type=\"widget\" data-widget_type=\"heading.default\">\n\t\t\t\t<div class=\"elementor-widget-container\">\n\t\t\t\t\t<h2 class=\"elementor-heading-title elementor-size-default\">Desde lo esencial<\/h2>\t\t\t\t<\/div>\n\t\t\t\t<\/div>\n\t\t\t\t<div class=\"elementor-element elementor-element-1bba4eb elementor-widget__width-inherit elementor-widget-mobile__width-inherit elementor-widget elementor-widget-heading\" data-id=\"1bba4eb\" data-element_type=\"widget\" data-e-type=\"widget\" data-widget_type=\"heading.default\">\n\t\t\t\t<div class=\"elementor-widget-container\">\n\t\t\t\t\t<h2 class=\"elementor-heading-title elementor-size-default\">Arte comprometido con la salud y la infancia en \u00c1frica<\/h2>\t\t\t\t<\/div>\n\t\t\t\t<\/div>\n\t\t<div class=\"elementor-element elementor-element-a06e47f e-con-full e-flex e-con e-child\" data-id=\"a06e47f\" data-element_type=\"container\" data-e-type=\"container\">\n\t\t\t\t<div class=\"elementor-element elementor-element-eca8e2a elementor-widget__width-initial elementor-widget-mobile__width-inherit elementor-widget elementor-widget-text-editor\" data-id=\"eca8e2a\" data-element_type=\"widget\" data-e-type=\"widget\" data-widget_type=\"text-editor.default\">\n\t\t\t\t<div class=\"elementor-widget-container\">\n\t\t\t\t\t\t\t\t\t<p>Fundaci\u00f3n Recover, Hospitales para \u00c1frica y Galer\u00eda Valart han organizado, con el apoyo del Hospital Universitario Ruber Juan Bravo, esta II muestra de arte y subasta solidaria cuyo prop\u00f3sito es mejorar la salud y el bienestar de la infancia en \u00c1frica<\/p>\t\t\t\t\t\t\t\t<\/div>\n\t\t\t\t<\/div>\n\t\t\t\t<\/div>\n\t\t\t\t<div class=\"elementor-element elementor-element-ac445a4 elementor-widget elementor-widget-button\" data-id=\"ac445a4\" data-element_type=\"widget\" data-e-type=\"widget\" data-widget_type=\"button.default\">\n\t\t\t\t<div class=\"elementor-widget-container\">\n\t\t\t\t\t\t\t\t\t<div class=\"elementor-button-wrapper\">\n\t\t\t\t\t<a class=\"elementor-button elementor-button-link elementor-size-sm elementor-animation-float\" href=\"https:\/\/fundacionrecover.org\/wp-content\/uploads\/2026\/04\/SubastaSolidaria_Dossier2026-4.pdf\" target=\"_blank\" rel=\"nofollow\">\n\t\t\t\t\t\t<span class=\"elementor-button-content-wrapper\">\n\t\t\t\t\t\t\t\t\t<span class=\"elementor-button-text\">Descarga el dossier<\/span>\n\t\t\t\t\t<\/span>\n\t\t\t\t\t<\/a>\n\t\t\t\t<\/div>\n\t\t\t\t\t\t\t\t<\/div>\n\t\t\t\t<\/div>\n\t\t\t\t\t<\/div>\n\t\t\t\t<\/div>\n\t\t<div class=\"elementor-element elementor-element-06b1a09 e-flex e-con-boxed e-con e-child\" data-id=\"06b1a09\" data-element_type=\"container\" data-e-type=\"container\">\n\t\t\t\t\t<div class=\"e-con-inner\">\n\t\t<div class=\"elementor-element elementor-element-ed23f03 e-con-full e-flex e-con e-child\" data-id=\"ed23f03\" data-element_type=\"container\" data-e-type=\"container\" data-settings=\"{&quot;background_background&quot;:&quot;classic&quot;}\">\n\t\t\t\t<div class=\"elementor-element elementor-element-d075b34 elementor-widget__width-initial elementor-widget-mobile__width-inherit elementor-widget-tablet_extra__width-inherit elementor-invisible elementor-widget elementor-widget-heading\" data-id=\"d075b34\" data-element_type=\"widget\" data-e-type=\"widget\" data-settings=\"{&quot;_animation&quot;:&quot;fadeIn&quot;}\" data-widget_type=\"heading.default\">\n\t\t\t\t<div class=\"elementor-widget-container\">\n\t\t\t\t\t<h3 class=\"elementor-heading-title elementor-size-default\">Sobre la exposici\u00f3n<\/h3>\t\t\t\t<\/div>\n\t\t\t\t<\/div>\n\t\t\t\t<\/div>\n\t\t<div class=\"elementor-element elementor-element-14890e9 e-con-full e-flex e-con e-child\" data-id=\"14890e9\" data-element_type=\"container\" data-e-type=\"container\">\n\t\t\t\t<div class=\"elementor-element elementor-element-a6bcf5d elementor-widget__width-initial elementor-widget elementor-widget-text-editor\" data-id=\"a6bcf5d\" data-element_type=\"widget\" data-e-type=\"widget\" data-widget_type=\"text-editor.default\">\n\t\t\t\t<div class=\"elementor-widget-container\">\n\t\t\t\t\t\t\t\t\t<p>Con el nombre \u00abDesde lo esencial\u00bb, la muestra re\u00fane a artistas que desarrollan su b\u00fasqueda material a partir de elementos y colores presentes en la naturaleza, como madera, metales o pigmentos naturales. Se valora as\u00ed la depuraci\u00f3n de la forma y se apuesta por una vuelta a lo esencial, a lo m\u00ednimo. El rechazo a los excesos y la acumulaci\u00f3n son los conceptos art\u00edsticos y sociales que mueven esta iniciativa solidaria.<\/p>\t\t\t\t\t\t\t\t<\/div>\n\t\t\t\t<\/div>\n\t\t\t\t<\/div>\n\t\t\t\t\t<\/div>\n\t\t\t\t<\/div>\n\t\t<div class=\"elementor-element elementor-element-de57c48 e-flex e-con-boxed e-con e-child\" data-id=\"de57c48\" data-element_type=\"container\" data-e-type=\"container\">\n\t\t\t\t\t<div class=\"e-con-inner\">\n\t\t<div class=\"elementor-element elementor-element-3079c85 e-con-full e-flex e-con e-child\" data-id=\"3079c85\" data-element_type=\"container\" data-e-type=\"container\" data-settings=\"{&quot;background_background&quot;:&quot;classic&quot;}\">\n\t\t\t\t<div class=\"elementor-element elementor-element-0b9edf4 elementor-widget__width-initial elementor-widget-mobile__width-inherit elementor-widget-tablet_extra__width-inherit elementor-invisible elementor-widget elementor-widget-heading\" data-id=\"0b9edf4\" data-element_type=\"widget\" data-e-type=\"widget\" data-settings=\"{&quot;_animation&quot;:&quot;fadeIn&quot;}\" data-widget_type=\"heading.default\">\n\t\t\t\t<div class=\"elementor-widget-container\">\n\t\t\t\t\t<h3 class=\"elementor-heading-title elementor-size-default\">Subasta solidaria<\/h3>\t\t\t\t<\/div>\n\t\t\t\t<\/div>\n\t\t\t\t<\/div>\n\t\t<div class=\"elementor-element elementor-element-a68261f e-con-full e-flex e-con e-child\" data-id=\"a68261f\" data-element_type=\"container\" data-e-type=\"container\">\n\t\t\t\t<div class=\"elementor-element elementor-element-1434145 elementor-widget__width-initial elementor-widget-mobile__width-initial elementor-widget elementor-widget-text-editor\" data-id=\"1434145\" data-element_type=\"widget\" data-e-type=\"widget\" data-widget_type=\"text-editor.default\">\n\t\t\t\t<div class=\"elementor-widget-container\">\n\t\t\t\t\t\t\t\t\t<p>El martes 21 de abril tendr\u00e1 lugar uno de los momentos m\u00e1s esperados de la cita, la subasta ben\u00e9fica, en la que se pondr\u00e1n a la venta las obras subastadas. El 100% de lo recaudado se va a destinar a proyectos de salud e infancia en \u00c1frica de Fundaci\u00f3n Recover.<\/p><p>Puedes ver <a href=\"https:\/\/fundacionrecover.org\/wp-content\/uploads\/2026\/04\/Bases-2026.-Subasta-expo-Desde-lo-ensencial.pdf\" target=\"_blank\" rel=\"noopener\">aqu\u00ed las bases de la subasta solidaria.\u00a0<\/a><\/p>\t\t\t\t\t\t\t\t<\/div>\n\t\t\t\t<\/div>\n\t\t\t\t<\/div>\n\t\t\t\t\t<\/div>\n\t\t\t\t<\/div>\n\t\t<div class=\"elementor-element elementor-element-f6a64ed e-flex e-con-boxed e-con e-child\" data-id=\"f6a64ed\" data-element_type=\"container\" data-e-type=\"container\">\n\t\t\t\t\t<div class=\"e-con-inner\">\n\t\t<div class=\"elementor-element elementor-element-7781228 e-con-full e-flex e-con e-child\" data-id=\"7781228\" data-element_type=\"container\" data-e-type=\"container\" data-settings=\"{&quot;background_background&quot;:&quot;classic&quot;}\">\n\t\t\t\t<div class=\"elementor-element elementor-element-ab8d32d elementor-widget__width-initial elementor-widget-mobile__width-inherit elementor-widget-tablet_extra__width-inherit elementor-invisible elementor-widget elementor-widget-heading\" data-id=\"ab8d32d\" data-element_type=\"widget\" data-e-type=\"widget\" data-settings=\"{&quot;_animation&quot;:&quot;fadeIn&quot;}\" data-widget_type=\"heading.default\">\n\t\t\t\t<div class=\"elementor-widget-container\">\n\t\t\t\t\t<h3 class=\"elementor-heading-title elementor-size-default\">Venta de obras<\/h3>\t\t\t\t<\/div>\n\t\t\t\t<\/div>\n\t\t\t\t<\/div>\n\t\t<div class=\"elementor-element elementor-element-41f3226 e-con-full e-flex e-con e-child\" data-id=\"41f3226\" data-element_type=\"container\" data-e-type=\"container\">\n\t\t\t\t<div class=\"elementor-element elementor-element-c797f2e elementor-widget__width-initial elementor-widget elementor-widget-text-editor\" data-id=\"c797f2e\" data-element_type=\"widget\" data-e-type=\"widget\" data-widget_type=\"text-editor.default\">\n\t\t\t\t<div class=\"elementor-widget-container\">\n\t\t\t\t\t\t\t\t\t<p>Si est\u00e1s interesado en adquirir alguna de estas obras, por favor, ponte en contacto con nosotros:<\/p>\t\t\t\t\t\t\t\t<\/div>\n\t\t\t\t<\/div>\n\t\t\t\t<div class=\"elementor-element elementor-element-c3aeb72 elementor-position-inline-start elementor-widget__width-initial elementor-mobile-position-inline-start elementor-view-default elementor-widget elementor-widget-icon-box\" data-id=\"c3aeb72\" data-element_type=\"widget\" data-e-type=\"widget\" data-widget_type=\"icon-box.default\">\n\t\t\t\t<div class=\"elementor-widget-container\">\n\t\t\t\t\t\t\t<div class=\"elementor-icon-box-wrapper\">\n\n\t\t\t\t\t\t<div class=\"elementor-icon-box-icon\">\n\t\t\t\t<a href=\"tel:+34672103171\" class=\"elementor-icon\" tabindex=\"-1\" aria-label=\"+34 672 10 31 71\">\n\t\t\t\t<svg aria-hidden=\"true\" class=\"e-font-icon-svg e-fas-phone-alt\" viewBox=\"0 0 512 512\" xmlns=\"http:\/\/www.w3.org\/2000\/svg\"><path d=\"M497.39 361.8l-112-48a24 24 0 0 0-28 6.9l-49.6 60.6A370.66 370.66 0 0 1 130.6 204.11l60.6-49.6a23.94 23.94 0 0 0 6.9-28l-48-112A24.16 24.16 0 0 0 122.6.61l-104 24A24 24 0 0 0 0 48c0 256.5 207.9 464 464 464a24 24 0 0 0 23.4-18.6l24-104a24.29 24.29 0 0 0-14.01-27.6z\"><\/path><\/svg>\t\t\t\t<\/a>\n\t\t\t<\/div>\n\t\t\t\n\t\t\t\t\t\t<div class=\"elementor-icon-box-content\">\n\n\t\t\t\t\t\t\t\t\t<p class=\"elementor-icon-box-title\">\n\t\t\t\t\t\t<a href=\"tel:+34672103171\" >\n\t\t\t\t\t\t\t+34 672 10 31 71\t\t\t\t\t\t<\/a>\n\t\t\t\t\t<\/p>\n\t\t\t\t\n\t\t\t\t\n\t\t\t<\/div>\n\t\t\t\n\t\t<\/div>\n\t\t\t\t\t\t<\/div>\n\t\t\t\t<\/div>\n\t\t\t\t<div class=\"elementor-element elementor-element-98fcce3 elementor-position-inline-start elementor-widget__width-initial elementor-view-default elementor-widget elementor-widget-icon-box\" data-id=\"98fcce3\" data-element_type=\"widget\" data-e-type=\"widget\" data-widget_type=\"icon-box.default\">\n\t\t\t\t<div class=\"elementor-widget-container\">\n\t\t\t\t\t\t\t<div class=\"elementor-icon-box-wrapper\">\n\n\t\t\t\t\t\t<div class=\"elementor-icon-box-icon\">\n\t\t\t\t<a href=\"tel:+34609169787\" class=\"elementor-icon\" tabindex=\"-1\" aria-label=\"+34 609 16 97 87\">\n\t\t\t\t<svg aria-hidden=\"true\" class=\"e-font-icon-svg e-fas-phone-alt\" viewBox=\"0 0 512 512\" xmlns=\"http:\/\/www.w3.org\/2000\/svg\"><path d=\"M497.39 361.8l-112-48a24 24 0 0 0-28 6.9l-49.6 60.6A370.66 370.66 0 0 1 130.6 204.11l60.6-49.6a23.94 23.94 0 0 0 6.9-28l-48-112A24.16 24.16 0 0 0 122.6.61l-104 24A24 24 0 0 0 0 48c0 256.5 207.9 464 464 464a24 24 0 0 0 23.4-18.6l24-104a24.29 24.29 0 0 0-14.01-27.6z\"><\/path><\/svg>\t\t\t\t<\/a>\n\t\t\t<\/div>\n\t\t\t\n\t\t\t\t\t\t<div class=\"elementor-icon-box-content\">\n\n\t\t\t\t\t\t\t\t\t<p class=\"elementor-icon-box-title\">\n\t\t\t\t\t\t<a href=\"tel:+34609169787\" >\n\t\t\t\t\t\t\t+34 609 16 97 87\t\t\t\t\t\t<\/a>\n\t\t\t\t\t<\/p>\n\t\t\t\t\n\t\t\t\t\n\t\t\t<\/div>\n\t\t\t\n\t\t<\/div>\n\t\t\t\t\t\t<\/div>\n\t\t\t\t<\/div>\n\t\t\t\t<div class=\"elementor-element elementor-element-45efc36 elementor-position-inline-start elementor-widget__width-initial elementor-view-default elementor-widget elementor-widget-icon-box\" data-id=\"45efc36\" data-element_type=\"widget\" data-e-type=\"widget\" data-widget_type=\"icon-box.default\">\n\t\t\t\t<div class=\"elementor-widget-container\">\n\t\t\t\t\t\t\t<div class=\"elementor-icon-box-wrapper\">\n\n\t\t\t\t\t\t<div class=\"elementor-icon-box-icon\">\n\t\t\t\t<a href=\"mailto:galeria.valart@gmail.com\" target=\"_blank\" class=\"elementor-icon\" tabindex=\"-1\" aria-label=\"galeria.valart@gmail.com\">\n\t\t\t\t<svg aria-hidden=\"true\" class=\"e-font-icon-svg e-fas-envelope\" viewBox=\"0 0 512 512\" xmlns=\"http:\/\/www.w3.org\/2000\/svg\"><path d=\"M502.3 190.8c3.9-3.1 9.7-.2 9.7 4.7V400c0 26.5-21.5 48-48 48H48c-26.5 0-48-21.5-48-48V195.6c0-5 5.7-7.8 9.7-4.7 22.4 17.4 52.1 39.5 154.1 113.6 21.1 15.4 56.7 47.8 92.2 47.6 35.7.3 72-32.8 92.3-47.6 102-74.1 131.6-96.3 154-113.7zM256 320c23.2.4 56.6-29.2 73.4-41.4 132.7-96.3 142.8-104.7 173.4-128.7 5.8-4.5 9.2-11.5 9.2-18.9v-19c0-26.5-21.5-48-48-48H48C21.5 64 0 85.5 0 112v19c0 7.4 3.4 14.3 9.2 18.9 30.6 23.9 40.7 32.4 173.4 128.7 16.8 12.2 50.2 41.8 73.4 41.4z\"><\/path><\/svg>\t\t\t\t<\/a>\n\t\t\t<\/div>\n\t\t\t\n\t\t\t\t\t\t<div class=\"elementor-icon-box-content\">\n\n\t\t\t\t\t\t\t\t\t<p class=\"elementor-icon-box-title\">\n\t\t\t\t\t\t<a href=\"mailto:galeria.valart@gmail.com\" target=\"_blank\" >\n\t\t\t\t\t\t\tgaleria.valart@gmail.com\t\t\t\t\t\t<\/a>\n\t\t\t\t\t<\/p>\n\t\t\t\t\n\t\t\t\t\n\t\t\t<\/div>\n\t\t\t\n\t\t<\/div>\n\t\t\t\t\t\t<\/div>\n\t\t\t\t<\/div>\n\t\t\t\t<div class=\"elementor-element elementor-element-b87b264 elementor-widget__width-initial elementor-widget elementor-widget-text-editor\" data-id=\"b87b264\" data-element_type=\"widget\" data-e-type=\"widget\" data-widget_type=\"text-editor.default\">\n\t\t\t\t<div class=\"elementor-widget-container\">\n\t\t\t\t\t\t\t\t\t<p>\u00a1Estaremos encantados de atenderte!<\/p>\t\t\t\t\t\t\t\t<\/div>\n\t\t\t\t<\/div>\n\t\t\t\t<div class=\"elementor-element elementor-element-4e5fc77 elementor-widget elementor-widget-button\" data-id=\"4e5fc77\" data-element_type=\"widget\" data-e-type=\"widget\" data-widget_type=\"button.default\">\n\t\t\t\t<div class=\"elementor-widget-container\">\n\t\t\t\t\t\t\t\t\t<div class=\"elementor-button-wrapper\">\n\t\t\t\t\t<a class=\"elementor-button elementor-button-link elementor-size-sm elementor-animation-float\" href=\"https:\/\/fundacionrecover.org\/wp-content\/uploads\/2026\/04\/FundacionRecover_PDFObras2026-5.pdf\" target=\"_blank\" rel=\"nofollow\">\n\t\t\t\t\t\t<span class=\"elementor-button-content-wrapper\">\n\t\t\t\t\t\t\t\t\t<span class=\"elementor-button-text\">Descarga el dossier con las obras<\/span>\n\t\t\t\t\t<\/span>\n\t\t\t\t\t<\/a>\n\t\t\t\t<\/div>\n\t\t\t\t\t\t\t\t<\/div>\n\t\t\t\t<\/div>\n\t\t\t\t<\/div>\n\t\t\t\t\t<\/div>\n\t\t\t\t<\/div>\n\t\t\t\t<\/div>\n\t\t<div class=\"elementor-element elementor-element-9921c43 e-con-full e-flex e-con e-parent\" data-id=\"9921c43\" data-element_type=\"container\" data-e-type=\"container\">\n\t\t<div class=\"elementor-element elementor-element-095c546 e-flex e-con-boxed e-con e-child\" data-id=\"095c546\" data-element_type=\"container\" data-e-type=\"container\">\n\t\t\t\t\t<div class=\"e-con-inner\">\n\t\t<div class=\"elementor-element elementor-element-7714c0f e-con-full e-flex e-con e-child\" data-id=\"7714c0f\" data-element_type=\"container\" data-e-type=\"container\" data-settings=\"{&quot;background_background&quot;:&quot;classic&quot;}\">\n\t\t\t\t<div class=\"elementor-element elementor-element-a4a591d elementor-widget__width-initial elementor-widget-mobile__width-inherit elementor-widget-tablet_extra__width-inherit elementor-invisible elementor-widget elementor-widget-heading\" data-id=\"a4a591d\" data-element_type=\"widget\" data-e-type=\"widget\" data-settings=\"{&quot;_animation&quot;:&quot;fadeIn&quot;}\" data-widget_type=\"heading.default\">\n\t\t\t\t<div class=\"elementor-widget-container\">\n\t\t\t\t\t<h3 class=\"elementor-heading-title elementor-size-default\">Detalles del evento<\/h3>\t\t\t\t<\/div>\n\t\t\t\t<\/div>\n\t\t\t\t<\/div>\n\t\t<div class=\"elementor-element elementor-element-b9b08f4 e-con-full e-flex e-con e-child\" data-id=\"b9b08f4\" data-element_type=\"container\" data-e-type=\"container\">\n\t\t<div class=\"elementor-element elementor-element-dc558c4 e-con-full e-flex e-con e-child\" data-id=\"dc558c4\" data-element_type=\"container\" data-e-type=\"container\">\n\t\t<div class=\"elementor-element elementor-element-f4a8d3d e-con-full e-flex e-con e-child\" data-id=\"f4a8d3d\" data-element_type=\"container\" data-e-type=\"container\">\n\t\t\t\t<div class=\"elementor-element elementor-element-8f78f5d elementor-widget__width-initial elementor-widget-mobile__width-inherit elementor-widget elementor-widget-text-editor\" data-id=\"8f78f5d\" data-element_type=\"widget\" data-e-type=\"widget\" data-widget_type=\"text-editor.default\">\n\t\t\t\t<div class=\"elementor-widget-container\">\n\t\t\t\t\t\t\t\t\t<p>Fechas:<\/p><p><big><strong>21, 22 y 23 de abril<\/strong><big><\/big><\/big><\/p>\t\t\t\t\t\t\t\t<\/div>\n\t\t\t\t<\/div>\n\t\t\t\t<\/div>\n\t\t<div class=\"elementor-element elementor-element-4eca857 e-con-full e-flex e-con e-child\" data-id=\"4eca857\" data-element_type=\"container\" data-e-type=\"container\">\n\t\t\t\t<div class=\"elementor-element elementor-element-f7163f8 elementor-widget__width-initial elementor-widget-mobile__width-inherit elementor-widget elementor-widget-text-editor\" data-id=\"f7163f8\" data-element_type=\"widget\" data-e-type=\"widget\" data-widget_type=\"text-editor.default\">\n\t\t\t\t<div class=\"elementor-widget-container\">\n\t\t\t\t\t\t\t\t\t<p>Copa de vino:<\/p><p><big><strong>21 de abril a las 18:00h<\/strong><big><\/big><\/big><\/p>\t\t\t\t\t\t\t\t<\/div>\n\t\t\t\t<\/div>\n\t\t\t\t<\/div>\n\t\t<div class=\"elementor-element elementor-element-c48d66b e-con-full e-flex e-con e-child\" data-id=\"c48d66b\" data-element_type=\"container\" data-e-type=\"container\">\n\t\t\t\t<div class=\"elementor-element elementor-element-0f805bc elementor-widget__width-initial elementor-widget-mobile__width-inherit elementor-widget elementor-widget-text-editor\" data-id=\"0f805bc\" data-element_type=\"widget\" data-e-type=\"widget\" data-widget_type=\"text-editor.default\">\n\t\t\t\t<div class=\"elementor-widget-container\">\n\t\t\t\t\t\t\t\t\t<p>Subasta solidaria:<\/p><p><big><strong>21 de abril a las 19:00h<\/strong><big><\/big><\/big><\/p>\t\t\t\t\t\t\t\t<\/div>\n\t\t\t\t<\/div>\n\t\t\t\t<\/div>\n\t\t\t\t<\/div>\n\t\t\t\t<div class=\"elementor-element elementor-element-28eb615 elementor-widget__width-initial elementor-widget-mobile__width-inherit elementor-widget elementor-widget-text-editor\" data-id=\"28eb615\" data-element_type=\"widget\" data-e-type=\"widget\" data-widget_type=\"text-editor.default\">\n\t\t\t\t<div class=\"elementor-widget-container\">\n\t\t\t\t\t\t\t\t\t<p>D\u00edas y horarios de exposici\u00f3n:<\/p><p><big><strong>Martes 21 de abril: 9:00h a 19:00h<\/strong><big><\/big><\/big><\/p><p><big><strong>Mi\u00e9rcoles 22 de abril: 9:00h a 18:00h<\/strong><\/big><\/p><p><big><strong>Jueves 23 de abril: 9:00h a 18:00h<\/strong><\/big><\/p>\t\t\t\t\t\t\t\t<\/div>\n\t\t\t\t<\/div>\n\t\t\t\t<div class=\"elementor-element elementor-element-2217d46 elementor-widget__width-initial elementor-widget-mobile__width-inherit elementor-widget elementor-widget-text-editor\" data-id=\"2217d46\" data-element_type=\"widget\" data-e-type=\"widget\" data-widget_type=\"text-editor.default\">\n\t\t\t\t<div class=\"elementor-widget-container\">\n\t\t\t\t\t\t\t\t\t<p>Lugar:<\/p><p><i><strong>Fundaci\u00f3n PONS.<br \/>Calle Serrano, 138 28006 Madrid<\/strong><\/i><\/p>\t\t\t\t\t\t\t\t<\/div>\n\t\t\t\t<\/div>\n\t\t\t\t<\/div>\n\t\t\t\t\t<\/div>\n\t\t\t\t<\/div>\n\t\t<div class=\"elementor-element elementor-element-d76877d e-flex e-con-boxed e-con e-child\" data-id=\"d76877d\" data-element_type=\"container\" data-e-type=\"container\">\n\t\t\t\t\t<div class=\"e-con-inner\">\n\t\t\t\t<div class=\"elementor-element elementor-element-6249e9d elementor-widget__width-initial elementor-widget elementor-widget-text-editor\" data-id=\"6249e9d\" data-element_type=\"widget\" data-e-type=\"widget\" data-widget_type=\"text-editor.default\">\n\t\t\t\t<div class=\"elementor-widget-container\">\n\t\t\t\t\t\t\t\t\tSi quieres estar al d\u00eda de la labor que Fundaci\u00f3n Recover realiza para mejorar el acceso a la atenci\u00f3n sanitaria en \u00c1frica, d\u00e9janos aqu\u00ed tu mail. \u00a1Gracias!\t\t\t\t\t\t\t\t<\/div>\n\t\t\t\t<\/div>\n\t\t\t\t<div class=\"elementor-element elementor-element-9b146ec elementor-widget__width-initial elementor-button-align-stretch elementor-widget elementor-widget-form\" data-id=\"9b146ec\" data-element_type=\"widget\" data-e-type=\"widget\" data-settings=\"{&quot;step_next_label&quot;:&quot;Siguiente&quot;,&quot;step_previous_label&quot;:&quot;Anterior&quot;,&quot;button_width&quot;:&quot;100&quot;,&quot;step_type&quot;:&quot;number_text&quot;,&quot;step_icon_shape&quot;:&quot;circle&quot;}\" data-widget_type=\"form.default\">\n\t\t\t\t<div class=\"elementor-widget-container\">\n\t\t\t\t\t\t\t<form class=\"elementor-form\" method=\"post\" name=\"Formulario exposici\u00f3n solidaria\" aria-label=\"Formulario exposici\u00f3n solidaria\">\n\t\t\t<input type=\"hidden\" name=\"post_id\" value=\"8453\"\/>\n\t\t\t<input type=\"hidden\" name=\"form_id\" value=\"9b146ec\"\/>\n\t\t\t<input type=\"hidden\" name=\"referer_title\" value=\"Fundaci\u00f3n Recover Hospitales para \u00c1frica\" \/>\n\n\t\t\t\n\t\t\t<div class=\"elementor-form-fields-wrapper elementor-labels-above\">\n\t\t\t\t\t\t\t\t<div class=\"elementor-field-type-text elementor-field-group elementor-column elementor-field-group-name elementor-col-50\">\n\t\t\t\t\t\t\t\t\t\t\t\t<label for=\"form-field-name\" class=\"elementor-field-label\">\n\t\t\t\t\t\t\t\tNombre\t\t\t\t\t\t\t<\/label>\n\t\t\t\t\t\t\t\t\t\t\t\t\t\t<input size=\"1\" type=\"text\" name=\"form_fields[name]\" id=\"form-field-name\" class=\"elementor-field elementor-size-sm  elementor-field-textual\" placeholder=\"Nombre\">\n\t\t\t\t\t\t\t\t\t\t\t<\/div>\n\t\t\t\t\t\t\t\t<div class=\"elementor-field-type-email elementor-field-group elementor-column elementor-field-group-email elementor-col-50 elementor-field-required\">\n\t\t\t\t\t\t\t\t\t\t\t\t<label for=\"form-field-email\" class=\"elementor-field-label\">\n\t\t\t\t\t\t\t\tCorreo electr\u00f3nico\t\t\t\t\t\t\t<\/label>\n\t\t\t\t\t\t\t\t\t\t\t\t\t\t<input size=\"1\" type=\"email\" name=\"form_fields[email]\" id=\"form-field-email\" class=\"elementor-field elementor-size-sm  elementor-field-textual\" placeholder=\"Correo electr\u00f3nico\" required=\"required\">\n\t\t\t\t\t\t\t\t\t\t\t<\/div>\n\t\t\t\t\t\t\t\t<div class=\"elementor-field-type-acceptance elementor-field-group elementor-column elementor-field-group-field_944353e elementor-col-100 elementor-field-required\">\n\t\t\t\t\t\t\t<div class=\"elementor-field-subgroup\">\n\t\t\t<span class=\"elementor-field-option\">\n\t\t\t\t<input type=\"checkbox\" name=\"form_fields[field_944353e]\" id=\"form-field-field_944353e\" class=\"elementor-field elementor-size-sm  elementor-acceptance-field\" required=\"required\">\n\t\t\t\t<label for=\"form-field-field_944353e\">He le\u00eddo y acepto la <a href=\"https:\/\/fundacionrecover.org\/politica-de-privacidad\/\" target=\"_blank\">Pol\u00edtica de Privacidad<\/a><\/label>\t\t\t<\/span>\n\t\t<\/div>\n\t\t\t\t\t\t<\/div>\n\t\t\t\t\t\t\t\t<div class=\"elementor-field-type-text\">\n\t\t\t\t\t<input size=\"1\" type=\"text\" name=\"form_fields[field_ba9f6f8]\" id=\"form-field-field_ba9f6f8\" class=\"elementor-field elementor-size-sm \" style=\"display:none !important;\">\t\t\t\t<\/div>\n\t\t\t\t\t\t\t\t<div class=\"elementor-field-group elementor-column elementor-field-type-submit elementor-col-100 e-form__buttons\">\n\t\t\t\t\t<button class=\"elementor-button elementor-size-sm\" type=\"submit\">\n\t\t\t\t\t\t<span class=\"elementor-button-content-wrapper\">\n\t\t\t\t\t\t\t\t\t\t\t\t\t\t\t\t\t\t\t\t\t\t<span class=\"elementor-button-text\">Quiero un recordatorio<\/span>\n\t\t\t\t\t\t\t\t\t\t\t\t\t<\/span>\n\t\t\t\t\t<\/button>\n\t\t\t\t<\/div>\n\t\t\t<\/div>\n\t\t<\/form>\n\t\t\t\t\t\t<\/div>\n\t\t\t\t<\/div>\n\t\t\t\t\t<\/div>\n\t\t\t\t<\/div>\n\t\t\t\t<\/div>\n\t\t<div class=\"elementor-element elementor-element-7215480 e-con-full e-flex e-con e-parent\" data-id=\"7215480\" data-element_type=\"container\" data-e-type=\"container\">\n\t\t<div class=\"elementor-element elementor-element-c84994a e-con-full e-flex e-con e-child\" data-id=\"c84994a\" data-element_type=\"container\" data-e-type=\"container\">\n\t\t\t\t<div class=\"elementor-element elementor-element-ac7682d elementor-widget elementor-widget-menu-anchor\" data-id=\"ac7682d\" data-element_type=\"widget\" data-e-type=\"widget\" data-widget_type=\"menu-anchor.default\">\n\t\t\t\t<div class=\"elementor-widget-container\">\n\t\t\t\t\t\t\t<div class=\"elementor-menu-anchor\" id=\"listado_artistas\"><\/div>\n\t\t\t\t\t\t<\/div>\n\t\t\t\t<\/div>\n\t\t\t\t<\/div>\n\t\t<div class=\"elementor-element elementor-element-ab4cc14 e-flex e-con-boxed e-con e-child\" data-id=\"ab4cc14\" data-element_type=\"container\" data-e-type=\"container\" data-settings=\"{&quot;background_background&quot;:&quot;classic&quot;}\">\n\t\t\t\t\t<div class=\"e-con-inner\">\n\t\t\t\t<div class=\"elementor-element elementor-element-cce6442 elementor-widget__width-inherit elementor-widget-mobile__width-inherit elementor-widget-tablet_extra__width-inherit elementor-invisible elementor-widget elementor-widget-heading\" data-id=\"cce6442\" data-element_type=\"widget\" data-e-type=\"widget\" data-settings=\"{&quot;_animation&quot;:&quot;fadeIn&quot;}\" data-widget_type=\"heading.default\">\n\t\t\t\t<div class=\"elementor-widget-container\">\n\t\t\t\t\t<h3 class=\"elementor-heading-title elementor-size-default\">Artistas<\/h3>\t\t\t\t<\/div>\n\t\t\t\t<\/div>\n\t\t\t\t\t<\/div>\n\t\t\t\t<\/div>\n\t\t<div class=\"elementor-element elementor-element-e274466 e-flex e-con-boxed e-con e-child\" data-id=\"e274466\" data-element_type=\"container\" data-e-type=\"container\">\n\t\t\t\t\t<div class=\"e-con-inner\">\n\t\t<div class=\"elementor-element elementor-element-6edbb73 e-con-full artista-item e-flex e-con e-child\" data-id=\"6edbb73\" data-element_type=\"container\" data-e-type=\"container\" data-settings=\"{&quot;background_background&quot;:&quot;classic&quot;}\">\n\t\t\t\t<div class=\"elementor-element elementor-element-2923ee9 elementor-widget__width-initial elementor-widget-mobile__width-inherit elementor-widget-tablet_extra__width-inherit elementor-invisible elementor-widget elementor-widget-heading\" data-id=\"2923ee9\" data-element_type=\"widget\" data-e-type=\"widget\" data-settings=\"{&quot;_animation&quot;:&quot;fadeIn&quot;}\" data-widget_type=\"heading.default\">\n\t\t\t\t<div class=\"elementor-widget-container\">\n\t\t\t\t\t<h3 class=\"elementor-heading-title elementor-size-default\">Amaya<br>Aznar<\/h3>\t\t\t\t<\/div>\n\t\t\t\t<\/div>\n\t\t\t\t<\/div>\n\t\t<div class=\"elementor-element elementor-element-8b8bb37 e-con-full artista-item e-flex e-con e-child\" data-id=\"8b8bb37\" data-element_type=\"container\" data-e-type=\"container\" data-settings=\"{&quot;background_background&quot;:&quot;classic&quot;}\">\n\t\t\t\t<div class=\"elementor-element elementor-element-85aaa41 elementor-widget__width-initial elementor-widget-mobile__width-inherit elementor-widget-tablet_extra__width-inherit elementor-invisible elementor-widget elementor-widget-heading\" data-id=\"85aaa41\" data-element_type=\"widget\" data-e-type=\"widget\" data-settings=\"{&quot;_animation&quot;:&quot;fadeIn&quot;}\" data-widget_type=\"heading.default\">\n\t\t\t\t<div class=\"elementor-widget-container\">\n\t\t\t\t\t<h3 class=\"elementor-heading-title elementor-size-default\">CHIRRI MORENO<\/h3>\t\t\t\t<\/div>\n\t\t\t\t<\/div>\n\t\t\t\t<\/div>\n\t\t<div class=\"elementor-element elementor-element-0f2c1c4 e-con-full artista-item e-flex e-con e-child\" data-id=\"0f2c1c4\" data-element_type=\"container\" data-e-type=\"container\" data-settings=\"{&quot;background_background&quot;:&quot;classic&quot;}\">\n\t\t\t\t<div class=\"elementor-element elementor-element-048cc8a elementor-widget__width-initial elementor-widget-mobile__width-inherit elementor-widget-tablet_extra__width-inherit elementor-invisible elementor-widget elementor-widget-heading\" data-id=\"048cc8a\" data-element_type=\"widget\" data-e-type=\"widget\" data-settings=\"{&quot;_animation&quot;:&quot;fadeIn&quot;}\" data-widget_type=\"heading.default\">\n\t\t\t\t<div class=\"elementor-widget-container\">\n\t\t\t\t\t<h3 class=\"elementor-heading-title elementor-size-default\">ODNODER <br>(Pablo Redondo)<\/h3>\t\t\t\t<\/div>\n\t\t\t\t<\/div>\n\t\t\t\t<\/div>\n\t\t<div class=\"elementor-element elementor-element-cf986b8 e-con-full artista-item e-flex e-con e-child\" data-id=\"cf986b8\" data-element_type=\"container\" data-e-type=\"container\" data-settings=\"{&quot;background_background&quot;:&quot;classic&quot;}\">\n\t\t\t\t<div class=\"elementor-element elementor-element-c044e09 elementor-widget__width-initial elementor-widget-mobile__width-inherit elementor-widget-tablet_extra__width-inherit elementor-invisible elementor-widget elementor-widget-heading\" data-id=\"c044e09\" data-element_type=\"widget\" data-e-type=\"widget\" data-settings=\"{&quot;_animation&quot;:&quot;fadeIn&quot;}\" data-widget_type=\"heading.default\">\n\t\t\t\t<div class=\"elementor-widget-container\">\n\t\t\t\t\t<h3 class=\"elementor-heading-title elementor-size-default\">Alejandro Caraballo<\/h3>\t\t\t\t<\/div>\n\t\t\t\t<\/div>\n\t\t\t\t<\/div>\n\t\t\t\t\t<\/div>\n\t\t\t\t<\/div>\n\t\t<div class=\"elementor-element elementor-element-f9b141d e-flex e-con-boxed e-con e-child\" data-id=\"f9b141d\" data-element_type=\"container\" data-e-type=\"container\">\n\t\t\t\t\t<div class=\"e-con-inner\">\n\t\t<div class=\"elementor-element elementor-element-db65a22 e-con-full artista-item e-flex e-con e-child\" data-id=\"db65a22\" data-element_type=\"container\" data-e-type=\"container\" data-settings=\"{&quot;background_background&quot;:&quot;classic&quot;}\">\n\t\t\t\t<div class=\"elementor-element elementor-element-96209d4 elementor-widget__width-initial elementor-widget-mobile__width-inherit elementor-widget-tablet_extra__width-inherit elementor-invisible elementor-widget elementor-widget-heading\" data-id=\"96209d4\" data-element_type=\"widget\" data-e-type=\"widget\" data-settings=\"{&quot;_animation&quot;:&quot;fadeIn&quot;}\" data-widget_type=\"heading.default\">\n\t\t\t\t<div class=\"elementor-widget-container\">\n\t\t\t\t\t<h3 class=\"elementor-heading-title elementor-size-default\">Hugo<br>Wirz<\/h3>\t\t\t\t<\/div>\n\t\t\t\t<\/div>\n\t\t\t\t<\/div>\n\t\t<div class=\"elementor-element elementor-element-963e8db e-con-full e-flex e-con e-child\" data-id=\"963e8db\" data-element_type=\"container\" data-e-type=\"container\">\n\t\t\t\t<div class=\"elementor-element elementor-element-769b8d9 elementor-widget__width-initial elementor-widget elementor-widget-image\" data-id=\"769b8d9\" data-element_type=\"widget\" data-e-type=\"widget\" data-widget_type=\"image.default\">\n\t\t\t\t<div class=\"elementor-widget-container\">\n\t\t\t\t\t\t\t\t\t\t\t\t\t\t\t<img fetchpriority=\"high\" decoding=\"async\" width=\"334\" height=\"272\" src=\"https:\/\/fundacionrecover.org\/wp-content\/uploads\/2024\/05\/Logotipo_FundacionRecover_VerdeOscuro_ESP.png\" class=\"attachment-large size-large wp-image-4628\" alt=\"\" srcset=\"https:\/\/fundacionrecover.org\/wp-content\/uploads\/2024\/05\/Logotipo_FundacionRecover_VerdeOscuro_ESP.png 334w, https:\/\/fundacionrecover.org\/wp-content\/uploads\/2024\/05\/Logotipo_FundacionRecover_VerdeOscuro_ESP-300x244.png 300w\" sizes=\"(max-width: 334px) 100vw, 334px\" \/>\t\t\t\t\t\t\t\t\t\t\t\t\t\t\t<\/div>\n\t\t\t\t<\/div>\n\t\t\t\t<\/div>\n\t\t<div class=\"elementor-element elementor-element-795c01e e-con-full e-flex e-con e-child\" data-id=\"795c01e\" data-element_type=\"container\" data-e-type=\"container\">\n\t\t\t\t<div class=\"elementor-element elementor-element-7438c5a elementor-widget__width-initial elementor-widget elementor-widget-image\" data-id=\"7438c5a\" data-element_type=\"widget\" data-e-type=\"widget\" data-widget_type=\"image.default\">\n\t\t\t\t<div class=\"elementor-widget-container\">\n\t\t\t\t\t\t\t\t\t\t\t\t\t\t\t<img decoding=\"async\" width=\"253\" height=\"254\" src=\"https:\/\/fundacionrecover.org\/wp-content\/uploads\/2025\/02\/Logo-Valart-verde.png\" class=\"attachment-large size-large wp-image-8548\" alt=\"\" srcset=\"https:\/\/fundacionrecover.org\/wp-content\/uploads\/2025\/02\/Logo-Valart-verde.png 253w, https:\/\/fundacionrecover.org\/wp-content\/uploads\/2025\/02\/Logo-Valart-verde-150x150.png 150w, https:\/\/fundacionrecover.org\/wp-content\/uploads\/2025\/02\/Logo-Valart-verde-12x12.png 12w\" sizes=\"(max-width: 253px) 100vw, 253px\" \/>\t\t\t\t\t\t\t\t\t\t\t\t\t\t\t<\/div>\n\t\t\t\t<\/div>\n\t\t\t\t<\/div>\n\t\t<div class=\"elementor-element elementor-element-05cc0b6 e-con-full artista-item e-flex e-con e-child\" data-id=\"05cc0b6\" data-element_type=\"container\" data-e-type=\"container\" data-settings=\"{&quot;background_background&quot;:&quot;classic&quot;}\">\n\t\t\t\t<div class=\"elementor-element elementor-element-d75a05a elementor-widget__width-initial elementor-widget-mobile__width-inherit elementor-widget-tablet_extra__width-inherit elementor-invisible elementor-widget elementor-widget-heading\" data-id=\"d75a05a\" data-element_type=\"widget\" data-e-type=\"widget\" data-settings=\"{&quot;_animation&quot;:&quot;fadeIn&quot;}\" data-widget_type=\"heading.default\">\n\t\t\t\t<div class=\"elementor-widget-container\">\n\t\t\t\t\t<h3 class=\"elementor-heading-title elementor-size-default\">Sandra<br>Krysiak<\/h3>\t\t\t\t<\/div>\n\t\t\t\t<\/div>\n\t\t\t\t<\/div>\n\t\t\t\t\t<\/div>\n\t\t\t\t<\/div>\n\t\t<div class=\"elementor-element elementor-element-1bb8d94 e-flex e-con-boxed e-con e-child\" data-id=\"1bb8d94\" data-element_type=\"container\" data-e-type=\"container\">\n\t\t\t\t\t<div class=\"e-con-inner\">\n\t\t<div class=\"elementor-element elementor-element-f14621c e-con-full artista-item e-flex e-con e-child\" data-id=\"f14621c\" data-element_type=\"container\" data-e-type=\"container\" data-settings=\"{&quot;background_background&quot;:&quot;classic&quot;}\">\n\t\t\t\t<div class=\"elementor-element elementor-element-1c05bc6 elementor-widget__width-initial elementor-widget-mobile__width-inherit elementor-widget-tablet_extra__width-inherit elementor-invisible elementor-widget elementor-widget-heading\" data-id=\"1c05bc6\" data-element_type=\"widget\" data-e-type=\"widget\" data-settings=\"{&quot;_animation&quot;:&quot;fadeIn&quot;}\" data-widget_type=\"heading.default\">\n\t\t\t\t<div class=\"elementor-widget-container\">\n\t\t\t\t\t<h3 class=\"elementor-heading-title elementor-size-default\">Laura<br>Lis<\/h3>\t\t\t\t<\/div>\n\t\t\t\t<\/div>\n\t\t\t\t<\/div>\n\t\t<div class=\"elementor-element elementor-element-d9ac52b e-con-full artista-item e-flex e-con e-child\" data-id=\"d9ac52b\" data-element_type=\"container\" data-e-type=\"container\" data-settings=\"{&quot;background_background&quot;:&quot;classic&quot;}\">\n\t\t\t\t<div class=\"elementor-element elementor-element-0bc2e5a elementor-widget__width-initial elementor-widget-mobile__width-inherit elementor-widget-tablet_extra__width-inherit elementor-invisible elementor-widget elementor-widget-heading\" data-id=\"0bc2e5a\" data-element_type=\"widget\" data-e-type=\"widget\" data-settings=\"{&quot;_animation&quot;:&quot;fadeIn&quot;}\" data-widget_type=\"heading.default\">\n\t\t\t\t<div class=\"elementor-widget-container\">\n\t\t\t\t\t<h3 class=\"elementor-heading-title elementor-size-default\">Jose Manuel<br>Mart\u00ednez<\/h3>\t\t\t\t<\/div>\n\t\t\t\t<\/div>\n\t\t\t\t<\/div>\n\t\t<div class=\"elementor-element elementor-element-d498789 e-con-full artista-item e-flex e-con e-child\" data-id=\"d498789\" data-element_type=\"container\" data-e-type=\"container\" data-settings=\"{&quot;background_background&quot;:&quot;classic&quot;}\">\n\t\t\t\t<div class=\"elementor-element elementor-element-db01d01 elementor-widget__width-initial elementor-widget-mobile__width-inherit elementor-widget-tablet_extra__width-inherit elementor-invisible elementor-widget elementor-widget-heading\" data-id=\"db01d01\" data-element_type=\"widget\" data-e-type=\"widget\" data-settings=\"{&quot;_animation&quot;:&quot;fadeIn&quot;}\" data-widget_type=\"heading.default\">\n\t\t\t\t<div class=\"elementor-widget-container\">\n\t\t\t\t\t<h3 class=\"elementor-heading-title elementor-size-default\">Federico<br>Echevarr\u00eda<\/h3>\t\t\t\t<\/div>\n\t\t\t\t<\/div>\n\t\t\t\t<\/div>\n\t\t<div class=\"elementor-element elementor-element-ffc145e e-con-full artista-item e-flex e-con e-child\" data-id=\"ffc145e\" data-element_type=\"container\" data-e-type=\"container\" data-settings=\"{&quot;background_background&quot;:&quot;classic&quot;}\">\n\t\t\t\t<div class=\"elementor-element elementor-element-1f74907 elementor-widget__width-initial elementor-widget-mobile__width-inherit elementor-widget-tablet_extra__width-inherit elementor-invisible elementor-widget elementor-widget-heading\" data-id=\"1f74907\" data-element_type=\"widget\" data-e-type=\"widget\" data-settings=\"{&quot;_animation&quot;:&quot;fadeIn&quot;}\" data-widget_type=\"heading.default\">\n\t\t\t\t<div class=\"elementor-widget-container\">\n\t\t\t\t\t<h3 class=\"elementor-heading-title elementor-size-default\">Alberto<br>Guerrero<\/h3>\t\t\t\t<\/div>\n\t\t\t\t<\/div>\n\t\t\t\t<\/div>\n\t\t\t\t\t<\/div>\n\t\t\t\t<\/div>\n\t\t\t\t<\/div>\n\t\t<div class=\"elementor-element elementor-element-b1527a6 e-flex e-con-boxed e-con e-parent\" data-id=\"b1527a6\" data-element_type=\"container\" data-e-type=\"container\">\n\t\t\t\t\t<div class=\"e-con-inner\">\n\t\t\t\t<div class=\"elementor-element elementor-element-b43a849 elementor-widget elementor-widget-menu-anchor\" data-id=\"b43a849\" data-element_type=\"widget\" data-e-type=\"widget\" data-widget_type=\"menu-anchor.default\">\n\t\t\t\t<div class=\"elementor-widget-container\">\n\t\t\t\t\t\t\t<div class=\"elementor-menu-anchor\" id=\"artistas\"><\/div>\n\t\t\t\t\t\t<\/div>\n\t\t\t\t<\/div>\n\t\t\t\t<div class=\"elementor-element elementor-element-8cf91eb elementor-widget elementor-widget-html\" data-id=\"8cf91eb\" data-element_type=\"widget\" data-e-type=\"widget\" data-widget_type=\"html.default\">\n\t\t\t\t<div class=\"elementor-widget-container\">\n\t\t\t\t\t<script>\r\ndocument.addEventListener(\"DOMContentLoaded\", function() {\r\n    console.log(\"Script cargado\");\r\n\r\n    document.querySelectorAll(\".artista-item\").forEach((item, index) => {\r\n        console.log(\"Elemento detectado:\", item);\r\n\r\n        item.style.cursor = \"pointer\"; \/\/ Asegurar que aparece la manita\r\n\r\n        item.addEventListener(\"click\", (event) => {\r\n            event.preventDefault(); \/\/ Evita que Elementor bloquee el clic\r\n            console.log(\"Clic en:\", item);\r\n\r\n            let tabTitles = document.querySelectorAll(\".e-n-tab-title-text\");\r\n\r\n            if (tabTitles[index]) {\r\n                tabTitles[index].click();\r\n                console.log(\"Activando pesta\u00f1a:\", tabTitles[index]);\r\n\r\n                \/\/ Desplazar suavemente a la secci\u00f3n con id \"artistas\"\r\n                let anchor = document.getElementById(\"artistas\");\r\n                if (anchor) {\r\n                    anchor.scrollIntoView({ behavior: \"smooth\", block: \"start\" });\r\n                    console.log(\"Desplazando a #artistas\");\r\n                } else {\r\n                    console.log(\"No se encontr\u00f3 el ancla #artistas\");\r\n                }\r\n            } else {\r\n                console.log(\"No se encontr\u00f3 la pesta\u00f1a correspondiente para el \u00edndice\", index);\r\n            }\r\n        });\r\n    });\r\n});\r\n<\/script>\t\t\t\t<\/div>\n\t\t\t\t<\/div>\n\t\t\t\t\t<\/div>\n\t\t\t\t<\/div>\n\t\t<div class=\"elementor-element elementor-element-974eb10 e-con-full e-flex e-con e-parent\" data-id=\"974eb10\" data-element_type=\"container\" data-e-type=\"container\">\n\t\t\t\t<div class=\"elementor-element elementor-element-17ff4b7 elementor-widget__width-inherit elementor-widget-laptop__width-inherit e-n-tabs-mobile elementor-widget elementor-widget-n-tabs\" data-id=\"17ff4b7\" data-element_type=\"widget\" data-e-type=\"widget\" data-settings=\"{&quot;tabs_justify_horizontal_laptop&quot;:&quot;center&quot;,&quot;horizontal_scroll&quot;:&quot;disable&quot;}\" data-widget_type=\"nested-tabs.default\">\n\t\t\t\t<div class=\"elementor-widget-container\">\n\t\t\t\t\t\t\t<div class=\"e-n-tabs\" data-widget-number=\"25162935\" aria-label=\"Tabs. Open items with Enter or Space, close with Escape and navigate using the Arrow keys.\">\n\t\t\t<div class=\"e-n-tabs-heading\" role=\"tablist\">\n\t\t\t\t\t<button id=\"e-n-tab-title-251629351\" data-tab-title-id=\"e-n-tab-title-251629351\" class=\"e-n-tab-title\" aria-selected=\"true\" data-tab-index=\"1\" role=\"tab\" tabindex=\"0\" aria-controls=\"e-n-tab-content-251629351\" style=\"--n-tabs-title-order: 1;\">\n\t\t\t\t\t\t<span class=\"e-n-tab-title-text\">\n\t\t\t\tAmaya Aznar\t\t\t<\/span>\n\t\t<\/button>\n\t\t\t\t<button id=\"e-n-tab-title-251629352\" data-tab-title-id=\"e-n-tab-title-251629352\" class=\"e-n-tab-title\" aria-selected=\"false\" data-tab-index=\"2\" role=\"tab\" tabindex=\"-1\" aria-controls=\"e-n-tab-content-251629352\" style=\"--n-tabs-title-order: 2;\">\n\t\t\t\t\t\t<span class=\"e-n-tab-title-text\">\n\t\t\t\tChirri Moreno\t\t\t<\/span>\n\t\t<\/button>\n\t\t\t\t<button id=\"e-n-tab-title-251629353\" data-tab-title-id=\"e-n-tab-title-251629353\" class=\"e-n-tab-title\" aria-selected=\"false\" data-tab-index=\"3\" role=\"tab\" tabindex=\"-1\" aria-controls=\"e-n-tab-content-251629353\" style=\"--n-tabs-title-order: 3;\">\n\t\t\t\t\t\t<span class=\"e-n-tab-title-text\">\n\t\t\t\tOdnoder\t\t\t<\/span>\n\t\t<\/button>\n\t\t\t\t<button id=\"e-n-tab-title-251629354\" data-tab-title-id=\"e-n-tab-title-251629354\" class=\"e-n-tab-title\" aria-selected=\"false\" data-tab-index=\"4\" role=\"tab\" tabindex=\"-1\" aria-controls=\"e-n-tab-content-251629354\" style=\"--n-tabs-title-order: 4;\">\n\t\t\t\t\t\t<span class=\"e-n-tab-title-text\">\n\t\t\t\tAlejandro Caraballo\t\t\t<\/span>\n\t\t<\/button>\n\t\t\t\t<button id=\"e-n-tab-title-251629355\" data-tab-title-id=\"e-n-tab-title-251629355\" class=\"e-n-tab-title\" aria-selected=\"false\" data-tab-index=\"5\" role=\"tab\" tabindex=\"-1\" aria-controls=\"e-n-tab-content-251629355\" style=\"--n-tabs-title-order: 5;\">\n\t\t\t\t\t\t<span class=\"e-n-tab-title-text\">\n\t\t\t\tHugo Wirz\t\t\t<\/span>\n\t\t<\/button>\n\t\t\t\t<button id=\"e-n-tab-title-251629356\" data-tab-title-id=\"e-n-tab-title-251629356\" class=\"e-n-tab-title\" aria-selected=\"false\" data-tab-index=\"6\" role=\"tab\" tabindex=\"-1\" aria-controls=\"e-n-tab-content-251629356\" style=\"--n-tabs-title-order: 6;\">\n\t\t\t\t\t\t<span class=\"e-n-tab-title-text\">\n\t\t\t\tSandra Krysiak\t\t\t<\/span>\n\t\t<\/button>\n\t\t\t\t<button id=\"e-n-tab-title-251629357\" data-tab-title-id=\"e-n-tab-title-251629357\" class=\"e-n-tab-title\" aria-selected=\"false\" data-tab-index=\"7\" role=\"tab\" tabindex=\"-1\" aria-controls=\"e-n-tab-content-251629357\" style=\"--n-tabs-title-order: 7;\">\n\t\t\t\t\t\t<span class=\"e-n-tab-title-text\">\n\t\t\t\tLaura Lis\t\t\t<\/span>\n\t\t<\/button>\n\t\t\t\t<button id=\"e-n-tab-title-251629358\" data-tab-title-id=\"e-n-tab-title-251629358\" class=\"e-n-tab-title\" aria-selected=\"false\" data-tab-index=\"8\" role=\"tab\" tabindex=\"-1\" aria-controls=\"e-n-tab-content-251629358\" style=\"--n-tabs-title-order: 8;\">\n\t\t\t\t\t\t<span class=\"e-n-tab-title-text\">\n\t\t\t\tJose Manuel Mart\u00ednez\t\t\t<\/span>\n\t\t<\/button>\n\t\t\t\t<button id=\"e-n-tab-title-251629359\" data-tab-title-id=\"e-n-tab-title-251629359\" class=\"e-n-tab-title\" aria-selected=\"false\" data-tab-index=\"9\" role=\"tab\" tabindex=\"-1\" aria-controls=\"e-n-tab-content-251629359\" style=\"--n-tabs-title-order: 9;\">\n\t\t\t\t\t\t<span class=\"e-n-tab-title-text\">\n\t\t\t\tFederico Echevarr\u00eda\t\t\t<\/span>\n\t\t<\/button>\n\t\t\t\t<button id=\"e-n-tab-title-2516293510\" data-tab-title-id=\"e-n-tab-title-2516293510\" class=\"e-n-tab-title\" aria-selected=\"false\" data-tab-index=\"10\" role=\"tab\" tabindex=\"-1\" aria-controls=\"e-n-tab-content-2516293510\" style=\"--n-tabs-title-order: 10;\">\n\t\t\t\t\t\t<span class=\"e-n-tab-title-text\">\n\t\t\t\tAlberto Guerrero\t\t\t<\/span>\n\t\t<\/button>\n\t\t\t\t\t<\/div>\n\t\t\t<div class=\"e-n-tabs-content\">\n\t\t\t\t<div id=\"e-n-tab-content-251629351\" role=\"tabpanel\" aria-labelledby=\"e-n-tab-title-251629351\" data-tab-index=\"1\" style=\"--n-tabs-title-order: 1;\" class=\"e-active elementor-element elementor-element-0131759 e-con-full e-flex e-con e-child\" data-id=\"0131759\" data-element_type=\"container\" data-e-type=\"container\">\n\t\t<div class=\"elementor-element elementor-element-ec868c5 e-flex e-con-boxed e-con e-child\" data-id=\"ec868c5\" data-element_type=\"container\" data-e-type=\"container\">\n\t\t\t\t\t<div class=\"e-con-inner\">\n\t\t\t\t<div class=\"elementor-element elementor-element-7d15532 elementor-widget__width-initial elementor-widget-laptop__width-initial elementor-widget elementor-widget-heading\" data-id=\"7d15532\" data-element_type=\"widget\" data-e-type=\"widget\" data-widget_type=\"heading.default\">\n\t\t\t\t<div class=\"elementor-widget-container\">\n\t\t\t\t\t<h2 class=\"elementor-heading-title elementor-size-default\">Amaya Aznar<\/h2>\t\t\t\t<\/div>\n\t\t\t\t<\/div>\n\t\t\t\t<div class=\"elementor-element elementor-element-9de7d01 elementor-widget-divider--view-line elementor-widget elementor-widget-divider\" data-id=\"9de7d01\" data-element_type=\"widget\" data-e-type=\"widget\" data-widget_type=\"divider.default\">\n\t\t\t\t<div class=\"elementor-widget-container\">\n\t\t\t\t\t\t\t<div class=\"elementor-divider\">\n\t\t\t<span class=\"elementor-divider-separator\">\n\t\t\t\t\t\t<\/span>\n\t\t<\/div>\n\t\t\t\t\t\t<\/div>\n\t\t\t\t<\/div>\n\t\t\t\t\t<\/div>\n\t\t\t\t<\/div>\n\t\t<div class=\"elementor-element elementor-element-7d39f95 e-con-full e-flex e-con e-child\" data-id=\"7d39f95\" data-element_type=\"container\" data-e-type=\"container\">\n\t\t<div class=\"elementor-element elementor-element-e3d6f44 e-con-full e-flex e-con e-child\" data-id=\"e3d6f44\" data-element_type=\"container\" data-e-type=\"container\">\n\t\t\t\t<div class=\"elementor-element elementor-element-dc1703b elementor-widget__width-initial elementor-widget-mobile__width-initial elementor-widget elementor-widget-image\" data-id=\"dc1703b\" data-element_type=\"widget\" data-e-type=\"widget\" data-widget_type=\"image.default\">\n\t\t\t\t<div class=\"elementor-widget-container\">\n\t\t\t\t\t\t\t\t\t\t\t\t\t\t\t\t<a href=\"https:\/\/fundacionrecover.org\/wp-content\/uploads\/2026\/04\/Abrazo.jpg\" data-elementor-open-lightbox=\"yes\" data-elementor-lightbox-title=\"Abrazo\" data-e-action-hash=\"#elementor-action%3Aaction%3Dlightbox%26settings%3DeyJpZCI6MTA4NzUsInVybCI6Imh0dHBzOlwvXC9mdW5kYWNpb25yZWNvdmVyLm9yZ1wvd3AtY29udGVudFwvdXBsb2Fkc1wvMjAyNlwvMDRcL0FicmF6by5qcGcifQ%3D%3D\">\n\t\t\t\t\t\t\t<img decoding=\"async\" width=\"1200\" height=\"1833\" src=\"https:\/\/fundacionrecover.org\/wp-content\/uploads\/2026\/04\/Abrazo.jpg\" class=\"attachment-full size-full wp-image-10875\" alt=\"ABRAZO - Amaya Aznar\" srcset=\"https:\/\/fundacionrecover.org\/wp-content\/uploads\/2026\/04\/Abrazo.jpg 1200w, https:\/\/fundacionrecover.org\/wp-content\/uploads\/2026\/04\/Abrazo-196x300.jpg 196w, https:\/\/fundacionrecover.org\/wp-content\/uploads\/2026\/04\/Abrazo-670x1024.jpg 670w, https:\/\/fundacionrecover.org\/wp-content\/uploads\/2026\/04\/Abrazo-768x1173.jpg 768w, https:\/\/fundacionrecover.org\/wp-content\/uploads\/2026\/04\/Abrazo-1006x1536.jpg 1006w, https:\/\/fundacionrecover.org\/wp-content\/uploads\/2026\/04\/Abrazo-8x12.jpg 8w\" sizes=\"(max-width: 1200px) 100vw, 1200px\" \/>\t\t\t\t\t\t\t\t<\/a>\n\t\t\t\t\t\t\t\t\t\t\t\t\t\t\t<\/div>\n\t\t\t\t<\/div>\n\t\t<div class=\"elementor-element elementor-element-4de732e e-con-full e-flex e-con e-child\" data-id=\"4de732e\" data-element_type=\"container\" data-e-type=\"container\">\n\t\t\t\t<div class=\"elementor-element elementor-element-4f5025b elementor-widget__width-initial elementor-widget elementor-widget-text-editor\" data-id=\"4f5025b\" data-element_type=\"widget\" data-e-type=\"widget\" data-widget_type=\"text-editor.default\">\n\t\t\t\t<div class=\"elementor-widget-container\">\n\t\t\t\t\t\t\t\t\t<p><strong>T\u00edtulo<\/strong>\u00a0 \u2018Abrazo\u2019<\/p><p><strong>A\u00f1o<\/strong>\u00a0 \u00a02026<\/p><p><strong>T\u00e9cnica<\/strong>\u00a0 \u00a0Fotograf\u00eda, Collage<\/p><p><strong>Dimensiones<\/strong>\u00a0 \u00a075 x 60 cm<\/p><p><strong>Precio<\/strong>\u00a0 \u00a01100 EUROS + IVA<\/p>\t\t\t\t\t\t\t\t<\/div>\n\t\t\t\t<\/div>\n\t\t\t\t<\/div>\n\t\t\t\t<\/div>\n\t\t<div class=\"elementor-element elementor-element-9145442 e-con-full e-flex e-con e-child\" data-id=\"9145442\" data-element_type=\"container\" data-e-type=\"container\">\n\t\t\t\t<div class=\"elementor-element elementor-element-3c3ba8e elementor-widget__width-initial elementor-widget-laptop__width-initial elementor-widget-mobile__width-initial elementor-widget elementor-widget-image\" data-id=\"3c3ba8e\" data-element_type=\"widget\" data-e-type=\"widget\" data-widget_type=\"image.default\">\n\t\t\t\t<div class=\"elementor-widget-container\">\n\t\t\t\t\t\t\t\t\t\t\t\t\t\t\t\t<a href=\"https:\/\/fundacionrecover.org\/wp-content\/uploads\/2026\/04\/Cardo.jpg\" data-elementor-open-lightbox=\"yes\" data-elementor-lightbox-title=\"Cardo\" data-e-action-hash=\"#elementor-action%3Aaction%3Dlightbox%26settings%3DeyJpZCI6MTA4NzMsInVybCI6Imh0dHBzOlwvXC9mdW5kYWNpb25yZWNvdmVyLm9yZ1wvd3AtY29udGVudFwvdXBsb2Fkc1wvMjAyNlwvMDRcL0NhcmRvLmpwZyJ9\">\n\t\t\t\t\t\t\t<img loading=\"lazy\" decoding=\"async\" width=\"1200\" height=\"1800\" src=\"https:\/\/fundacionrecover.org\/wp-content\/uploads\/2026\/04\/Cardo.jpg\" class=\"attachment-full size-full wp-image-10873\" alt=\"CARDO - Amaya Aznar\" srcset=\"https:\/\/fundacionrecover.org\/wp-content\/uploads\/2026\/04\/Cardo.jpg 1200w, https:\/\/fundacionrecover.org\/wp-content\/uploads\/2026\/04\/Cardo-200x300.jpg 200w, https:\/\/fundacionrecover.org\/wp-content\/uploads\/2026\/04\/Cardo-683x1024.jpg 683w, https:\/\/fundacionrecover.org\/wp-content\/uploads\/2026\/04\/Cardo-768x1152.jpg 768w, https:\/\/fundacionrecover.org\/wp-content\/uploads\/2026\/04\/Cardo-1024x1536.jpg 1024w, https:\/\/fundacionrecover.org\/wp-content\/uploads\/2026\/04\/Cardo-8x12.jpg 8w\" sizes=\"(max-width: 1200px) 100vw, 1200px\" \/>\t\t\t\t\t\t\t\t<\/a>\n\t\t\t\t\t\t\t\t\t\t\t\t\t\t\t<\/div>\n\t\t\t\t<\/div>\n\t\t<div class=\"elementor-element elementor-element-eb55768 e-con-full e-flex e-con e-child\" data-id=\"eb55768\" data-element_type=\"container\" data-e-type=\"container\">\n\t\t\t\t<div class=\"elementor-element elementor-element-0add2db elementor-widget__width-initial elementor-widget elementor-widget-text-editor\" data-id=\"0add2db\" data-element_type=\"widget\" data-e-type=\"widget\" data-widget_type=\"text-editor.default\">\n\t\t\t\t<div class=\"elementor-widget-container\">\n\t\t\t\t\t\t\t\t\t<p><strong>T\u00edtulo<\/strong>\u00a0 \u2018Cardo\u2019<\/p><p><strong>A\u00f1o<\/strong>\u00a0 \u00a02026<\/p><p><strong>T\u00e9cnica<\/strong>\u00a0 Fotograf\u00eda, Collage<\/p><p><strong>Dimensiones<\/strong>\u00a0 \u00a075 x 60 cm<\/p><p><strong>Precio<\/strong>\u00a0 \u00a01100 EUROS + IVA<\/p>\t\t\t\t\t\t\t\t<\/div>\n\t\t\t\t<\/div>\n\t\t\t\t<\/div>\n\t\t\t\t<\/div>\n\t\t<div class=\"elementor-element elementor-element-1f91d03 e-con-full e-flex e-con e-child\" data-id=\"1f91d03\" data-element_type=\"container\" data-e-type=\"container\">\n\t\t\t\t<div class=\"elementor-element elementor-element-fa9e812 elementor-widget__width-initial elementor-widget elementor-widget-image\" data-id=\"fa9e812\" data-element_type=\"widget\" data-e-type=\"widget\" data-widget_type=\"image.default\">\n\t\t\t\t<div class=\"elementor-widget-container\">\n\t\t\t\t\t\t\t\t\t\t\t\t\t\t\t\t<a href=\"https:\/\/fundacionrecover.org\/wp-content\/uploads\/2026\/04\/Capullos.jpg\" data-elementor-open-lightbox=\"yes\" data-elementor-lightbox-title=\"Capullos\" data-e-action-hash=\"#elementor-action%3Aaction%3Dlightbox%26settings%3DeyJpZCI6MTA4NzQsInVybCI6Imh0dHBzOlwvXC9mdW5kYWNpb25yZWNvdmVyLm9yZ1wvd3AtY29udGVudFwvdXBsb2Fkc1wvMjAyNlwvMDRcL0NhcHVsbG9zLmpwZyJ9\">\n\t\t\t\t\t\t\t<img loading=\"lazy\" decoding=\"async\" width=\"1200\" height=\"1518\" src=\"https:\/\/fundacionrecover.org\/wp-content\/uploads\/2026\/04\/Capullos.jpg\" class=\"attachment-full size-full wp-image-10874\" alt=\"CAPULLOS - Amaya Aznar\" srcset=\"https:\/\/fundacionrecover.org\/wp-content\/uploads\/2026\/04\/Capullos.jpg 1200w, https:\/\/fundacionrecover.org\/wp-content\/uploads\/2026\/04\/Capullos-237x300.jpg 237w, https:\/\/fundacionrecover.org\/wp-content\/uploads\/2026\/04\/Capullos-809x1024.jpg 809w, https:\/\/fundacionrecover.org\/wp-content\/uploads\/2026\/04\/Capullos-768x972.jpg 768w, https:\/\/fundacionrecover.org\/wp-content\/uploads\/2026\/04\/Capullos-9x12.jpg 9w\" sizes=\"(max-width: 1200px) 100vw, 1200px\" \/>\t\t\t\t\t\t\t\t<\/a>\n\t\t\t\t\t\t\t\t\t\t\t\t\t\t\t<\/div>\n\t\t\t\t<\/div>\n\t\t<div class=\"elementor-element elementor-element-5bbcebb e-con-full e-flex e-con e-child\" data-id=\"5bbcebb\" data-element_type=\"container\" data-e-type=\"container\">\n\t\t\t\t<div class=\"elementor-element elementor-element-dd4008f elementor-widget__width-initial elementor-widget elementor-widget-text-editor\" data-id=\"dd4008f\" data-element_type=\"widget\" data-e-type=\"widget\" data-widget_type=\"text-editor.default\">\n\t\t\t\t<div class=\"elementor-widget-container\">\n\t\t\t\t\t\t\t\t\t<p><strong>T\u00edtulo<\/strong>\u00a0 \u2018Capullos\u2019<\/p><p><strong>A\u00f1o<\/strong>\u00a0 \u00a02021<\/p><p><strong>T\u00e9cnica<\/strong>\u00a0 Fotograf\u00eda, Collage<\/p><p><strong>Dimensiones<\/strong>\u00a0 \u00a075 x 60 cm<\/p><p><strong>Precio<\/strong>\u00a0 \u00a01100 EUROS + IVA<\/p>\t\t\t\t\t\t\t\t<\/div>\n\t\t\t\t<\/div>\n\t\t\t\t<\/div>\n\t\t\t\t<\/div>\n\t\t<div class=\"elementor-element elementor-element-4970acb e-con-full e-flex e-con e-child\" data-id=\"4970acb\" data-element_type=\"container\" data-e-type=\"container\">\n\t\t\t\t<div class=\"elementor-element elementor-element-a28c7aa elementor-widget__width-inherit elementor-widget-laptop__width-initial elementor-widget-tablet_extra__width-initial elementor-widget-tablet__width-initial elementor-widget-mobile__width-initial elementor-widget elementor-widget-image\" data-id=\"a28c7aa\" data-element_type=\"widget\" data-e-type=\"widget\" data-widget_type=\"image.default\">\n\t\t\t\t<div class=\"elementor-widget-container\">\n\t\t\t\t\t\t\t\t\t\t\t\t\t\t\t\t<a href=\"https:\/\/fundacionrecover.org\/wp-content\/uploads\/2026\/04\/La-rama.jpg\" data-elementor-open-lightbox=\"yes\" data-elementor-lightbox-title=\"La rama\" data-e-action-hash=\"#elementor-action%3Aaction%3Dlightbox%26settings%3DeyJpZCI6MTA4NzIsInVybCI6Imh0dHBzOlwvXC9mdW5kYWNpb25yZWNvdmVyLm9yZ1wvd3AtY29udGVudFwvdXBsb2Fkc1wvMjAyNlwvMDRcL0xhLXJhbWEuanBnIn0%3D\">\n\t\t\t\t\t\t\t<img loading=\"lazy\" decoding=\"async\" width=\"1200\" height=\"1828\" src=\"https:\/\/fundacionrecover.org\/wp-content\/uploads\/2026\/04\/La-rama.jpg\" class=\"attachment-full size-full wp-image-10872\" alt=\"LA RAMA - Amaya Aznar\" srcset=\"https:\/\/fundacionrecover.org\/wp-content\/uploads\/2026\/04\/La-rama.jpg 1200w, https:\/\/fundacionrecover.org\/wp-content\/uploads\/2026\/04\/La-rama-197x300.jpg 197w, https:\/\/fundacionrecover.org\/wp-content\/uploads\/2026\/04\/La-rama-672x1024.jpg 672w, https:\/\/fundacionrecover.org\/wp-content\/uploads\/2026\/04\/La-rama-768x1170.jpg 768w, https:\/\/fundacionrecover.org\/wp-content\/uploads\/2026\/04\/La-rama-1008x1536.jpg 1008w, https:\/\/fundacionrecover.org\/wp-content\/uploads\/2026\/04\/La-rama-8x12.jpg 8w\" sizes=\"(max-width: 1200px) 100vw, 1200px\" \/>\t\t\t\t\t\t\t\t<\/a>\n\t\t\t\t\t\t\t\t\t\t\t\t\t\t\t<\/div>\n\t\t\t\t<\/div>\n\t\t<div class=\"elementor-element elementor-element-eeced2d e-con-full e-flex e-con e-child\" data-id=\"eeced2d\" data-element_type=\"container\" data-e-type=\"container\">\n\t\t\t\t<div class=\"elementor-element elementor-element-5bc82fe elementor-widget__width-initial elementor-widget elementor-widget-text-editor\" data-id=\"5bc82fe\" data-element_type=\"widget\" data-e-type=\"widget\" data-widget_type=\"text-editor.default\">\n\t\t\t\t<div class=\"elementor-widget-container\">\n\t\t\t\t\t\t\t\t\t<p><strong>T\u00edtulo<\/strong>\u00a0 \u2018La Rama\u2019<\/p><p><strong>A\u00f1o<\/strong>\u00a0 \u00a02025<\/p><p><strong>T\u00e9cnica<\/strong>\u00a0 Fotograf\u00eda, Collage<\/p><p><strong>Dimensiones<\/strong>\u00a0 \u00a075 x 60 cm (alto x ancho)<\/p><p><strong>Precio<\/strong>\u00a0 \u00a01100 EUROS + IVA<\/p>\t\t\t\t\t\t\t\t<\/div>\n\t\t\t\t<\/div>\n\t\t\t\t<\/div>\n\t\t\t\t<\/div>\n\t\t\t\t<\/div>\n\t\t<div class=\"elementor-element elementor-element-873dede e-con-full e-flex e-con e-child\" data-id=\"873dede\" data-element_type=\"container\" data-e-type=\"container\">\n\t\t\t\t<div class=\"elementor-element elementor-element-06637bc elementor-widget-divider--view-line elementor-widget elementor-widget-divider\" data-id=\"06637bc\" data-element_type=\"widget\" data-e-type=\"widget\" data-widget_type=\"divider.default\">\n\t\t\t\t<div class=\"elementor-widget-container\">\n\t\t\t\t\t\t\t<div class=\"elementor-divider\">\n\t\t\t<span class=\"elementor-divider-separator\">\n\t\t\t\t\t\t<\/span>\n\t\t<\/div>\n\t\t\t\t\t\t<\/div>\n\t\t\t\t<\/div>\n\t\t<div class=\"elementor-element elementor-element-775000c e-con-full e-flex e-con e-child\" data-id=\"775000c\" data-element_type=\"container\" data-e-type=\"container\">\n\t\t<div class=\"elementor-element elementor-element-f0b0acb e-con-full e-flex e-con e-child\" data-id=\"f0b0acb\" data-element_type=\"container\" data-e-type=\"container\">\n\t\t\t\t<div class=\"elementor-element elementor-element-6c4cf7d elementor-widget__width-initial elementor-widget-mobile__width-initial elementor-widget elementor-widget-text-editor\" data-id=\"6c4cf7d\" data-element_type=\"widget\" data-e-type=\"widget\" data-widget_type=\"text-editor.default\">\n\t\t\t\t<div class=\"elementor-widget-container\">\n\t\t\t\t\t\t\t\t\t<p>Madrid, 1967<\/p><p>Licenciada en Bellas Artes, BFA, Ohio Wesleyan University, E.E.U.U. Master en fotograf\u00eda, School of Visual Arts, Nueva York, E.E.U.U.<\/p><p>Vivi\u00f3 y trabaj\u00f3 en Nueva York en Sotheby\u00b4s y en el Metropolitan Museum of Art. Tambi\u00e9n colabor\u00f3 con diversos fot\u00f3grafos, entre ellos Tom Caravaglia, Josef Astor y Joel Sternfeld. En la actualidad vive en Madrid y colabora con clientes como: Grupo Bertelsmann, Penguin Random Housen, Galaxia Guttenberg, Teatro Real, Repsol, Coca Cola y ClassPaper entre otros.<\/p><p>Publicaciones: El Pa\u00eds semanal, El Mundo, La Raz\u00f3n, El Cultural, ABC, Dunia, Marie Claire, Telva y Vogue.<\/p><p>Exposiciones: Retropictures Gallery, Nueva York, Fireland Association for the Visual Arts, Ohio, EFTI, Madrid, Artists Experience, Madrid, Galer\u00eda Gaud\u00ed, Madrid.<\/p>\t\t\t\t\t\t\t\t<\/div>\n\t\t\t\t<\/div>\n\t\t\t\t<\/div>\n\t\t<div class=\"elementor-element elementor-element-383f345 e-con-full e-flex e-con e-child\" data-id=\"383f345\" data-element_type=\"container\" data-e-type=\"container\">\n\t\t\t\t<div class=\"elementor-element elementor-element-80f8e37 elementor-widget elementor-widget-image\" data-id=\"80f8e37\" data-element_type=\"widget\" data-e-type=\"widget\" data-widget_type=\"image.default\">\n\t\t\t\t<div class=\"elementor-widget-container\">\n\t\t\t\t\t\t\t\t\t\t\t\t\t\t\t<img loading=\"lazy\" decoding=\"async\" width=\"800\" height=\"802\" src=\"https:\/\/fundacionrecover.org\/wp-content\/uploads\/2026\/04\/Amaya-Aznar-1022x1024.webp\" class=\"attachment-large size-large wp-image-11000\" alt=\"Amaya Aznar\" srcset=\"https:\/\/fundacionrecover.org\/wp-content\/uploads\/2026\/04\/Amaya-Aznar-1022x1024.webp 1022w, https:\/\/fundacionrecover.org\/wp-content\/uploads\/2026\/04\/Amaya-Aznar-300x300.webp 300w, https:\/\/fundacionrecover.org\/wp-content\/uploads\/2026\/04\/Amaya-Aznar-150x150.webp 150w, https:\/\/fundacionrecover.org\/wp-content\/uploads\/2026\/04\/Amaya-Aznar-768x769.webp 768w, https:\/\/fundacionrecover.org\/wp-content\/uploads\/2026\/04\/Amaya-Aznar-12x12.webp 12w, https:\/\/fundacionrecover.org\/wp-content\/uploads\/2026\/04\/Amaya-Aznar.webp 1200w\" sizes=\"(max-width: 800px) 100vw, 800px\" \/>\t\t\t\t\t\t\t\t\t\t\t\t\t\t\t<\/div>\n\t\t\t\t<\/div>\n\t\t\t\t<\/div>\n\t\t\t\t<\/div>\n\t\t\t\t<div class=\"elementor-element elementor-element-975accb elementor-widget elementor-widget-global elementor-global-8878 elementor-widget-button\" data-id=\"975accb\" data-element_type=\"widget\" data-e-type=\"widget\" data-widget_type=\"button.default\">\n\t\t\t\t<div class=\"elementor-widget-container\">\n\t\t\t\t\t\t\t\t\t<div class=\"elementor-button-wrapper\">\n\t\t\t\t\t<a class=\"elementor-button elementor-button-link elementor-size-sm\" href=\"#listado_artistas\">\n\t\t\t\t\t\t<span class=\"elementor-button-content-wrapper\">\n\t\t\t\t\t\t<span class=\"elementor-button-icon\">\n\t\t\t\t<svg aria-hidden=\"true\" class=\"e-font-icon-svg e-fas-long-arrow-alt-up\" viewBox=\"0 0 256 512\" xmlns=\"http:\/\/www.w3.org\/2000\/svg\"><path d=\"M88 166.059V468c0 6.627 5.373 12 12 12h56c6.627 0 12-5.373 12-12V166.059h46.059c21.382 0 32.09-25.851 16.971-40.971l-86.059-86.059c-9.373-9.373-24.569-9.373-33.941 0l-86.059 86.059c-15.119 15.119-4.411 40.971 16.971 40.971H88z\"><\/path><\/svg>\t\t\t<\/span>\n\t\t\t\t\t\t\t\t\t<span class=\"elementor-button-text\">Volver al listado de artistas<\/span>\n\t\t\t\t\t<\/span>\n\t\t\t\t\t<\/a>\n\t\t\t\t<\/div>\n\t\t\t\t\t\t\t\t<\/div>\n\t\t\t\t<\/div>\n\t\t\t\t<\/div>\n\t\t\t\t<\/div>\n\t\t<div id=\"e-n-tab-content-251629352\" role=\"tabpanel\" aria-labelledby=\"e-n-tab-title-251629352\" data-tab-index=\"2\" style=\"--n-tabs-title-order: 2;\" class=\" elementor-element elementor-element-5debfed e-con-full e-flex e-con e-child\" data-id=\"5debfed\" data-element_type=\"container\" data-e-type=\"container\">\n\t\t<div class=\"elementor-element elementor-element-701bb8a e-flex e-con-boxed e-con e-child\" data-id=\"701bb8a\" data-element_type=\"container\" data-e-type=\"container\">\n\t\t\t\t\t<div class=\"e-con-inner\">\n\t\t\t\t<div class=\"elementor-element elementor-element-b778973 elementor-widget__width-initial elementor-widget-laptop__width-initial elementor-widget elementor-widget-heading\" data-id=\"b778973\" data-element_type=\"widget\" data-e-type=\"widget\" data-widget_type=\"heading.default\">\n\t\t\t\t<div class=\"elementor-widget-container\">\n\t\t\t\t\t<h2 class=\"elementor-heading-title elementor-size-default\">Chirri Moreno<\/h2>\t\t\t\t<\/div>\n\t\t\t\t<\/div>\n\t\t\t\t<div class=\"elementor-element elementor-element-5ac4933 elementor-widget-divider--view-line elementor-widget elementor-widget-divider\" data-id=\"5ac4933\" data-element_type=\"widget\" data-e-type=\"widget\" data-widget_type=\"divider.default\">\n\t\t\t\t<div class=\"elementor-widget-container\">\n\t\t\t\t\t\t\t<div class=\"elementor-divider\">\n\t\t\t<span class=\"elementor-divider-separator\">\n\t\t\t\t\t\t<\/span>\n\t\t<\/div>\n\t\t\t\t\t\t<\/div>\n\t\t\t\t<\/div>\n\t\t\t\t\t<\/div>\n\t\t\t\t<\/div>\n\t\t<div class=\"elementor-element elementor-element-41d27a7 e-con-full e-flex e-con e-child\" data-id=\"41d27a7\" data-element_type=\"container\" data-e-type=\"container\">\n\t\t<div class=\"elementor-element elementor-element-6397368 e-con-full e-flex e-con e-child\" data-id=\"6397368\" data-element_type=\"container\" data-e-type=\"container\">\n\t\t\t\t<div class=\"elementor-element elementor-element-c2c161c elementor-widget__width-initial elementor-widget-mobile__width-initial elementor-widget elementor-widget-image\" data-id=\"c2c161c\" data-element_type=\"widget\" data-e-type=\"widget\" data-widget_type=\"image.default\">\n\t\t\t\t<div class=\"elementor-widget-container\">\n\t\t\t\t\t\t\t\t\t\t\t\t\t\t\t\t<a href=\"https:\/\/fundacionrecover.org\/wp-content\/uploads\/2026\/04\/IMG_3784-1.jpg\" data-elementor-open-lightbox=\"yes\" data-elementor-lightbox-title=\"Inconsciente consciente II\" data-e-action-hash=\"#elementor-action%3Aaction%3Dlightbox%26settings%3DeyJpZCI6MTA5NzIsInVybCI6Imh0dHBzOlwvXC9mdW5kYWNpb25yZWNvdmVyLm9yZ1wvd3AtY29udGVudFwvdXBsb2Fkc1wvMjAyNlwvMDRcL0lNR18zNzg0LTEuanBnIn0%3D\">\n\t\t\t\t\t\t\t<img loading=\"lazy\" decoding=\"async\" width=\"800\" height=\"707\" src=\"https:\/\/fundacionrecover.org\/wp-content\/uploads\/2026\/04\/IMG_3784-1-1024x905.jpg\" class=\"attachment-large size-large wp-image-10972\" alt=\"Inconsciente consciente II - CHIRRI MORENO\" srcset=\"https:\/\/fundacionrecover.org\/wp-content\/uploads\/2026\/04\/IMG_3784-1-1024x905.jpg 1024w, https:\/\/fundacionrecover.org\/wp-content\/uploads\/2026\/04\/IMG_3784-1-300x265.jpg 300w, https:\/\/fundacionrecover.org\/wp-content\/uploads\/2026\/04\/IMG_3784-1-768x679.jpg 768w, https:\/\/fundacionrecover.org\/wp-content\/uploads\/2026\/04\/IMG_3784-1-14x12.jpg 14w, https:\/\/fundacionrecover.org\/wp-content\/uploads\/2026\/04\/IMG_3784-1.jpg 1512w\" sizes=\"(max-width: 800px) 100vw, 800px\" \/>\t\t\t\t\t\t\t\t<\/a>\n\t\t\t\t\t\t\t\t\t\t\t\t\t\t\t<\/div>\n\t\t\t\t<\/div>\n\t\t<div class=\"elementor-element elementor-element-17c25b6 e-con-full e-flex e-con e-child\" data-id=\"17c25b6\" data-element_type=\"container\" data-e-type=\"container\">\n\t\t\t\t<div class=\"elementor-element elementor-element-24df31e elementor-widget__width-initial elementor-widget elementor-widget-text-editor\" data-id=\"24df31e\" data-element_type=\"widget\" data-e-type=\"widget\" data-widget_type=\"text-editor.default\">\n\t\t\t\t<div class=\"elementor-widget-container\">\n\t\t\t\t\t\t\t\t\t<p><strong>T\u00edtulo<\/strong>\u00a0 \u2018INCONSCIENTE CONSCIENTE II&#8217;\u2019<\/p><p><strong>T\u00e9cnica<\/strong>\u00a0 Tela de s\u00e1bana reciclada, t\u00e9cnica mixta<\/p><p><strong>Dimensiones<\/strong>\u00a0 \u00a0103 x 125 cm<\/p><p><strong>Precio<\/strong>\u00a0 \u00a03800 EUROS + IVA\u00a0<\/p>\t\t\t\t\t\t\t\t<\/div>\n\t\t\t\t<\/div>\n\t\t\t\t<\/div>\n\t\t\t\t<\/div>\n\t\t<div class=\"elementor-element elementor-element-37d6aa0 e-con-full e-flex e-con e-child\" data-id=\"37d6aa0\" data-element_type=\"container\" data-e-type=\"container\">\n\t\t\t\t<div class=\"elementor-element elementor-element-85c0e72 elementor-widget__width-initial elementor-widget-mobile__width-initial elementor-widget elementor-widget-image\" data-id=\"85c0e72\" data-element_type=\"widget\" data-e-type=\"widget\" data-widget_type=\"image.default\">\n\t\t\t\t<div class=\"elementor-widget-container\">\n\t\t\t\t\t\t\t\t\t\t\t\t\t\t\t\t<a href=\"https:\/\/fundacionrecover.org\/wp-content\/uploads\/2026\/04\/IMG_3792-1.jpg\" data-elementor-open-lightbox=\"yes\" data-elementor-lightbox-title=\"Improbables\" data-e-action-hash=\"#elementor-action%3Aaction%3Dlightbox%26settings%3DeyJpZCI6MTA5NzMsInVybCI6Imh0dHBzOlwvXC9mdW5kYWNpb25yZWNvdmVyLm9yZ1wvd3AtY29udGVudFwvdXBsb2Fkc1wvMjAyNlwvMDRcL0lNR18zNzkyLTEuanBnIn0%3D\">\n\t\t\t\t\t\t\t<img loading=\"lazy\" decoding=\"async\" width=\"1222\" height=\"1280\" src=\"https:\/\/fundacionrecover.org\/wp-content\/uploads\/2026\/04\/IMG_3792-1.jpg\" class=\"attachment-full size-full wp-image-10973\" alt=\"Improbables - CHIRRI MORENO\" srcset=\"https:\/\/fundacionrecover.org\/wp-content\/uploads\/2026\/04\/IMG_3792-1.jpg 1222w, https:\/\/fundacionrecover.org\/wp-content\/uploads\/2026\/04\/IMG_3792-1-286x300.jpg 286w, https:\/\/fundacionrecover.org\/wp-content\/uploads\/2026\/04\/IMG_3792-1-978x1024.jpg 978w, https:\/\/fundacionrecover.org\/wp-content\/uploads\/2026\/04\/IMG_3792-1-768x804.jpg 768w, https:\/\/fundacionrecover.org\/wp-content\/uploads\/2026\/04\/IMG_3792-1-11x12.jpg 11w\" sizes=\"(max-width: 1222px) 100vw, 1222px\" \/>\t\t\t\t\t\t\t\t<\/a>\n\t\t\t\t\t\t\t\t\t\t\t\t\t\t\t<\/div>\n\t\t\t\t<\/div>\n\t\t<div class=\"elementor-element elementor-element-2f18273 e-con-full e-flex e-con e-child\" data-id=\"2f18273\" data-element_type=\"container\" data-e-type=\"container\">\n\t\t\t\t<div class=\"elementor-element elementor-element-5c4ecbe elementor-widget__width-initial elementor-widget elementor-widget-text-editor\" data-id=\"5c4ecbe\" data-element_type=\"widget\" data-e-type=\"widget\" data-widget_type=\"text-editor.default\">\n\t\t\t\t<div class=\"elementor-widget-container\">\n\t\t\t\t\t\t\t\t\t<p><strong>T\u00edtulo<\/strong>\u00a0 \u2018IMPROBABLES\u2019<\/p><p><strong>T\u00e9cnica<\/strong>\u00a0 Tinta, pastel e hilos de seda bordado sobre papel japones y de algod\u00f3n<\/p><p><strong>Dimensiones<\/strong>\u00a0 \u00a054,5 x 53 cm\u00a0<\/p><p><strong>Precio<\/strong>\u00a0 1100 EUROS + IVA\u00a0<\/p>\t\t\t\t\t\t\t\t<\/div>\n\t\t\t\t<\/div>\n\t\t\t\t<\/div>\n\t\t\t\t<\/div>\n\t\t<div class=\"elementor-element elementor-element-c5bdbb6 e-con-full e-flex e-con e-child\" data-id=\"c5bdbb6\" data-element_type=\"container\" data-e-type=\"container\">\n\t\t\t\t<div class=\"elementor-element elementor-element-479669b elementor-widget__width-inherit elementor-widget elementor-widget-image\" data-id=\"479669b\" data-element_type=\"widget\" data-e-type=\"widget\" data-widget_type=\"image.default\">\n\t\t\t\t<div class=\"elementor-widget-container\">\n\t\t\t\t\t\t\t\t\t\t\t\t\t\t\t\t<a href=\"https:\/\/fundacionrecover.org\/wp-content\/uploads\/2026\/04\/DSC_2820-1-e1776457132517.jpg\" data-elementor-open-lightbox=\"yes\" data-elementor-lightbox-title=\"Ser\u00e9 tu memoria\" data-e-action-hash=\"#elementor-action%3Aaction%3Dlightbox%26settings%3DeyJpZCI6MTA5NzUsInVybCI6Imh0dHBzOlwvXC9mdW5kYWNpb25yZWNvdmVyLm9yZ1wvd3AtY29udGVudFwvdXBsb2Fkc1wvMjAyNlwvMDRcL0RTQ18yODIwLTEtZTE3NzY0NTcxMzI1MTcuanBnIn0%3D\">\n\t\t\t\t\t\t\t<img loading=\"lazy\" decoding=\"async\" width=\"996\" height=\"812\" src=\"https:\/\/fundacionrecover.org\/wp-content\/uploads\/2026\/04\/DSC_2820-1-e1776457132517.jpg\" class=\"attachment-full size-full wp-image-10975\" alt=\"Ser\u00e9 tu memoria - CHIRRI MORENO\" srcset=\"https:\/\/fundacionrecover.org\/wp-content\/uploads\/2026\/04\/DSC_2820-1-e1776457132517.jpg 996w, https:\/\/fundacionrecover.org\/wp-content\/uploads\/2026\/04\/DSC_2820-1-e1776457132517-300x245.jpg 300w, https:\/\/fundacionrecover.org\/wp-content\/uploads\/2026\/04\/DSC_2820-1-e1776457132517-768x626.jpg 768w, https:\/\/fundacionrecover.org\/wp-content\/uploads\/2026\/04\/DSC_2820-1-e1776457132517-15x12.jpg 15w\" sizes=\"(max-width: 996px) 100vw, 996px\" \/>\t\t\t\t\t\t\t\t<\/a>\n\t\t\t\t\t\t\t\t\t\t\t\t\t\t\t<\/div>\n\t\t\t\t<\/div>\n\t\t<div class=\"elementor-element elementor-element-ac50905 e-con-full e-flex e-con e-child\" data-id=\"ac50905\" data-element_type=\"container\" data-e-type=\"container\">\n\t\t\t\t<div class=\"elementor-element elementor-element-c96ec24 elementor-widget__width-initial elementor-widget elementor-widget-text-editor\" data-id=\"c96ec24\" data-element_type=\"widget\" data-e-type=\"widget\" data-widget_type=\"text-editor.default\">\n\t\t\t\t<div class=\"elementor-widget-container\">\n\t\t\t\t\t\t\t\t\t<p><strong>T\u00edtulo<\/strong>\u00a0 \u2018SER\u00c9 TU MEMORIA\u2019<\/p><p><strong>T\u00e9cnica<\/strong>\u00a0 Tela de brocado de algod\u00f3n tinta, acr\u00edlico<\/p><p><strong>Dimensiones<\/strong>\u00a0 \u00a048 x 52 cm<\/p><p><strong>Precio<\/strong>\u00a0 \u00a01100 EUROS + IVA\u00a0<\/p>\t\t\t\t\t\t\t\t<\/div>\n\t\t\t\t<\/div>\n\t\t\t\t<\/div>\n\t\t\t\t<\/div>\n\t\t<div class=\"elementor-element elementor-element-70dfd82 e-con-full e-flex e-con e-child\" data-id=\"70dfd82\" data-element_type=\"container\" data-e-type=\"container\">\n\t\t\t\t<div class=\"elementor-element elementor-element-57ff21d elementor-widget__width-inherit elementor-widget elementor-widget-image\" data-id=\"57ff21d\" data-element_type=\"widget\" data-e-type=\"widget\" data-widget_type=\"image.default\">\n\t\t\t\t<div class=\"elementor-widget-container\">\n\t\t\t\t\t\t\t\t\t\t\t\t\t\t\t\t<a href=\"https:\/\/fundacionrecover.org\/wp-content\/uploads\/2026\/04\/1000239530-1.jpg\" data-elementor-open-lightbox=\"yes\" data-elementor-lightbox-title=\"Narciso\" data-e-action-hash=\"#elementor-action%3Aaction%3Dlightbox%26settings%3DeyJpZCI6MTA5NzQsInVybCI6Imh0dHBzOlwvXC9mdW5kYWNpb25yZWNvdmVyLm9yZ1wvd3AtY29udGVudFwvdXBsb2Fkc1wvMjAyNlwvMDRcLzEwMDAyMzk1MzAtMS5qcGcifQ%3D%3D\">\n\t\t\t\t\t\t\t<img loading=\"lazy\" decoding=\"async\" width=\"1800\" height=\"1520\" src=\"https:\/\/fundacionrecover.org\/wp-content\/uploads\/2026\/04\/1000239530-1.jpg\" class=\"attachment-full size-full wp-image-10974\" alt=\"Narciso - CHIRRI MORENO\" srcset=\"https:\/\/fundacionrecover.org\/wp-content\/uploads\/2026\/04\/1000239530-1.jpg 1800w, https:\/\/fundacionrecover.org\/wp-content\/uploads\/2026\/04\/1000239530-1-300x253.jpg 300w, https:\/\/fundacionrecover.org\/wp-content\/uploads\/2026\/04\/1000239530-1-1024x865.jpg 1024w, https:\/\/fundacionrecover.org\/wp-content\/uploads\/2026\/04\/1000239530-1-768x649.jpg 768w, https:\/\/fundacionrecover.org\/wp-content\/uploads\/2026\/04\/1000239530-1-1536x1297.jpg 1536w, https:\/\/fundacionrecover.org\/wp-content\/uploads\/2026\/04\/1000239530-1-14x12.jpg 14w\" sizes=\"(max-width: 1800px) 100vw, 1800px\" \/>\t\t\t\t\t\t\t\t<\/a>\n\t\t\t\t\t\t\t\t\t\t\t\t\t\t\t<\/div>\n\t\t\t\t<\/div>\n\t\t<div class=\"elementor-element elementor-element-ade08d1 e-con-full e-flex e-con e-child\" data-id=\"ade08d1\" data-element_type=\"container\" data-e-type=\"container\">\n\t\t\t\t<div class=\"elementor-element elementor-element-64fc3b3 elementor-widget__width-initial elementor-widget elementor-widget-text-editor\" data-id=\"64fc3b3\" data-element_type=\"widget\" data-e-type=\"widget\" data-widget_type=\"text-editor.default\">\n\t\t\t\t<div class=\"elementor-widget-container\">\n\t\t\t\t\t\t\t\t\t<p><strong>T\u00edtulo<\/strong>\u00a0 \u2018NARCISO\u2019<\/p><p><strong>T\u00e9cnica<\/strong>\u00a0 Acr\u00edlico, \u00f3leo y cristal sobre arpillera<\/p><p><strong>Dimensiones<\/strong>\u00a0 \u00a055 x 70 cm\u00a0<\/p><p><strong>Precio<\/strong>\u00a0 \u00a0650 EUROS + IVA\u00a0<\/p>\t\t\t\t\t\t\t\t<\/div>\n\t\t\t\t<\/div>\n\t\t\t\t<\/div>\n\t\t\t\t<\/div>\n\t\t\t\t<\/div>\n\t\t<div class=\"elementor-element elementor-element-fe6337b e-con-full e-flex e-con e-child\" data-id=\"fe6337b\" data-element_type=\"container\" data-e-type=\"container\">\n\t\t\t\t<div class=\"elementor-element elementor-element-8089f02 elementor-widget-divider--view-line elementor-widget elementor-widget-divider\" data-id=\"8089f02\" data-element_type=\"widget\" data-e-type=\"widget\" data-widget_type=\"divider.default\">\n\t\t\t\t<div class=\"elementor-widget-container\">\n\t\t\t\t\t\t\t<div class=\"elementor-divider\">\n\t\t\t<span class=\"elementor-divider-separator\">\n\t\t\t\t\t\t<\/span>\n\t\t<\/div>\n\t\t\t\t\t\t<\/div>\n\t\t\t\t<\/div>\n\t\t<div class=\"elementor-element elementor-element-b628ffa e-con-full e-flex e-con e-child\" data-id=\"b628ffa\" data-element_type=\"container\" data-e-type=\"container\">\n\t\t<div class=\"elementor-element elementor-element-3027ecc e-con-full e-flex e-con e-child\" data-id=\"3027ecc\" data-element_type=\"container\" data-e-type=\"container\">\n\t\t\t\t<div class=\"elementor-element elementor-element-b822838 elementor-widget__width-initial elementor-widget-mobile__width-initial elementor-widget elementor-widget-text-editor\" data-id=\"b822838\" data-element_type=\"widget\" data-e-type=\"widget\" data-widget_type=\"text-editor.default\">\n\t\t\t\t<div class=\"elementor-widget-container\">\n\t\t\t\t\t\t\t\t\t<p>Nace en Sevilla, el pen\u00faltimo d\u00eda de noviembre de 1962.<\/p><p>1996-2010: Al frente de \u00abMeridiana-Madrid\u00bb, una galer\u00eda-tienda de venta y exposici\u00f3n de objetos de decoraci\u00f3n y textiles. Se interesa e investiga fundamentalmente en el mundo textil.<\/p><p>\u00a0En 2008 presenta \u00abEse lunar\u00bb, su primera colecci\u00f3n de piezas \u00fanicas, en Fortuny, 22. Los pa\u00f1os recuperados, en este caso los mantones de Manila, y los contempor\u00e1neos conviven en armon\u00eda en cada pieza, al igual que las muy diferentes texturas.<\/p><p>\u00a0Les siguen otras colecciones -Henna, Mediterr\u00e1neo, Vuela, Maestranza, Bamb\u00fa, Manila- siguiendo su filosof\u00eda de recuperar y aportar contemporaneidad a las piezas . Comienza a introducir dibujo y pintura. La naturaleza est\u00e1 siempre presente.<\/p><p>\u00a0En 2010 crea la primera colecci\u00f3n de porcelana pintada a mano, \u00abVuela\u00bb. Siguiendo la l\u00ednea del trabajo textil, recupera y pinta objetos creando piezas \u00fanicas.<\/p><p>Parte de este trabajo, se expuso y vendi\u00f3 en el museo Thyssen- Bornemisza, AA gallery shop, Meridiana, y est\u00e1n en la Fundaci\u00f3n Zuluaga, entre otras colecciones. Actualmente, sigue trabajando en este sentido, e incorpora nuevas l\u00edneas de expresi\u00f3n, trabajando sobre objetos aparentemente irrecuperables.<\/p><p>En el a\u00f1o 2017, comienza a bordar papel japon\u00e9s, a mano, con seda y algod\u00f3n.<\/p>\t\t\t\t\t\t\t\t<\/div>\n\t\t\t\t<\/div>\n\t\t\t\t<\/div>\n\t\t<div class=\"elementor-element elementor-element-bbd1f96 e-con-full e-flex e-con e-child\" data-id=\"bbd1f96\" data-element_type=\"container\" data-e-type=\"container\">\n\t\t\t\t<div class=\"elementor-element elementor-element-b6a3e76 elementor-widget elementor-widget-image\" data-id=\"b6a3e76\" data-element_type=\"widget\" data-e-type=\"widget\" data-widget_type=\"image.default\">\n\t\t\t\t<div class=\"elementor-widget-container\">\n\t\t\t\t\t\t\t\t\t\t\t\t\t\t\t<img loading=\"lazy\" decoding=\"async\" width=\"800\" height=\"842\" src=\"https:\/\/fundacionrecover.org\/wp-content\/uploads\/2026\/04\/Concepcion-Moreno-973x1024.webp\" class=\"attachment-large size-large wp-image-11001\" alt=\"Chirri Moreno\" srcset=\"https:\/\/fundacionrecover.org\/wp-content\/uploads\/2026\/04\/Concepcion-Moreno-973x1024.webp 973w, https:\/\/fundacionrecover.org\/wp-content\/uploads\/2026\/04\/Concepcion-Moreno-285x300.webp 285w, https:\/\/fundacionrecover.org\/wp-content\/uploads\/2026\/04\/Concepcion-Moreno-768x808.webp 768w, https:\/\/fundacionrecover.org\/wp-content\/uploads\/2026\/04\/Concepcion-Moreno-1460x1536.webp 1460w, https:\/\/fundacionrecover.org\/wp-content\/uploads\/2026\/04\/Concepcion-Moreno-11x12.webp 11w, https:\/\/fundacionrecover.org\/wp-content\/uploads\/2026\/04\/Concepcion-Moreno.webp 1536w\" sizes=\"(max-width: 800px) 100vw, 800px\" \/>\t\t\t\t\t\t\t\t\t\t\t\t\t\t\t<\/div>\n\t\t\t\t<\/div>\n\t\t\t\t<\/div>\n\t\t\t\t<\/div>\n\t\t\t\t<div class=\"elementor-element elementor-element-b28a8bc elementor-widget elementor-widget-global elementor-global-8878 elementor-widget-button\" data-id=\"b28a8bc\" data-element_type=\"widget\" data-e-type=\"widget\" data-widget_type=\"button.default\">\n\t\t\t\t<div class=\"elementor-widget-container\">\n\t\t\t\t\t\t\t\t\t<div class=\"elementor-button-wrapper\">\n\t\t\t\t\t<a class=\"elementor-button elementor-button-link elementor-size-sm\" href=\"#listado_artistas\">\n\t\t\t\t\t\t<span class=\"elementor-button-content-wrapper\">\n\t\t\t\t\t\t<span class=\"elementor-button-icon\">\n\t\t\t\t<svg aria-hidden=\"true\" class=\"e-font-icon-svg e-fas-long-arrow-alt-up\" viewBox=\"0 0 256 512\" xmlns=\"http:\/\/www.w3.org\/2000\/svg\"><path d=\"M88 166.059V468c0 6.627 5.373 12 12 12h56c6.627 0 12-5.373 12-12V166.059h46.059c21.382 0 32.09-25.851 16.971-40.971l-86.059-86.059c-9.373-9.373-24.569-9.373-33.941 0l-86.059 86.059c-15.119 15.119-4.411 40.971 16.971 40.971H88z\"><\/path><\/svg>\t\t\t<\/span>\n\t\t\t\t\t\t\t\t\t<span class=\"elementor-button-text\">Volver al listado de artistas<\/span>\n\t\t\t\t\t<\/span>\n\t\t\t\t\t<\/a>\n\t\t\t\t<\/div>\n\t\t\t\t\t\t\t\t<\/div>\n\t\t\t\t<\/div>\n\t\t\t\t<\/div>\n\t\t\t\t<\/div>\n\t\t<div id=\"e-n-tab-content-251629353\" role=\"tabpanel\" aria-labelledby=\"e-n-tab-title-251629353\" data-tab-index=\"3\" style=\"--n-tabs-title-order: 3;\" class=\" elementor-element elementor-element-a9c484a e-con-full e-flex e-con e-child\" data-id=\"a9c484a\" data-element_type=\"container\" data-e-type=\"container\">\n\t\t<div class=\"elementor-element elementor-element-c9c27e5 e-flex e-con-boxed e-con e-child\" data-id=\"c9c27e5\" data-element_type=\"container\" data-e-type=\"container\">\n\t\t\t\t\t<div class=\"e-con-inner\">\n\t\t\t\t<div class=\"elementor-element elementor-element-81bea5d elementor-widget__width-initial elementor-widget elementor-widget-heading\" data-id=\"81bea5d\" data-element_type=\"widget\" data-e-type=\"widget\" data-widget_type=\"heading.default\">\n\t\t\t\t<div class=\"elementor-widget-container\">\n\t\t\t\t\t<h2 class=\"elementor-heading-title elementor-size-default\">Odnoder (Pablo Redondo)<\/h2>\t\t\t\t<\/div>\n\t\t\t\t<\/div>\n\t\t\t\t<div class=\"elementor-element elementor-element-40a85e1 elementor-widget-divider--view-line elementor-widget elementor-widget-divider\" data-id=\"40a85e1\" data-element_type=\"widget\" data-e-type=\"widget\" data-widget_type=\"divider.default\">\n\t\t\t\t<div class=\"elementor-widget-container\">\n\t\t\t\t\t\t\t<div class=\"elementor-divider\">\n\t\t\t<span class=\"elementor-divider-separator\">\n\t\t\t\t\t\t<\/span>\n\t\t<\/div>\n\t\t\t\t\t\t<\/div>\n\t\t\t\t<\/div>\n\t\t\t\t\t<\/div>\n\t\t\t\t<\/div>\n\t\t<div class=\"elementor-element elementor-element-aefb609 e-con-full e-flex e-con e-child\" data-id=\"aefb609\" data-element_type=\"container\" data-e-type=\"container\">\n\t\t<div class=\"elementor-element elementor-element-cd7c814 e-con-full e-flex e-con e-child\" data-id=\"cd7c814\" data-element_type=\"container\" data-e-type=\"container\">\n\t\t\t\t<div class=\"elementor-element elementor-element-03606ec elementor-widget__width-inherit elementor-widget elementor-widget-image\" data-id=\"03606ec\" data-element_type=\"widget\" data-e-type=\"widget\" data-widget_type=\"image.default\">\n\t\t\t\t<div class=\"elementor-widget-container\">\n\t\t\t\t\t\t\t\t\t\t\t\t\t\t\t\t<a href=\"https:\/\/fundacionrecover.org\/wp-content\/uploads\/2026\/04\/angeles.jpg\" data-elementor-open-lightbox=\"yes\" data-elementor-lightbox-title=\"angeles\" data-e-action-hash=\"#elementor-action%3Aaction%3Dlightbox%26settings%3DeyJpZCI6MTA5MTEsInVybCI6Imh0dHBzOlwvXC9mdW5kYWNpb25yZWNvdmVyLm9yZ1wvd3AtY29udGVudFwvdXBsb2Fkc1wvMjAyNlwvMDRcL2FuZ2VsZXMuanBnIn0%3D\">\n\t\t\t\t\t\t\t<img loading=\"lazy\" decoding=\"async\" width=\"900\" height=\"1600\" src=\"https:\/\/fundacionrecover.org\/wp-content\/uploads\/2026\/04\/angeles.jpg\" class=\"attachment-full size-full wp-image-10911\" alt=\"\" srcset=\"https:\/\/fundacionrecover.org\/wp-content\/uploads\/2026\/04\/angeles.jpg 900w, https:\/\/fundacionrecover.org\/wp-content\/uploads\/2026\/04\/angeles-169x300.jpg 169w, https:\/\/fundacionrecover.org\/wp-content\/uploads\/2026\/04\/angeles-576x1024.jpg 576w, https:\/\/fundacionrecover.org\/wp-content\/uploads\/2026\/04\/angeles-768x1365.jpg 768w, https:\/\/fundacionrecover.org\/wp-content\/uploads\/2026\/04\/angeles-864x1536.jpg 864w, https:\/\/fundacionrecover.org\/wp-content\/uploads\/2026\/04\/angeles-7x12.jpg 7w\" sizes=\"(max-width: 900px) 100vw, 900px\" \/>\t\t\t\t\t\t\t\t<\/a>\n\t\t\t\t\t\t\t\t\t\t\t\t\t\t\t<\/div>\n\t\t\t\t<\/div>\n\t\t<div class=\"elementor-element elementor-element-f303207 e-con-full e-flex e-con e-child\" data-id=\"f303207\" data-element_type=\"container\" data-e-type=\"container\">\n\t\t\t\t<div class=\"elementor-element elementor-element-74a4690 elementor-widget__width-initial elementor-widget elementor-widget-text-editor\" data-id=\"74a4690\" data-element_type=\"widget\" data-e-type=\"widget\" data-widget_type=\"text-editor.default\">\n\t\t\t\t<div class=\"elementor-widget-container\">\n\t\t\t\t\t\t\t\t\t<p><strong>T\u00edtulo<\/strong>\u00a0 &#8216;ANGELES&#8217;<\/p><p><strong>T\u00e9cnica<\/strong>\u00a0 \u00a0Madera tallada y acero corten<\/p><p><strong>Dimensiones<\/strong>\u00a0 \u00a0variables, entre 51 y 74 cm<\/p><p><strong>Precio<\/strong>\u00a0 \u00a0entre 500 EUROS + IVA y 1500 EUROS\u00a0 por unidad, dependiendo del tama\u00f1o<\/p>\t\t\t\t\t\t\t\t<\/div>\n\t\t\t\t<\/div>\n\t\t\t\t<\/div>\n\t\t\t\t<\/div>\n\t\t<div class=\"elementor-element elementor-element-4a32df9 e-con-full e-flex e-con e-child\" data-id=\"4a32df9\" data-element_type=\"container\" data-e-type=\"container\">\n\t\t\t\t<div class=\"elementor-element elementor-element-01bbca7 elementor-widget__width-inherit elementor-widget elementor-widget-image\" data-id=\"01bbca7\" data-element_type=\"widget\" data-e-type=\"widget\" data-widget_type=\"image.default\">\n\t\t\t\t<div class=\"elementor-widget-container\">\n\t\t\t\t\t\t\t\t\t\t\t\t\t\t\t\t<a href=\"https:\/\/fundacionrecover.org\/wp-content\/uploads\/2026\/04\/mujeres-de-galilea.jpg\" data-elementor-open-lightbox=\"yes\" data-elementor-lightbox-title=\"mujeres de galilea\" data-e-action-hash=\"#elementor-action%3Aaction%3Dlightbox%26settings%3DeyJpZCI6MTA5MDksInVybCI6Imh0dHBzOlwvXC9mdW5kYWNpb25yZWNvdmVyLm9yZ1wvd3AtY29udGVudFwvdXBsb2Fkc1wvMjAyNlwvMDRcL211amVyZXMtZGUtZ2FsaWxlYS5qcGcifQ%3D%3D\">\n\t\t\t\t\t\t\t<img loading=\"lazy\" decoding=\"async\" width=\"1303\" height=\"1846\" src=\"https:\/\/fundacionrecover.org\/wp-content\/uploads\/2026\/04\/mujeres-de-galilea.jpg\" class=\"attachment-full size-full wp-image-10909\" alt=\"MUJERES DE GALILEA - Odnoder\" srcset=\"https:\/\/fundacionrecover.org\/wp-content\/uploads\/2026\/04\/mujeres-de-galilea.jpg 1303w, https:\/\/fundacionrecover.org\/wp-content\/uploads\/2026\/04\/mujeres-de-galilea-212x300.jpg 212w, https:\/\/fundacionrecover.org\/wp-content\/uploads\/2026\/04\/mujeres-de-galilea-723x1024.jpg 723w, https:\/\/fundacionrecover.org\/wp-content\/uploads\/2026\/04\/mujeres-de-galilea-768x1088.jpg 768w, https:\/\/fundacionrecover.org\/wp-content\/uploads\/2026\/04\/mujeres-de-galilea-1084x1536.jpg 1084w, https:\/\/fundacionrecover.org\/wp-content\/uploads\/2026\/04\/mujeres-de-galilea-8x12.jpg 8w\" sizes=\"(max-width: 1303px) 100vw, 1303px\" \/>\t\t\t\t\t\t\t\t<\/a>\n\t\t\t\t\t\t\t\t\t\t\t\t\t\t\t<\/div>\n\t\t\t\t<\/div>\n\t\t<div class=\"elementor-element elementor-element-85d6779 e-con-full e-flex e-con e-child\" data-id=\"85d6779\" data-element_type=\"container\" data-e-type=\"container\">\n\t\t\t\t<div class=\"elementor-element elementor-element-aedba85 elementor-widget__width-initial elementor-widget elementor-widget-text-editor\" data-id=\"aedba85\" data-element_type=\"widget\" data-e-type=\"widget\" data-widget_type=\"text-editor.default\">\n\t\t\t\t<div class=\"elementor-widget-container\">\n\t\t\t\t\t\t\t\t\t<p><strong>T\u00edtulo<\/strong>\u00a0 &#8216;MUJERES DE GALILEA&#8217;<\/p><p><strong>T\u00e9cnica<\/strong>\u00a0 \u00a0Estructura met\u00e1lica y escayola<\/p><p><strong>Dimensiones<\/strong>\u00a0 \u00a0medidas variables, entre 43 y 32 cm<\/p><p><strong>Precio<\/strong>\u00a0 \u00a0entre 600 y 900 EUROS + IVA por unidad<\/p>\t\t\t\t\t\t\t\t<\/div>\n\t\t\t\t<\/div>\n\t\t\t\t<\/div>\n\t\t\t\t<\/div>\n\t\t<div class=\"elementor-element elementor-element-02b9365 e-con-full e-flex e-con e-child\" data-id=\"02b9365\" data-element_type=\"container\" data-e-type=\"container\">\n\t\t\t\t<div class=\"elementor-element elementor-element-e0a6889 elementor-widget__width-inherit elementor-widget elementor-widget-image\" data-id=\"e0a6889\" data-element_type=\"widget\" data-e-type=\"widget\" data-widget_type=\"image.default\">\n\t\t\t\t<div class=\"elementor-widget-container\">\n\t\t\t\t\t\t\t\t\t\t\t\t\t\t\t\t<a href=\"https:\/\/fundacionrecover.org\/wp-content\/uploads\/2026\/04\/ubuntus.jpg\" data-elementor-open-lightbox=\"yes\" data-elementor-lightbox-title=\"ubuntus\" data-e-action-hash=\"#elementor-action%3Aaction%3Dlightbox%26settings%3DeyJpZCI6MTA5MDcsInVybCI6Imh0dHBzOlwvXC9mdW5kYWNpb25yZWNvdmVyLm9yZ1wvd3AtY29udGVudFwvdXBsb2Fkc1wvMjAyNlwvMDRcL3VidW50dXMuanBnIn0%3D\">\n\t\t\t\t\t\t\t<img loading=\"lazy\" decoding=\"async\" width=\"900\" height=\"1105\" src=\"https:\/\/fundacionrecover.org\/wp-content\/uploads\/2026\/04\/ubuntus.jpg\" class=\"attachment-full size-full wp-image-10907\" alt=\"UBUNTUS - Odnoder\" srcset=\"https:\/\/fundacionrecover.org\/wp-content\/uploads\/2026\/04\/ubuntus.jpg 900w, https:\/\/fundacionrecover.org\/wp-content\/uploads\/2026\/04\/ubuntus-244x300.jpg 244w, https:\/\/fundacionrecover.org\/wp-content\/uploads\/2026\/04\/ubuntus-834x1024.jpg 834w, https:\/\/fundacionrecover.org\/wp-content\/uploads\/2026\/04\/ubuntus-768x943.jpg 768w, https:\/\/fundacionrecover.org\/wp-content\/uploads\/2026\/04\/ubuntus-10x12.jpg 10w\" sizes=\"(max-width: 900px) 100vw, 900px\" \/>\t\t\t\t\t\t\t\t<\/a>\n\t\t\t\t\t\t\t\t\t\t\t\t\t\t\t<\/div>\n\t\t\t\t<\/div>\n\t\t<div class=\"elementor-element elementor-element-7c239d3 e-con-full e-flex e-con e-child\" data-id=\"7c239d3\" data-element_type=\"container\" data-e-type=\"container\">\n\t\t\t\t<div class=\"elementor-element elementor-element-8e47842 elementor-widget__width-initial elementor-widget elementor-widget-text-editor\" data-id=\"8e47842\" data-element_type=\"widget\" data-e-type=\"widget\" data-widget_type=\"text-editor.default\">\n\t\t\t\t<div class=\"elementor-widget-container\">\n\t\t\t\t\t\t\t\t\t<p><strong>T\u00edtulo<\/strong>\u00a0 \u00a0&#8216;UBUNTUS&#8217;<\/p><p><strong>T\u00e9cnica<\/strong>\u00a0 \u00a0Resina patinada<\/p><p><strong>Dimensiones<\/strong>\u00a0 \u00a035 x 15 cm<\/p><p><strong>Precio<\/strong>\u00a0 \u00a01500 EUROS + IVA<\/p>\t\t\t\t\t\t\t\t<\/div>\n\t\t\t\t<\/div>\n\t\t\t\t<\/div>\n\t\t\t\t<\/div>\n\t\t<div class=\"elementor-element elementor-element-b437a61 e-con-full e-flex e-con e-child\" data-id=\"b437a61\" data-element_type=\"container\" data-e-type=\"container\">\n\t\t\t\t<div class=\"elementor-element elementor-element-a12e633 elementor-widget__width-inherit elementor-widget elementor-widget-image\" data-id=\"a12e633\" data-element_type=\"widget\" data-e-type=\"widget\" data-widget_type=\"image.default\">\n\t\t\t\t<div class=\"elementor-widget-container\">\n\t\t\t\t\t\t\t\t\t\t\t\t\t\t\t\t<a href=\"https:\/\/fundacionrecover.org\/wp-content\/uploads\/2026\/04\/ubuntus-II.jpg\" data-elementor-open-lightbox=\"yes\" data-elementor-lightbox-title=\"ubuntus II\" data-e-action-hash=\"#elementor-action%3Aaction%3Dlightbox%26settings%3DeyJpZCI6MTA5MDgsInVybCI6Imh0dHBzOlwvXC9mdW5kYWNpb25yZWNvdmVyLm9yZ1wvd3AtY29udGVudFwvdXBsb2Fkc1wvMjAyNlwvMDRcL3VidW50dXMtSUkuanBnIn0%3D\">\n\t\t\t\t\t\t\t<img loading=\"lazy\" decoding=\"async\" width=\"560\" height=\"849\" src=\"https:\/\/fundacionrecover.org\/wp-content\/uploads\/2026\/04\/ubuntus-II.jpg\" class=\"attachment-full size-full wp-image-10908\" alt=\"UBUNTUS II - Odnoder\" srcset=\"https:\/\/fundacionrecover.org\/wp-content\/uploads\/2026\/04\/ubuntus-II.jpg 560w, https:\/\/fundacionrecover.org\/wp-content\/uploads\/2026\/04\/ubuntus-II-198x300.jpg 198w, https:\/\/fundacionrecover.org\/wp-content\/uploads\/2026\/04\/ubuntus-II-8x12.jpg 8w\" sizes=\"(max-width: 560px) 100vw, 560px\" \/>\t\t\t\t\t\t\t\t<\/a>\n\t\t\t\t\t\t\t\t\t\t\t\t\t\t\t<\/div>\n\t\t\t\t<\/div>\n\t\t<div class=\"elementor-element elementor-element-7c62fed e-con-full e-flex e-con e-child\" data-id=\"7c62fed\" data-element_type=\"container\" data-e-type=\"container\">\n\t\t\t\t<div class=\"elementor-element elementor-element-2ac8b4a elementor-widget__width-initial elementor-widget elementor-widget-text-editor\" data-id=\"2ac8b4a\" data-element_type=\"widget\" data-e-type=\"widget\" data-widget_type=\"text-editor.default\">\n\t\t\t\t<div class=\"elementor-widget-container\">\n\t\t\t\t\t\t\t\t\t<p><strong>T\u00edtulo<\/strong>\u00a0 \u00a0&#8216;UBUNTUS II&#8217;<\/p><p><strong>T\u00e9cnica<\/strong>\u00a0 \u00a0Bronce patinado<\/p><p><strong>Dimensiones<\/strong>\u00a0 \u00a047 x 15 cm<\/p><p><strong>Precio<\/strong>\u00a0 \u00a07000 EUROS + IVA<\/p>\t\t\t\t\t\t\t\t<\/div>\n\t\t\t\t<\/div>\n\t\t\t\t<\/div>\n\t\t\t\t<\/div>\n\t\t<div class=\"elementor-element elementor-element-97980b6 e-con-full e-flex e-con e-child\" data-id=\"97980b6\" data-element_type=\"container\" data-e-type=\"container\">\n\t\t\t\t<div class=\"elementor-element elementor-element-91680cd elementor-widget__width-inherit elementor-widget elementor-widget-image\" data-id=\"91680cd\" data-element_type=\"widget\" data-e-type=\"widget\" data-widget_type=\"image.default\">\n\t\t\t\t<div class=\"elementor-widget-container\">\n\t\t\t\t\t\t\t\t\t\t\t\t\t\t\t\t<a href=\"https:\/\/fundacionrecover.org\/wp-content\/uploads\/2026\/04\/vientos.jpg\" data-elementor-open-lightbox=\"yes\" data-elementor-lightbox-title=\"vientos\" data-e-action-hash=\"#elementor-action%3Aaction%3Dlightbox%26settings%3DeyJpZCI6MTA5MDYsInVybCI6Imh0dHBzOlwvXC9mdW5kYWNpb25yZWNvdmVyLm9yZ1wvd3AtY29udGVudFwvdXBsb2Fkc1wvMjAyNlwvMDRcL3ZpZW50b3MuanBnIn0%3D\">\n\t\t\t\t\t\t\t<img loading=\"lazy\" decoding=\"async\" width=\"1152\" height=\"1783\" src=\"https:\/\/fundacionrecover.org\/wp-content\/uploads\/2026\/04\/vientos.jpg\" class=\"attachment-full size-full wp-image-10906\" alt=\"VIENTOS - Odnoder\" srcset=\"https:\/\/fundacionrecover.org\/wp-content\/uploads\/2026\/04\/vientos.jpg 1152w, https:\/\/fundacionrecover.org\/wp-content\/uploads\/2026\/04\/vientos-194x300.jpg 194w, https:\/\/fundacionrecover.org\/wp-content\/uploads\/2026\/04\/vientos-662x1024.jpg 662w, https:\/\/fundacionrecover.org\/wp-content\/uploads\/2026\/04\/vientos-768x1189.jpg 768w, https:\/\/fundacionrecover.org\/wp-content\/uploads\/2026\/04\/vientos-992x1536.jpg 992w, https:\/\/fundacionrecover.org\/wp-content\/uploads\/2026\/04\/vientos-8x12.jpg 8w\" sizes=\"(max-width: 1152px) 100vw, 1152px\" \/>\t\t\t\t\t\t\t\t<\/a>\n\t\t\t\t\t\t\t\t\t\t\t\t\t\t\t<\/div>\n\t\t\t\t<\/div>\n\t\t<div class=\"elementor-element elementor-element-461c628 e-con-full e-flex e-con e-child\" data-id=\"461c628\" data-element_type=\"container\" data-e-type=\"container\">\n\t\t\t\t<div class=\"elementor-element elementor-element-45f2272 elementor-widget__width-initial elementor-widget elementor-widget-text-editor\" data-id=\"45f2272\" data-element_type=\"widget\" data-e-type=\"widget\" data-widget_type=\"text-editor.default\">\n\t\t\t\t<div class=\"elementor-widget-container\">\n\t\t\t\t\t\t\t\t\t<p><strong>T\u00edtulo<\/strong>\u00a0 \u00a0&#8216;VIENTOS&#8217;<\/p><p><strong>T\u00e9cnica<\/strong>\u00a0 Madera tallada<\/p><p><strong>Dimensiones<\/strong>\u00a0 \u00a052 x 16 x 17 cm<\/p><p><strong>Precio<\/strong>\u00a0 \u00a01800 EUROS + IVA<\/p>\t\t\t\t\t\t\t\t<\/div>\n\t\t\t\t<\/div>\n\t\t\t\t<\/div>\n\t\t\t\t<\/div>\n\t\t\t\t<\/div>\n\t\t<div class=\"elementor-element elementor-element-901aa38 e-con-full e-flex e-con e-child\" data-id=\"901aa38\" data-element_type=\"container\" data-e-type=\"container\">\n\t\t\t\t<div class=\"elementor-element elementor-element-bb06479 elementor-widget-divider--view-line elementor-widget elementor-widget-divider\" data-id=\"bb06479\" data-element_type=\"widget\" data-e-type=\"widget\" data-widget_type=\"divider.default\">\n\t\t\t\t<div class=\"elementor-widget-container\">\n\t\t\t\t\t\t\t<div class=\"elementor-divider\">\n\t\t\t<span class=\"elementor-divider-separator\">\n\t\t\t\t\t\t<\/span>\n\t\t<\/div>\n\t\t\t\t\t\t<\/div>\n\t\t\t\t<\/div>\n\t\t<div class=\"elementor-element elementor-element-6a21742 e-con-full e-flex e-con e-child\" data-id=\"6a21742\" data-element_type=\"container\" data-e-type=\"container\">\n\t\t<div class=\"elementor-element elementor-element-f501da8 e-con-full e-flex e-con e-child\" data-id=\"f501da8\" data-element_type=\"container\" data-e-type=\"container\">\n\t\t\t\t<div class=\"elementor-element elementor-element-35affc3 elementor-widget__width-initial elementor-widget-mobile__width-initial elementor-widget elementor-widget-text-editor\" data-id=\"35affc3\" data-element_type=\"widget\" data-e-type=\"widget\" data-widget_type=\"text-editor.default\">\n\t\t\t\t<div class=\"elementor-widget-container\">\n\t\t\t\t\t\t\t\t\t<p>Pablo Redondo D\u00edez \u201cOdnoder\u201d, ha desarrollado durante quince a\u00f1os su faceta de escultor, en paralelo a su labor como arquitecto en \u201carquipablos\u201d, el estudio de arquitectura al que pertenece. Con el paso del tiempo el escultor ha ido ganando terreno y podr\u00eda decirse, que hoy en d\u00eda se dedica plenamente a la escultura en un taller m\u00e1gico en Chinch\u00f3n.<\/p><p>En sus esculturas busca de modo sistem\u00e1tico la simplicidad y la belleza en las formas y tiene como horizonte, el que el espectador no se quede indiferente ante sus piezas, con esa melod\u00eda pensada con las manos y lista para ser acariciada con la mirada.<\/p><p>Su trabajo se mueve en la abstracci\u00f3n figurativa, de inspiraci\u00f3n org\u00e1nica y anhela la m\u00e1xima expresividad con el m\u00ednimo gesto. Para \u00e9l, el material base y que dio inicio a toda su obra es la madera, aunque le gustan las mezclas de materiales como acero, cer\u00e1mica, resinas, hormig\u00f3n y bronce.<\/p>\t\t\t\t\t\t\t\t<\/div>\n\t\t\t\t<\/div>\n\t\t\t\t<\/div>\n\t\t<div class=\"elementor-element elementor-element-ba18432 e-con-full e-flex e-con e-child\" data-id=\"ba18432\" data-element_type=\"container\" data-e-type=\"container\">\n\t\t\t\t<div class=\"elementor-element elementor-element-36c5ca7 elementor-widget elementor-widget-image\" data-id=\"36c5ca7\" data-element_type=\"widget\" data-e-type=\"widget\" data-widget_type=\"image.default\">\n\t\t\t\t<div class=\"elementor-widget-container\">\n\t\t\t\t\t\t\t\t\t\t\t\t\t\t\t<img loading=\"lazy\" decoding=\"async\" width=\"441\" height=\"512\" src=\"https:\/\/fundacionrecover.org\/wp-content\/uploads\/2026\/04\/Odnoder.webp\" class=\"attachment-large size-large wp-image-11002\" alt=\"Odnoder\" srcset=\"https:\/\/fundacionrecover.org\/wp-content\/uploads\/2026\/04\/Odnoder.webp 441w, https:\/\/fundacionrecover.org\/wp-content\/uploads\/2026\/04\/Odnoder-258x300.webp 258w, https:\/\/fundacionrecover.org\/wp-content\/uploads\/2026\/04\/Odnoder-10x12.webp 10w\" sizes=\"(max-width: 441px) 100vw, 441px\" \/>\t\t\t\t\t\t\t\t\t\t\t\t\t\t\t<\/div>\n\t\t\t\t<\/div>\n\t\t\t\t<\/div>\n\t\t\t\t<\/div>\n\t\t\t\t<div class=\"elementor-element elementor-element-8faf98f elementor-widget elementor-widget-global elementor-global-8878 elementor-widget-button\" data-id=\"8faf98f\" data-element_type=\"widget\" data-e-type=\"widget\" data-widget_type=\"button.default\">\n\t\t\t\t<div class=\"elementor-widget-container\">\n\t\t\t\t\t\t\t\t\t<div class=\"elementor-button-wrapper\">\n\t\t\t\t\t<a class=\"elementor-button elementor-button-link elementor-size-sm\" href=\"#listado_artistas\">\n\t\t\t\t\t\t<span class=\"elementor-button-content-wrapper\">\n\t\t\t\t\t\t<span class=\"elementor-button-icon\">\n\t\t\t\t<svg aria-hidden=\"true\" class=\"e-font-icon-svg e-fas-long-arrow-alt-up\" viewBox=\"0 0 256 512\" xmlns=\"http:\/\/www.w3.org\/2000\/svg\"><path d=\"M88 166.059V468c0 6.627 5.373 12 12 12h56c6.627 0 12-5.373 12-12V166.059h46.059c21.382 0 32.09-25.851 16.971-40.971l-86.059-86.059c-9.373-9.373-24.569-9.373-33.941 0l-86.059 86.059c-15.119 15.119-4.411 40.971 16.971 40.971H88z\"><\/path><\/svg>\t\t\t<\/span>\n\t\t\t\t\t\t\t\t\t<span class=\"elementor-button-text\">Volver al listado de artistas<\/span>\n\t\t\t\t\t<\/span>\n\t\t\t\t\t<\/a>\n\t\t\t\t<\/div>\n\t\t\t\t\t\t\t\t<\/div>\n\t\t\t\t<\/div>\n\t\t\t\t<\/div>\n\t\t\t\t<\/div>\n\t\t<div id=\"e-n-tab-content-251629354\" role=\"tabpanel\" aria-labelledby=\"e-n-tab-title-251629354\" data-tab-index=\"4\" style=\"--n-tabs-title-order: 4;\" class=\" elementor-element elementor-element-d6e0c3b e-con-full e-flex e-con e-child\" data-id=\"d6e0c3b\" data-element_type=\"container\" data-e-type=\"container\">\n\t\t<div class=\"elementor-element elementor-element-516fcc6 e-flex e-con-boxed e-con e-child\" data-id=\"516fcc6\" data-element_type=\"container\" data-e-type=\"container\">\n\t\t\t\t\t<div class=\"e-con-inner\">\n\t\t\t\t<div class=\"elementor-element elementor-element-0815f71 elementor-widget__width-initial elementor-widget elementor-widget-heading\" data-id=\"0815f71\" data-element_type=\"widget\" data-e-type=\"widget\" data-widget_type=\"heading.default\">\n\t\t\t\t<div class=\"elementor-widget-container\">\n\t\t\t\t\t<h2 class=\"elementor-heading-title elementor-size-default\">Alejandro Caraballo<\/h2>\t\t\t\t<\/div>\n\t\t\t\t<\/div>\n\t\t\t\t<div class=\"elementor-element elementor-element-6b9d486 elementor-widget-divider--view-line elementor-widget elementor-widget-divider\" data-id=\"6b9d486\" data-element_type=\"widget\" data-e-type=\"widget\" data-widget_type=\"divider.default\">\n\t\t\t\t<div class=\"elementor-widget-container\">\n\t\t\t\t\t\t\t<div class=\"elementor-divider\">\n\t\t\t<span class=\"elementor-divider-separator\">\n\t\t\t\t\t\t<\/span>\n\t\t<\/div>\n\t\t\t\t\t\t<\/div>\n\t\t\t\t<\/div>\n\t\t\t\t\t<\/div>\n\t\t\t\t<\/div>\n\t\t<div class=\"elementor-element elementor-element-773285e e-con-full e-flex e-con e-child\" data-id=\"773285e\" data-element_type=\"container\" data-e-type=\"container\">\n\t\t<div class=\"elementor-element elementor-element-92134ad e-con-full e-flex e-con e-child\" data-id=\"92134ad\" data-element_type=\"container\" data-e-type=\"container\">\n\t\t\t\t<div class=\"elementor-element elementor-element-6f7f131 elementor-widget__width-inherit elementor-widget elementor-widget-image\" data-id=\"6f7f131\" data-element_type=\"widget\" data-e-type=\"widget\" data-widget_type=\"image.default\">\n\t\t\t\t<div class=\"elementor-widget-container\">\n\t\t\t\t\t\t\t\t\t\t\t\t\t\t\t\t<a href=\"https:\/\/fundacionrecover.org\/wp-content\/uploads\/2026\/04\/Transferencia_I_-.jpg\" data-elementor-open-lightbox=\"yes\" data-elementor-lightbox-title=\"Transferencia_I_\" data-e-action-hash=\"#elementor-action%3Aaction%3Dlightbox%26settings%3DeyJpZCI6MTA5MDIsInVybCI6Imh0dHBzOlwvXC9mdW5kYWNpb25yZWNvdmVyLm9yZ1wvd3AtY29udGVudFwvdXBsb2Fkc1wvMjAyNlwvMDRcL1RyYW5zZmVyZW5jaWFfSV8tLmpwZyJ9\">\n\t\t\t\t\t\t\t<img loading=\"lazy\" decoding=\"async\" width=\"1200\" height=\"1200\" src=\"https:\/\/fundacionrecover.org\/wp-content\/uploads\/2026\/04\/Transferencia_I_-.jpg\" class=\"attachment-full size-full wp-image-10902\" alt=\"TRANSFERENCIA I - Alejandro Caraballo\" srcset=\"https:\/\/fundacionrecover.org\/wp-content\/uploads\/2026\/04\/Transferencia_I_-.jpg 1200w, https:\/\/fundacionrecover.org\/wp-content\/uploads\/2026\/04\/Transferencia_I_--300x300.jpg 300w, https:\/\/fundacionrecover.org\/wp-content\/uploads\/2026\/04\/Transferencia_I_--1024x1024.jpg 1024w, https:\/\/fundacionrecover.org\/wp-content\/uploads\/2026\/04\/Transferencia_I_--150x150.jpg 150w, https:\/\/fundacionrecover.org\/wp-content\/uploads\/2026\/04\/Transferencia_I_--768x768.jpg 768w, https:\/\/fundacionrecover.org\/wp-content\/uploads\/2026\/04\/Transferencia_I_--12x12.jpg 12w\" sizes=\"(max-width: 1200px) 100vw, 1200px\" \/>\t\t\t\t\t\t\t\t<\/a>\n\t\t\t\t\t\t\t\t\t\t\t\t\t\t\t<\/div>\n\t\t\t\t<\/div>\n\t\t<div class=\"elementor-element elementor-element-6863fd2 e-con-full e-flex e-con e-child\" data-id=\"6863fd2\" data-element_type=\"container\" data-e-type=\"container\">\n\t\t\t\t<div class=\"elementor-element elementor-element-37e74c6 elementor-widget__width-initial elementor-widget elementor-widget-text-editor\" data-id=\"37e74c6\" data-element_type=\"widget\" data-e-type=\"widget\" data-widget_type=\"text-editor.default\">\n\t\t\t\t<div class=\"elementor-widget-container\">\n\t\t\t\t\t\t\t\t\t<p><strong>T\u00edtulo<\/strong>\u00a0 \u00a0Transferencia (I)<\/p><p><strong>T\u00e9cnica<\/strong>\u00a0 Fotograf\u00eda digital, procesada en edici\u00f3n de alto contraste. Impresi\u00f3n sobre papel Hahnem\u00fchle Photo Rag\u00ae 100% algod\u00f3n de 308 g\/m\u00b2.<\/p><p><strong>A\u00f1o<\/strong>\u00a0 \u00a02016<\/p><p><strong>Dimensiones<\/strong>\u00a0 \u00a060 x 60 (papel) 43 x 43 (imagen)<\/p><p>Serie limitada 01\/03<\/p><p><strong>Precio<\/strong>\u00a0 \u00a0500 EUROS + IVA<\/p>\t\t\t\t\t\t\t\t<\/div>\n\t\t\t\t<\/div>\n\t\t\t\t<\/div>\n\t\t\t\t<\/div>\n\t\t<div class=\"elementor-element elementor-element-95602d9 e-con-full e-flex e-con e-child\" data-id=\"95602d9\" data-element_type=\"container\" data-e-type=\"container\">\n\t\t\t\t<div class=\"elementor-element elementor-element-003e034 elementor-widget__width-inherit elementor-widget-mobile__width-initial elementor-widget elementor-widget-image\" data-id=\"003e034\" data-element_type=\"widget\" data-e-type=\"widget\" data-widget_type=\"image.default\">\n\t\t\t\t<div class=\"elementor-widget-container\">\n\t\t\t\t\t\t\t\t\t\t\t\t\t\t\t\t<a href=\"https:\/\/fundacionrecover.org\/wp-content\/uploads\/2026\/04\/Transferencia_III_-.jpg\" data-elementor-open-lightbox=\"yes\" data-elementor-lightbox-title=\"Transferencia_III_\" data-e-action-hash=\"#elementor-action%3Aaction%3Dlightbox%26settings%3DeyJpZCI6MTA5MDEsInVybCI6Imh0dHBzOlwvXC9mdW5kYWNpb25yZWNvdmVyLm9yZ1wvd3AtY29udGVudFwvdXBsb2Fkc1wvMjAyNlwvMDRcL1RyYW5zZmVyZW5jaWFfSUlJXy0uanBnIn0%3D\">\n\t\t\t\t\t\t\t<img loading=\"lazy\" decoding=\"async\" width=\"1200\" height=\"1200\" src=\"https:\/\/fundacionrecover.org\/wp-content\/uploads\/2026\/04\/Transferencia_III_-.jpg\" class=\"attachment-full size-full wp-image-10901\" alt=\"TRANSFERENCIA III - Alejandro Caraballo\" srcset=\"https:\/\/fundacionrecover.org\/wp-content\/uploads\/2026\/04\/Transferencia_III_-.jpg 1200w, https:\/\/fundacionrecover.org\/wp-content\/uploads\/2026\/04\/Transferencia_III_--300x300.jpg 300w, https:\/\/fundacionrecover.org\/wp-content\/uploads\/2026\/04\/Transferencia_III_--1024x1024.jpg 1024w, https:\/\/fundacionrecover.org\/wp-content\/uploads\/2026\/04\/Transferencia_III_--150x150.jpg 150w, https:\/\/fundacionrecover.org\/wp-content\/uploads\/2026\/04\/Transferencia_III_--768x768.jpg 768w, https:\/\/fundacionrecover.org\/wp-content\/uploads\/2026\/04\/Transferencia_III_--12x12.jpg 12w\" sizes=\"(max-width: 1200px) 100vw, 1200px\" \/>\t\t\t\t\t\t\t\t<\/a>\n\t\t\t\t\t\t\t\t\t\t\t\t\t\t\t<\/div>\n\t\t\t\t<\/div>\n\t\t<div class=\"elementor-element elementor-element-0d107b3 e-con-full e-flex e-con e-child\" data-id=\"0d107b3\" data-element_type=\"container\" data-e-type=\"container\">\n\t\t\t\t<div class=\"elementor-element elementor-element-2ef5a15 elementor-widget__width-initial elementor-widget elementor-widget-text-editor\" data-id=\"2ef5a15\" data-element_type=\"widget\" data-e-type=\"widget\" data-widget_type=\"text-editor.default\">\n\t\t\t\t<div class=\"elementor-widget-container\">\n\t\t\t\t\t\t\t\t\t<p><strong>T\u00edtulo<\/strong>\u00a0 \u00a0Transferencia (III)<\/p><p><strong>T\u00e9cnica<\/strong>\u00a0 Fotograf\u00eda digital, procesada en edici\u00f3n de alto contraste. Impresi\u00f3n sobre papel Hahnem\u00fchle Photo Rag\u00ae 100% algod\u00f3n de 308 g\/m\u00b2.<\/p><p><strong>A\u00f1o<\/strong>\u00a0 \u00a02016<\/p><p><strong>Dimensiones<\/strong>\u00a0 \u00a060 x 60 (papel) 43 x 43 (imagen)<\/p><p>Serie limitada 01\/03<\/p><p><strong>Precio<\/strong>\u00a0 \u00a0500 EUROS + IVA<\/p>\t\t\t\t\t\t\t\t<\/div>\n\t\t\t\t<\/div>\n\t\t\t\t<\/div>\n\t\t\t\t<\/div>\n\t\t<div class=\"elementor-element elementor-element-27a66b3 e-con-full e-flex e-con e-child\" data-id=\"27a66b3\" data-element_type=\"container\" data-e-type=\"container\">\n\t\t\t\t<div class=\"elementor-element elementor-element-7d499dd elementor-widget__width-inherit elementor-widget elementor-widget-image\" data-id=\"7d499dd\" data-element_type=\"widget\" data-e-type=\"widget\" data-widget_type=\"image.default\">\n\t\t\t\t<div class=\"elementor-widget-container\">\n\t\t\t\t\t\t\t\t\t\t\t\t\t\t\t\t<a href=\"https:\/\/fundacionrecover.org\/wp-content\/uploads\/2026\/04\/Limite.jpg\" data-elementor-open-lightbox=\"yes\" data-elementor-lightbox-title=\"L\u00edmite.\" data-e-action-hash=\"#elementor-action%3Aaction%3Dlightbox%26settings%3DeyJpZCI6MTA5MDMsInVybCI6Imh0dHBzOlwvXC9mdW5kYWNpb25yZWNvdmVyLm9yZ1wvd3AtY29udGVudFwvdXBsb2Fkc1wvMjAyNlwvMDRcL0xpbWl0ZS5qcGcifQ%3D%3D\">\n\t\t\t\t\t\t\t<img loading=\"lazy\" decoding=\"async\" width=\"1800\" height=\"1260\" src=\"https:\/\/fundacionrecover.org\/wp-content\/uploads\/2026\/04\/Limite.jpg\" class=\"attachment-full size-full wp-image-10903\" alt=\"L\u00cdMITE - Alejandro Caraballo\" srcset=\"https:\/\/fundacionrecover.org\/wp-content\/uploads\/2026\/04\/Limite.jpg 1800w, https:\/\/fundacionrecover.org\/wp-content\/uploads\/2026\/04\/Limite-300x210.jpg 300w, https:\/\/fundacionrecover.org\/wp-content\/uploads\/2026\/04\/Limite-1024x717.jpg 1024w, https:\/\/fundacionrecover.org\/wp-content\/uploads\/2026\/04\/Limite-768x538.jpg 768w, https:\/\/fundacionrecover.org\/wp-content\/uploads\/2026\/04\/Limite-1536x1075.jpg 1536w, https:\/\/fundacionrecover.org\/wp-content\/uploads\/2026\/04\/Limite-18x12.jpg 18w\" sizes=\"(max-width: 1800px) 100vw, 1800px\" \/>\t\t\t\t\t\t\t\t<\/a>\n\t\t\t\t\t\t\t\t\t\t\t\t\t\t\t<\/div>\n\t\t\t\t<\/div>\n\t\t<div class=\"elementor-element elementor-element-8fe839a e-con-full e-flex e-con e-child\" data-id=\"8fe839a\" data-element_type=\"container\" data-e-type=\"container\">\n\t\t\t\t<div class=\"elementor-element elementor-element-0b68682 elementor-widget__width-initial elementor-widget elementor-widget-text-editor\" data-id=\"0b68682\" data-element_type=\"widget\" data-e-type=\"widget\" data-widget_type=\"text-editor.default\">\n\t\t\t\t<div class=\"elementor-widget-container\">\n\t\t\t\t\t\t\t\t\t<p><strong>T\u00edtulo<\/strong>\u00a0 \u00a0L\u00edmite<\/p><p><strong>T\u00e9cnica<\/strong> Fotograf\u00eda anal\u00f3gica con pel\u00edcula expirada. Fotograf\u00eda de alta resoluci\u00f3n sobre el negativo y edici\u00f3n digital de alto contraste. Impresi\u00f3n sobre papel Hahnem\u00fchle Photo Rag\u00ae 100% algod\u00f3n de 308 g\/m\u00b2.<\/p><p><strong>A\u00f1o<\/strong>\u00a0 \u00a02022<\/p><p><strong>Dimensiones<\/strong>\u00a0 \u00a0100 x 70 (papel) 80 x 53 (imagen)<\/p><p>Serie limitada 01\/03<\/p><p><strong>Precio<\/strong>\u00a0 \u00a0700 EUROS + IVA<\/p>\t\t\t\t\t\t\t\t<\/div>\n\t\t\t\t<\/div>\n\t\t\t\t<\/div>\n\t\t\t\t<\/div>\n\t\t<div class=\"elementor-element elementor-element-eb393a4 e-con-full e-flex e-con e-child\" data-id=\"eb393a4\" data-element_type=\"container\" data-e-type=\"container\">\n\t\t\t\t<div class=\"elementor-element elementor-element-6a5c0d8 elementor-widget__width-inherit elementor-widget elementor-widget-image\" data-id=\"6a5c0d8\" data-element_type=\"widget\" data-e-type=\"widget\" data-widget_type=\"image.default\">\n\t\t\t\t<div class=\"elementor-widget-container\">\n\t\t\t\t\t\t\t\t\t\t\t\t\t\t\t\t<a href=\"https:\/\/fundacionrecover.org\/wp-content\/uploads\/2026\/04\/Desaparecer.jpg\" data-elementor-open-lightbox=\"yes\" data-elementor-lightbox-title=\"Desaparecer\" data-e-action-hash=\"#elementor-action%3Aaction%3Dlightbox%26settings%3DeyJpZCI6MTA5MDQsInVybCI6Imh0dHBzOlwvXC9mdW5kYWNpb25yZWNvdmVyLm9yZ1wvd3AtY29udGVudFwvdXBsb2Fkc1wvMjAyNlwvMDRcL0Rlc2FwYXJlY2VyLmpwZyJ9\">\n\t\t\t\t\t\t\t<img loading=\"lazy\" decoding=\"async\" width=\"1800\" height=\"1260\" src=\"https:\/\/fundacionrecover.org\/wp-content\/uploads\/2026\/04\/Desaparecer.jpg\" class=\"attachment-full size-full wp-image-10904\" alt=\"DESAPARECER - Alejandro Caraballo\" srcset=\"https:\/\/fundacionrecover.org\/wp-content\/uploads\/2026\/04\/Desaparecer.jpg 1800w, https:\/\/fundacionrecover.org\/wp-content\/uploads\/2026\/04\/Desaparecer-300x210.jpg 300w, https:\/\/fundacionrecover.org\/wp-content\/uploads\/2026\/04\/Desaparecer-1024x717.jpg 1024w, https:\/\/fundacionrecover.org\/wp-content\/uploads\/2026\/04\/Desaparecer-768x538.jpg 768w, https:\/\/fundacionrecover.org\/wp-content\/uploads\/2026\/04\/Desaparecer-1536x1075.jpg 1536w, https:\/\/fundacionrecover.org\/wp-content\/uploads\/2026\/04\/Desaparecer-18x12.jpg 18w\" sizes=\"(max-width: 1800px) 100vw, 1800px\" \/>\t\t\t\t\t\t\t\t<\/a>\n\t\t\t\t\t\t\t\t\t\t\t\t\t\t\t<\/div>\n\t\t\t\t<\/div>\n\t\t<div class=\"elementor-element elementor-element-b2dae86 e-con-full e-flex e-con e-child\" data-id=\"b2dae86\" data-element_type=\"container\" data-e-type=\"container\">\n\t\t\t\t<div class=\"elementor-element elementor-element-b06299a elementor-widget__width-initial elementor-widget elementor-widget-text-editor\" data-id=\"b06299a\" data-element_type=\"widget\" data-e-type=\"widget\" data-widget_type=\"text-editor.default\">\n\t\t\t\t<div class=\"elementor-widget-container\">\n\t\t\t\t\t\t\t\t\t<p><strong>T\u00edtulo<\/strong>\u00a0 \u00a0Desaparecer<\/p><p><strong>T\u00e9cnica<\/strong> Fotograf\u00eda anal\u00f3gica con pel\u00edcula expirada. Fotograf\u00eda de alta resoluci\u00f3n sobre el negativo y edici\u00f3n digital de alto contraste. Impresi\u00f3n sobre papel Hahnem\u00fchle Photo Rag\u00ae 100% algod\u00f3n de 308 g\/m\u00b2.<\/p><p><strong>A\u00f1o<\/strong>\u00a0 \u00a02022<\/p><p><strong>Dimensiones<\/strong>\u00a0 \u00a0100 x 70 (papel) 80 x 53 (imagen)<\/p><p>Serie limitada 01\/03<\/p><p><strong>Precio<\/strong>\u00a0 \u00a0700 EUROS + IVA<\/p>\t\t\t\t\t\t\t\t<\/div>\n\t\t\t\t<\/div>\n\t\t\t\t<\/div>\n\t\t\t\t<\/div>\n\t\t\t\t<\/div>\n\t\t<div class=\"elementor-element elementor-element-1178d23 e-con-full e-flex e-con e-child\" data-id=\"1178d23\" data-element_type=\"container\" data-e-type=\"container\">\n\t\t\t\t<div class=\"elementor-element elementor-element-e836cb7 elementor-widget-divider--view-line elementor-widget elementor-widget-divider\" data-id=\"e836cb7\" data-element_type=\"widget\" data-e-type=\"widget\" data-widget_type=\"divider.default\">\n\t\t\t\t<div class=\"elementor-widget-container\">\n\t\t\t\t\t\t\t<div class=\"elementor-divider\">\n\t\t\t<span class=\"elementor-divider-separator\">\n\t\t\t\t\t\t<\/span>\n\t\t<\/div>\n\t\t\t\t\t\t<\/div>\n\t\t\t\t<\/div>\n\t\t<div class=\"elementor-element elementor-element-e71103b e-con-full e-flex e-con e-child\" data-id=\"e71103b\" data-element_type=\"container\" data-e-type=\"container\">\n\t\t<div class=\"elementor-element elementor-element-5afc1b7 e-con-full e-flex e-con e-child\" data-id=\"5afc1b7\" data-element_type=\"container\" data-e-type=\"container\">\n\t\t\t\t<div class=\"elementor-element elementor-element-20fa163 elementor-widget__width-initial elementor-widget-mobile__width-initial elementor-widget elementor-widget-text-editor\" data-id=\"20fa163\" data-element_type=\"widget\" data-e-type=\"widget\" data-widget_type=\"text-editor.default\">\n\t\t\t\t<div class=\"elementor-widget-container\">\n\t\t\t\t\t\t\t\t\t<p>Alejandro Caraballo Llorente (1994) es arquitecto por la Escuela T\u00e9cnica Superior de Arquitectura de Madrid (ETSAM-UPM) y fot\u00f3grafo autodidacta. Tras su formaci\u00f3n acad\u00e9mica funda el estudio CRAC, desde donde opera en el campo de la arquitectura con una mirada transversal hacia el mundo del arte y la filosof\u00eda. Su trabajo explora la traslaci\u00f3n de herramientas operativas entre la cr\u00edtica y la pr\u00e1ctica, as\u00ed como las transferencias que surgen entre las m\u00faltiples escalas que abarca el proyecto arquitect\u00f3nico. Sus proyectos han sido reconocidos y premiados por instituciones internacionales como EUROPAN, MITMA, COAM o CAPBA y ha participado como docente en instituciones como la ETSAM, UNIVALLE o el Festival de Arquitectura en Espa\u00f1ol.<\/p><p>Desde hace m\u00e1s de 15 a\u00f1os ha trabajado con la fotograf\u00eda como una herramienta para generar im\u00e1genes operativas, capaces de trasladar sus intereses sobre la difusi\u00f3n de los l\u00edmites y la extra\u00f1eza. En 2022 funda HIPERFOCAL, desde donde ayuda a construir las narrativas visuales de estudios de arquitectura j\u00f3venes en el panorama nacional, tales como BIAN, JJ+, Minimo, Meii, MOME, Vistto o Yey\u00e9 Estudio, entre otros. Sus fotograf\u00edas han sido publicadas en medios internacionales como FRAME, AZURE, AD, Manera Magazine o Neo2 y ha comisariado y participado en exposiciones para el COAM, la Fundaci\u00f3n Arquitectura o ARCO 26.<\/p><p>En confluencia entre sus intereses sobre arquitectura e imagen, ha publicado varios textos recogidos en Capital Reform: Una Generaci\u00f3n al detalle (2026), DEARCH #01: Transferencias (2024) o Cuaderno de Proyectos Arquitect\u00f3nicos #15 (2025). Su investigaci\u00f3n \u201cA trav\u00e9s del Espejo: Fotograf\u00eda e Imagen Digital como herramientas operativas en el proyecto de arquitectura contempor\u00e1neo\u201d (2024) ha sido publicada por la Universidad Polit\u00e9cnica de Madrid y se puede consultar de forma libre en el repositorio digital<\/p>\t\t\t\t\t\t\t\t<\/div>\n\t\t\t\t<\/div>\n\t\t\t\t<\/div>\n\t\t<div class=\"elementor-element elementor-element-28911f6 e-con-full e-flex e-con e-child\" data-id=\"28911f6\" data-element_type=\"container\" data-e-type=\"container\">\n\t\t\t\t<div class=\"elementor-element elementor-element-89421e2 elementor-widget elementor-widget-image\" data-id=\"89421e2\" data-element_type=\"widget\" data-e-type=\"widget\" data-widget_type=\"image.default\">\n\t\t\t\t<div class=\"elementor-widget-container\">\n\t\t\t\t\t\t\t\t\t\t\t\t\t\t\t<img loading=\"lazy\" decoding=\"async\" width=\"800\" height=\"833\" src=\"https:\/\/fundacionrecover.org\/wp-content\/uploads\/2026\/04\/Alejandro-Caraballo-983x1024.jpg\" class=\"attachment-large size-large wp-image-10918\" alt=\"Alejandro Caraballo\" srcset=\"https:\/\/fundacionrecover.org\/wp-content\/uploads\/2026\/04\/Alejandro-Caraballo-983x1024.jpg 983w, https:\/\/fundacionrecover.org\/wp-content\/uploads\/2026\/04\/Alejandro-Caraballo-288x300.jpg 288w, https:\/\/fundacionrecover.org\/wp-content\/uploads\/2026\/04\/Alejandro-Caraballo-768x800.jpg 768w, https:\/\/fundacionrecover.org\/wp-content\/uploads\/2026\/04\/Alejandro-Caraballo-12x12.jpg 12w, https:\/\/fundacionrecover.org\/wp-content\/uploads\/2026\/04\/Alejandro-Caraballo.jpg 1000w\" sizes=\"(max-width: 800px) 100vw, 800px\" \/>\t\t\t\t\t\t\t\t\t\t\t\t\t\t\t<\/div>\n\t\t\t\t<\/div>\n\t\t\t\t<\/div>\n\t\t\t\t<\/div>\n\t\t\t\t<div class=\"elementor-element elementor-element-080f0f8 elementor-widget elementor-widget-global elementor-global-8878 elementor-widget-button\" data-id=\"080f0f8\" data-element_type=\"widget\" data-e-type=\"widget\" data-widget_type=\"button.default\">\n\t\t\t\t<div class=\"elementor-widget-container\">\n\t\t\t\t\t\t\t\t\t<div class=\"elementor-button-wrapper\">\n\t\t\t\t\t<a class=\"elementor-button elementor-button-link elementor-size-sm\" href=\"#listado_artistas\">\n\t\t\t\t\t\t<span class=\"elementor-button-content-wrapper\">\n\t\t\t\t\t\t<span class=\"elementor-button-icon\">\n\t\t\t\t<svg aria-hidden=\"true\" class=\"e-font-icon-svg e-fas-long-arrow-alt-up\" viewBox=\"0 0 256 512\" xmlns=\"http:\/\/www.w3.org\/2000\/svg\"><path d=\"M88 166.059V468c0 6.627 5.373 12 12 12h56c6.627 0 12-5.373 12-12V166.059h46.059c21.382 0 32.09-25.851 16.971-40.971l-86.059-86.059c-9.373-9.373-24.569-9.373-33.941 0l-86.059 86.059c-15.119 15.119-4.411 40.971 16.971 40.971H88z\"><\/path><\/svg>\t\t\t<\/span>\n\t\t\t\t\t\t\t\t\t<span class=\"elementor-button-text\">Volver al listado de artistas<\/span>\n\t\t\t\t\t<\/span>\n\t\t\t\t\t<\/a>\n\t\t\t\t<\/div>\n\t\t\t\t\t\t\t\t<\/div>\n\t\t\t\t<\/div>\n\t\t\t\t<\/div>\n\t\t\t\t<\/div>\n\t\t<div id=\"e-n-tab-content-251629355\" role=\"tabpanel\" aria-labelledby=\"e-n-tab-title-251629355\" data-tab-index=\"5\" style=\"--n-tabs-title-order: 5;\" class=\" elementor-element elementor-element-9e32fb4 e-con-full e-flex e-con e-child\" data-id=\"9e32fb4\" data-element_type=\"container\" data-e-type=\"container\">\n\t\t<div class=\"elementor-element elementor-element-c17d0f6 e-flex e-con-boxed e-con e-child\" data-id=\"c17d0f6\" data-element_type=\"container\" data-e-type=\"container\">\n\t\t\t\t\t<div class=\"e-con-inner\">\n\t\t\t\t<div class=\"elementor-element elementor-element-dfb2330 elementor-widget__width-initial elementor-widget-laptop__width-initial elementor-widget elementor-widget-heading\" data-id=\"dfb2330\" data-element_type=\"widget\" data-e-type=\"widget\" data-widget_type=\"heading.default\">\n\t\t\t\t<div class=\"elementor-widget-container\">\n\t\t\t\t\t<h2 class=\"elementor-heading-title elementor-size-default\">Hugo Wirz<\/h2>\t\t\t\t<\/div>\n\t\t\t\t<\/div>\n\t\t\t\t<div class=\"elementor-element elementor-element-5b65108 elementor-widget-divider--view-line elementor-widget elementor-widget-divider\" data-id=\"5b65108\" data-element_type=\"widget\" data-e-type=\"widget\" data-widget_type=\"divider.default\">\n\t\t\t\t<div class=\"elementor-widget-container\">\n\t\t\t\t\t\t\t<div class=\"elementor-divider\">\n\t\t\t<span class=\"elementor-divider-separator\">\n\t\t\t\t\t\t<\/span>\n\t\t<\/div>\n\t\t\t\t\t\t<\/div>\n\t\t\t\t<\/div>\n\t\t\t\t\t<\/div>\n\t\t\t\t<\/div>\n\t\t<div class=\"elementor-element elementor-element-27ba6da e-con-full e-flex e-con e-child\" data-id=\"27ba6da\" data-element_type=\"container\" data-e-type=\"container\">\n\t\t<div class=\"elementor-element elementor-element-74ea0ae e-con-full e-flex e-con e-child\" data-id=\"74ea0ae\" data-element_type=\"container\" data-e-type=\"container\">\n\t\t<div class=\"elementor-element elementor-element-1237e4b e-con-full e-flex e-con e-child\" data-id=\"1237e4b\" data-element_type=\"container\" data-e-type=\"container\">\n\t\t\t\t<div class=\"elementor-element elementor-element-2d5fea9 elementor-widget__width-inherit elementor-widget elementor-widget-image\" data-id=\"2d5fea9\" data-element_type=\"widget\" data-e-type=\"widget\" data-widget_type=\"image.default\">\n\t\t\t\t<div class=\"elementor-widget-container\">\n\t\t\t\t\t\t\t\t\t\t\t\t\t\t\t\t<a href=\"https:\/\/fundacionrecover.org\/wp-content\/uploads\/2026\/04\/Tejido_vegetal-I-2017.jpg\" data-elementor-open-lightbox=\"yes\" data-elementor-lightbox-title=\"Tejido vegetal I, 2017\" data-e-action-hash=\"#elementor-action%3Aaction%3Dlightbox%26settings%3DeyJpZCI6MTEwNjYsInVybCI6Imh0dHBzOlwvXC9mdW5kYWNpb25yZWNvdmVyLm9yZ1wvd3AtY29udGVudFwvdXBsb2Fkc1wvMjAyNlwvMDRcL1Rlamlkb192ZWdldGFsLUktMjAxNy5qcGcifQ%3D%3D\">\n\t\t\t\t\t\t\t<img loading=\"lazy\" decoding=\"async\" width=\"652\" height=\"921\" src=\"https:\/\/fundacionrecover.org\/wp-content\/uploads\/2026\/04\/Tejido_vegetal-I-2017.jpg\" class=\"attachment-full size-full wp-image-11066\" alt=\"Tejido vegetal I, 2017 - HUGO WIRZ\" srcset=\"https:\/\/fundacionrecover.org\/wp-content\/uploads\/2026\/04\/Tejido_vegetal-I-2017.jpg 652w, https:\/\/fundacionrecover.org\/wp-content\/uploads\/2026\/04\/Tejido_vegetal-I-2017-212x300.jpg 212w, https:\/\/fundacionrecover.org\/wp-content\/uploads\/2026\/04\/Tejido_vegetal-I-2017-8x12.jpg 8w\" sizes=\"(max-width: 652px) 100vw, 652px\" \/>\t\t\t\t\t\t\t\t<\/a>\n\t\t\t\t\t\t\t\t\t\t\t\t\t\t\t<\/div>\n\t\t\t\t<\/div>\n\t\t\t\t<div class=\"elementor-element elementor-element-af0f710 elementor-widget__width-initial elementor-widget elementor-widget-text-editor\" data-id=\"af0f710\" data-element_type=\"widget\" data-e-type=\"widget\" data-widget_type=\"text-editor.default\">\n\t\t\t\t<div class=\"elementor-widget-container\">\n\t\t\t\t\t\t\t\t\t<p><strong>T\u00edtulo<\/strong>\u00a0 &#8216;Tejido vegetal I&#8217;<\/p><p><strong>A\u00f1o<\/strong>\u00a0 \u00a02017<\/p><p><strong>T\u00e9cnica<\/strong>\u00a0 \u00a0Dibujo, tinta china con pluma<\/p><p><strong>Dimensiones<\/strong>\u00a0 \u00a032,5 x 323 cm<\/p><p><strong>Precio<\/strong>\u00a0 \u00a0550 EUROS + IVA<\/p>\t\t\t\t\t\t\t\t<\/div>\n\t\t\t\t<\/div>\n\t\t\t\t<\/div>\n\t\t\t\t<\/div>\n\t\t<div class=\"elementor-element elementor-element-60462db e-con-full e-flex e-con e-child\" data-id=\"60462db\" data-element_type=\"container\" data-e-type=\"container\">\n\t\t<div class=\"elementor-element elementor-element-4f4026b e-con-full e-flex e-con e-child\" data-id=\"4f4026b\" data-element_type=\"container\" data-e-type=\"container\">\n\t\t\t\t<div class=\"elementor-element elementor-element-236eab1 elementor-widget__width-inherit elementor-widget elementor-widget-image\" data-id=\"236eab1\" data-element_type=\"widget\" data-e-type=\"widget\" data-widget_type=\"image.default\">\n\t\t\t\t<div class=\"elementor-widget-container\">\n\t\t\t\t\t\t\t\t\t\t\t\t\t\t\t\t<a href=\"https:\/\/fundacionrecover.org\/wp-content\/uploads\/2026\/04\/Tejido_vegetal-II-2017.jpg\" data-elementor-open-lightbox=\"yes\" data-elementor-lightbox-title=\"Tejido vegetal II, 2017\" data-e-action-hash=\"#elementor-action%3Aaction%3Dlightbox%26settings%3DeyJpZCI6MTEwNjQsInVybCI6Imh0dHBzOlwvXC9mdW5kYWNpb25yZWNvdmVyLm9yZ1wvd3AtY29udGVudFwvdXBsb2Fkc1wvMjAyNlwvMDRcL1Rlamlkb192ZWdldGFsLUlJLTIwMTcuanBnIn0%3D\">\n\t\t\t\t\t\t\t<img loading=\"lazy\" decoding=\"async\" width=\"652\" height=\"921\" src=\"https:\/\/fundacionrecover.org\/wp-content\/uploads\/2026\/04\/Tejido_vegetal-II-2017.jpg\" class=\"attachment-full size-full wp-image-11064\" alt=\"Tejido vegetal II, 2017 - HUGO WIRZ\" srcset=\"https:\/\/fundacionrecover.org\/wp-content\/uploads\/2026\/04\/Tejido_vegetal-II-2017.jpg 652w, https:\/\/fundacionrecover.org\/wp-content\/uploads\/2026\/04\/Tejido_vegetal-II-2017-212x300.jpg 212w, https:\/\/fundacionrecover.org\/wp-content\/uploads\/2026\/04\/Tejido_vegetal-II-2017-8x12.jpg 8w\" sizes=\"(max-width: 652px) 100vw, 652px\" \/>\t\t\t\t\t\t\t\t<\/a>\n\t\t\t\t\t\t\t\t\t\t\t\t\t\t\t<\/div>\n\t\t\t\t<\/div>\n\t\t\t\t<div class=\"elementor-element elementor-element-872cb57 elementor-widget__width-initial elementor-widget elementor-widget-text-editor\" data-id=\"872cb57\" data-element_type=\"widget\" data-e-type=\"widget\" data-widget_type=\"text-editor.default\">\n\t\t\t\t<div class=\"elementor-widget-container\">\n\t\t\t\t\t\t\t\t\t<p><strong>T\u00edtulo<\/strong>\u00a0 &#8216;Tejido vegetal II&#8217;<\/p><p><strong>A\u00f1o<\/strong>\u00a0 \u00a02017<\/p><p><strong>T\u00e9cnica<\/strong>\u00a0 Dibujo, tinta china con pluma<\/p><p><strong>Dimensiones<\/strong>\u00a0 \u00a032,5 x 23 cm<\/p><p><strong>Precio<\/strong>\u00a0 \u00a0550 EUROS + IVA<\/p>\t\t\t\t\t\t\t\t<\/div>\n\t\t\t\t<\/div>\n\t\t\t\t<\/div>\n\t\t\t\t<\/div>\n\t\t<div class=\"elementor-element elementor-element-fcac986 e-con-full e-flex e-con e-child\" data-id=\"fcac986\" data-element_type=\"container\" data-e-type=\"container\">\n\t\t<div class=\"elementor-element elementor-element-a1853e8 e-con-full e-flex e-con e-child\" data-id=\"a1853e8\" data-element_type=\"container\" data-e-type=\"container\">\n\t\t\t\t<div class=\"elementor-element elementor-element-4f63663 elementor-widget__width-inherit elementor-widget elementor-widget-image\" data-id=\"4f63663\" data-element_type=\"widget\" data-e-type=\"widget\" data-widget_type=\"image.default\">\n\t\t\t\t<div class=\"elementor-widget-container\">\n\t\t\t\t\t\t\t\t\t\t\t\t\t\t\t\t<a href=\"https:\/\/fundacionrecover.org\/wp-content\/uploads\/2026\/04\/Expansion_2008.jpg\" data-elementor-open-lightbox=\"yes\" data-elementor-lightbox-title=\"Expansi\u00f3n, 2008\" data-e-action-hash=\"#elementor-action%3Aaction%3Dlightbox%26settings%3DeyJpZCI6MTEwNjcsInVybCI6Imh0dHBzOlwvXC9mdW5kYWNpb25yZWNvdmVyLm9yZ1wvd3AtY29udGVudFwvdXBsb2Fkc1wvMjAyNlwvMDRcL0V4cGFuc2lvbl8yMDA4LmpwZyJ9\">\n\t\t\t\t\t\t\t<img loading=\"lazy\" decoding=\"async\" width=\"1663\" height=\"1179\" src=\"https:\/\/fundacionrecover.org\/wp-content\/uploads\/2026\/04\/Expansion_2008.jpg\" class=\"attachment-full size-full wp-image-11067\" alt=\"Expansi\u00f3n, 2008 - HUGO WIRZ\" srcset=\"https:\/\/fundacionrecover.org\/wp-content\/uploads\/2026\/04\/Expansion_2008.jpg 1663w, https:\/\/fundacionrecover.org\/wp-content\/uploads\/2026\/04\/Expansion_2008-300x213.jpg 300w, https:\/\/fundacionrecover.org\/wp-content\/uploads\/2026\/04\/Expansion_2008-1024x726.jpg 1024w, https:\/\/fundacionrecover.org\/wp-content\/uploads\/2026\/04\/Expansion_2008-768x544.jpg 768w, https:\/\/fundacionrecover.org\/wp-content\/uploads\/2026\/04\/Expansion_2008-1536x1089.jpg 1536w, https:\/\/fundacionrecover.org\/wp-content\/uploads\/2026\/04\/Expansion_2008-18x12.jpg 18w\" sizes=\"(max-width: 1663px) 100vw, 1663px\" \/>\t\t\t\t\t\t\t\t<\/a>\n\t\t\t\t\t\t\t\t\t\t\t\t\t\t\t<\/div>\n\t\t\t\t<\/div>\n\t\t\t\t<div class=\"elementor-element elementor-element-dee2d2c elementor-widget__width-initial elementor-widget elementor-widget-text-editor\" data-id=\"dee2d2c\" data-element_type=\"widget\" data-e-type=\"widget\" data-widget_type=\"text-editor.default\">\n\t\t\t\t<div class=\"elementor-widget-container\">\n\t\t\t\t\t\t\t\t\t<p><strong>T\u00edtulo<\/strong>\u00a0 &#8216;Expansi\u00f3n&#8217;<\/p><p><strong>A\u00f1o<\/strong>\u00a0 \u00a02008<\/p><p><strong>T\u00e9cnica<\/strong>\u00a0 \u00a0Dibujo, tinta china con pluma<\/p><p><strong>Dimensiones<\/strong>\u00a0 \u00a021 x 30 cm<\/p><p><strong>Precio<\/strong>\u00a0 \u00a0600 EUROS + IVA<\/p>\t\t\t\t\t\t\t\t<\/div>\n\t\t\t\t<\/div>\n\t\t\t\t<\/div>\n\t\t\t\t<\/div>\n\t\t<div class=\"elementor-element elementor-element-a46b5db e-con-full e-flex e-con e-child\" data-id=\"a46b5db\" data-element_type=\"container\" data-e-type=\"container\">\n\t\t<div class=\"elementor-element elementor-element-1091f56 e-con-full e-flex e-con e-child\" data-id=\"1091f56\" data-element_type=\"container\" data-e-type=\"container\">\n\t\t\t\t<div class=\"elementor-element elementor-element-23d94de elementor-widget__width-inherit elementor-widget elementor-widget-image\" data-id=\"23d94de\" data-element_type=\"widget\" data-e-type=\"widget\" data-widget_type=\"image.default\">\n\t\t\t\t<div class=\"elementor-widget-container\">\n\t\t\t\t\t\t\t\t\t\t\t\t\t\t\t\t<a href=\"https:\/\/fundacionrecover.org\/wp-content\/uploads\/2026\/04\/Sin-titulo_1_4_2009.jpg\" data-elementor-open-lightbox=\"yes\" data-elementor-lightbox-title=\"Escultura, 2009, 1\/4\" data-e-action-hash=\"#elementor-action%3Aaction%3Dlightbox%26settings%3DeyJpZCI6MTEwNjUsInVybCI6Imh0dHBzOlwvXC9mdW5kYWNpb25yZWNvdmVyLm9yZ1wvd3AtY29udGVudFwvdXBsb2Fkc1wvMjAyNlwvMDRcL1Npbi10aXR1bG9fMV80XzIwMDkuanBnIn0%3D\">\n\t\t\t\t\t\t\t<img loading=\"lazy\" decoding=\"async\" width=\"1705\" height=\"2270\" src=\"https:\/\/fundacionrecover.org\/wp-content\/uploads\/2026\/04\/Sin-titulo_1_4_2009.jpg\" class=\"attachment-full size-full wp-image-11065\" alt=\"Escultura, 2009 - HUGO WIRZ\" srcset=\"https:\/\/fundacionrecover.org\/wp-content\/uploads\/2026\/04\/Sin-titulo_1_4_2009.jpg 1705w, https:\/\/fundacionrecover.org\/wp-content\/uploads\/2026\/04\/Sin-titulo_1_4_2009-225x300.jpg 225w, https:\/\/fundacionrecover.org\/wp-content\/uploads\/2026\/04\/Sin-titulo_1_4_2009-769x1024.jpg 769w, https:\/\/fundacionrecover.org\/wp-content\/uploads\/2026\/04\/Sin-titulo_1_4_2009-768x1022.jpg 768w, https:\/\/fundacionrecover.org\/wp-content\/uploads\/2026\/04\/Sin-titulo_1_4_2009-1154x1536.jpg 1154w, https:\/\/fundacionrecover.org\/wp-content\/uploads\/2026\/04\/Sin-titulo_1_4_2009-1538x2048.jpg 1538w, https:\/\/fundacionrecover.org\/wp-content\/uploads\/2026\/04\/Sin-titulo_1_4_2009-9x12.jpg 9w\" sizes=\"(max-width: 1705px) 100vw, 1705px\" \/>\t\t\t\t\t\t\t\t<\/a>\n\t\t\t\t\t\t\t\t\t\t\t\t\t\t\t<\/div>\n\t\t\t\t<\/div>\n\t\t\t\t<div class=\"elementor-element elementor-element-7adf3cd elementor-widget__width-initial elementor-widget elementor-widget-text-editor\" data-id=\"7adf3cd\" data-element_type=\"widget\" data-e-type=\"widget\" data-widget_type=\"text-editor.default\">\n\t\t\t\t<div class=\"elementor-widget-container\">\n\t\t\t\t\t\t\t\t\t<p><strong>T\u00edtulo<\/strong>\u00a0 &#8216;Escultura&#8217;<\/p><p><strong>A\u00f1o<\/strong>\u00a0 \u00a02009<\/p><p><strong>T\u00e9cnica<\/strong>\u00a0 \u00a0Bronce con base en acero corten<\/p><p><strong>Dimensiones<\/strong>\u00a0 \u00a026 x 20 x 9 cm<\/p><p><strong>Precio<\/strong>\u00a0 \u00a01200 EUROS + IVA<\/p>\t\t\t\t\t\t\t\t<\/div>\n\t\t\t\t<\/div>\n\t\t\t\t<\/div>\n\t\t\t\t<\/div>\n\t\t\t\t<\/div>\n\t\t<div class=\"elementor-element elementor-element-17ecde4 e-con-full e-flex e-con e-child\" data-id=\"17ecde4\" data-element_type=\"container\" data-e-type=\"container\">\n\t\t\t\t<div class=\"elementor-element elementor-element-52215d0 elementor-widget-divider--view-line elementor-widget elementor-widget-divider\" data-id=\"52215d0\" data-element_type=\"widget\" data-e-type=\"widget\" data-widget_type=\"divider.default\">\n\t\t\t\t<div class=\"elementor-widget-container\">\n\t\t\t\t\t\t\t<div class=\"elementor-divider\">\n\t\t\t<span class=\"elementor-divider-separator\">\n\t\t\t\t\t\t<\/span>\n\t\t<\/div>\n\t\t\t\t\t\t<\/div>\n\t\t\t\t<\/div>\n\t\t<div class=\"elementor-element elementor-element-79c6c7e e-con-full e-flex e-con e-child\" data-id=\"79c6c7e\" data-element_type=\"container\" data-e-type=\"container\">\n\t\t<div class=\"elementor-element elementor-element-ab2d149 e-con-full e-flex e-con e-child\" data-id=\"ab2d149\" data-element_type=\"container\" data-e-type=\"container\">\n\t\t\t\t<div class=\"elementor-element elementor-element-9b0583b elementor-widget__width-initial elementor-widget-mobile__width-initial elementor-widget elementor-widget-text-editor\" data-id=\"9b0583b\" data-element_type=\"widget\" data-e-type=\"widget\" data-widget_type=\"text-editor.default\">\n\t\t\t\t<div class=\"elementor-widget-container\">\n\t\t\t\t\t\t\t\t\t<p>Brugg, 1948<\/p><p>Nace en Brugg, en el cant\u00f3n suizo de Aargau. Desde 1969 a 1996 compatibiliz\u00f3 su trabajo en varios estudios de arquitectura de Suiza con largos estancias en Italia. Vivi\u00f3 en Camer\u00fan entre 1975 y 1978. Ha participado en trabajos de pintura, mosaicos y objetos<\/p><p>con Otto K\u00e4lin, Albert Siegenthaler, Ilse Weber Gillian White y Eva Wipf entre 1972 y 1987. Desde 1996 reside permanentemente en Espa\u00f1a, a caballo entre Madrid y Manzaneque al sur de la provincia de Toledo. Desde 1971 ha realizado numerosas exposiciones individuales y colectivas en Suiza, Italia, Francia, Espa\u00f1a y Portugal. Sus obras se encuentran en colecciones p\u00fablicas y privadas en estos pa\u00edses.<\/p><p>En su trayectoria se ve el proceso de la b\u00fasqueda de unir la geometr\u00eda con lo org\u00e1nico, que se acerca cada vez m\u00e1s a la naturaleza. Va desde el buscar hasta el encontrar. Son los sue\u00f1os o los descubrimientos en las ciencias lo que despiertan su curiosidad para realizar nuevas obras, y con ellas tensar hilos con obras anteriores, poner un tejido de conexiones.<\/p>\t\t\t\t\t\t\t\t<\/div>\n\t\t\t\t<\/div>\n\t\t\t\t<\/div>\n\t\t<div class=\"elementor-element elementor-element-cd13f59 e-con-full e-flex e-con e-child\" data-id=\"cd13f59\" data-element_type=\"container\" data-e-type=\"container\">\n\t\t\t\t<div class=\"elementor-element elementor-element-c1f1d36 elementor-widget elementor-widget-image\" data-id=\"c1f1d36\" data-element_type=\"widget\" data-e-type=\"widget\" data-widget_type=\"image.default\">\n\t\t\t\t<div class=\"elementor-widget-container\">\n\t\t\t\t\t\t\t\t\t\t\t\t\t\t\t<img loading=\"lazy\" decoding=\"async\" width=\"800\" height=\"911\" src=\"https:\/\/fundacionrecover.org\/wp-content\/uploads\/2026\/04\/Hugo-Wirz-899x1024.webp\" class=\"attachment-large size-large wp-image-11003\" alt=\"\" srcset=\"https:\/\/fundacionrecover.org\/wp-content\/uploads\/2026\/04\/Hugo-Wirz-899x1024.webp 899w, https:\/\/fundacionrecover.org\/wp-content\/uploads\/2026\/04\/Hugo-Wirz-263x300.webp 263w, https:\/\/fundacionrecover.org\/wp-content\/uploads\/2026\/04\/Hugo-Wirz-768x875.webp 768w, https:\/\/fundacionrecover.org\/wp-content\/uploads\/2026\/04\/Hugo-Wirz-1349x1536.webp 1349w, https:\/\/fundacionrecover.org\/wp-content\/uploads\/2026\/04\/Hugo-Wirz-11x12.webp 11w, https:\/\/fundacionrecover.org\/wp-content\/uploads\/2026\/04\/Hugo-Wirz.webp 1686w\" sizes=\"(max-width: 800px) 100vw, 800px\" \/>\t\t\t\t\t\t\t\t\t\t\t\t\t\t\t<\/div>\n\t\t\t\t<\/div>\n\t\t\t\t<\/div>\n\t\t\t\t<\/div>\n\t\t\t\t<div class=\"elementor-element elementor-element-15ed07b elementor-widget elementor-widget-global elementor-global-8878 elementor-widget-button\" data-id=\"15ed07b\" data-element_type=\"widget\" data-e-type=\"widget\" data-widget_type=\"button.default\">\n\t\t\t\t<div class=\"elementor-widget-container\">\n\t\t\t\t\t\t\t\t\t<div class=\"elementor-button-wrapper\">\n\t\t\t\t\t<a class=\"elementor-button elementor-button-link elementor-size-sm\" href=\"#listado_artistas\">\n\t\t\t\t\t\t<span class=\"elementor-button-content-wrapper\">\n\t\t\t\t\t\t<span class=\"elementor-button-icon\">\n\t\t\t\t<svg aria-hidden=\"true\" class=\"e-font-icon-svg e-fas-long-arrow-alt-up\" viewBox=\"0 0 256 512\" xmlns=\"http:\/\/www.w3.org\/2000\/svg\"><path d=\"M88 166.059V468c0 6.627 5.373 12 12 12h56c6.627 0 12-5.373 12-12V166.059h46.059c21.382 0 32.09-25.851 16.971-40.971l-86.059-86.059c-9.373-9.373-24.569-9.373-33.941 0l-86.059 86.059c-15.119 15.119-4.411 40.971 16.971 40.971H88z\"><\/path><\/svg>\t\t\t<\/span>\n\t\t\t\t\t\t\t\t\t<span class=\"elementor-button-text\">Volver al listado de artistas<\/span>\n\t\t\t\t\t<\/span>\n\t\t\t\t\t<\/a>\n\t\t\t\t<\/div>\n\t\t\t\t\t\t\t\t<\/div>\n\t\t\t\t<\/div>\n\t\t\t\t<\/div>\n\t\t\t\t<\/div>\n\t\t<div id=\"e-n-tab-content-251629356\" role=\"tabpanel\" aria-labelledby=\"e-n-tab-title-251629356\" data-tab-index=\"6\" style=\"--n-tabs-title-order: 6;\" class=\" elementor-element elementor-element-d4d6ab4 e-con-full e-flex e-con e-child\" data-id=\"d4d6ab4\" data-element_type=\"container\" data-e-type=\"container\">\n\t\t<div class=\"elementor-element elementor-element-2cb7a3e e-flex e-con-boxed e-con e-child\" data-id=\"2cb7a3e\" data-element_type=\"container\" data-e-type=\"container\">\n\t\t\t\t\t<div class=\"e-con-inner\">\n\t\t\t\t<div class=\"elementor-element elementor-element-a714d89 elementor-widget__width-initial elementor-widget elementor-widget-heading\" data-id=\"a714d89\" data-element_type=\"widget\" data-e-type=\"widget\" data-widget_type=\"heading.default\">\n\t\t\t\t<div class=\"elementor-widget-container\">\n\t\t\t\t\t<h2 class=\"elementor-heading-title elementor-size-default\">Sandra Krysiak<\/h2>\t\t\t\t<\/div>\n\t\t\t\t<\/div>\n\t\t\t\t<div class=\"elementor-element elementor-element-f83be37 elementor-widget-divider--view-line elementor-widget elementor-widget-divider\" data-id=\"f83be37\" data-element_type=\"widget\" data-e-type=\"widget\" data-widget_type=\"divider.default\">\n\t\t\t\t<div class=\"elementor-widget-container\">\n\t\t\t\t\t\t\t<div class=\"elementor-divider\">\n\t\t\t<span class=\"elementor-divider-separator\">\n\t\t\t\t\t\t<\/span>\n\t\t<\/div>\n\t\t\t\t\t\t<\/div>\n\t\t\t\t<\/div>\n\t\t\t\t\t<\/div>\n\t\t\t\t<\/div>\n\t\t<div class=\"elementor-element elementor-element-2e804c1 e-con-full e-flex e-con e-child\" data-id=\"2e804c1\" data-element_type=\"container\" data-e-type=\"container\">\n\t\t<div class=\"elementor-element elementor-element-7dea76a e-con-full e-flex e-con e-child\" data-id=\"7dea76a\" data-element_type=\"container\" data-e-type=\"container\">\n\t\t\t\t<div class=\"elementor-element elementor-element-7321204 elementor-widget__width-initial elementor-widget-mobile__width-initial elementor-widget elementor-widget-image\" data-id=\"7321204\" data-element_type=\"widget\" data-e-type=\"widget\" data-widget_type=\"image.default\">\n\t\t\t\t<div class=\"elementor-widget-container\">\n\t\t\t\t\t\t\t\t\t\t\t\t\t\t\t\t<a href=\"https:\/\/fundacionrecover.org\/wp-content\/uploads\/2026\/04\/Donacion-Funadacion-Pons.-Hoja-de-Palma.-25-x-25-x-7-cm.-Madera-de-tilo.jpg\" data-elementor-open-lightbox=\"yes\" data-elementor-lightbox-title=\"Hoja de Palma\" data-e-action-hash=\"#elementor-action%3Aaction%3Dlightbox%26settings%3DeyJpZCI6MTA5ODQsInVybCI6Imh0dHBzOlwvXC9mdW5kYWNpb25yZWNvdmVyLm9yZ1wvd3AtY29udGVudFwvdXBsb2Fkc1wvMjAyNlwvMDRcL0RvbmFjaW9uLUZ1bmFkYWNpb24tUG9ucy4tSG9qYS1kZS1QYWxtYS4tMjUteC0yNS14LTctY20uLU1hZGVyYS1kZS10aWxvLmpwZyJ9\">\n\t\t\t\t\t\t\t<img loading=\"lazy\" decoding=\"async\" width=\"800\" height=\"379\" src=\"https:\/\/fundacionrecover.org\/wp-content\/uploads\/2026\/04\/Donacion-Funadacion-Pons.-Hoja-de-Palma.-25-x-25-x-7-cm.-Madera-de-tilo-1024x485.jpg\" class=\"attachment-large size-large wp-image-10984\" alt=\"Hoja de Palma - SANDRA KRYSIAK\" srcset=\"https:\/\/fundacionrecover.org\/wp-content\/uploads\/2026\/04\/Donacion-Funadacion-Pons.-Hoja-de-Palma.-25-x-25-x-7-cm.-Madera-de-tilo-1024x485.jpg 1024w, https:\/\/fundacionrecover.org\/wp-content\/uploads\/2026\/04\/Donacion-Funadacion-Pons.-Hoja-de-Palma.-25-x-25-x-7-cm.-Madera-de-tilo-300x142.jpg 300w, https:\/\/fundacionrecover.org\/wp-content\/uploads\/2026\/04\/Donacion-Funadacion-Pons.-Hoja-de-Palma.-25-x-25-x-7-cm.-Madera-de-tilo-768x364.jpg 768w, https:\/\/fundacionrecover.org\/wp-content\/uploads\/2026\/04\/Donacion-Funadacion-Pons.-Hoja-de-Palma.-25-x-25-x-7-cm.-Madera-de-tilo-1536x727.jpg 1536w, https:\/\/fundacionrecover.org\/wp-content\/uploads\/2026\/04\/Donacion-Funadacion-Pons.-Hoja-de-Palma.-25-x-25-x-7-cm.-Madera-de-tilo-18x9.jpg 18w, https:\/\/fundacionrecover.org\/wp-content\/uploads\/2026\/04\/Donacion-Funadacion-Pons.-Hoja-de-Palma.-25-x-25-x-7-cm.-Madera-de-tilo.jpg 1800w\" sizes=\"(max-width: 800px) 100vw, 800px\" \/>\t\t\t\t\t\t\t\t<\/a>\n\t\t\t\t\t\t\t\t\t\t\t\t\t\t\t<\/div>\n\t\t\t\t<\/div>\n\t\t<div class=\"elementor-element elementor-element-aec02b4 e-con-full e-flex e-con e-child\" data-id=\"aec02b4\" data-element_type=\"container\" data-e-type=\"container\">\n\t\t\t\t<div class=\"elementor-element elementor-element-31f91fd elementor-widget__width-initial elementor-widget elementor-widget-text-editor\" data-id=\"31f91fd\" data-element_type=\"widget\" data-e-type=\"widget\" data-widget_type=\"text-editor.default\">\n\t\t\t\t<div class=\"elementor-widget-container\">\n\t\t\t\t\t\t\t\t\t<p><strong>T\u00edtulo<\/strong>\u00a0 \u2018HOJA DE PALMA\u2019\u00a0<\/p><p><strong>T\u00e9cnica<\/strong>\u00a0 \u00a0Talla en madera de tilo<\/p><p><strong>Dimensiones<\/strong>\u00a0 \u00a046 x 46 x 6 cm\u00a0<\/p><p><strong>Precio<\/strong>\u00a0 \u00a02500 EUROS + IVA\u00a0<\/p>\t\t\t\t\t\t\t\t<\/div>\n\t\t\t\t<\/div>\n\t\t\t\t<\/div>\n\t\t\t\t<\/div>\n\t\t<div class=\"elementor-element elementor-element-97bbda1 e-con-full e-flex e-con e-child\" data-id=\"97bbda1\" data-element_type=\"container\" data-e-type=\"container\">\n\t\t\t\t<div class=\"elementor-element elementor-element-5eb705f elementor-widget__width-initial elementor-widget-mobile__width-initial elementor-widget elementor-widget-image\" data-id=\"5eb705f\" data-element_type=\"widget\" data-e-type=\"widget\" data-widget_type=\"image.default\">\n\t\t\t\t<div class=\"elementor-widget-container\">\n\t\t\t\t\t\t\t\t\t\t\t\t\t\t\t\t<a href=\"https:\/\/fundacionrecover.org\/wp-content\/uploads\/2026\/04\/Flor-de-primavera.-60-x-60-x-8-cm.-Cedro-Canadiense.jpg\" data-elementor-open-lightbox=\"yes\" data-elementor-lightbox-title=\"Flor de primavera. 60 x 60 x 8 cm. Cedro Canadiense\" data-e-action-hash=\"#elementor-action%3Aaction%3Dlightbox%26settings%3DeyJpZCI6MTA5ODMsInVybCI6Imh0dHBzOlwvXC9mdW5kYWNpb25yZWNvdmVyLm9yZ1wvd3AtY29udGVudFwvdXBsb2Fkc1wvMjAyNlwvMDRcL0Zsb3ItZGUtcHJpbWF2ZXJhLi02MC14LTYwLXgtOC1jbS4tQ2Vkcm8tQ2FuYWRpZW5zZS5qcGcifQ%3D%3D\">\n\t\t\t\t\t\t\t<img loading=\"lazy\" decoding=\"async\" width=\"1800\" height=\"1350\" src=\"https:\/\/fundacionrecover.org\/wp-content\/uploads\/2026\/04\/Flor-de-primavera.-60-x-60-x-8-cm.-Cedro-Canadiense.jpg\" class=\"attachment-full size-full wp-image-10983\" alt=\"Flor de primavera - SANDRA KRYSIAK\" srcset=\"https:\/\/fundacionrecover.org\/wp-content\/uploads\/2026\/04\/Flor-de-primavera.-60-x-60-x-8-cm.-Cedro-Canadiense.jpg 1800w, https:\/\/fundacionrecover.org\/wp-content\/uploads\/2026\/04\/Flor-de-primavera.-60-x-60-x-8-cm.-Cedro-Canadiense-300x225.jpg 300w, https:\/\/fundacionrecover.org\/wp-content\/uploads\/2026\/04\/Flor-de-primavera.-60-x-60-x-8-cm.-Cedro-Canadiense-1024x768.jpg 1024w, https:\/\/fundacionrecover.org\/wp-content\/uploads\/2026\/04\/Flor-de-primavera.-60-x-60-x-8-cm.-Cedro-Canadiense-768x576.jpg 768w, https:\/\/fundacionrecover.org\/wp-content\/uploads\/2026\/04\/Flor-de-primavera.-60-x-60-x-8-cm.-Cedro-Canadiense-1536x1152.jpg 1536w, https:\/\/fundacionrecover.org\/wp-content\/uploads\/2026\/04\/Flor-de-primavera.-60-x-60-x-8-cm.-Cedro-Canadiense-16x12.jpg 16w\" sizes=\"(max-width: 1800px) 100vw, 1800px\" \/>\t\t\t\t\t\t\t\t<\/a>\n\t\t\t\t\t\t\t\t\t\t\t\t\t\t\t<\/div>\n\t\t\t\t<\/div>\n\t\t<div class=\"elementor-element elementor-element-1f9375a e-con-full e-flex e-con e-child\" data-id=\"1f9375a\" data-element_type=\"container\" data-e-type=\"container\">\n\t\t\t\t<div class=\"elementor-element elementor-element-ac5691d elementor-widget__width-initial elementor-widget elementor-widget-text-editor\" data-id=\"ac5691d\" data-element_type=\"widget\" data-e-type=\"widget\" data-widget_type=\"text-editor.default\">\n\t\t\t\t<div class=\"elementor-widget-container\">\n\t\t\t\t\t\t\t\t\t<p><strong>T\u00edtulo<\/strong>\u00a0 \u2018FLOR DE PRIMAVERA\u2019<\/p><p><strong>T\u00e9cnica<\/strong>\u00a0 \u00a0Cedro canadiense<\/p><p><strong>Dimensiones<\/strong>\u00a0 \u00a060 x 60 x 8 cm\u00a0<\/p><p><strong>Precio<\/strong>\u00a0 2500 EUROS + IVA<\/p>\t\t\t\t\t\t\t\t<\/div>\n\t\t\t\t<\/div>\n\t\t\t\t<\/div>\n\t\t\t\t<\/div>\n\t\t<div class=\"elementor-element elementor-element-26d6de5 e-con-full e-flex e-con e-child\" data-id=\"26d6de5\" data-element_type=\"container\" data-e-type=\"container\">\n\t\t\t\t<div class=\"elementor-element elementor-element-a643cfe elementor-widget__width-initial elementor-widget-mobile__width-initial elementor-widget elementor-widget-image\" data-id=\"a643cfe\" data-element_type=\"widget\" data-e-type=\"widget\" data-widget_type=\"image.default\">\n\t\t\t\t<div class=\"elementor-widget-container\">\n\t\t\t\t\t\t\t\t\t\t\t\t\t\t\t\t<a href=\"https:\/\/fundacionrecover.org\/wp-content\/uploads\/2026\/04\/Semilla-61-x-22-x-16-cm.-Pino.jpg\" data-elementor-open-lightbox=\"yes\" data-elementor-lightbox-title=\"Semilla 61 x 22 x 16 cm. Pino\" data-e-action-hash=\"#elementor-action%3Aaction%3Dlightbox%26settings%3DeyJpZCI6MTA5ODIsInVybCI6Imh0dHBzOlwvXC9mdW5kYWNpb25yZWNvdmVyLm9yZ1wvd3AtY29udGVudFwvdXBsb2Fkc1wvMjAyNlwvMDRcL1NlbWlsbGEtNjEteC0yMi14LTE2LWNtLi1QaW5vLmpwZyJ9\">\n\t\t\t\t\t\t\t<img loading=\"lazy\" decoding=\"async\" width=\"852\" height=\"1800\" src=\"https:\/\/fundacionrecover.org\/wp-content\/uploads\/2026\/04\/Semilla-61-x-22-x-16-cm.-Pino.jpg\" class=\"attachment-full size-full wp-image-10982\" alt=\"Semilla - SANDRA KRYSIAK\" srcset=\"https:\/\/fundacionrecover.org\/wp-content\/uploads\/2026\/04\/Semilla-61-x-22-x-16-cm.-Pino.jpg 852w, https:\/\/fundacionrecover.org\/wp-content\/uploads\/2026\/04\/Semilla-61-x-22-x-16-cm.-Pino-142x300.jpg 142w, https:\/\/fundacionrecover.org\/wp-content\/uploads\/2026\/04\/Semilla-61-x-22-x-16-cm.-Pino-485x1024.jpg 485w, https:\/\/fundacionrecover.org\/wp-content\/uploads\/2026\/04\/Semilla-61-x-22-x-16-cm.-Pino-768x1623.jpg 768w, https:\/\/fundacionrecover.org\/wp-content\/uploads\/2026\/04\/Semilla-61-x-22-x-16-cm.-Pino-727x1536.jpg 727w, https:\/\/fundacionrecover.org\/wp-content\/uploads\/2026\/04\/Semilla-61-x-22-x-16-cm.-Pino-6x12.jpg 6w\" sizes=\"(max-width: 852px) 100vw, 852px\" \/>\t\t\t\t\t\t\t\t<\/a>\n\t\t\t\t\t\t\t\t\t\t\t\t\t\t\t<\/div>\n\t\t\t\t<\/div>\n\t\t<div class=\"elementor-element elementor-element-dfcc02b e-con-full e-flex e-con e-child\" data-id=\"dfcc02b\" data-element_type=\"container\" data-e-type=\"container\">\n\t\t\t\t<div class=\"elementor-element elementor-element-7cfdc60 elementor-widget__width-initial elementor-widget elementor-widget-text-editor\" data-id=\"7cfdc60\" data-element_type=\"widget\" data-e-type=\"widget\" data-widget_type=\"text-editor.default\">\n\t\t\t\t<div class=\"elementor-widget-container\">\n\t\t\t\t\t\t\t\t\t<p><strong>T\u00edtulo<\/strong>\u00a0 \u2018SEMILLA\u2019<\/p><p><strong>T\u00e9cnica<\/strong>\u00a0 \u00a0Pino<\/p><p><strong>Dimensiones<\/strong>\u00a0 \u00a061 x 22 x 16 cm\u00a0<\/p><p><strong>Precio<\/strong>\u00a0 2500 EUROS + IVA<\/p>\t\t\t\t\t\t\t\t<\/div>\n\t\t\t\t<\/div>\n\t\t\t\t<\/div>\n\t\t\t\t<\/div>\n\t\t<div class=\"elementor-element elementor-element-4ab885d e-con-full e-flex e-con e-child\" data-id=\"4ab885d\" data-element_type=\"container\" data-e-type=\"container\">\n\t\t\t\t<div class=\"elementor-element elementor-element-8395d56 elementor-widget__width-inherit elementor-widget elementor-widget-image\" data-id=\"8395d56\" data-element_type=\"widget\" data-e-type=\"widget\" data-widget_type=\"image.default\">\n\t\t\t\t<div class=\"elementor-widget-container\">\n\t\t\t\t\t\t\t\t\t\t\t\t\t\t\t\t<a href=\"https:\/\/fundacionrecover.org\/wp-content\/uploads\/2026\/04\/Viento-y-libertad.-Talla-en-madera-de-cedro-tropical.-57-x-35-x-4-cm.jpg\" data-elementor-open-lightbox=\"yes\" data-elementor-lightbox-title=\"Viento y libertad. Talla en madera de cedro tropical. 57 x 35 x 4 cm.\" data-e-action-hash=\"#elementor-action%3Aaction%3Dlightbox%26settings%3DeyJpZCI6MTA5ODEsInVybCI6Imh0dHBzOlwvXC9mdW5kYWNpb25yZWNvdmVyLm9yZ1wvd3AtY29udGVudFwvdXBsb2Fkc1wvMjAyNlwvMDRcL1ZpZW50by15LWxpYmVydGFkLi1UYWxsYS1lbi1tYWRlcmEtZGUtY2Vkcm8tdHJvcGljYWwuLTU3LXgtMzUteC00LWNtLmpwZyJ9\">\n\t\t\t\t\t\t\t<img loading=\"lazy\" decoding=\"async\" width=\"1013\" height=\"1800\" src=\"https:\/\/fundacionrecover.org\/wp-content\/uploads\/2026\/04\/Viento-y-libertad.-Talla-en-madera-de-cedro-tropical.-57-x-35-x-4-cm.jpg\" class=\"attachment-full size-full wp-image-10981\" alt=\"Viento y libertad - SANDRA KRYSIAK\" srcset=\"https:\/\/fundacionrecover.org\/wp-content\/uploads\/2026\/04\/Viento-y-libertad.-Talla-en-madera-de-cedro-tropical.-57-x-35-x-4-cm.jpg 1013w, https:\/\/fundacionrecover.org\/wp-content\/uploads\/2026\/04\/Viento-y-libertad.-Talla-en-madera-de-cedro-tropical.-57-x-35-x-4-cm-169x300.jpg 169w, https:\/\/fundacionrecover.org\/wp-content\/uploads\/2026\/04\/Viento-y-libertad.-Talla-en-madera-de-cedro-tropical.-57-x-35-x-4-cm-576x1024.jpg 576w, https:\/\/fundacionrecover.org\/wp-content\/uploads\/2026\/04\/Viento-y-libertad.-Talla-en-madera-de-cedro-tropical.-57-x-35-x-4-cm-768x1365.jpg 768w, https:\/\/fundacionrecover.org\/wp-content\/uploads\/2026\/04\/Viento-y-libertad.-Talla-en-madera-de-cedro-tropical.-57-x-35-x-4-cm-864x1536.jpg 864w, https:\/\/fundacionrecover.org\/wp-content\/uploads\/2026\/04\/Viento-y-libertad.-Talla-en-madera-de-cedro-tropical.-57-x-35-x-4-cm-7x12.jpg 7w\" sizes=\"(max-width: 1013px) 100vw, 1013px\" \/>\t\t\t\t\t\t\t\t<\/a>\n\t\t\t\t\t\t\t\t\t\t\t\t\t\t\t<\/div>\n\t\t\t\t<\/div>\n\t\t<div class=\"elementor-element elementor-element-f00a107 e-con-full e-flex e-con e-child\" data-id=\"f00a107\" data-element_type=\"container\" data-e-type=\"container\">\n\t\t\t\t<div class=\"elementor-element elementor-element-bcad2d9 elementor-widget__width-initial elementor-widget elementor-widget-text-editor\" data-id=\"bcad2d9\" data-element_type=\"widget\" data-e-type=\"widget\" data-widget_type=\"text-editor.default\">\n\t\t\t\t<div class=\"elementor-widget-container\">\n\t\t\t\t\t\t\t\t\t<p><strong>T\u00edtulo<\/strong>\u00a0 \u2018VIENTO Y LIBERTAD\u2019<\/p><p><strong>T\u00e9cnica<\/strong>\u00a0 \u00a0Talla en madera de cedro tropical<\/p><p><strong>Dimensiones<\/strong>\u00a0 \u00a057 x 35 x 4 cm\u00a0<\/p><p><strong>Precio<\/strong>\u00a0 2500 EUROS + IVA<\/p>\t\t\t\t\t\t\t\t<\/div>\n\t\t\t\t<\/div>\n\t\t\t\t<\/div>\n\t\t\t\t<\/div>\n\t\t\t\t<\/div>\n\t\t<div class=\"elementor-element elementor-element-ccc8cec e-con-full e-flex e-con e-child\" data-id=\"ccc8cec\" data-element_type=\"container\" data-e-type=\"container\">\n\t\t\t\t<div class=\"elementor-element elementor-element-0199b55 elementor-widget-divider--view-line elementor-widget elementor-widget-divider\" data-id=\"0199b55\" data-element_type=\"widget\" data-e-type=\"widget\" data-widget_type=\"divider.default\">\n\t\t\t\t<div class=\"elementor-widget-container\">\n\t\t\t\t\t\t\t<div class=\"elementor-divider\">\n\t\t\t<span class=\"elementor-divider-separator\">\n\t\t\t\t\t\t<\/span>\n\t\t<\/div>\n\t\t\t\t\t\t<\/div>\n\t\t\t\t<\/div>\n\t\t<div class=\"elementor-element elementor-element-727369c e-con-full e-flex e-con e-child\" data-id=\"727369c\" data-element_type=\"container\" data-e-type=\"container\">\n\t\t<div class=\"elementor-element elementor-element-4bb4a53 e-con-full e-flex e-con e-child\" data-id=\"4bb4a53\" data-element_type=\"container\" data-e-type=\"container\">\n\t\t\t\t<div class=\"elementor-element elementor-element-d505883 elementor-widget__width-initial elementor-widget-mobile__width-initial elementor-widget elementor-widget-text-editor\" data-id=\"d505883\" data-element_type=\"widget\" data-e-type=\"widget\" data-widget_type=\"text-editor.default\">\n\t\t\t\t<div class=\"elementor-widget-container\">\n\t\t\t\t\t\t\t\t\t<p>Argentina<\/p><p>Sandra Krysiak es escultora especializada en talla en madera, con una trayectoria de m\u00e1s de tres d\u00e9cadas explorando el lenguaje de la forma org\u00e1nica. Su obra se sit\u00faa en la intersecci\u00f3n entre naturaleza y emoci\u00f3n, donde la materia se convierte en un canal para expresar lo esencial: lo invisible, lo psicol\u00f3gico, lo profundamente humano.<\/p><p>A trav\u00e9s de vol\u00famenes sutiles y l\u00edneas fluidas, sus esculturas evocan tierra, origen y transformaci\u00f3n. Prescinde deliberadamente del color, trabajando exclusivamente con la madera y acabados en ceras naturales, respetando la autenticidad del material y potenciando su capacidad expresiva. Cada pieza es una met\u00e1fora silenciosa que invita a la introspecci\u00f3n y a una conexi\u00f3n \u00edntima con el espectador.<\/p><p>Formada en Bellas Artes en Barcelona y con una s\u00f3lida base en talla tradicional, Sandra combina t\u00e9cnica, sensibilidad y una mirada contempor\u00e1nea que trasciende lo decorativo para adentrarse en lo simb\u00f3lico. Paralelamente a su producci\u00f3n art\u00edstica, desarrolla una intensa labor docente, transmitiendo no solo conocimiento t\u00e9cnico, sino una forma de entender la escultura como proceso vital y herramienta de autoconocimiento.<\/p><p>Su trabajo no busca imponer una lectura, sino abrir un espacio: un lugar donde la materia habla y quien observa se reconoce.<\/p>\t\t\t\t\t\t\t\t<\/div>\n\t\t\t\t<\/div>\n\t\t\t\t<\/div>\n\t\t<div class=\"elementor-element elementor-element-e68dc3d e-con-full e-flex e-con e-child\" data-id=\"e68dc3d\" data-element_type=\"container\" data-e-type=\"container\">\n\t\t\t\t<div class=\"elementor-element elementor-element-6ea82d1 elementor-widget elementor-widget-image\" data-id=\"6ea82d1\" data-element_type=\"widget\" data-e-type=\"widget\" data-widget_type=\"image.default\">\n\t\t\t\t<div class=\"elementor-widget-container\">\n\t\t\t\t\t\t\t\t\t\t\t\t\t\t\t<img loading=\"lazy\" decoding=\"async\" width=\"800\" height=\"737\" src=\"https:\/\/fundacionrecover.org\/wp-content\/uploads\/2026\/04\/Sandra-Krysiak-En-el-taller-3-1024x943.webp\" class=\"attachment-large size-large wp-image-11007\" alt=\"\" srcset=\"https:\/\/fundacionrecover.org\/wp-content\/uploads\/2026\/04\/Sandra-Krysiak-En-el-taller-3-1024x943.webp 1024w, https:\/\/fundacionrecover.org\/wp-content\/uploads\/2026\/04\/Sandra-Krysiak-En-el-taller-3-300x276.webp 300w, https:\/\/fundacionrecover.org\/wp-content\/uploads\/2026\/04\/Sandra-Krysiak-En-el-taller-3-768x707.webp 768w, https:\/\/fundacionrecover.org\/wp-content\/uploads\/2026\/04\/Sandra-Krysiak-En-el-taller-3-13x12.webp 13w, https:\/\/fundacionrecover.org\/wp-content\/uploads\/2026\/04\/Sandra-Krysiak-En-el-taller-3.webp 1172w\" sizes=\"(max-width: 800px) 100vw, 800px\" \/>\t\t\t\t\t\t\t\t\t\t\t\t\t\t\t<\/div>\n\t\t\t\t<\/div>\n\t\t\t\t<\/div>\n\t\t\t\t<\/div>\n\t\t\t\t<div class=\"elementor-element elementor-element-e3cae07 elementor-widget elementor-widget-global elementor-global-8878 elementor-widget-button\" data-id=\"e3cae07\" data-element_type=\"widget\" data-e-type=\"widget\" data-widget_type=\"button.default\">\n\t\t\t\t<div class=\"elementor-widget-container\">\n\t\t\t\t\t\t\t\t\t<div class=\"elementor-button-wrapper\">\n\t\t\t\t\t<a class=\"elementor-button elementor-button-link elementor-size-sm\" href=\"#listado_artistas\">\n\t\t\t\t\t\t<span class=\"elementor-button-content-wrapper\">\n\t\t\t\t\t\t<span class=\"elementor-button-icon\">\n\t\t\t\t<svg aria-hidden=\"true\" class=\"e-font-icon-svg e-fas-long-arrow-alt-up\" viewBox=\"0 0 256 512\" xmlns=\"http:\/\/www.w3.org\/2000\/svg\"><path d=\"M88 166.059V468c0 6.627 5.373 12 12 12h56c6.627 0 12-5.373 12-12V166.059h46.059c21.382 0 32.09-25.851 16.971-40.971l-86.059-86.059c-9.373-9.373-24.569-9.373-33.941 0l-86.059 86.059c-15.119 15.119-4.411 40.971 16.971 40.971H88z\"><\/path><\/svg>\t\t\t<\/span>\n\t\t\t\t\t\t\t\t\t<span class=\"elementor-button-text\">Volver al listado de artistas<\/span>\n\t\t\t\t\t<\/span>\n\t\t\t\t\t<\/a>\n\t\t\t\t<\/div>\n\t\t\t\t\t\t\t\t<\/div>\n\t\t\t\t<\/div>\n\t\t\t\t<\/div>\n\t\t\t\t<\/div>\n\t\t<div id=\"e-n-tab-content-251629357\" role=\"tabpanel\" aria-labelledby=\"e-n-tab-title-251629357\" data-tab-index=\"7\" style=\"--n-tabs-title-order: 7;\" class=\" elementor-element elementor-element-05158d3 e-con-full e-flex e-con e-child\" data-id=\"05158d3\" data-element_type=\"container\" data-e-type=\"container\">\n\t\t<div class=\"elementor-element elementor-element-3def968 e-flex e-con-boxed e-con e-child\" data-id=\"3def968\" data-element_type=\"container\" data-e-type=\"container\">\n\t\t\t\t\t<div class=\"e-con-inner\">\n\t\t\t\t<div class=\"elementor-element elementor-element-552fe2d elementor-widget__width-initial elementor-widget elementor-widget-heading\" data-id=\"552fe2d\" data-element_type=\"widget\" data-e-type=\"widget\" data-widget_type=\"heading.default\">\n\t\t\t\t<div class=\"elementor-widget-container\">\n\t\t\t\t\t<h2 class=\"elementor-heading-title elementor-size-default\">Laura Lis<\/h2>\t\t\t\t<\/div>\n\t\t\t\t<\/div>\n\t\t\t\t<div class=\"elementor-element elementor-element-0567b4d elementor-widget-divider--view-line elementor-widget elementor-widget-divider\" data-id=\"0567b4d\" data-element_type=\"widget\" data-e-type=\"widget\" data-widget_type=\"divider.default\">\n\t\t\t\t<div class=\"elementor-widget-container\">\n\t\t\t\t\t\t\t<div class=\"elementor-divider\">\n\t\t\t<span class=\"elementor-divider-separator\">\n\t\t\t\t\t\t<\/span>\n\t\t<\/div>\n\t\t\t\t\t\t<\/div>\n\t\t\t\t<\/div>\n\t\t\t\t\t<\/div>\n\t\t\t\t<\/div>\n\t\t<div class=\"elementor-element elementor-element-f789409 e-con-full e-flex e-con e-child\" data-id=\"f789409\" data-element_type=\"container\" data-e-type=\"container\">\n\t\t<div class=\"elementor-element elementor-element-316f05d e-con-full e-flex e-con e-child\" data-id=\"316f05d\" data-element_type=\"container\" data-e-type=\"container\">\n\t\t\t\t<div class=\"elementor-element elementor-element-751cab8 elementor-widget__width-inherit elementor-widget elementor-widget-image\" data-id=\"751cab8\" data-element_type=\"widget\" data-e-type=\"widget\" data-widget_type=\"image.default\">\n\t\t\t\t<div class=\"elementor-widget-container\">\n\t\t\t\t\t\t\t\t\t\t\t\t\t\t\t\t<a href=\"https:\/\/fundacionrecover.org\/wp-content\/uploads\/2026\/04\/Corazon-ceramica.jpg\" data-elementor-open-lightbox=\"yes\" data-elementor-lightbox-title=\"Coraz\u00f3n en cer\u00e1mica\" data-e-action-hash=\"#elementor-action%3Aaction%3Dlightbox%26settings%3DeyJpZCI6MTA5MTksInVybCI6Imh0dHBzOlwvXC9mdW5kYWNpb25yZWNvdmVyLm9yZ1wvd3AtY29udGVudFwvdXBsb2Fkc1wvMjAyNlwvMDRcL0NvcmF6b24tY2VyYW1pY2EuanBnIn0%3D\">\n\t\t\t\t\t\t\t<img loading=\"lazy\" decoding=\"async\" width=\"800\" height=\"534\" src=\"https:\/\/fundacionrecover.org\/wp-content\/uploads\/2026\/04\/Corazon-ceramica-1024x683.jpg\" class=\"attachment-large size-large wp-image-10919\" alt=\"Coraz\u00f3n cer\u00e1mica\" srcset=\"https:\/\/fundacionrecover.org\/wp-content\/uploads\/2026\/04\/Corazon-ceramica-1024x683.jpg 1024w, https:\/\/fundacionrecover.org\/wp-content\/uploads\/2026\/04\/Corazon-ceramica-300x200.jpg 300w, https:\/\/fundacionrecover.org\/wp-content\/uploads\/2026\/04\/Corazon-ceramica-768x512.jpg 768w, https:\/\/fundacionrecover.org\/wp-content\/uploads\/2026\/04\/Corazon-ceramica-1536x1024.jpg 1536w, https:\/\/fundacionrecover.org\/wp-content\/uploads\/2026\/04\/Corazon-ceramica-18x12.jpg 18w, https:\/\/fundacionrecover.org\/wp-content\/uploads\/2026\/04\/Corazon-ceramica.jpg 1800w\" sizes=\"(max-width: 800px) 100vw, 800px\" \/>\t\t\t\t\t\t\t\t<\/a>\n\t\t\t\t\t\t\t\t\t\t\t\t\t\t\t<\/div>\n\t\t\t\t<\/div>\n\t\t<div class=\"elementor-element elementor-element-438851f e-con-full e-flex e-con e-child\" data-id=\"438851f\" data-element_type=\"container\" data-e-type=\"container\">\n\t\t\t\t<div class=\"elementor-element elementor-element-d8e635d elementor-widget__width-initial elementor-widget elementor-widget-text-editor\" data-id=\"d8e635d\" data-element_type=\"widget\" data-e-type=\"widget\" data-widget_type=\"text-editor.default\">\n\t\t\t\t<div class=\"elementor-widget-container\">\n\t\t\t\t\t\t\t\t\t<p><strong>T\u00edtulo<\/strong> Coraz\u00f3n cer\u00e1mica<\/p><p><strong>A\u00f1o<\/strong>\u00a0 \u00a02023<\/p><p><strong>T\u00e9cnica<\/strong>\u00a0 \u00a0Cer\u00e1mica<\/p><p><strong>Dimensiones<\/strong>\u00a0 \u00a022 x 38 x 20 cm<\/p><p><strong>Precio<\/strong>\u00a0 800 EUROS + IVA\u00a0<\/p>\t\t\t\t\t\t\t\t<\/div>\n\t\t\t\t<\/div>\n\t\t\t\t<\/div>\n\t\t\t\t<\/div>\n\t\t<div class=\"elementor-element elementor-element-9a0981e e-con-full e-flex e-con e-child\" data-id=\"9a0981e\" data-element_type=\"container\" data-e-type=\"container\">\n\t\t\t\t<div class=\"elementor-element elementor-element-905865e elementor-widget__width-inherit elementor-widget elementor-widget-image\" data-id=\"905865e\" data-element_type=\"widget\" data-e-type=\"widget\" data-widget_type=\"image.default\">\n\t\t\t\t<div class=\"elementor-widget-container\">\n\t\t\t\t\t\t\t\t\t\t\t\t\t\t\t\t<a href=\"https:\/\/fundacionrecover.org\/wp-content\/uploads\/2026\/04\/Ovario-en-barro-cocido.jpg\" data-elementor-open-lightbox=\"yes\" data-elementor-lightbox-title=\"Ovario en barro cocido\" data-e-action-hash=\"#elementor-action%3Aaction%3Dlightbox%26settings%3DeyJpZCI6MTA5MjMsInVybCI6Imh0dHBzOlwvXC9mdW5kYWNpb25yZWNvdmVyLm9yZ1wvd3AtY29udGVudFwvdXBsb2Fkc1wvMjAyNlwvMDRcL092YXJpby1lbi1iYXJyby1jb2NpZG8uanBnIn0%3D\">\n\t\t\t\t\t\t\t<img loading=\"lazy\" decoding=\"async\" width=\"800\" height=\"534\" src=\"https:\/\/fundacionrecover.org\/wp-content\/uploads\/2026\/04\/Ovario-en-barro-cocido-1024x683.jpg\" class=\"attachment-large size-large wp-image-10923\" alt=\"Ovario en barro cocido\" srcset=\"https:\/\/fundacionrecover.org\/wp-content\/uploads\/2026\/04\/Ovario-en-barro-cocido-1024x683.jpg 1024w, https:\/\/fundacionrecover.org\/wp-content\/uploads\/2026\/04\/Ovario-en-barro-cocido-300x200.jpg 300w, https:\/\/fundacionrecover.org\/wp-content\/uploads\/2026\/04\/Ovario-en-barro-cocido-768x512.jpg 768w, https:\/\/fundacionrecover.org\/wp-content\/uploads\/2026\/04\/Ovario-en-barro-cocido-1536x1024.jpg 1536w, https:\/\/fundacionrecover.org\/wp-content\/uploads\/2026\/04\/Ovario-en-barro-cocido-18x12.jpg 18w, https:\/\/fundacionrecover.org\/wp-content\/uploads\/2026\/04\/Ovario-en-barro-cocido.jpg 1800w\" sizes=\"(max-width: 800px) 100vw, 800px\" \/>\t\t\t\t\t\t\t\t<\/a>\n\t\t\t\t\t\t\t\t\t\t\t\t\t\t\t<\/div>\n\t\t\t\t<\/div>\n\t\t<div class=\"elementor-element elementor-element-9baf2b7 e-con-full e-flex e-con e-child\" data-id=\"9baf2b7\" data-element_type=\"container\" data-e-type=\"container\">\n\t\t\t\t<div class=\"elementor-element elementor-element-399d84a elementor-widget__width-initial elementor-widget elementor-widget-text-editor\" data-id=\"399d84a\" data-element_type=\"widget\" data-e-type=\"widget\" data-widget_type=\"text-editor.default\">\n\t\t\t\t<div class=\"elementor-widget-container\">\n\t\t\t\t\t\t\t\t\t<p><strong>T\u00edtulo<\/strong> Ovario cer\u00e1mica<\/p><p><strong>A\u00f1o<\/strong>\u00a0 \u00a02023<\/p><p><strong>T\u00e9cnica<\/strong>\u00a0 \u00a0Barro cocido<\/p><p><strong>Dimensiones<\/strong>\u00a0 \u00a022 x 38 x 20 cm<\/p><p><strong>Precio<\/strong>\u00a0 500 EUROS + IVA<\/p>\t\t\t\t\t\t\t\t<\/div>\n\t\t\t\t<\/div>\n\t\t\t\t<\/div>\n\t\t\t\t<\/div>\n\t\t<div class=\"elementor-element elementor-element-e0cd648 e-con-full e-flex e-con e-child\" data-id=\"e0cd648\" data-element_type=\"container\" data-e-type=\"container\">\n\t\t\t\t<div class=\"elementor-element elementor-element-d107bc3 elementor-widget__width-inherit elementor-widget elementor-widget-image\" data-id=\"d107bc3\" data-element_type=\"widget\" data-e-type=\"widget\" data-widget_type=\"image.default\">\n\t\t\t\t<div class=\"elementor-widget-container\">\n\t\t\t\t\t\t\t\t\t\t\t\t\t\t\t\t<a href=\"https:\/\/fundacionrecover.org\/wp-content\/uploads\/2026\/04\/Cerebro-en-barro-cocido.jpg\" data-elementor-open-lightbox=\"yes\" data-elementor-lightbox-title=\"Cerebro en barro cocido\" data-e-action-hash=\"#elementor-action%3Aaction%3Dlightbox%26settings%3DeyJpZCI6MTA5MjIsInVybCI6Imh0dHBzOlwvXC9mdW5kYWNpb25yZWNvdmVyLm9yZ1wvd3AtY29udGVudFwvdXBsb2Fkc1wvMjAyNlwvMDRcL0NlcmVicm8tZW4tYmFycm8tY29jaWRvLmpwZyJ9\">\n\t\t\t\t\t\t\t<img loading=\"lazy\" decoding=\"async\" width=\"1800\" height=\"1200\" src=\"https:\/\/fundacionrecover.org\/wp-content\/uploads\/2026\/04\/Cerebro-en-barro-cocido.jpg\" class=\"attachment-full size-full wp-image-10922\" alt=\"Cerebro en barro cocido\" srcset=\"https:\/\/fundacionrecover.org\/wp-content\/uploads\/2026\/04\/Cerebro-en-barro-cocido.jpg 1800w, https:\/\/fundacionrecover.org\/wp-content\/uploads\/2026\/04\/Cerebro-en-barro-cocido-300x200.jpg 300w, https:\/\/fundacionrecover.org\/wp-content\/uploads\/2026\/04\/Cerebro-en-barro-cocido-1024x683.jpg 1024w, https:\/\/fundacionrecover.org\/wp-content\/uploads\/2026\/04\/Cerebro-en-barro-cocido-768x512.jpg 768w, https:\/\/fundacionrecover.org\/wp-content\/uploads\/2026\/04\/Cerebro-en-barro-cocido-1536x1024.jpg 1536w, https:\/\/fundacionrecover.org\/wp-content\/uploads\/2026\/04\/Cerebro-en-barro-cocido-18x12.jpg 18w\" sizes=\"(max-width: 1800px) 100vw, 1800px\" \/>\t\t\t\t\t\t\t\t<\/a>\n\t\t\t\t\t\t\t\t\t\t\t\t\t\t\t<\/div>\n\t\t\t\t<\/div>\n\t\t<div class=\"elementor-element elementor-element-b8bce72 e-con-full e-flex e-con e-child\" data-id=\"b8bce72\" data-element_type=\"container\" data-e-type=\"container\">\n\t\t\t\t<div class=\"elementor-element elementor-element-bdfd8d7 elementor-widget__width-initial elementor-widget elementor-widget-text-editor\" data-id=\"bdfd8d7\" data-element_type=\"widget\" data-e-type=\"widget\" data-widget_type=\"text-editor.default\">\n\t\t\t\t<div class=\"elementor-widget-container\">\n\t\t\t\t\t\t\t\t\t<p><strong>T\u00edtulo<\/strong> Cerebro cer\u00e1mica<\/p><p><strong>A\u00f1o<\/strong>\u00a0 \u00a02023<\/p><p><strong>T\u00e9cnica<\/strong>\u00a0 \u00a0Barro cocido<\/p><p><strong>Dimensiones<\/strong>\u00a0 \u00a022 x 38 x 20 cm<\/p><p><strong>Precio<\/strong>\u00a0 600 EUROS + IVA\u00a0<\/p>\t\t\t\t\t\t\t\t<\/div>\n\t\t\t\t<\/div>\n\t\t\t\t<\/div>\n\t\t\t\t<\/div>\n\t\t<div class=\"elementor-element elementor-element-6305ef3 e-con-full e-flex e-con e-child\" data-id=\"6305ef3\" data-element_type=\"container\" data-e-type=\"container\">\n\t\t\t\t<div class=\"elementor-element elementor-element-d3f2299 elementor-widget__width-initial elementor-widget-mobile__width-initial elementor-widget elementor-widget-image\" data-id=\"d3f2299\" data-element_type=\"widget\" data-e-type=\"widget\" data-widget_type=\"image.default\">\n\t\t\t\t<div class=\"elementor-widget-container\">\n\t\t\t\t\t\t\t\t\t\t\t\t\t\t\t\t<a href=\"https:\/\/fundacionrecover.org\/wp-content\/uploads\/2026\/04\/Testiculos-en-barro-cocido-scaled.jpg\" data-elementor-open-lightbox=\"yes\" data-elementor-lightbox-title=\"Test\u00edculos en barro cocido\" data-e-action-hash=\"#elementor-action%3Aaction%3Dlightbox%26settings%3DeyJpZCI6MTA5MjAsInVybCI6Imh0dHBzOlwvXC9mdW5kYWNpb25yZWNvdmVyLm9yZ1wvd3AtY29udGVudFwvdXBsb2Fkc1wvMjAyNlwvMDRcL1Rlc3RpY3Vsb3MtZW4tYmFycm8tY29jaWRvLXNjYWxlZC5qcGcifQ%3D%3D\">\n\t\t\t\t\t\t\t<img loading=\"lazy\" decoding=\"async\" width=\"1707\" height=\"2560\" src=\"https:\/\/fundacionrecover.org\/wp-content\/uploads\/2026\/04\/Testiculos-en-barro-cocido-scaled.jpg\" class=\"attachment-full size-full wp-image-10920\" alt=\"Test\u00edculos en barro cocido\" srcset=\"https:\/\/fundacionrecover.org\/wp-content\/uploads\/2026\/04\/Testiculos-en-barro-cocido-scaled.jpg 1707w, https:\/\/fundacionrecover.org\/wp-content\/uploads\/2026\/04\/Testiculos-en-barro-cocido-200x300.jpg 200w, https:\/\/fundacionrecover.org\/wp-content\/uploads\/2026\/04\/Testiculos-en-barro-cocido-683x1024.jpg 683w, https:\/\/fundacionrecover.org\/wp-content\/uploads\/2026\/04\/Testiculos-en-barro-cocido-768x1152.jpg 768w, https:\/\/fundacionrecover.org\/wp-content\/uploads\/2026\/04\/Testiculos-en-barro-cocido-1024x1536.jpg 1024w, https:\/\/fundacionrecover.org\/wp-content\/uploads\/2026\/04\/Testiculos-en-barro-cocido-1365x2048.jpg 1365w, https:\/\/fundacionrecover.org\/wp-content\/uploads\/2026\/04\/Testiculos-en-barro-cocido-8x12.jpg 8w\" sizes=\"(max-width: 1707px) 100vw, 1707px\" \/>\t\t\t\t\t\t\t\t<\/a>\n\t\t\t\t\t\t\t\t\t\t\t\t\t\t\t<\/div>\n\t\t\t\t<\/div>\n\t\t<div class=\"elementor-element elementor-element-54e597c e-con-full e-flex e-con e-child\" data-id=\"54e597c\" data-element_type=\"container\" data-e-type=\"container\">\n\t\t\t\t<div class=\"elementor-element elementor-element-2c227c5 elementor-widget__width-initial elementor-widget elementor-widget-text-editor\" data-id=\"2c227c5\" data-element_type=\"widget\" data-e-type=\"widget\" data-widget_type=\"text-editor.default\">\n\t\t\t\t<div class=\"elementor-widget-container\">\n\t\t\t\t\t\t\t\t\t<p><strong>T\u00edtulo<\/strong> Test\u00edculos cer\u00e1mica<\/p><p><strong>A\u00f1o<\/strong>\u00a0 \u00a02023<\/p><p><strong>T\u00e9cnica<\/strong>\u00a0 \u00a0Barro cocido<\/p><p><strong>Dimensiones<\/strong>\u00a0 \u00a022 x 38 x 20 cm\u00a0<\/p><p><strong>Precio<\/strong>\u00a0 600 EUROS + IVA\u00a0<\/p>\t\t\t\t\t\t\t\t<\/div>\n\t\t\t\t<\/div>\n\t\t\t\t<\/div>\n\t\t\t\t<\/div>\n\t\t\t\t<\/div>\n\t\t<div class=\"elementor-element elementor-element-4385102 e-con-full e-flex e-con e-child\" data-id=\"4385102\" data-element_type=\"container\" data-e-type=\"container\">\n\t\t\t\t<div class=\"elementor-element elementor-element-fb55c4b elementor-widget-divider--view-line elementor-widget elementor-widget-divider\" data-id=\"fb55c4b\" data-element_type=\"widget\" data-e-type=\"widget\" data-widget_type=\"divider.default\">\n\t\t\t\t<div class=\"elementor-widget-container\">\n\t\t\t\t\t\t\t<div class=\"elementor-divider\">\n\t\t\t<span class=\"elementor-divider-separator\">\n\t\t\t\t\t\t<\/span>\n\t\t<\/div>\n\t\t\t\t\t\t<\/div>\n\t\t\t\t<\/div>\n\t\t<div class=\"elementor-element elementor-element-5bbefd9 e-con-full e-flex e-con e-child\" data-id=\"5bbefd9\" data-element_type=\"container\" data-e-type=\"container\">\n\t\t<div class=\"elementor-element elementor-element-d5f11ba e-con-full e-flex e-con e-child\" data-id=\"d5f11ba\" data-element_type=\"container\" data-e-type=\"container\">\n\t\t\t\t<div class=\"elementor-element elementor-element-11040b5 elementor-widget__width-initial elementor-widget elementor-widget-text-editor\" data-id=\"11040b5\" data-element_type=\"widget\" data-e-type=\"widget\" data-widget_type=\"text-editor.default\">\n\t\t\t\t<div class=\"elementor-widget-container\">\n\t\t\t\t\t\t\t\t\t<p>La Habana, 1983<\/p><p>Artista visual. Su trabajo expande nociones relacionadas con el g\u00e9nero, las pol\u00edticas colectivas y las tecnolog\u00edas de poder en las sociedades contempor\u00e1neas.<\/p><p>Actualmente reside y trabaja en Madrid (Espa\u00f1a), donde investiga posibilidades (m\u00e1s que) simb\u00f3licas dentro de espacios que transitan entre lo privado y lo p\u00fablico, entre las micropol\u00edticas y las pol\u00edticas sociales.<\/p><p>Su pr\u00e1ctica como artista visual investiga nuevas agencias de presentaci\u00f3n pict\u00f3ricas, escult\u00f3ricas, videogr\u00e1ficas y performativas.<\/p><p>Ha sido residente de El Espacio 23, en Miami. Sus obras se encuentran en importantes colecciones privadas de Europa, Am\u00e9rica Latina y Estados Unidos.<\/p>\t\t\t\t\t\t\t\t<\/div>\n\t\t\t\t<\/div>\n\t\t\t\t<\/div>\n\t\t<div class=\"elementor-element elementor-element-bfe84f4 e-con-full e-flex e-con e-child\" data-id=\"bfe84f4\" data-element_type=\"container\" data-e-type=\"container\">\n\t\t\t\t<div class=\"elementor-element elementor-element-e36fac2 elementor-widget__width-initial elementor-widget elementor-widget-image\" data-id=\"e36fac2\" data-element_type=\"widget\" data-e-type=\"widget\" data-widget_type=\"image.default\">\n\t\t\t\t<div class=\"elementor-widget-container\">\n\t\t\t\t\t\t\t\t\t\t\t\t\t\t\t<img loading=\"lazy\" decoding=\"async\" width=\"600\" height=\"618\" src=\"https:\/\/fundacionrecover.org\/wp-content\/uploads\/2026\/04\/LauraLis-1.jpg\" class=\"attachment-large size-large wp-image-10917\" alt=\"\" srcset=\"https:\/\/fundacionrecover.org\/wp-content\/uploads\/2026\/04\/LauraLis-1.jpg 600w, https:\/\/fundacionrecover.org\/wp-content\/uploads\/2026\/04\/LauraLis-1-291x300.jpg 291w, https:\/\/fundacionrecover.org\/wp-content\/uploads\/2026\/04\/LauraLis-1-12x12.jpg 12w\" sizes=\"(max-width: 600px) 100vw, 600px\" \/>\t\t\t\t\t\t\t\t\t\t\t\t\t\t\t<\/div>\n\t\t\t\t<\/div>\n\t\t\t\t<\/div>\n\t\t\t\t<\/div>\n\t\t\t\t<div class=\"elementor-element elementor-element-f8e6da2 elementor-widget elementor-widget-global elementor-global-8878 elementor-widget-button\" data-id=\"f8e6da2\" data-element_type=\"widget\" data-e-type=\"widget\" data-widget_type=\"button.default\">\n\t\t\t\t<div class=\"elementor-widget-container\">\n\t\t\t\t\t\t\t\t\t<div class=\"elementor-button-wrapper\">\n\t\t\t\t\t<a class=\"elementor-button elementor-button-link elementor-size-sm\" href=\"#listado_artistas\">\n\t\t\t\t\t\t<span class=\"elementor-button-content-wrapper\">\n\t\t\t\t\t\t<span class=\"elementor-button-icon\">\n\t\t\t\t<svg aria-hidden=\"true\" class=\"e-font-icon-svg e-fas-long-arrow-alt-up\" viewBox=\"0 0 256 512\" xmlns=\"http:\/\/www.w3.org\/2000\/svg\"><path d=\"M88 166.059V468c0 6.627 5.373 12 12 12h56c6.627 0 12-5.373 12-12V166.059h46.059c21.382 0 32.09-25.851 16.971-40.971l-86.059-86.059c-9.373-9.373-24.569-9.373-33.941 0l-86.059 86.059c-15.119 15.119-4.411 40.971 16.971 40.971H88z\"><\/path><\/svg>\t\t\t<\/span>\n\t\t\t\t\t\t\t\t\t<span class=\"elementor-button-text\">Volver al listado de artistas<\/span>\n\t\t\t\t\t<\/span>\n\t\t\t\t\t<\/a>\n\t\t\t\t<\/div>\n\t\t\t\t\t\t\t\t<\/div>\n\t\t\t\t<\/div>\n\t\t\t\t<\/div>\n\t\t\t\t<\/div>\n\t\t<div id=\"e-n-tab-content-251629358\" role=\"tabpanel\" aria-labelledby=\"e-n-tab-title-251629358\" data-tab-index=\"8\" style=\"--n-tabs-title-order: 8;\" class=\" elementor-element elementor-element-1926c61 e-con-full e-flex e-con e-child\" data-id=\"1926c61\" data-element_type=\"container\" data-e-type=\"container\">\n\t\t<div class=\"elementor-element elementor-element-9582833 e-flex e-con-boxed e-con e-child\" data-id=\"9582833\" data-element_type=\"container\" data-e-type=\"container\">\n\t\t\t\t\t<div class=\"e-con-inner\">\n\t\t\t\t<div class=\"elementor-element elementor-element-eb57cec elementor-widget__width-initial elementor-widget-laptop__width-initial elementor-widget elementor-widget-heading\" data-id=\"eb57cec\" data-element_type=\"widget\" data-e-type=\"widget\" data-widget_type=\"heading.default\">\n\t\t\t\t<div class=\"elementor-widget-container\">\n\t\t\t\t\t<h2 class=\"elementor-heading-title elementor-size-default\">Jose Manuel Mart\u00ednez<\/h2>\t\t\t\t<\/div>\n\t\t\t\t<\/div>\n\t\t\t\t<div class=\"elementor-element elementor-element-3a15b88 elementor-widget-divider--view-line elementor-widget elementor-widget-divider\" data-id=\"3a15b88\" data-element_type=\"widget\" data-e-type=\"widget\" data-widget_type=\"divider.default\">\n\t\t\t\t<div class=\"elementor-widget-container\">\n\t\t\t\t\t\t\t<div class=\"elementor-divider\">\n\t\t\t<span class=\"elementor-divider-separator\">\n\t\t\t\t\t\t<\/span>\n\t\t<\/div>\n\t\t\t\t\t\t<\/div>\n\t\t\t\t<\/div>\n\t\t\t\t\t<\/div>\n\t\t\t\t<\/div>\n\t\t<div class=\"elementor-element elementor-element-0645276 e-con-full e-flex e-con e-child\" data-id=\"0645276\" data-element_type=\"container\" data-e-type=\"container\">\n\t\t<div class=\"elementor-element elementor-element-6c50d18 e-con-full e-flex e-con e-child\" data-id=\"6c50d18\" data-element_type=\"container\" data-e-type=\"container\">\n\t\t\t\t<div class=\"elementor-element elementor-element-37300eb elementor-widget__width-initial elementor-widget-mobile__width-initial elementor-widget elementor-widget-image\" data-id=\"37300eb\" data-element_type=\"widget\" data-e-type=\"widget\" data-widget_type=\"image.default\">\n\t\t\t\t<div class=\"elementor-widget-container\">\n\t\t\t\t\t\t\t\t\t\t\t\t\t\t\t\t<a href=\"https:\/\/fundacionrecover.org\/wp-content\/uploads\/2026\/04\/JoseManuelMartinezPerez_CARICIA.jpg\" data-elementor-open-lightbox=\"yes\" data-elementor-lightbox-title=\"Jos\u00e9ManuelMart\u00ednezP\u00e9rez_CARICIA\" data-e-action-hash=\"#elementor-action%3Aaction%3Dlightbox%26settings%3DeyJpZCI6MTA4ODEsInVybCI6Imh0dHBzOlwvXC9mdW5kYWNpb25yZWNvdmVyLm9yZ1wvd3AtY29udGVudFwvdXBsb2Fkc1wvMjAyNlwvMDRcL0pvc2VNYW51ZWxNYXJ0aW5lelBlcmV6X0NBUklDSUEuanBnIn0%3D\">\n\t\t\t\t\t\t\t<img loading=\"lazy\" decoding=\"async\" width=\"800\" height=\"510\" src=\"https:\/\/fundacionrecover.org\/wp-content\/uploads\/2026\/04\/JoseManuelMartinezPerez_CARICIA-1024x653.jpg\" class=\"attachment-large size-large wp-image-10881\" alt=\"CARICIA - Jos\u00e9 Manuel Mart\u00ednez P\u00e9rez\" srcset=\"https:\/\/fundacionrecover.org\/wp-content\/uploads\/2026\/04\/JoseManuelMartinezPerez_CARICIA-1024x653.jpg 1024w, https:\/\/fundacionrecover.org\/wp-content\/uploads\/2026\/04\/JoseManuelMartinezPerez_CARICIA-300x191.jpg 300w, https:\/\/fundacionrecover.org\/wp-content\/uploads\/2026\/04\/JoseManuelMartinezPerez_CARICIA-768x490.jpg 768w, https:\/\/fundacionrecover.org\/wp-content\/uploads\/2026\/04\/JoseManuelMartinezPerez_CARICIA-1536x979.jpg 1536w, https:\/\/fundacionrecover.org\/wp-content\/uploads\/2026\/04\/JoseManuelMartinezPerez_CARICIA-18x12.jpg 18w, https:\/\/fundacionrecover.org\/wp-content\/uploads\/2026\/04\/JoseManuelMartinezPerez_CARICIA.jpg 2000w\" sizes=\"(max-width: 800px) 100vw, 800px\" \/>\t\t\t\t\t\t\t\t<\/a>\n\t\t\t\t\t\t\t\t\t\t\t\t\t\t\t<\/div>\n\t\t\t\t<\/div>\n\t\t<div class=\"elementor-element elementor-element-1fc4e08 e-con-full e-flex e-con e-child\" data-id=\"1fc4e08\" data-element_type=\"container\" data-e-type=\"container\">\n\t\t\t\t<div class=\"elementor-element elementor-element-72342ab elementor-widget__width-initial elementor-widget elementor-widget-text-editor\" data-id=\"72342ab\" data-element_type=\"widget\" data-e-type=\"widget\" data-widget_type=\"text-editor.default\">\n\t\t\t\t<div class=\"elementor-widget-container\">\n\t\t\t\t\t\t\t\t\t<p><strong>T\u00edtulo<\/strong> \u2018Caricia\u2019<\/p><p><strong>A\u00f1o<\/strong>\u00a0 \u00a02024<\/p><p><strong>T\u00e9cnica<\/strong>\u00a0 \u00a0Resina y fibra de vidrio<\/p><p><strong>Dimensiones<\/strong>\u00a0 \u00a060 x 20 x 21 cm<\/p><p>Obra original firmada 2\/7<\/p><p><strong>Precio<\/strong>\u00a0 3000 EUROS + IVA\u00a0<\/p>\t\t\t\t\t\t\t\t<\/div>\n\t\t\t\t<\/div>\n\t\t\t\t<\/div>\n\t\t\t\t<\/div>\n\t\t<div class=\"elementor-element elementor-element-9437ea0 e-con-full e-flex e-con e-child\" data-id=\"9437ea0\" data-element_type=\"container\" data-e-type=\"container\">\n\t\t\t\t<div class=\"elementor-element elementor-element-f7ae7a6 elementor-widget__width-initial elementor-widget-mobile__width-initial elementor-widget elementor-widget-image\" data-id=\"f7ae7a6\" data-element_type=\"widget\" data-e-type=\"widget\" data-widget_type=\"image.default\">\n\t\t\t\t<div class=\"elementor-widget-container\">\n\t\t\t\t\t\t\t\t\t\t\t\t\t\t\t\t<a href=\"https:\/\/fundacionrecover.org\/wp-content\/uploads\/2026\/04\/JoseManuelMartinezPerez_EL-QUE-CANTA-SU-MAL-ESPANTA.jpg\" data-elementor-open-lightbox=\"yes\" data-elementor-lightbox-title=\"Jos\u00e9ManuelMart\u00ednezP\u00e9rez_EL QUE CANTA SU MAL ESPANTA\" data-e-action-hash=\"#elementor-action%3Aaction%3Dlightbox%26settings%3DeyJpZCI6MTA4NzcsInVybCI6Imh0dHBzOlwvXC9mdW5kYWNpb25yZWNvdmVyLm9yZ1wvd3AtY29udGVudFwvdXBsb2Fkc1wvMjAyNlwvMDRcL0pvc2VNYW51ZWxNYXJ0aW5lelBlcmV6X0VMLVFVRS1DQU5UQS1TVS1NQUwtRVNQQU5UQS5qcGcifQ%3D%3D\">\n\t\t\t\t\t\t\t<img loading=\"lazy\" decoding=\"async\" width=\"800\" height=\"800\" src=\"https:\/\/fundacionrecover.org\/wp-content\/uploads\/2026\/04\/JoseManuelMartinezPerez_EL-QUE-CANTA-SU-MAL-ESPANTA-1024x1024.jpg\" class=\"attachment-large size-large wp-image-10877\" alt=\"EL QUE CANTA SU MAL ESPANTA -Jos\u00e9 Manuel Mart\u00ednez P\u00e9rez\" srcset=\"https:\/\/fundacionrecover.org\/wp-content\/uploads\/2026\/04\/JoseManuelMartinezPerez_EL-QUE-CANTA-SU-MAL-ESPANTA-1024x1024.jpg 1024w, https:\/\/fundacionrecover.org\/wp-content\/uploads\/2026\/04\/JoseManuelMartinezPerez_EL-QUE-CANTA-SU-MAL-ESPANTA-300x300.jpg 300w, https:\/\/fundacionrecover.org\/wp-content\/uploads\/2026\/04\/JoseManuelMartinezPerez_EL-QUE-CANTA-SU-MAL-ESPANTA-150x150.jpg 150w, https:\/\/fundacionrecover.org\/wp-content\/uploads\/2026\/04\/JoseManuelMartinezPerez_EL-QUE-CANTA-SU-MAL-ESPANTA-768x768.jpg 768w, https:\/\/fundacionrecover.org\/wp-content\/uploads\/2026\/04\/JoseManuelMartinezPerez_EL-QUE-CANTA-SU-MAL-ESPANTA-1536x1536.jpg 1536w, https:\/\/fundacionrecover.org\/wp-content\/uploads\/2026\/04\/JoseManuelMartinezPerez_EL-QUE-CANTA-SU-MAL-ESPANTA-12x12.jpg 12w, https:\/\/fundacionrecover.org\/wp-content\/uploads\/2026\/04\/JoseManuelMartinezPerez_EL-QUE-CANTA-SU-MAL-ESPANTA.jpg 1800w\" sizes=\"(max-width: 800px) 100vw, 800px\" \/>\t\t\t\t\t\t\t\t<\/a>\n\t\t\t\t\t\t\t\t\t\t\t\t\t\t\t<\/div>\n\t\t\t\t<\/div>\n\t\t<div class=\"elementor-element elementor-element-2dae7a6 e-con-full e-flex e-con e-child\" data-id=\"2dae7a6\" data-element_type=\"container\" data-e-type=\"container\">\n\t\t\t\t<div class=\"elementor-element elementor-element-f989d48 elementor-widget__width-initial elementor-widget elementor-widget-text-editor\" data-id=\"f989d48\" data-element_type=\"widget\" data-e-type=\"widget\" data-widget_type=\"text-editor.default\">\n\t\t\t\t<div class=\"elementor-widget-container\">\n\t\t\t\t\t\t\t\t\t<p><strong>T\u00edtulo<\/strong> \u2018El que canta su mal espanta\u2019<\/p><p><strong>A\u00f1o<\/strong>\u00a0 \u00a02023<\/p><p><strong>T\u00e9cnica<\/strong>\u00a0 \u00a0Resina y fibra de vidrio<\/p><p><strong>Dimensiones<\/strong>\u00a0 \u00a026 x 16 x 23 cm<\/p><p>Obra original firmada 2\/7<\/p><p><strong>Precio<\/strong>\u00a0 2300 EUROS + IVA<\/p>\t\t\t\t\t\t\t\t<\/div>\n\t\t\t\t<\/div>\n\t\t\t\t<\/div>\n\t\t\t\t<\/div>\n\t\t<div class=\"elementor-element elementor-element-d1e88d7 e-con-full e-flex e-con e-child\" data-id=\"d1e88d7\" data-element_type=\"container\" data-e-type=\"container\">\n\t\t\t\t<div class=\"elementor-element elementor-element-2408830 elementor-widget__width-initial elementor-widget-mobile__width-initial elementor-widget elementor-widget-image\" data-id=\"2408830\" data-element_type=\"widget\" data-e-type=\"widget\" data-widget_type=\"image.default\">\n\t\t\t\t<div class=\"elementor-widget-container\">\n\t\t\t\t\t\t\t\t\t\t\t\t\t\t\t\t<a href=\"https:\/\/fundacionrecover.org\/wp-content\/uploads\/2026\/04\/JoseManuelMartinezPerz_Fluidos3.jpg\" data-elementor-open-lightbox=\"yes\" data-elementor-lightbox-title=\"Jos\u00e9ManuelMart\u00ednezP\u00e9rz_Fluidos3\" data-e-action-hash=\"#elementor-action%3Aaction%3Dlightbox%26settings%3DeyJpZCI6MTA4ODAsInVybCI6Imh0dHBzOlwvXC9mdW5kYWNpb25yZWNvdmVyLm9yZ1wvd3AtY29udGVudFwvdXBsb2Fkc1wvMjAyNlwvMDRcL0pvc2VNYW51ZWxNYXJ0aW5lelBlcnpfRmx1aWRvczMuanBnIn0%3D\">\n\t\t\t\t\t\t\t<img loading=\"lazy\" decoding=\"async\" width=\"1200\" height=\"1564\" src=\"https:\/\/fundacionrecover.org\/wp-content\/uploads\/2026\/04\/JoseManuelMartinezPerz_Fluidos3.jpg\" class=\"attachment-full size-full wp-image-10880\" alt=\"FUIDOS 3 - Jos\u00e9 Manuel Mart\u00ednez P\u00e9rz\" srcset=\"https:\/\/fundacionrecover.org\/wp-content\/uploads\/2026\/04\/JoseManuelMartinezPerz_Fluidos3.jpg 1200w, https:\/\/fundacionrecover.org\/wp-content\/uploads\/2026\/04\/JoseManuelMartinezPerz_Fluidos3-230x300.jpg 230w, https:\/\/fundacionrecover.org\/wp-content\/uploads\/2026\/04\/JoseManuelMartinezPerz_Fluidos3-786x1024.jpg 786w, https:\/\/fundacionrecover.org\/wp-content\/uploads\/2026\/04\/JoseManuelMartinezPerz_Fluidos3-768x1001.jpg 768w, https:\/\/fundacionrecover.org\/wp-content\/uploads\/2026\/04\/JoseManuelMartinezPerz_Fluidos3-1179x1536.jpg 1179w, https:\/\/fundacionrecover.org\/wp-content\/uploads\/2026\/04\/JoseManuelMartinezPerz_Fluidos3-9x12.jpg 9w\" sizes=\"(max-width: 1200px) 100vw, 1200px\" \/>\t\t\t\t\t\t\t\t<\/a>\n\t\t\t\t\t\t\t\t\t\t\t\t\t\t\t<\/div>\n\t\t\t\t<\/div>\n\t\t<div class=\"elementor-element elementor-element-0a4e43f e-con-full e-flex e-con e-child\" data-id=\"0a4e43f\" data-element_type=\"container\" data-e-type=\"container\">\n\t\t\t\t<div class=\"elementor-element elementor-element-c0d533e elementor-widget__width-initial elementor-widget elementor-widget-text-editor\" data-id=\"c0d533e\" data-element_type=\"widget\" data-e-type=\"widget\" data-widget_type=\"text-editor.default\">\n\t\t\t\t<div class=\"elementor-widget-container\">\n\t\t\t\t\t\t\t\t\t<p><strong>T\u00edtulo<\/strong> \u2018Fluidos 3\u2019<\/p><p><strong>A\u00f1o<\/strong>\u00a0 \u00a02016<\/p><p><strong>T\u00e9cnica<\/strong>\u00a0 \u00a0Tinta directa sobre papel<\/p><p><strong>Dimensiones<\/strong>\u00a0 \u00a038 x 28 cm (alto x ancho)<\/p><p>Obra \u00fanica firmada<\/p><p><strong>Precio<\/strong>\u00a0 300 EUROS + IVA\u00a0<\/p>\t\t\t\t\t\t\t\t<\/div>\n\t\t\t\t<\/div>\n\t\t\t\t<\/div>\n\t\t\t\t<\/div>\n\t\t<div class=\"elementor-element elementor-element-2eedd79 e-con-full e-flex e-con e-child\" data-id=\"2eedd79\" data-element_type=\"container\" data-e-type=\"container\">\n\t\t\t\t<div class=\"elementor-element elementor-element-c1fd840 elementor-widget__width-inherit elementor-widget elementor-widget-image\" data-id=\"c1fd840\" data-element_type=\"widget\" data-e-type=\"widget\" data-widget_type=\"image.default\">\n\t\t\t\t<div class=\"elementor-widget-container\">\n\t\t\t\t\t\t\t\t\t\t\t\t\t\t\t\t<a href=\"https:\/\/fundacionrecover.org\/wp-content\/uploads\/2026\/04\/JoseManuelMartinezPerz_Fluidos-4.jpg\" data-elementor-open-lightbox=\"yes\" data-elementor-lightbox-title=\"Jos\u00e9ManuelMart\u00ednezP\u00e9rz_Fluidos 4\" data-e-action-hash=\"#elementor-action%3Aaction%3Dlightbox%26settings%3DeyJpZCI6MTA4NzksInVybCI6Imh0dHBzOlwvXC9mdW5kYWNpb25yZWNvdmVyLm9yZ1wvd3AtY29udGVudFwvdXBsb2Fkc1wvMjAyNlwvMDRcL0pvc2VNYW51ZWxNYXJ0aW5lelBlcnpfRmx1aWRvcy00LmpwZyJ9\">\n\t\t\t\t\t\t\t<img loading=\"lazy\" decoding=\"async\" width=\"595\" height=\"794\" src=\"https:\/\/fundacionrecover.org\/wp-content\/uploads\/2026\/04\/JoseManuelMartinezPerz_Fluidos-4.jpg\" class=\"attachment-full size-full wp-image-10879\" alt=\"FLUIDOS 4 - Jos\u00e9 Manuel Mart\u00ednez P\u00e9rez\" srcset=\"https:\/\/fundacionrecover.org\/wp-content\/uploads\/2026\/04\/JoseManuelMartinezPerz_Fluidos-4.jpg 595w, https:\/\/fundacionrecover.org\/wp-content\/uploads\/2026\/04\/JoseManuelMartinezPerz_Fluidos-4-225x300.jpg 225w, https:\/\/fundacionrecover.org\/wp-content\/uploads\/2026\/04\/JoseManuelMartinezPerz_Fluidos-4-9x12.jpg 9w\" sizes=\"(max-width: 595px) 100vw, 595px\" \/>\t\t\t\t\t\t\t\t<\/a>\n\t\t\t\t\t\t\t\t\t\t\t\t\t\t\t<\/div>\n\t\t\t\t<\/div>\n\t\t<div class=\"elementor-element elementor-element-95f64af e-con-full e-flex e-con e-child\" data-id=\"95f64af\" data-element_type=\"container\" data-e-type=\"container\">\n\t\t\t\t<div class=\"elementor-element elementor-element-24a8ece elementor-widget__width-initial elementor-widget elementor-widget-text-editor\" data-id=\"24a8ece\" data-element_type=\"widget\" data-e-type=\"widget\" data-widget_type=\"text-editor.default\">\n\t\t\t\t<div class=\"elementor-widget-container\">\n\t\t\t\t\t\t\t\t\t<p><strong>T\u00edtulo<\/strong> \u2018Fluidos 4\u2019<\/p><p><strong>A\u00f1o<\/strong>\u00a0 \u00a02016<\/p><p><strong>T\u00e9cnica<\/strong>\u00a0 \u00a0Tinta directa sobre papel<\/p><p><strong>Dimensiones<\/strong>\u00a0 \u00a038 x 28 cm (alto x ancho)<\/p><p>Obra \u00fanica firmada<\/p><p><strong>Precio<\/strong>\u00a0 300 EUROS + IVA\u00a0<\/p>\t\t\t\t\t\t\t\t<\/div>\n\t\t\t\t<\/div>\n\t\t\t\t<\/div>\n\t\t\t\t<\/div>\n\t\t\t\t<\/div>\n\t\t<div class=\"elementor-element elementor-element-84fb477 e-con-full e-flex e-con e-child\" data-id=\"84fb477\" data-element_type=\"container\" data-e-type=\"container\">\n\t\t\t\t<div class=\"elementor-element elementor-element-9fa94f0 elementor-widget-divider--view-line elementor-widget elementor-widget-divider\" data-id=\"9fa94f0\" data-element_type=\"widget\" data-e-type=\"widget\" data-widget_type=\"divider.default\">\n\t\t\t\t<div class=\"elementor-widget-container\">\n\t\t\t\t\t\t\t<div class=\"elementor-divider\">\n\t\t\t<span class=\"elementor-divider-separator\">\n\t\t\t\t\t\t<\/span>\n\t\t<\/div>\n\t\t\t\t\t\t<\/div>\n\t\t\t\t<\/div>\n\t\t<div class=\"elementor-element elementor-element-56bd4f4 e-con-full e-flex e-con e-child\" data-id=\"56bd4f4\" data-element_type=\"container\" data-e-type=\"container\">\n\t\t<div class=\"elementor-element elementor-element-51ae8e2 e-con-full e-flex e-con e-child\" data-id=\"51ae8e2\" data-element_type=\"container\" data-e-type=\"container\">\n\t\t\t\t<div class=\"elementor-element elementor-element-f18f65d elementor-widget__width-initial elementor-widget-mobile__width-initial elementor-widget elementor-widget-text-editor\" data-id=\"f18f65d\" data-element_type=\"widget\" data-e-type=\"widget\" data-widget_type=\"text-editor.default\">\n\t\t\t\t<div class=\"elementor-widget-container\">\n\t\t\t\t\t\t\t\t\t<p>Escultor y licenciado en BB.AA por Sevilla. Ha realizado numerosos encargos p\u00fablicos en su tierra natal entre los que destacan: el monumento a Alonso Barba (2019), el monumento al Marinero (2012), el monumento a la Lectura (2009), el monumento a la ancianidad y la Bella (2007), monumento al F\u00fatbol (2006) o el monumento al Agricultor (2002), y un busto homenaje a Jos\u00e9 Folgado Blanco(2021) en Tres Cantos (Madrid).<\/p><p>Su obra puede contemplarse en el Museo Europeo de Arte Moderno (MEAM) de Barcelona y en el Museo de Arte Contempor\u00e1neo de Sicilia (MACS) en Catania. Ha ganado el 56 premio Reina Sof\u00eda de pintura y escultura(2021) y ha recibido la medalla de escultura \u00abMiquel Blay y F\u00e1bregas\u00bb de la AEPE (Asociaci\u00f3n Espa\u00f1ola de Pintores y Escultores).<\/p><p>Tambi\u00e9n ha sido menci\u00f3n de honor en Figurativas 2019 y 2021. Ha realizado numerosas exposiciones colectivas e individuales en Espa\u00f1a, EEUU e Italia. Actualmente es profesor de anatom\u00eda y dibujo del natural en la Escuela Superior de Dibujo Profesional (ESDIP) de Madrid. En 2020 es nombrado \u00abHijo Predilecto\u00bb por el Ayuntamiento de Lepe, su pueblo.<\/p>\t\t\t\t\t\t\t\t<\/div>\n\t\t\t\t<\/div>\n\t\t\t\t<\/div>\n\t\t<div class=\"elementor-element elementor-element-6b15f80 e-con-full e-flex e-con e-child\" data-id=\"6b15f80\" data-element_type=\"container\" data-e-type=\"container\">\n\t\t\t\t<div class=\"elementor-element elementor-element-f9b63f9 elementor-widget elementor-widget-image\" data-id=\"f9b63f9\" data-element_type=\"widget\" data-e-type=\"widget\" data-widget_type=\"image.default\">\n\t\t\t\t<div class=\"elementor-widget-container\">\n\t\t\t\t\t\t\t\t\t\t\t\t\t\t\t<img loading=\"lazy\" decoding=\"async\" width=\"800\" height=\"837\" src=\"https:\/\/fundacionrecover.org\/wp-content\/uploads\/2026\/04\/Jose-Manuel-Martinez-979x1024.webp\" class=\"attachment-large size-large wp-image-11008\" alt=\"Jose Manuel Martinez\" srcset=\"https:\/\/fundacionrecover.org\/wp-content\/uploads\/2026\/04\/Jose-Manuel-Martinez-979x1024.webp 979w, https:\/\/fundacionrecover.org\/wp-content\/uploads\/2026\/04\/Jose-Manuel-Martinez-287x300.webp 287w, https:\/\/fundacionrecover.org\/wp-content\/uploads\/2026\/04\/Jose-Manuel-Martinez-768x803.webp 768w, https:\/\/fundacionrecover.org\/wp-content\/uploads\/2026\/04\/Jose-Manuel-Martinez-1469x1536.webp 1469w, https:\/\/fundacionrecover.org\/wp-content\/uploads\/2026\/04\/Jose-Manuel-Martinez-11x12.webp 11w, https:\/\/fundacionrecover.org\/wp-content\/uploads\/2026\/04\/Jose-Manuel-Martinez.webp 1836w\" sizes=\"(max-width: 800px) 100vw, 800px\" \/>\t\t\t\t\t\t\t\t\t\t\t\t\t\t\t<\/div>\n\t\t\t\t<\/div>\n\t\t\t\t<\/div>\n\t\t\t\t<\/div>\n\t\t\t\t<div class=\"elementor-element elementor-element-529afce elementor-widget elementor-widget-global elementor-global-8878 elementor-widget-button\" data-id=\"529afce\" data-element_type=\"widget\" data-e-type=\"widget\" data-widget_type=\"button.default\">\n\t\t\t\t<div class=\"elementor-widget-container\">\n\t\t\t\t\t\t\t\t\t<div class=\"elementor-button-wrapper\">\n\t\t\t\t\t<a class=\"elementor-button elementor-button-link elementor-size-sm\" href=\"#listado_artistas\">\n\t\t\t\t\t\t<span class=\"elementor-button-content-wrapper\">\n\t\t\t\t\t\t<span class=\"elementor-button-icon\">\n\t\t\t\t<svg aria-hidden=\"true\" class=\"e-font-icon-svg e-fas-long-arrow-alt-up\" viewBox=\"0 0 256 512\" xmlns=\"http:\/\/www.w3.org\/2000\/svg\"><path d=\"M88 166.059V468c0 6.627 5.373 12 12 12h56c6.627 0 12-5.373 12-12V166.059h46.059c21.382 0 32.09-25.851 16.971-40.971l-86.059-86.059c-9.373-9.373-24.569-9.373-33.941 0l-86.059 86.059c-15.119 15.119-4.411 40.971 16.971 40.971H88z\"><\/path><\/svg>\t\t\t<\/span>\n\t\t\t\t\t\t\t\t\t<span class=\"elementor-button-text\">Volver al listado de artistas<\/span>\n\t\t\t\t\t<\/span>\n\t\t\t\t\t<\/a>\n\t\t\t\t<\/div>\n\t\t\t\t\t\t\t\t<\/div>\n\t\t\t\t<\/div>\n\t\t\t\t<\/div>\n\t\t\t\t<\/div>\n\t\t<div id=\"e-n-tab-content-251629359\" role=\"tabpanel\" aria-labelledby=\"e-n-tab-title-251629359\" data-tab-index=\"9\" style=\"--n-tabs-title-order: 9;\" class=\" elementor-element elementor-element-eb2c6b3 e-con-full e-flex e-con e-child\" data-id=\"eb2c6b3\" data-element_type=\"container\" data-e-type=\"container\">\n\t\t<div class=\"elementor-element elementor-element-3ee66c4 e-flex e-con-boxed e-con e-child\" data-id=\"3ee66c4\" data-element_type=\"container\" data-e-type=\"container\">\n\t\t\t\t\t<div class=\"e-con-inner\">\n\t\t\t\t<div class=\"elementor-element elementor-element-e4b7a46 elementor-widget__width-initial elementor-widget-laptop__width-initial elementor-widget elementor-widget-heading\" data-id=\"e4b7a46\" data-element_type=\"widget\" data-e-type=\"widget\" data-widget_type=\"heading.default\">\n\t\t\t\t<div class=\"elementor-widget-container\">\n\t\t\t\t\t<h2 class=\"elementor-heading-title elementor-size-default\">Federico Echevarr\u00eda<\/h2>\t\t\t\t<\/div>\n\t\t\t\t<\/div>\n\t\t\t\t<div class=\"elementor-element elementor-element-e910a46 elementor-widget-divider--view-line elementor-widget elementor-widget-divider\" data-id=\"e910a46\" data-element_type=\"widget\" data-e-type=\"widget\" data-widget_type=\"divider.default\">\n\t\t\t\t<div class=\"elementor-widget-container\">\n\t\t\t\t\t\t\t<div class=\"elementor-divider\">\n\t\t\t<span class=\"elementor-divider-separator\">\n\t\t\t\t\t\t<\/span>\n\t\t<\/div>\n\t\t\t\t\t\t<\/div>\n\t\t\t\t<\/div>\n\t\t\t\t\t<\/div>\n\t\t\t\t<\/div>\n\t\t<div class=\"elementor-element elementor-element-dacba1a e-con-full e-flex e-con e-child\" data-id=\"dacba1a\" data-element_type=\"container\" data-e-type=\"container\">\n\t\t<div class=\"elementor-element elementor-element-43dbcae e-con-full e-flex e-con e-child\" data-id=\"43dbcae\" data-element_type=\"container\" data-e-type=\"container\">\n\t\t\t\t<div class=\"elementor-element elementor-element-c3b15ab elementor-widget__width-inherit elementor-widget elementor-widget-image\" data-id=\"c3b15ab\" data-element_type=\"widget\" data-e-type=\"widget\" data-widget_type=\"image.default\">\n\t\t\t\t<div class=\"elementor-widget-container\">\n\t\t\t\t\t\t\t\t\t\t\t\t\t\t\t\t<a href=\"https:\/\/fundacionrecover.org\/wp-content\/uploads\/2026\/04\/geometria-cromatica-III-Policarbonato.jpg\" data-elementor-open-lightbox=\"yes\" data-elementor-lightbox-title=\"Geometr\u00eda cromatica III - Policarbonato\" data-e-action-hash=\"#elementor-action%3Aaction%3Dlightbox%26settings%3DeyJpZCI6MTA5MzAsInVybCI6Imh0dHBzOlwvXC9mdW5kYWNpb25yZWNvdmVyLm9yZ1wvd3AtY29udGVudFwvdXBsb2Fkc1wvMjAyNlwvMDRcL2dlb21ldHJpYS1jcm9tYXRpY2EtSUlJLVBvbGljYXJib25hdG8uanBnIn0%3D\">\n\t\t\t\t\t\t\t<img loading=\"lazy\" decoding=\"async\" width=\"800\" height=\"740\" src=\"https:\/\/fundacionrecover.org\/wp-content\/uploads\/2026\/04\/geometria-cromatica-III-Policarbonato-1024x947.jpg\" class=\"attachment-large size-large wp-image-10930\" alt=\"Geometr\u00eda cromatica III - Federico Echeverr\u00eda\" srcset=\"https:\/\/fundacionrecover.org\/wp-content\/uploads\/2026\/04\/geometria-cromatica-III-Policarbonato-1024x947.jpg 1024w, https:\/\/fundacionrecover.org\/wp-content\/uploads\/2026\/04\/geometria-cromatica-III-Policarbonato-300x277.jpg 300w, https:\/\/fundacionrecover.org\/wp-content\/uploads\/2026\/04\/geometria-cromatica-III-Policarbonato-768x710.jpg 768w, https:\/\/fundacionrecover.org\/wp-content\/uploads\/2026\/04\/geometria-cromatica-III-Policarbonato-1536x1420.jpg 1536w, https:\/\/fundacionrecover.org\/wp-content\/uploads\/2026\/04\/geometria-cromatica-III-Policarbonato-13x12.jpg 13w, https:\/\/fundacionrecover.org\/wp-content\/uploads\/2026\/04\/geometria-cromatica-III-Policarbonato.jpg 1622w\" sizes=\"(max-width: 800px) 100vw, 800px\" \/>\t\t\t\t\t\t\t\t<\/a>\n\t\t\t\t\t\t\t\t\t\t\t\t\t\t\t<\/div>\n\t\t\t\t<\/div>\n\t\t<div class=\"elementor-element elementor-element-d3b4c4a e-con-full e-flex e-con e-child\" data-id=\"d3b4c4a\" data-element_type=\"container\" data-e-type=\"container\">\n\t\t\t\t<div class=\"elementor-element elementor-element-190e2e1 elementor-widget__width-initial elementor-widget elementor-widget-text-editor\" data-id=\"190e2e1\" data-element_type=\"widget\" data-e-type=\"widget\" data-widget_type=\"text-editor.default\">\n\t\t\t\t<div class=\"elementor-widget-container\">\n\t\t\t\t\t\t\t\t\t<p><strong>T\u00edtulo<\/strong> \u2018Geometr\u00eda crom\u00e1tica III\u2019<\/p><p><strong>A\u00f1o<\/strong>\u00a0 \u00a02025<\/p><p><strong>T\u00e9cnica<\/strong>\u00a0 \u00a0Policarbonato<\/p><p><strong>Dimensiones<\/strong>\u00a0 \u00a0110 x 105 cm\u00a0<\/p><p><strong>Precio<\/strong>\u00a0 3600 EUROS + IVA\u00a0<\/p>\t\t\t\t\t\t\t\t<\/div>\n\t\t\t\t<\/div>\n\t\t\t\t<\/div>\n\t\t\t\t<\/div>\n\t\t<div class=\"elementor-element elementor-element-24df245 e-con-full e-flex e-con e-child\" data-id=\"24df245\" data-element_type=\"container\" data-e-type=\"container\">\n\t\t\t\t<div class=\"elementor-element elementor-element-29a1776 elementor-widget__width-initial elementor-widget-mobile__width-initial elementor-widget elementor-widget-image\" data-id=\"29a1776\" data-element_type=\"widget\" data-e-type=\"widget\" data-widget_type=\"image.default\">\n\t\t\t\t<div class=\"elementor-widget-container\">\n\t\t\t\t\t\t\t\t\t\t\t\t\t\t\t\t<a href=\"https:\/\/fundacionrecover.org\/wp-content\/uploads\/2026\/04\/Volumenes-espaciales-madera.jpg\" data-elementor-open-lightbox=\"yes\" data-elementor-lightbox-title=\"Vol\u00famenes espaciales - madera\" data-e-action-hash=\"#elementor-action%3Aaction%3Dlightbox%26settings%3DeyJpZCI6MTA5MzUsInVybCI6Imh0dHBzOlwvXC9mdW5kYWNpb25yZWNvdmVyLm9yZ1wvd3AtY29udGVudFwvdXBsb2Fkc1wvMjAyNlwvMDRcL1ZvbHVtZW5lcy1lc3BhY2lhbGVzLW1hZGVyYS5qcGcifQ%3D%3D\">\n\t\t\t\t\t\t\t<img loading=\"lazy\" decoding=\"async\" width=\"1135\" height=\"1500\" src=\"https:\/\/fundacionrecover.org\/wp-content\/uploads\/2026\/04\/Volumenes-espaciales-madera.jpg\" class=\"attachment-full size-full wp-image-10935\" alt=\"Volumenes espaciales- Federico Echeverr\u00eda\" srcset=\"https:\/\/fundacionrecover.org\/wp-content\/uploads\/2026\/04\/Volumenes-espaciales-madera.jpg 1135w, https:\/\/fundacionrecover.org\/wp-content\/uploads\/2026\/04\/Volumenes-espaciales-madera-227x300.jpg 227w, https:\/\/fundacionrecover.org\/wp-content\/uploads\/2026\/04\/Volumenes-espaciales-madera-775x1024.jpg 775w, https:\/\/fundacionrecover.org\/wp-content\/uploads\/2026\/04\/Volumenes-espaciales-madera-768x1015.jpg 768w, https:\/\/fundacionrecover.org\/wp-content\/uploads\/2026\/04\/Volumenes-espaciales-madera-9x12.jpg 9w\" sizes=\"(max-width: 1135px) 100vw, 1135px\" \/>\t\t\t\t\t\t\t\t<\/a>\n\t\t\t\t\t\t\t\t\t\t\t\t\t\t\t<\/div>\n\t\t\t\t<\/div>\n\t\t<div class=\"elementor-element elementor-element-f6da67f e-con-full e-flex e-con e-child\" data-id=\"f6da67f\" data-element_type=\"container\" data-e-type=\"container\">\n\t\t\t\t<div class=\"elementor-element elementor-element-24675df elementor-widget__width-initial elementor-widget elementor-widget-text-editor\" data-id=\"24675df\" data-element_type=\"widget\" data-e-type=\"widget\" data-widget_type=\"text-editor.default\">\n\t\t\t\t<div class=\"elementor-widget-container\">\n\t\t\t\t\t\t\t\t\t<p><strong>T\u00edtulo<\/strong> \u2018Vol\u00famenes espaciales\u2019<\/p><p><strong>A\u00f1o<\/strong>\u00a0 \u00a02025<\/p><p><strong>T\u00e9cnica<\/strong>\u00a0 \u00a0Madera pintada<\/p><p><strong>Dimensiones<\/strong>\u00a0 \u00a0123 x 91 x 5 cm\u00a0<\/p><p><strong>Precio<\/strong>\u00a0 3900 EUROS + IVA\u00a0<\/p>\t\t\t\t\t\t\t\t<\/div>\n\t\t\t\t<\/div>\n\t\t\t\t<\/div>\n\t\t\t\t<\/div>\n\t\t<div class=\"elementor-element elementor-element-69f29d4 e-con-full e-flex e-con e-child\" data-id=\"69f29d4\" data-element_type=\"container\" data-e-type=\"container\">\n\t\t\t\t<div class=\"elementor-element elementor-element-647fbe2 elementor-widget__width-inherit elementor-widget elementor-widget-image\" data-id=\"647fbe2\" data-element_type=\"widget\" data-e-type=\"widget\" data-widget_type=\"image.default\">\n\t\t\t\t<div class=\"elementor-widget-container\">\n\t\t\t\t\t\t\t\t\t\t\t\t\t\t\t\t<a href=\"https:\/\/fundacionrecover.org\/wp-content\/uploads\/2026\/04\/geometria-transparentes-metacrilato.jpg\" data-elementor-open-lightbox=\"yes\" data-elementor-lightbox-title=\"Geometr\u00eda transparentes - metacrilato\" data-e-action-hash=\"#elementor-action%3Aaction%3Dlightbox%26settings%3DeyJpZCI6MTA5MzEsInVybCI6Imh0dHBzOlwvXC9mdW5kYWNpb25yZWNvdmVyLm9yZ1wvd3AtY29udGVudFwvdXBsb2Fkc1wvMjAyNlwvMDRcL2dlb21ldHJpYS10cmFuc3BhcmVudGVzLW1ldGFjcmlsYXRvLmpwZyJ9\">\n\t\t\t\t\t\t\t<img loading=\"lazy\" decoding=\"async\" width=\"1800\" height=\"1350\" src=\"https:\/\/fundacionrecover.org\/wp-content\/uploads\/2026\/04\/geometria-transparentes-metacrilato.jpg\" class=\"attachment-full size-full wp-image-10931\" alt=\"Geometr\u00eda transparentes - Federico Echeverr\u00eda\" srcset=\"https:\/\/fundacionrecover.org\/wp-content\/uploads\/2026\/04\/geometria-transparentes-metacrilato.jpg 1800w, https:\/\/fundacionrecover.org\/wp-content\/uploads\/2026\/04\/geometria-transparentes-metacrilato-300x225.jpg 300w, https:\/\/fundacionrecover.org\/wp-content\/uploads\/2026\/04\/geometria-transparentes-metacrilato-1024x768.jpg 1024w, https:\/\/fundacionrecover.org\/wp-content\/uploads\/2026\/04\/geometria-transparentes-metacrilato-768x576.jpg 768w, https:\/\/fundacionrecover.org\/wp-content\/uploads\/2026\/04\/geometria-transparentes-metacrilato-1536x1152.jpg 1536w, https:\/\/fundacionrecover.org\/wp-content\/uploads\/2026\/04\/geometria-transparentes-metacrilato-16x12.jpg 16w\" sizes=\"(max-width: 1800px) 100vw, 1800px\" \/>\t\t\t\t\t\t\t\t<\/a>\n\t\t\t\t\t\t\t\t\t\t\t\t\t\t\t<\/div>\n\t\t\t\t<\/div>\n\t\t<div class=\"elementor-element elementor-element-ecbc59c e-con-full e-flex e-con e-child\" data-id=\"ecbc59c\" data-element_type=\"container\" data-e-type=\"container\">\n\t\t\t\t<div class=\"elementor-element elementor-element-4a83cd8 elementor-widget__width-initial elementor-widget elementor-widget-text-editor\" data-id=\"4a83cd8\" data-element_type=\"widget\" data-e-type=\"widget\" data-widget_type=\"text-editor.default\">\n\t\t\t\t<div class=\"elementor-widget-container\">\n\t\t\t\t\t\t\t\t\t<p><strong>T\u00edtulo<\/strong> \u2018Geometr\u00edas transparentes\u2019<\/p><p><strong>A\u00f1o<\/strong>\u00a0 \u00a02025<\/p><p><strong>T\u00e9cnica<\/strong>\u00a0 \u00a0Metacrilato<\/p><p><strong>Dimensiones<\/strong>\u00a0 \u00a060 x 60 x 40 cm\u00a0<\/p><p><strong>Precio<\/strong>\u00a0 3900 EUROS + IVA\u00a0<\/p>\t\t\t\t\t\t\t\t<\/div>\n\t\t\t\t<\/div>\n\t\t\t\t<\/div>\n\t\t\t\t<\/div>\n\t\t<div class=\"elementor-element elementor-element-8c38be5 e-con-full e-flex e-con e-child\" data-id=\"8c38be5\" data-element_type=\"container\" data-e-type=\"container\">\n\t\t\t\t<div class=\"elementor-element elementor-element-20afbbc elementor-widget__width-inherit elementor-widget-mobile__width-initial elementor-widget elementor-widget-image\" data-id=\"20afbbc\" data-element_type=\"widget\" data-e-type=\"widget\" data-widget_type=\"image.default\">\n\t\t\t\t<div class=\"elementor-widget-container\">\n\t\t\t\t\t\t\t\t\t\t\t\t\t\t\t\t<a href=\"https:\/\/fundacionrecover.org\/wp-content\/uploads\/2026\/04\/geometrias-espaciales-granate-y-gris-oscuro-madera.jpg\" data-elementor-open-lightbox=\"yes\" data-elementor-lightbox-title=\"Geometr\u00edas espaciales granate y gris oscuro - madera\" data-e-action-hash=\"#elementor-action%3Aaction%3Dlightbox%26settings%3DeyJpZCI6MTA5MzIsInVybCI6Imh0dHBzOlwvXC9mdW5kYWNpb25yZWNvdmVyLm9yZ1wvd3AtY29udGVudFwvdXBsb2Fkc1wvMjAyNlwvMDRcL2dlb21ldHJpYXMtZXNwYWNpYWxlcy1ncmFuYXRlLXktZ3Jpcy1vc2N1cm8tbWFkZXJhLmpwZyJ9\">\n\t\t\t\t\t\t\t<img loading=\"lazy\" decoding=\"async\" width=\"929\" height=\"1500\" src=\"https:\/\/fundacionrecover.org\/wp-content\/uploads\/2026\/04\/geometrias-espaciales-granate-y-gris-oscuro-madera.jpg\" class=\"attachment-full size-full wp-image-10932\" alt=\"Geometr\u00edas espaciales granate - Federico Echeverr\u00eda\" srcset=\"https:\/\/fundacionrecover.org\/wp-content\/uploads\/2026\/04\/geometrias-espaciales-granate-y-gris-oscuro-madera.jpg 929w, https:\/\/fundacionrecover.org\/wp-content\/uploads\/2026\/04\/geometrias-espaciales-granate-y-gris-oscuro-madera-186x300.jpg 186w, https:\/\/fundacionrecover.org\/wp-content\/uploads\/2026\/04\/geometrias-espaciales-granate-y-gris-oscuro-madera-634x1024.jpg 634w, https:\/\/fundacionrecover.org\/wp-content\/uploads\/2026\/04\/geometrias-espaciales-granate-y-gris-oscuro-madera-768x1240.jpg 768w, https:\/\/fundacionrecover.org\/wp-content\/uploads\/2026\/04\/geometrias-espaciales-granate-y-gris-oscuro-madera-7x12.jpg 7w\" sizes=\"(max-width: 929px) 100vw, 929px\" \/>\t\t\t\t\t\t\t\t<\/a>\n\t\t\t\t\t\t\t\t\t\t\t\t\t\t\t<\/div>\n\t\t\t\t<\/div>\n\t\t<div class=\"elementor-element elementor-element-b7f4803 e-con-full e-flex e-con e-child\" data-id=\"b7f4803\" data-element_type=\"container\" data-e-type=\"container\">\n\t\t\t\t<div class=\"elementor-element elementor-element-bbbec65 elementor-widget__width-initial elementor-widget elementor-widget-text-editor\" data-id=\"bbbec65\" data-element_type=\"widget\" data-e-type=\"widget\" data-widget_type=\"text-editor.default\">\n\t\t\t\t<div class=\"elementor-widget-container\">\n\t\t\t\t\t\t\t\t\t<p><strong>T\u00edtulo<\/strong> \u2018Geometr\u00edas espaciales en granate y gris oscuro\u2019<\/p><p><strong>A\u00f1o<\/strong>\u00a0 \u00a02024<\/p><p><strong>T\u00e9cnica<\/strong>\u00a0 Madera pintada<\/p><p><strong>Dimensiones<\/strong>\u00a0 \u00a025x 30 x 40 cm\u00a0<\/p><p><strong>Precio<\/strong>\u00a0 2900 EUROS + IVA\u00a0<\/p>\t\t\t\t\t\t\t\t<\/div>\n\t\t\t\t<\/div>\n\t\t\t\t<\/div>\n\t\t\t\t<\/div>\n\t\t\t\t<\/div>\n\t\t<div class=\"elementor-element elementor-element-3799fdc e-con-full e-flex e-con e-child\" data-id=\"3799fdc\" data-element_type=\"container\" data-e-type=\"container\">\n\t\t\t\t<div class=\"elementor-element elementor-element-c87329b elementor-widget-divider--view-line elementor-widget elementor-widget-divider\" data-id=\"c87329b\" data-element_type=\"widget\" data-e-type=\"widget\" data-widget_type=\"divider.default\">\n\t\t\t\t<div class=\"elementor-widget-container\">\n\t\t\t\t\t\t\t<div class=\"elementor-divider\">\n\t\t\t<span class=\"elementor-divider-separator\">\n\t\t\t\t\t\t<\/span>\n\t\t<\/div>\n\t\t\t\t\t\t<\/div>\n\t\t\t\t<\/div>\n\t\t<div class=\"elementor-element elementor-element-3593eff e-con-full e-flex e-con e-child\" data-id=\"3593eff\" data-element_type=\"container\" data-e-type=\"container\">\n\t\t<div class=\"elementor-element elementor-element-c8463c7 e-con-full e-flex e-con e-child\" data-id=\"c8463c7\" data-element_type=\"container\" data-e-type=\"container\">\n\t\t\t\t<div class=\"elementor-element elementor-element-88570ee elementor-widget__width-initial elementor-widget-mobile__width-initial elementor-widget elementor-widget-text-editor\" data-id=\"88570ee\" data-element_type=\"widget\" data-e-type=\"widget\" data-widget_type=\"text-editor.default\">\n\t\t\t\t<div class=\"elementor-widget-container\">\n\t\t\t\t\t\t\t\t\t<div class=\"c cf\"><div class=\"c-c cf\"><div class=\"b b-text cf\"><div class=\"b-c b-text-c b-s b-s-t60 b-s-b60 b-cs cf\"><p class=\"wnd-align-justify\">Arquitecto, pintor y escultor espa\u00f1ol cuya trayectoria se caracteriza por la interrelaci\u00f3n entre arquitectura y lenguaje pl\u00e1stico. A lo largo de m\u00e1s de cinco d\u00e9cadas de actividad profesional ha desarrollado una producci\u00f3n art\u00edstica y arquitect\u00f3nica marcada por la b\u00fasqueda del movimiento, el dinamismo y la creaci\u00f3n de coordenadas espaciales flexibles presentes tanto en su obra construida como en su pintura y escultura.<\/p><p class=\"wnd-align-justify\">Su vocaci\u00f3n art\u00edstica tiene un fuerte origen familiar. Desde la infancia recibi\u00f3 la influencia de su abuelo, el arquitecto Jos\u00e9 Mar\u00eda Sainz Aguirre, as\u00ed como de su padre Federico Echevarr\u00eda, su t\u00edo-abuelo Juan Echevarr\u00eda y su hermano Jorge, todos ellos vinculados a la arquitectura y a las artes pl\u00e1sticas del siglo XX. Este entorno configur\u00f3 tempranamente su inter\u00e9s por el arte y su posterior desarrollo creativo multidisciplinar.<\/p><p class=\"wnd-align-justify\">Paralelamente a su actividad art\u00edstica, ha desarrollado una extensa carrera como arquitecto. Fund\u00f3 su estudio de urbanismo y arquitectura en 1970, desde\u00a0el que ha dirigido proyectos diversos, desde edificios de oficinas\u00a0hasta rehabilitaci\u00f3n de<\/p><\/div><\/div><\/div><\/div><div class=\"c cf\"><div class=\"c-c cf\"><div class=\"b b-text cf\"><div class=\"b-c b-text-c b-s b-s-t60 b-s-b60 b-cs cf\"><p class=\"wnd-align-justify\">inmuebles hist\u00f3ricos, con m\u00e1s de dos mil obras y reconocimiento internacional. Su pr\u00e1ctica arquitect\u00f3nica se nutre de una sensibilidad art\u00edstica que busca el dinamismo espacial y la relaci\u00f3n entre forma, materia y entorno.<\/p><p class=\"wnd-align-justify\">En el \u00e1mbito pl\u00e1stico, su obra se articula en torno a la abstracci\u00f3n geom\u00e9trica, el equilibrio compositivo y la experimentaci\u00f3n con el espacio. Pintura, escultura y collage comparten un mismo planteamiento conceptual: crear relaciones entre arquitectura y naturaleza, otorgar significado a los materiales y construir un lenguaje visual estructurado y din\u00e1mico.<\/p><p class=\"wnd-align-justify\">A lo largo de su trayectoria ha presentado su obra en galer\u00edas, ferias y exposiciones de arte contempor\u00e1neo, manteniendo una actividad constante tanto en el campo art\u00edstico como en el arquitect\u00f3nico. Esta doble dedicaci\u00f3n define su perfil como creador interdisciplinar, en el que la arquitectura influye en la pintura y la escultura, y viceversa, configurando una obra coherente basada en el espacio, la geometr\u00eda y el movimiento.<\/p><\/div><\/div><\/div><\/div>\t\t\t\t\t\t\t\t<\/div>\n\t\t\t\t<\/div>\n\t\t\t\t<\/div>\n\t\t<div class=\"elementor-element elementor-element-63a30b0 e-con-full e-flex e-con e-child\" data-id=\"63a30b0\" data-element_type=\"container\" data-e-type=\"container\">\n\t\t\t\t<div class=\"elementor-element elementor-element-07a2b66 elementor-widget elementor-widget-image\" data-id=\"07a2b66\" data-element_type=\"widget\" data-e-type=\"widget\" data-widget_type=\"image.default\">\n\t\t\t\t<div class=\"elementor-widget-container\">\n\t\t\t\t\t\t\t\t\t\t\t\t\t\t\t<img loading=\"lazy\" decoding=\"async\" width=\"800\" height=\"795\" src=\"https:\/\/fundacionrecover.org\/wp-content\/uploads\/2026\/04\/Federico-Echevarria-1024x1017.webp\" class=\"attachment-large size-large wp-image-11010\" alt=\"\" srcset=\"https:\/\/fundacionrecover.org\/wp-content\/uploads\/2026\/04\/Federico-Echevarria-1024x1017.webp 1024w, https:\/\/fundacionrecover.org\/wp-content\/uploads\/2026\/04\/Federico-Echevarria-300x298.webp 300w, https:\/\/fundacionrecover.org\/wp-content\/uploads\/2026\/04\/Federico-Echevarria-150x150.webp 150w, https:\/\/fundacionrecover.org\/wp-content\/uploads\/2026\/04\/Federico-Echevarria-768x762.webp 768w, https:\/\/fundacionrecover.org\/wp-content\/uploads\/2026\/04\/Federico-Echevarria-1536x1525.webp 1536w, https:\/\/fundacionrecover.org\/wp-content\/uploads\/2026\/04\/Federico-Echevarria-12x12.webp 12w, https:\/\/fundacionrecover.org\/wp-content\/uploads\/2026\/04\/Federico-Echevarria.webp 1920w\" sizes=\"(max-width: 800px) 100vw, 800px\" \/>\t\t\t\t\t\t\t\t\t\t\t\t\t\t\t<\/div>\n\t\t\t\t<\/div>\n\t\t\t\t<\/div>\n\t\t\t\t<\/div>\n\t\t\t\t<div class=\"elementor-element elementor-element-8273598 elementor-widget elementor-widget-global elementor-global-8878 elementor-widget-button\" data-id=\"8273598\" data-element_type=\"widget\" data-e-type=\"widget\" data-widget_type=\"button.default\">\n\t\t\t\t<div class=\"elementor-widget-container\">\n\t\t\t\t\t\t\t\t\t<div class=\"elementor-button-wrapper\">\n\t\t\t\t\t<a class=\"elementor-button elementor-button-link elementor-size-sm\" href=\"#listado_artistas\">\n\t\t\t\t\t\t<span class=\"elementor-button-content-wrapper\">\n\t\t\t\t\t\t<span class=\"elementor-button-icon\">\n\t\t\t\t<svg aria-hidden=\"true\" class=\"e-font-icon-svg e-fas-long-arrow-alt-up\" viewBox=\"0 0 256 512\" xmlns=\"http:\/\/www.w3.org\/2000\/svg\"><path d=\"M88 166.059V468c0 6.627 5.373 12 12 12h56c6.627 0 12-5.373 12-12V166.059h46.059c21.382 0 32.09-25.851 16.971-40.971l-86.059-86.059c-9.373-9.373-24.569-9.373-33.941 0l-86.059 86.059c-15.119 15.119-4.411 40.971 16.971 40.971H88z\"><\/path><\/svg>\t\t\t<\/span>\n\t\t\t\t\t\t\t\t\t<span class=\"elementor-button-text\">Volver al listado de artistas<\/span>\n\t\t\t\t\t<\/span>\n\t\t\t\t\t<\/a>\n\t\t\t\t<\/div>\n\t\t\t\t\t\t\t\t<\/div>\n\t\t\t\t<\/div>\n\t\t\t\t<\/div>\n\t\t\t\t<\/div>\n\t\t<div id=\"e-n-tab-content-2516293510\" role=\"tabpanel\" aria-labelledby=\"e-n-tab-title-2516293510\" data-tab-index=\"10\" style=\"--n-tabs-title-order: 10;\" class=\" elementor-element elementor-element-85d49ff e-con-full e-flex e-con e-child\" data-id=\"85d49ff\" data-element_type=\"container\" data-e-type=\"container\">\n\t\t<div class=\"elementor-element elementor-element-01b3ed2 e-flex e-con-boxed e-con e-child\" data-id=\"01b3ed2\" data-element_type=\"container\" data-e-type=\"container\">\n\t\t\t\t\t<div class=\"e-con-inner\">\n\t\t\t\t<div class=\"elementor-element elementor-element-bd37927 elementor-widget__width-initial elementor-widget-laptop__width-initial elementor-widget elementor-widget-heading\" data-id=\"bd37927\" data-element_type=\"widget\" data-e-type=\"widget\" data-widget_type=\"heading.default\">\n\t\t\t\t<div class=\"elementor-widget-container\">\n\t\t\t\t\t<h2 class=\"elementor-heading-title elementor-size-default\">Alberto Guerrero<\/h2>\t\t\t\t<\/div>\n\t\t\t\t<\/div>\n\t\t\t\t<div class=\"elementor-element elementor-element-e196d6b elementor-widget-divider--view-line elementor-widget elementor-widget-divider\" data-id=\"e196d6b\" data-element_type=\"widget\" data-e-type=\"widget\" data-widget_type=\"divider.default\">\n\t\t\t\t<div class=\"elementor-widget-container\">\n\t\t\t\t\t\t\t<div class=\"elementor-divider\">\n\t\t\t<span class=\"elementor-divider-separator\">\n\t\t\t\t\t\t<\/span>\n\t\t<\/div>\n\t\t\t\t\t\t<\/div>\n\t\t\t\t<\/div>\n\t\t\t\t\t<\/div>\n\t\t\t\t<\/div>\n\t\t<div class=\"elementor-element elementor-element-8d2b6b4 e-flex e-con-boxed e-con e-child\" data-id=\"8d2b6b4\" data-element_type=\"container\" data-e-type=\"container\">\n\t\t\t\t\t<div class=\"e-con-inner\">\n\t\t\t\t<div class=\"elementor-element elementor-element-3da49e5 elementor-widget__width-initial elementor-widget-laptop__width-initial elementor-widget elementor-widget-heading\" data-id=\"3da49e5\" data-element_type=\"widget\" data-e-type=\"widget\" data-widget_type=\"heading.default\">\n\t\t\t\t<div class=\"elementor-widget-container\">\n\t\t\t\t\t<h2 class=\"elementor-heading-title elementor-size-default\">SERIE \u201cAPENAS UN DESTELLO\u201d (2021)<\/h2>\t\t\t\t<\/div>\n\t\t\t\t<\/div>\n\t\t\t\t\t<\/div>\n\t\t\t\t<\/div>\n\t\t<div class=\"elementor-element elementor-element-0b6f4d4 e-con-full e-flex e-con e-child\" data-id=\"0b6f4d4\" data-element_type=\"container\" data-e-type=\"container\">\n\t\t<div class=\"elementor-element elementor-element-d0bdee7 e-con-full e-flex e-con e-child\" data-id=\"d0bdee7\" data-element_type=\"container\" data-e-type=\"container\">\n\t\t\t\t<div class=\"elementor-element elementor-element-7098535 elementor-widget__width-inherit elementor-widget elementor-widget-image\" data-id=\"7098535\" data-element_type=\"widget\" data-e-type=\"widget\" data-widget_type=\"image.default\">\n\t\t\t\t<div class=\"elementor-widget-container\">\n\t\t\t\t\t\t\t\t\t\t\t\t\t\t\t\t<a href=\"https:\/\/fundacionrecover.org\/wp-content\/uploads\/2026\/04\/obra4.jpg\" data-elementor-open-lightbox=\"yes\" data-elementor-lightbox-title=\"Sin t\u00edtulo\" data-e-action-hash=\"#elementor-action%3Aaction%3Dlightbox%26settings%3DeyJpZCI6MTEwMTcsInVybCI6Imh0dHBzOlwvXC9mdW5kYWNpb25yZWNvdmVyLm9yZ1wvd3AtY29udGVudFwvdXBsb2Fkc1wvMjAyNlwvMDRcL29icmE0LmpwZyJ9\">\n\t\t\t\t\t\t\t<img loading=\"lazy\" decoding=\"async\" width=\"422\" height=\"416\" src=\"https:\/\/fundacionrecover.org\/wp-content\/uploads\/2026\/04\/obra4.jpg\" class=\"attachment-large size-large wp-image-11017\" alt=\"Obra 1 - Alberto Guerrero\" srcset=\"https:\/\/fundacionrecover.org\/wp-content\/uploads\/2026\/04\/obra4.jpg 422w, https:\/\/fundacionrecover.org\/wp-content\/uploads\/2026\/04\/obra4-300x296.jpg 300w, https:\/\/fundacionrecover.org\/wp-content\/uploads\/2026\/04\/obra4-12x12.jpg 12w\" sizes=\"(max-width: 422px) 100vw, 422px\" \/>\t\t\t\t\t\t\t\t<\/a>\n\t\t\t\t\t\t\t\t\t\t\t\t\t\t\t<\/div>\n\t\t\t\t<\/div>\n\t\t<div class=\"elementor-element elementor-element-4d8377d e-con-full e-flex e-con e-child\" data-id=\"4d8377d\" data-element_type=\"container\" data-e-type=\"container\">\n\t\t\t\t<div class=\"elementor-element elementor-element-8f9b176 elementor-widget__width-initial elementor-widget elementor-widget-text-editor\" data-id=\"8f9b176\" data-element_type=\"widget\" data-e-type=\"widget\" data-widget_type=\"text-editor.default\">\n\t\t\t\t<div class=\"elementor-widget-container\">\n\t\t\t\t\t\t\t\t\t<p><strong>T\u00edtulo<\/strong> Sin t\u00edtulo<\/p><p><strong>A\u00f1o<\/strong>\u00a0 \u00a02021<\/p><p><strong>T\u00e9cnica<\/strong>\u00a0 Pulpa de celulosa, pigmento y l\u00e1tex sobre lienzo<\/p><p><strong>Dimensiones<\/strong>\u00a0 \u00a0100 x 100 cm\u00a0<\/p><p><strong>Precio<\/strong>\u00a0 4200 EUROS + IVA<\/p>\t\t\t\t\t\t\t\t<\/div>\n\t\t\t\t<\/div>\n\t\t\t\t<\/div>\n\t\t\t\t<\/div>\n\t\t<div class=\"elementor-element elementor-element-8bae709 e-con-full e-flex e-con e-child\" data-id=\"8bae709\" data-element_type=\"container\" data-e-type=\"container\">\n\t\t\t\t<div class=\"elementor-element elementor-element-16d0042 elementor-widget__width-inherit elementor-widget elementor-widget-image\" data-id=\"16d0042\" data-element_type=\"widget\" data-e-type=\"widget\" data-widget_type=\"image.default\">\n\t\t\t\t<div class=\"elementor-widget-container\">\n\t\t\t\t\t\t\t\t\t\t\t\t\t\t\t\t<a href=\"https:\/\/fundacionrecover.org\/wp-content\/uploads\/2026\/04\/obra1.png\" data-elementor-open-lightbox=\"yes\" data-elementor-lightbox-title=\"Sin t\u00edtulo\" data-e-action-hash=\"#elementor-action%3Aaction%3Dlightbox%26settings%3DeyJpZCI6MTEwMjAsInVybCI6Imh0dHBzOlwvXC9mdW5kYWNpb25yZWNvdmVyLm9yZ1wvd3AtY29udGVudFwvdXBsb2Fkc1wvMjAyNlwvMDRcL29icmExLnBuZyJ9\">\n\t\t\t\t\t\t\t<img loading=\"lazy\" decoding=\"async\" width=\"1133\" height=\"1139\" src=\"https:\/\/fundacionrecover.org\/wp-content\/uploads\/2026\/04\/obra1.png\" class=\"attachment-full size-full wp-image-11020\" alt=\"Obra 2 - Alberto Guerrero\" srcset=\"https:\/\/fundacionrecover.org\/wp-content\/uploads\/2026\/04\/obra1.png 1133w, https:\/\/fundacionrecover.org\/wp-content\/uploads\/2026\/04\/obra1-298x300.png 298w, https:\/\/fundacionrecover.org\/wp-content\/uploads\/2026\/04\/obra1-1019x1024.png 1019w, https:\/\/fundacionrecover.org\/wp-content\/uploads\/2026\/04\/obra1-150x150.png 150w, https:\/\/fundacionrecover.org\/wp-content\/uploads\/2026\/04\/obra1-768x772.png 768w, https:\/\/fundacionrecover.org\/wp-content\/uploads\/2026\/04\/obra1-12x12.png 12w\" sizes=\"(max-width: 1133px) 100vw, 1133px\" \/>\t\t\t\t\t\t\t\t<\/a>\n\t\t\t\t\t\t\t\t\t\t\t\t\t\t\t<\/div>\n\t\t\t\t<\/div>\n\t\t<div class=\"elementor-element elementor-element-2c5da96 e-con-full e-flex e-con e-child\" data-id=\"2c5da96\" data-element_type=\"container\" data-e-type=\"container\">\n\t\t\t\t<div class=\"elementor-element elementor-element-4238082 elementor-widget__width-initial elementor-widget elementor-widget-text-editor\" data-id=\"4238082\" data-element_type=\"widget\" data-e-type=\"widget\" data-widget_type=\"text-editor.default\">\n\t\t\t\t<div class=\"elementor-widget-container\">\n\t\t\t\t\t\t\t\t\t<p><strong>T\u00edtulo<\/strong> Sin t\u00edtulo<\/p><p><strong>A\u00f1o<\/strong>\u00a0 \u00a02021<\/p><p><strong>T\u00e9cnica<\/strong>\u00a0 Pulpa de celulosa, pigmento y l\u00e1tex sobre lienzo<\/p><p><strong>Dimensiones<\/strong>\u00a0 \u00a0100 x 100 cm\u00a0<\/p><p><strong>Precio<\/strong>\u00a0 4200 EUROS + IVA<\/p>\t\t\t\t\t\t\t\t<\/div>\n\t\t\t\t<\/div>\n\t\t\t\t<\/div>\n\t\t\t\t<\/div>\n\t\t<div class=\"elementor-element elementor-element-110ff7c e-con-full e-flex e-con e-child\" data-id=\"110ff7c\" data-element_type=\"container\" data-e-type=\"container\">\n\t\t\t\t<div class=\"elementor-element elementor-element-b7700a5 elementor-widget__width-initial elementor-widget elementor-widget-image\" data-id=\"b7700a5\" data-element_type=\"widget\" data-e-type=\"widget\" data-widget_type=\"image.default\">\n\t\t\t\t<div class=\"elementor-widget-container\">\n\t\t\t\t\t\t\t\t\t\t\t\t\t\t\t\t<a href=\"https:\/\/fundacionrecover.org\/wp-content\/uploads\/2026\/04\/obra3.jpg\" data-elementor-open-lightbox=\"yes\" data-elementor-lightbox-title=\"Sin t\u00edtulo\" data-e-action-hash=\"#elementor-action%3Aaction%3Dlightbox%26settings%3DeyJpZCI6MTEwMTgsInVybCI6Imh0dHBzOlwvXC9mdW5kYWNpb25yZWNvdmVyLm9yZ1wvd3AtY29udGVudFwvdXBsb2Fkc1wvMjAyNlwvMDRcL29icmEzLmpwZyJ9\">\n\t\t\t\t\t\t\t<img loading=\"lazy\" decoding=\"async\" width=\"415\" height=\"407\" src=\"https:\/\/fundacionrecover.org\/wp-content\/uploads\/2026\/04\/obra3.jpg\" class=\"attachment-full size-full wp-image-11018\" alt=\"Obra 3 - Alberto Guerrero\" srcset=\"https:\/\/fundacionrecover.org\/wp-content\/uploads\/2026\/04\/obra3.jpg 415w, https:\/\/fundacionrecover.org\/wp-content\/uploads\/2026\/04\/obra3-300x294.jpg 300w, https:\/\/fundacionrecover.org\/wp-content\/uploads\/2026\/04\/obra3-12x12.jpg 12w\" sizes=\"(max-width: 415px) 100vw, 415px\" \/>\t\t\t\t\t\t\t\t<\/a>\n\t\t\t\t\t\t\t\t\t\t\t\t\t\t\t<\/div>\n\t\t\t\t<\/div>\n\t\t<div class=\"elementor-element elementor-element-37be792 e-con-full e-flex e-con e-child\" data-id=\"37be792\" data-element_type=\"container\" data-e-type=\"container\">\n\t\t\t\t<div class=\"elementor-element elementor-element-d67269b elementor-widget__width-initial elementor-widget elementor-widget-text-editor\" data-id=\"d67269b\" data-element_type=\"widget\" data-e-type=\"widget\" data-widget_type=\"text-editor.default\">\n\t\t\t\t<div class=\"elementor-widget-container\">\n\t\t\t\t\t\t\t\t\t<p><strong>2021T\u00edtulo<\/strong> Sin t\u00edtulo<\/p><p><strong>A\u00f1o<\/strong>\u00a0 \u00a0<\/p><p><strong>T\u00e9cnica<\/strong>\u00a0 Pulpa de celulosa, pigmento y l\u00e1tex sobre lienzo<\/p><p><strong>Dimensiones<\/strong>\u00a0 \u00a0100 x 100 cm\u00a0<\/p><p><strong>Precio<\/strong>\u00a0 4200 EUROS + IVA<\/p>\t\t\t\t\t\t\t\t<\/div>\n\t\t\t\t<\/div>\n\t\t\t\t<\/div>\n\t\t\t\t<\/div>\n\t\t<div class=\"elementor-element elementor-element-db8009b e-con-full e-flex e-con e-child\" data-id=\"db8009b\" data-element_type=\"container\" data-e-type=\"container\">\n\t\t\t\t<div class=\"elementor-element elementor-element-8fc1f6c elementor-widget__width-initial elementor-widget-mobile__width-initial elementor-widget elementor-widget-image\" data-id=\"8fc1f6c\" data-element_type=\"widget\" data-e-type=\"widget\" data-widget_type=\"image.default\">\n\t\t\t\t<div class=\"elementor-widget-container\">\n\t\t\t\t\t\t\t\t\t\t\t\t\t\t\t\t<a href=\"https:\/\/fundacionrecover.org\/wp-content\/uploads\/2026\/04\/obra2.jpg\" data-elementor-open-lightbox=\"yes\" data-elementor-lightbox-title=\"Sin t\u00edtulo\" data-e-action-hash=\"#elementor-action%3Aaction%3Dlightbox%26settings%3DeyJpZCI6MTEwMTksInVybCI6Imh0dHBzOlwvXC9mdW5kYWNpb25yZWNvdmVyLm9yZ1wvd3AtY29udGVudFwvdXBsb2Fkc1wvMjAyNlwvMDRcL29icmEyLmpwZyJ9\">\n\t\t\t\t\t\t\t<img loading=\"lazy\" decoding=\"async\" width=\"400\" height=\"426\" src=\"https:\/\/fundacionrecover.org\/wp-content\/uploads\/2026\/04\/obra2.jpg\" class=\"attachment-full size-full wp-image-11019\" alt=\"Obra 4 - Alberto Guerrero\" srcset=\"https:\/\/fundacionrecover.org\/wp-content\/uploads\/2026\/04\/obra2.jpg 400w, https:\/\/fundacionrecover.org\/wp-content\/uploads\/2026\/04\/obra2-282x300.jpg 282w, https:\/\/fundacionrecover.org\/wp-content\/uploads\/2026\/04\/obra2-11x12.jpg 11w\" sizes=\"(max-width: 400px) 100vw, 400px\" \/>\t\t\t\t\t\t\t\t<\/a>\n\t\t\t\t\t\t\t\t\t\t\t\t\t\t\t<\/div>\n\t\t\t\t<\/div>\n\t\t<div class=\"elementor-element elementor-element-1f464e9 e-con-full e-flex e-con e-child\" data-id=\"1f464e9\" data-element_type=\"container\" data-e-type=\"container\">\n\t\t\t\t<div class=\"elementor-element elementor-element-aa235a1 elementor-widget__width-initial elementor-widget elementor-widget-text-editor\" data-id=\"aa235a1\" data-element_type=\"widget\" data-e-type=\"widget\" data-widget_type=\"text-editor.default\">\n\t\t\t\t<div class=\"elementor-widget-container\">\n\t\t\t\t\t\t\t\t\t<p><strong>T\u00edtulo<\/strong> Sin t\u00edtulo<\/p><p><strong>A\u00f1o<\/strong>\u00a0 \u00a02021<\/p><p><strong>T\u00e9cnica<\/strong>\u00a0 Pulpa de celulosa, pigmento y l\u00e1tex sobre lienzo<\/p><p><strong>Dimensiones<\/strong>\u00a0 \u00a0120 x 120 cm\u00a0<\/p><p><strong>Precio<\/strong>\u00a0 4500 EUROS + IVA<\/p>\t\t\t\t\t\t\t\t<\/div>\n\t\t\t\t<\/div>\n\t\t\t\t<\/div>\n\t\t\t\t<\/div>\n\t\t\t\t<\/div>\n\t\t<div class=\"elementor-element elementor-element-c154eb3 e-con-full e-flex e-con e-child\" data-id=\"c154eb3\" data-element_type=\"container\" data-e-type=\"container\">\n\t\t\t\t<div class=\"elementor-element elementor-element-d4b5760 elementor-widget-divider--view-line elementor-widget elementor-widget-divider\" data-id=\"d4b5760\" data-element_type=\"widget\" data-e-type=\"widget\" data-widget_type=\"divider.default\">\n\t\t\t\t<div class=\"elementor-widget-container\">\n\t\t\t\t\t\t\t<div class=\"elementor-divider\">\n\t\t\t<span class=\"elementor-divider-separator\">\n\t\t\t\t\t\t<\/span>\n\t\t<\/div>\n\t\t\t\t\t\t<\/div>\n\t\t\t\t<\/div>\n\t\t<div class=\"elementor-element elementor-element-d1798bf e-con-full e-flex e-con e-child\" data-id=\"d1798bf\" data-element_type=\"container\" data-e-type=\"container\">\n\t\t<div class=\"elementor-element elementor-element-a99a607 e-con-full e-flex e-con e-child\" data-id=\"a99a607\" data-element_type=\"container\" data-e-type=\"container\">\n\t\t\t\t<div class=\"elementor-element elementor-element-951d820 elementor-widget__width-initial elementor-widget-mobile__width-initial elementor-widget elementor-widget-text-editor\" data-id=\"951d820\" data-element_type=\"widget\" data-e-type=\"widget\" data-widget_type=\"text-editor.default\">\n\t\t\t\t<div class=\"elementor-widget-container\">\n\t\t\t\t\t\t\t\t\t<p>Barcelona, 1975<\/p><p>Alberto Guerrero Gil (Barcelona, 1975) es historiador del arte por la Universidad de Valladolid y restaurador de pintura por la Escuela Superior de Conservaci\u00f3n y Restauraci\u00f3n de Bienes Culturales, de Madrid.<\/p><p>Tras once a\u00f1os de compatibilizar la pintura y la restauraci\u00f3n, abandona por completo el oficio de restaurador y se dedica en exclusiva a la creaci\u00f3n desde hace 16 a\u00f1os.<\/p><p>Artista vers\u00e1til t\u00e9cnicamente, Guerrero disfruta de la abstracci\u00f3n y de la figuraci\u00f3n a partes iguales y en los \u00faltimos a\u00f1os ha trabajado profusamente en el campo del arte sacro.<\/p><p>En su discurso pl\u00e1stico, juega con contrastes de color, luz, y en ocasiones, textura, intentando reflejar que detr\u00e1s de toda historia se esconde un misterio que el hombre solo puede intuir y que da sentido a la realidad.<\/p><p>Est\u00e1 casado, es padre de cuatro hijos y reside y trabaja en Madrid.<\/p>\t\t\t\t\t\t\t\t<\/div>\n\t\t\t\t<\/div>\n\t\t\t\t<\/div>\n\t\t<div class=\"elementor-element elementor-element-499a344 e-con-full e-flex e-con e-child\" data-id=\"499a344\" data-element_type=\"container\" data-e-type=\"container\">\n\t\t\t\t<div class=\"elementor-element elementor-element-5a9571e elementor-widget__width-initial elementor-widget-mobile__width-initial elementor-widget elementor-widget-image\" data-id=\"5a9571e\" data-element_type=\"widget\" data-e-type=\"widget\" data-widget_type=\"image.default\">\n\t\t\t\t<div class=\"elementor-widget-container\">\n\t\t\t\t\t\t\t\t\t\t\t\t\t\t\t<img loading=\"lazy\" decoding=\"async\" width=\"427\" height=\"640\" src=\"https:\/\/fundacionrecover.org\/wp-content\/uploads\/2026\/04\/RETRATOS-ALBERTO-GUERRERO-1-12.jpeg\" class=\"attachment-large size-large wp-image-11011\" alt=\"\" srcset=\"https:\/\/fundacionrecover.org\/wp-content\/uploads\/2026\/04\/RETRATOS-ALBERTO-GUERRERO-1-12.jpeg 427w, https:\/\/fundacionrecover.org\/wp-content\/uploads\/2026\/04\/RETRATOS-ALBERTO-GUERRERO-1-12-200x300.jpeg 200w, https:\/\/fundacionrecover.org\/wp-content\/uploads\/2026\/04\/RETRATOS-ALBERTO-GUERRERO-1-12-8x12.jpeg 8w\" sizes=\"(max-width: 427px) 100vw, 427px\" \/>\t\t\t\t\t\t\t\t\t\t\t\t\t\t\t<\/div>\n\t\t\t\t<\/div>\n\t\t\t\t<\/div>\n\t\t\t\t<\/div>\n\t\t\t\t<div class=\"elementor-element elementor-element-9bab9d5 elementor-widget elementor-widget-global elementor-global-8878 elementor-widget-button\" data-id=\"9bab9d5\" data-element_type=\"widget\" data-e-type=\"widget\" data-widget_type=\"button.default\">\n\t\t\t\t<div class=\"elementor-widget-container\">\n\t\t\t\t\t\t\t\t\t<div class=\"elementor-button-wrapper\">\n\t\t\t\t\t<a class=\"elementor-button elementor-button-link elementor-size-sm\" href=\"#listado_artistas\">\n\t\t\t\t\t\t<span class=\"elementor-button-content-wrapper\">\n\t\t\t\t\t\t<span class=\"elementor-button-icon\">\n\t\t\t\t<svg aria-hidden=\"true\" class=\"e-font-icon-svg e-fas-long-arrow-alt-up\" viewBox=\"0 0 256 512\" xmlns=\"http:\/\/www.w3.org\/2000\/svg\"><path d=\"M88 166.059V468c0 6.627 5.373 12 12 12h56c6.627 0 12-5.373 12-12V166.059h46.059c21.382 0 32.09-25.851 16.971-40.971l-86.059-86.059c-9.373-9.373-24.569-9.373-33.941 0l-86.059 86.059c-15.119 15.119-4.411 40.971 16.971 40.971H88z\"><\/path><\/svg>\t\t\t<\/span>\n\t\t\t\t\t\t\t\t\t<span class=\"elementor-button-text\">Volver al listado de artistas<\/span>\n\t\t\t\t\t<\/span>\n\t\t\t\t\t<\/a>\n\t\t\t\t<\/div>\n\t\t\t\t\t\t\t\t<\/div>\n\t\t\t\t<\/div>\n\t\t\t\t<\/div>\n\t\t\t\t<\/div>\n\t\t\t\t\t<\/div>\n\t\t<\/div>\n\t\t\t\t\t\t<\/div>\n\t\t\t\t<\/div>\n\t\t\t\t<\/div>\n\t\t<div class=\"elementor-element elementor-element-cfa05ba e-con-full e-flex e-con e-parent\" data-id=\"cfa05ba\" data-element_type=\"container\" data-e-type=\"container\">\n\t\t<div class=\"elementor-element elementor-element-6f3d204 e-con-full e-flex e-con e-child\" data-id=\"6f3d204\" data-element_type=\"container\" data-e-type=\"container\" data-settings=\"{&quot;background_background&quot;:&quot;classic&quot;}\">\n\t\t\t\t<div class=\"elementor-element elementor-element-6b44790 elementor-widget__width-inherit elementor-widget-mobile__width-inherit elementor-widget-tablet_extra__width-inherit elementor-invisible elementor-widget elementor-widget-heading\" data-id=\"6b44790\" data-element_type=\"widget\" data-e-type=\"widget\" data-settings=\"{&quot;_animation&quot;:&quot;fadeIn&quot;}\" data-widget_type=\"heading.default\">\n\t\t\t\t<div class=\"elementor-widget-container\">\n\t\t\t\t\t<h3 class=\"elementor-heading-title elementor-size-default\">Obras a subastar<\/h3>\t\t\t\t<\/div>\n\t\t\t\t<\/div>\n\t\t\t\t<\/div>\n\t\t\t\t<\/div>\n\t\t<div class=\"elementor-element elementor-element-ad10bf2 e-flex e-con-boxed e-con e-parent\" data-id=\"ad10bf2\" data-element_type=\"container\" data-e-type=\"container\">\n\t\t\t\t\t<div class=\"e-con-inner\">\n\t\t\t\t<div class=\"elementor-element elementor-element-2d98fe5 elementor-arrows-position-outside elementor-pagination-type-bullets elementor-pagination-position-outside elementor-widget elementor-widget-n-carousel\" data-id=\"2d98fe5\" data-element_type=\"widget\" data-e-type=\"widget\" data-settings=\"{&quot;carousel_items&quot;:[{&quot;slide_title&quot;:&quot;AMAYA AZNAR&quot;,&quot;_id&quot;:&quot;d353216&quot;},{&quot;slide_title&quot;:&quot;CHIRRI MORENO SANTA MARIA  &quot;,&quot;_id&quot;:&quot;85ebefc&quot;},{&quot;slide_title&quot;:&quot;ODNODER&quot;,&quot;_id&quot;:&quot;0af2a4d&quot;},{&quot;slide_title&quot;:&quot;EULOGIA MERLE&quot;,&quot;_id&quot;:&quot;4a1213d&quot;},{&quot;slide_title&quot;:&quot;CHIRRI MORENO SANTA MARIA  &quot;,&quot;_id&quot;:&quot;e20a7e2&quot;},{&quot;slide_title&quot;:&quot;CHIRRI MORENO SANTA MARIA  &quot;,&quot;_id&quot;:&quot;3afed15&quot;},{&quot;slide_title&quot;:&quot;CHIRRI MORENO SANTA MARIA  &quot;,&quot;_id&quot;:&quot;d35ef64&quot;},{&quot;slide_title&quot;:&quot;CHIRRI MORENO SANTA MARIA  &quot;,&quot;_id&quot;:&quot;265326d&quot;},{&quot;slide_title&quot;:&quot;CHIRRI MORENO SANTA MARIA  &quot;,&quot;_id&quot;:&quot;1b1f24a&quot;},{&quot;slide_title&quot;:&quot;CHIRRI MORENO SANTA MARIA  &quot;,&quot;_id&quot;:&quot;d264d1a&quot;}],&quot;slides_to_show&quot;:&quot;2&quot;,&quot;slides_to_scroll_mobile&quot;:&quot;1&quot;,&quot;slides_to_show_tablet&quot;:&quot;2&quot;,&quot;slides_to_show_mobile&quot;:&quot;1&quot;,&quot;autoplay&quot;:&quot;yes&quot;,&quot;autoplay_speed&quot;:5000,&quot;pause_on_hover&quot;:&quot;yes&quot;,&quot;pause_on_interaction&quot;:&quot;yes&quot;,&quot;infinite&quot;:&quot;yes&quot;,&quot;speed&quot;:500,&quot;offset_sides&quot;:&quot;none&quot;,&quot;arrows&quot;:&quot;yes&quot;,&quot;pagination&quot;:&quot;bullets&quot;,&quot;image_spacing_custom&quot;:{&quot;unit&quot;:&quot;px&quot;,&quot;size&quot;:10,&quot;sizes&quot;:[]},&quot;image_spacing_custom_laptop&quot;:{&quot;unit&quot;:&quot;px&quot;,&quot;size&quot;:&quot;&quot;,&quot;sizes&quot;:[]},&quot;image_spacing_custom_tablet_extra&quot;:{&quot;unit&quot;:&quot;px&quot;,&quot;size&quot;:&quot;&quot;,&quot;sizes&quot;:[]},&quot;image_spacing_custom_tablet&quot;:{&quot;unit&quot;:&quot;px&quot;,&quot;size&quot;:&quot;&quot;,&quot;sizes&quot;:[]},&quot;image_spacing_custom_mobile&quot;:{&quot;unit&quot;:&quot;px&quot;,&quot;size&quot;:&quot;&quot;,&quot;sizes&quot;:[]}}\" data-widget_type=\"nested-carousel.default\">\n\t\t\t\t<div class=\"elementor-widget-container\">\n\t\t\t\t\t\t\t<div class=\"e-n-carousel swiper\" role=\"region\" aria-roledescription=\"carousel\" aria-label=\"Carrusel\" dir=\"ltr\">\n\t\t\t<div class=\"swiper-wrapper\" aria-live=\"off\">\n\t\t\t\t\t\t\t\t\t\t<div class=\"swiper-slide\" data-slide=\"1\" role=\"group\" aria-roledescription=\"slide\" aria-label=\"1 of 10\">\n\t\t\t\t\t\t\t<div class=\"elementor-element elementor-element-0e3b34b e-flex e-con-boxed e-con e-child\" data-id=\"0e3b34b\" data-element_type=\"container\" data-e-type=\"container\">\n\t\t\t\t\t<div class=\"e-con-inner\">\n\t\t<div class=\"elementor-element elementor-element-aa27862 e-con-full e-flex e-con e-child\" data-id=\"aa27862\" data-element_type=\"container\" data-e-type=\"container\">\n\t\t\t\t<div class=\"elementor-element elementor-element-cd5632f elementor-widget__width-initial elementor-widget elementor-widget-image\" data-id=\"cd5632f\" data-element_type=\"widget\" data-e-type=\"widget\" data-widget_type=\"image.default\">\n\t\t\t\t<div class=\"elementor-widget-container\">\n\t\t\t\t\t\t\t\t\t\t\t\t\t\t\t\t<a href=\"https:\/\/fundacionrecover.org\/wp-content\/uploads\/2026\/04\/Abrazo-rojo.jpg\" data-elementor-open-lightbox=\"yes\" data-elementor-lightbox-title=\"Abrazo rojo\" data-e-action-hash=\"#elementor-action%3Aaction%3Dlightbox%26settings%3DeyJpZCI6MTA4NzYsInVybCI6Imh0dHBzOlwvXC9mdW5kYWNpb25yZWNvdmVyLm9yZ1wvd3AtY29udGVudFwvdXBsb2Fkc1wvMjAyNlwvMDRcL0FicmF6by1yb2pvLmpwZyJ9\">\n\t\t\t\t\t\t\t<img loading=\"lazy\" decoding=\"async\" width=\"755\" height=\"1024\" src=\"https:\/\/fundacionrecover.org\/wp-content\/uploads\/2026\/04\/Abrazo-rojo-755x1024.jpg\" class=\"attachment-large size-large wp-image-10876\" alt=\"ABRAZO ROJO - Amaya Aznar\" srcset=\"https:\/\/fundacionrecover.org\/wp-content\/uploads\/2026\/04\/Abrazo-rojo-755x1024.jpg 755w, https:\/\/fundacionrecover.org\/wp-content\/uploads\/2026\/04\/Abrazo-rojo-221x300.jpg 221w, https:\/\/fundacionrecover.org\/wp-content\/uploads\/2026\/04\/Abrazo-rojo-768x1042.jpg 768w, https:\/\/fundacionrecover.org\/wp-content\/uploads\/2026\/04\/Abrazo-rojo-1132x1536.jpg 1132w, https:\/\/fundacionrecover.org\/wp-content\/uploads\/2026\/04\/Abrazo-rojo-9x12.jpg 9w, https:\/\/fundacionrecover.org\/wp-content\/uploads\/2026\/04\/Abrazo-rojo.jpg 1200w\" sizes=\"(max-width: 755px) 100vw, 755px\" \/>\t\t\t\t\t\t\t\t<\/a>\n\t\t\t\t\t\t\t\t\t\t\t\t\t\t\t<\/div>\n\t\t\t\t<\/div>\n\t\t\t\t<\/div>\n\t\t<div class=\"elementor-element elementor-element-7869970 e-con-full e-flex e-con e-child\" data-id=\"7869970\" data-element_type=\"container\" data-e-type=\"container\">\n\t\t\t\t<div class=\"elementor-element elementor-element-1d3486a elementor-widget__width-initial elementor-widget-mobile__width-inherit elementor-widget elementor-widget-text-editor\" data-id=\"1d3486a\" data-element_type=\"widget\" data-e-type=\"widget\" data-widget_type=\"text-editor.default\">\n\t\t\t\t<div class=\"elementor-widget-container\">\n\t\t\t\t\t\t\t\t\t<p>ARTISTA: AMAYA AZNAR<\/p><p>T\u00cdTULO: &#8216;Abrazo rojo&#8217;<\/p><p>A\u00d1O: 2026<\/p><p>T\u00c9CNICA: Fotograf\u00eda, Collage<\/p><p>DIMENSIONES: 75 x 60 cm<\/p><p>PRECIO DE VENTA: 1100 EUROS<\/p><p>PRECIO DE SALIDA: 550 EUROS<\/p>\t\t\t\t\t\t\t\t<\/div>\n\t\t\t\t<\/div>\n\t\t\t\t<\/div>\n\t\t\t\t\t<\/div>\n\t\t\t\t<\/div>\n\t\t\t\t\t\t\t\t<\/div>\n\t\t\t\t\t\t\t\t\t\t\t<div class=\"swiper-slide\" data-slide=\"2\" role=\"group\" aria-roledescription=\"slide\" aria-label=\"2 of 10\">\n\t\t\t\t\t\t\t<div class=\"elementor-element elementor-element-46982b3 e-flex e-con-boxed e-con e-child\" data-id=\"46982b3\" data-element_type=\"container\" data-e-type=\"container\">\n\t\t\t\t\t<div class=\"e-con-inner\">\n\t\t<div class=\"elementor-element elementor-element-bff9434 e-con-full e-flex e-con e-child\" data-id=\"bff9434\" data-element_type=\"container\" data-e-type=\"container\">\n\t\t\t\t<div class=\"elementor-element elementor-element-4be24b6 elementor-widget__width-initial elementor-widget elementor-widget-image\" data-id=\"4be24b6\" data-element_type=\"widget\" data-e-type=\"widget\" data-widget_type=\"image.default\">\n\t\t\t\t<div class=\"elementor-widget-container\">\n\t\t\t\t\t\t\t\t\t\t\t\t\t\t\t\t<a href=\"https:\/\/fundacionrecover.org\/wp-content\/uploads\/2026\/04\/OBRA-A-SUBASTAR.jpg\" data-elementor-open-lightbox=\"yes\" data-elementor-lightbox-title=\"Frutos del para\u00edso\" data-e-action-hash=\"#elementor-action%3Aaction%3Dlightbox%26settings%3DeyJpZCI6MTA5NjYsInVybCI6Imh0dHBzOlwvXC9mdW5kYWNpb25yZWNvdmVyLm9yZ1wvd3AtY29udGVudFwvdXBsb2Fkc1wvMjAyNlwvMDRcL09CUkEtQS1TVUJBU1RBUi5qcGcifQ%3D%3D\">\n\t\t\t\t\t\t\t<img loading=\"lazy\" decoding=\"async\" width=\"800\" height=\"925\" src=\"https:\/\/fundacionrecover.org\/wp-content\/uploads\/2026\/04\/OBRA-A-SUBASTAR-886x1024.jpg\" class=\"attachment-large size-large wp-image-10966\" alt=\"Frutos del para\u00edso - CHIRRI MORENO\" srcset=\"https:\/\/fundacionrecover.org\/wp-content\/uploads\/2026\/04\/OBRA-A-SUBASTAR-886x1024.jpg 886w, https:\/\/fundacionrecover.org\/wp-content\/uploads\/2026\/04\/OBRA-A-SUBASTAR-260x300.jpg 260w, https:\/\/fundacionrecover.org\/wp-content\/uploads\/2026\/04\/OBRA-A-SUBASTAR-768x888.jpg 768w, https:\/\/fundacionrecover.org\/wp-content\/uploads\/2026\/04\/OBRA-A-SUBASTAR-1329x1536.jpg 1329w, https:\/\/fundacionrecover.org\/wp-content\/uploads\/2026\/04\/OBRA-A-SUBASTAR-10x12.jpg 10w, https:\/\/fundacionrecover.org\/wp-content\/uploads\/2026\/04\/OBRA-A-SUBASTAR.jpg 1557w\" sizes=\"(max-width: 800px) 100vw, 800px\" \/>\t\t\t\t\t\t\t\t<\/a>\n\t\t\t\t\t\t\t\t\t\t\t\t\t\t\t<\/div>\n\t\t\t\t<\/div>\n\t\t\t\t<\/div>\n\t\t<div class=\"elementor-element elementor-element-c212986 e-con-full e-flex e-con e-child\" data-id=\"c212986\" data-element_type=\"container\" data-e-type=\"container\">\n\t\t\t\t<div class=\"elementor-element elementor-element-3a87016 elementor-widget__width-initial elementor-widget-mobile__width-inherit elementor-widget elementor-widget-text-editor\" data-id=\"3a87016\" data-element_type=\"widget\" data-e-type=\"widget\" data-widget_type=\"text-editor.default\">\n\t\t\t\t<div class=\"elementor-widget-container\">\n\t\t\t\t\t\t\t\t\t<p>ARTISTA: CHIRRI MORENO<\/p><p>A\u00d1O: 2026<\/p><p>T\u00cdTULO: \u2018Frutos del para\u00edso\u2019<\/p><p>T\u00c9CNICA: Hilo de seda y algod\u00f3n bordado sobre papel artesanal te\u00f1ido<\/p><p>DIMENSIONES: 38 x 33 cm<\/p><p>PRECIO DE VENTA: 1200 EUROS<\/p><p>PRECIO DE SALIDA: 600 EUROS<\/p>\t\t\t\t\t\t\t\t<\/div>\n\t\t\t\t<\/div>\n\t\t\t\t<\/div>\n\t\t\t\t\t<\/div>\n\t\t\t\t<\/div>\n\t\t\t\t\t\t\t\t<\/div>\n\t\t\t\t\t\t\t\t\t\t\t<div class=\"swiper-slide\" data-slide=\"3\" role=\"group\" aria-roledescription=\"slide\" aria-label=\"3 of 10\">\n\t\t\t\t\t\t\t<div class=\"elementor-element elementor-element-002b581 e-flex e-con-boxed e-con e-child\" data-id=\"002b581\" data-element_type=\"container\" data-e-type=\"container\">\n\t\t\t\t\t<div class=\"e-con-inner\">\n\t\t<div class=\"elementor-element elementor-element-7471fce e-con-full e-flex e-con e-child\" data-id=\"7471fce\" data-element_type=\"container\" data-e-type=\"container\">\n\t\t\t\t<div class=\"elementor-element elementor-element-d886cf5 elementor-widget__width-initial elementor-widget-laptop__width-initial elementor-widget elementor-widget-image\" data-id=\"d886cf5\" data-element_type=\"widget\" data-e-type=\"widget\" data-widget_type=\"image.default\">\n\t\t\t\t<div class=\"elementor-widget-container\">\n\t\t\t\t\t\t\t\t\t\t\t\t\t\t\t\t<a href=\"https:\/\/fundacionrecover.org\/wp-content\/uploads\/2026\/04\/mujer-de-galilea-donacion.jpg\" data-elementor-open-lightbox=\"yes\" data-elementor-lightbox-title=\"mujer de galilea (donacion)\" data-e-action-hash=\"#elementor-action%3Aaction%3Dlightbox%26settings%3DeyJpZCI6MTA5MTAsInVybCI6Imh0dHBzOlwvXC9mdW5kYWNpb25yZWNvdmVyLm9yZ1wvd3AtY29udGVudFwvdXBsb2Fkc1wvMjAyNlwvMDRcL211amVyLWRlLWdhbGlsZWEtZG9uYWNpb24uanBnIn0%3D\">\n\t\t\t\t\t\t\t<img loading=\"lazy\" decoding=\"async\" width=\"648\" height=\"1024\" src=\"https:\/\/fundacionrecover.org\/wp-content\/uploads\/2026\/04\/mujer-de-galilea-donacion-648x1024.jpg\" class=\"attachment-large size-large wp-image-10910\" alt=\"MUJER DE GALILEA - Odnoder\" srcset=\"https:\/\/fundacionrecover.org\/wp-content\/uploads\/2026\/04\/mujer-de-galilea-donacion-648x1024.jpg 648w, https:\/\/fundacionrecover.org\/wp-content\/uploads\/2026\/04\/mujer-de-galilea-donacion-190x300.jpg 190w, https:\/\/fundacionrecover.org\/wp-content\/uploads\/2026\/04\/mujer-de-galilea-donacion-768x1213.jpg 768w, https:\/\/fundacionrecover.org\/wp-content\/uploads\/2026\/04\/mujer-de-galilea-donacion-8x12.jpg 8w, https:\/\/fundacionrecover.org\/wp-content\/uploads\/2026\/04\/mujer-de-galilea-donacion.jpg 900w\" sizes=\"(max-width: 648px) 100vw, 648px\" \/>\t\t\t\t\t\t\t\t<\/a>\n\t\t\t\t\t\t\t\t\t\t\t\t\t\t\t<\/div>\n\t\t\t\t<\/div>\n\t\t\t\t<\/div>\n\t\t<div class=\"elementor-element elementor-element-737e7bb e-con-full e-flex e-con e-child\" data-id=\"737e7bb\" data-element_type=\"container\" data-e-type=\"container\">\n\t\t\t\t<div class=\"elementor-element elementor-element-bcf5602 elementor-widget__width-initial elementor-widget-mobile__width-inherit elementor-widget elementor-widget-text-editor\" data-id=\"bcf5602\" data-element_type=\"widget\" data-e-type=\"widget\" data-widget_type=\"text-editor.default\">\n\t\t\t\t<div class=\"elementor-widget-container\">\n\t\t\t\t\t\t\t\t\t<p>ARTISTA: ODNODER (PABLO REDONDO)<\/p><p>T\u00cdTULO: \u2018Mujer de Galilea\u2019<\/p><p>A\u00d1O: 2026<\/p><p>T\u00c9CNICA: Estructura met\u00e1lica y escayola<\/p><p>DIMENSIONES: 38 x 7 cm<\/p><p>PRECIO DE VENTA: 600 EUROS<\/p><p>PRECIO DE SALIDA: 300 EUROS<\/p>\t\t\t\t\t\t\t\t<\/div>\n\t\t\t\t<\/div>\n\t\t\t\t<\/div>\n\t\t\t\t\t<\/div>\n\t\t\t\t<\/div>\n\t\t\t\t\t\t\t\t<\/div>\n\t\t\t\t\t\t\t\t\t\t\t<div class=\"swiper-slide\" data-slide=\"4\" role=\"group\" aria-roledescription=\"slide\" aria-label=\"4 of 10\">\n\t\t\t\t\t\t\t<div class=\"elementor-element elementor-element-9f5d22b e-flex e-con-boxed e-con e-child\" data-id=\"9f5d22b\" data-element_type=\"container\" data-e-type=\"container\">\n\t\t\t\t\t<div class=\"e-con-inner\">\n\t\t<div class=\"elementor-element elementor-element-151fda0 e-con-full e-flex e-con e-child\" data-id=\"151fda0\" data-element_type=\"container\" data-e-type=\"container\">\n\t\t\t\t<div class=\"elementor-element elementor-element-1bc8432 elementor-widget__width-initial elementor-widget elementor-widget-image\" data-id=\"1bc8432\" data-element_type=\"widget\" data-e-type=\"widget\" data-widget_type=\"image.default\">\n\t\t\t\t<div class=\"elementor-widget-container\">\n\t\t\t\t\t\t\t\t\t\t\t\t\t\t\t\t<a href=\"https:\/\/fundacionrecover.org\/wp-content\/uploads\/2026\/04\/Fractura-e1776630461162.jpg\" data-elementor-open-lightbox=\"yes\" data-elementor-lightbox-title=\"Fractura\" data-e-action-hash=\"#elementor-action%3Aaction%3Dlightbox%26settings%3DeyJpZCI6MTA5NjgsInVybCI6Imh0dHBzOlwvXC9mdW5kYWNpb25yZWNvdmVyLm9yZ1wvd3AtY29udGVudFwvdXBsb2Fkc1wvMjAyNlwvMDRcL0ZyYWN0dXJhLWUxNzc2NjMwNDYxMTYyLmpwZyJ9\">\n\t\t\t\t\t\t\t<img loading=\"lazy\" decoding=\"async\" width=\"309\" height=\"468\" src=\"https:\/\/fundacionrecover.org\/wp-content\/uploads\/2026\/04\/Fractura-e1776630461162.jpg\" class=\"attachment-large size-large wp-image-10968\" alt=\"Fractura - ALEJANDRO CARABALLO\" srcset=\"https:\/\/fundacionrecover.org\/wp-content\/uploads\/2026\/04\/Fractura-e1776630461162.jpg 309w, https:\/\/fundacionrecover.org\/wp-content\/uploads\/2026\/04\/Fractura-e1776630461162-198x300.jpg 198w, https:\/\/fundacionrecover.org\/wp-content\/uploads\/2026\/04\/Fractura-e1776630461162-8x12.jpg 8w\" sizes=\"(max-width: 309px) 100vw, 309px\" \/>\t\t\t\t\t\t\t\t<\/a>\n\t\t\t\t\t\t\t\t\t\t\t\t\t\t\t<\/div>\n\t\t\t\t<\/div>\n\t\t\t\t<\/div>\n\t\t<div class=\"elementor-element elementor-element-5de14aa e-con-full e-flex e-con e-child\" data-id=\"5de14aa\" data-element_type=\"container\" data-e-type=\"container\">\n\t\t\t\t<div class=\"elementor-element elementor-element-56e9882 elementor-widget__width-initial elementor-widget-mobile__width-inherit elementor-widget elementor-widget-text-editor\" data-id=\"56e9882\" data-element_type=\"widget\" data-e-type=\"widget\" data-widget_type=\"text-editor.default\">\n\t\t\t\t<div class=\"elementor-widget-container\">\n\t\t\t\t\t\t\t\t\t<p>ARTISTA: ALEJANDRO CARABALLO<\/p><p>T\u00cdTULO: &#8216;Fractura&#8217;.\u00a0<\/p><p>A\u00d1O: 2024<\/p><p>T\u00c9CNICA: Fotograf\u00eda digital, procesada en edici\u00f3n de alto contraste. Impresi\u00f3n sobre papel Hahnem\u00fchle Photo Rag\u00ae 100% algod\u00f3n de 308 g\/m\u00b2. <em>Serie limitada 01\/03<\/em><\/p><p>DIMENSIONES: 50 x 70 cm (papel) 33 x 50 (imagen)<\/p><p>PRECIO DE VENTA: 450 EUROS<\/p><p>PRECIO DE SALIDA: 225 EUROS<\/p>\t\t\t\t\t\t\t\t<\/div>\n\t\t\t\t<\/div>\n\t\t\t\t<\/div>\n\t\t\t\t\t<\/div>\n\t\t\t\t<\/div>\n\t\t\t\t\t\t\t\t<\/div>\n\t\t\t\t\t\t\t\t\t\t\t<div class=\"swiper-slide\" data-slide=\"5\" role=\"group\" aria-roledescription=\"slide\" aria-label=\"5 of 10\">\n\t\t\t\t\t\t\t<div class=\"elementor-element elementor-element-f004d22 e-flex e-con-boxed e-con e-child\" data-id=\"f004d22\" data-element_type=\"container\" data-e-type=\"container\">\n\t\t\t\t\t<div class=\"e-con-inner\">\n\t\t<div class=\"elementor-element elementor-element-6e1f433 e-con-full e-flex e-con e-child\" data-id=\"6e1f433\" data-element_type=\"container\" data-e-type=\"container\">\n\t\t\t\t<div class=\"elementor-element elementor-element-b2f4398 elementor-widget__width-initial elementor-widget elementor-widget-image\" data-id=\"b2f4398\" data-element_type=\"widget\" data-e-type=\"widget\" data-widget_type=\"image.default\">\n\t\t\t\t<div class=\"elementor-widget-container\">\n\t\t\t\t\t\t\t\t\t\t\t\t\t\t\t\t<a href=\"https:\/\/fundacionrecover.org\/wp-content\/uploads\/2026\/04\/Dibujo-2020.jpg\" data-elementor-open-lightbox=\"yes\" data-elementor-lightbox-title=\"Dibujo, 2020\" data-e-action-hash=\"#elementor-action%3Aaction%3Dlightbox%26settings%3DeyJpZCI6MTEwNjgsInVybCI6Imh0dHBzOlwvXC9mdW5kYWNpb25yZWNvdmVyLm9yZ1wvd3AtY29udGVudFwvdXBsb2Fkc1wvMjAyNlwvMDRcL0RpYnVqby0yMDIwLmpwZyJ9\">\n\t\t\t\t\t\t\t<img loading=\"lazy\" decoding=\"async\" width=\"800\" height=\"829\" src=\"https:\/\/fundacionrecover.org\/wp-content\/uploads\/2026\/04\/Dibujo-2020-988x1024.jpg\" class=\"attachment-large size-large wp-image-11068\" alt=\"Dibujo, 2020 - HUGO WIRZ\" srcset=\"https:\/\/fundacionrecover.org\/wp-content\/uploads\/2026\/04\/Dibujo-2020-988x1024.jpg 988w, https:\/\/fundacionrecover.org\/wp-content\/uploads\/2026\/04\/Dibujo-2020-289x300.jpg 289w, https:\/\/fundacionrecover.org\/wp-content\/uploads\/2026\/04\/Dibujo-2020-768x796.jpg 768w, https:\/\/fundacionrecover.org\/wp-content\/uploads\/2026\/04\/Dibujo-2020-1482x1536.jpg 1482w, https:\/\/fundacionrecover.org\/wp-content\/uploads\/2026\/04\/Dibujo-2020-12x12.jpg 12w, https:\/\/fundacionrecover.org\/wp-content\/uploads\/2026\/04\/Dibujo-2020.jpg 1500w\" sizes=\"(max-width: 800px) 100vw, 800px\" \/>\t\t\t\t\t\t\t\t<\/a>\n\t\t\t\t\t\t\t\t\t\t\t\t\t\t\t<\/div>\n\t\t\t\t<\/div>\n\t\t\t\t<\/div>\n\t\t<div class=\"elementor-element elementor-element-798f5cc e-con-full e-flex e-con e-child\" data-id=\"798f5cc\" data-element_type=\"container\" data-e-type=\"container\">\n\t\t\t\t<div class=\"elementor-element elementor-element-8f97130 elementor-widget__width-initial elementor-widget-mobile__width-inherit elementor-widget elementor-widget-text-editor\" data-id=\"8f97130\" data-element_type=\"widget\" data-e-type=\"widget\" data-widget_type=\"text-editor.default\">\n\t\t\t\t<div class=\"elementor-widget-container\">\n\t\t\t\t\t\t\t\t\t<p>ARTISTA: HUGO WIRZ<\/p><p>T\u00cdTULO: Dibujo<\/p><p>A\u00d1O: 2020<\/p><p>T\u00c9CNICA: Rotulador con tinta china<\/p><p>DIMENSIONES: 35 x 33 cm<\/p><p>PRECIO DE VENTA: 950 EUROS<\/p><p>PRECIO DE SALIDA: 475 EUROS<\/p>\t\t\t\t\t\t\t\t<\/div>\n\t\t\t\t<\/div>\n\t\t\t\t<\/div>\n\t\t\t\t\t<\/div>\n\t\t\t\t<\/div>\n\t\t\t\t\t\t\t\t<\/div>\n\t\t\t\t\t\t\t\t\t\t\t<div class=\"swiper-slide\" data-slide=\"6\" role=\"group\" aria-roledescription=\"slide\" aria-label=\"6 of 10\">\n\t\t\t\t\t\t\t<div class=\"elementor-element elementor-element-ae426e2 e-flex e-con-boxed e-con e-child\" data-id=\"ae426e2\" data-element_type=\"container\" data-e-type=\"container\">\n\t\t\t\t\t<div class=\"e-con-inner\">\n\t\t<div class=\"elementor-element elementor-element-4552aed e-con-full e-flex e-con e-child\" data-id=\"4552aed\" data-element_type=\"container\" data-e-type=\"container\">\n\t\t\t\t<div class=\"elementor-element elementor-element-9479ccf elementor-widget__width-initial elementor-widget elementor-widget-image\" data-id=\"9479ccf\" data-element_type=\"widget\" data-e-type=\"widget\" data-widget_type=\"image.default\">\n\t\t\t\t<div class=\"elementor-widget-container\">\n\t\t\t\t\t\t\t\t\t\t\t\t\t\t\t\t<a href=\"https:\/\/fundacionrecover.org\/wp-content\/uploads\/2026\/04\/Cardo.-Talla-en-madera-de-tilo.-46-x-46-x-6-cm.-Sandra-Krysiak.jpg\" data-elementor-open-lightbox=\"yes\" data-elementor-lightbox-title=\"Cardo. Talla en madera de tilo. 46 x 46 x 6 cm. Sandra Krysiak.\" data-e-action-hash=\"#elementor-action%3Aaction%3Dlightbox%26settings%3DeyJpZCI6MTA5ODUsInVybCI6Imh0dHBzOlwvXC9mdW5kYWNpb25yZWNvdmVyLm9yZ1wvd3AtY29udGVudFwvdXBsb2Fkc1wvMjAyNlwvMDRcL0NhcmRvLi1UYWxsYS1lbi1tYWRlcmEtZGUtdGlsby4tNDYteC00Ni14LTYtY20uLVNhbmRyYS1LcnlzaWFrLmpwZyJ9\">\n\t\t\t\t\t\t\t<img loading=\"lazy\" decoding=\"async\" width=\"800\" height=\"1000\" src=\"https:\/\/fundacionrecover.org\/wp-content\/uploads\/2026\/04\/Cardo.-Talla-en-madera-de-tilo.-46-x-46-x-6-cm.-Sandra-Krysiak-819x1024.jpg\" class=\"attachment-large size-large wp-image-10985\" alt=\"Cardo - SANDRA KRYSIAK\" srcset=\"https:\/\/fundacionrecover.org\/wp-content\/uploads\/2026\/04\/Cardo.-Talla-en-madera-de-tilo.-46-x-46-x-6-cm.-Sandra-Krysiak-819x1024.jpg 819w, https:\/\/fundacionrecover.org\/wp-content\/uploads\/2026\/04\/Cardo.-Talla-en-madera-de-tilo.-46-x-46-x-6-cm.-Sandra-Krysiak-240x300.jpg 240w, https:\/\/fundacionrecover.org\/wp-content\/uploads\/2026\/04\/Cardo.-Talla-en-madera-de-tilo.-46-x-46-x-6-cm.-Sandra-Krysiak-768x960.jpg 768w, https:\/\/fundacionrecover.org\/wp-content\/uploads\/2026\/04\/Cardo.-Talla-en-madera-de-tilo.-46-x-46-x-6-cm.-Sandra-Krysiak-1229x1536.jpg 1229w, https:\/\/fundacionrecover.org\/wp-content\/uploads\/2026\/04\/Cardo.-Talla-en-madera-de-tilo.-46-x-46-x-6-cm.-Sandra-Krysiak-10x12.jpg 10w, https:\/\/fundacionrecover.org\/wp-content\/uploads\/2026\/04\/Cardo.-Talla-en-madera-de-tilo.-46-x-46-x-6-cm.-Sandra-Krysiak.jpg 1440w\" sizes=\"(max-width: 800px) 100vw, 800px\" \/>\t\t\t\t\t\t\t\t<\/a>\n\t\t\t\t\t\t\t\t\t\t\t\t\t\t\t<\/div>\n\t\t\t\t<\/div>\n\t\t\t\t<\/div>\n\t\t<div class=\"elementor-element elementor-element-53425d0 e-con-full e-flex e-con e-child\" data-id=\"53425d0\" data-element_type=\"container\" data-e-type=\"container\">\n\t\t\t\t<div class=\"elementor-element elementor-element-4be30b1 elementor-widget__width-initial elementor-widget-mobile__width-inherit elementor-widget elementor-widget-text-editor\" data-id=\"4be30b1\" data-element_type=\"widget\" data-e-type=\"widget\" data-widget_type=\"text-editor.default\">\n\t\t\t\t<div class=\"elementor-widget-container\">\n\t\t\t\t\t\t\t\t\t<p>ARTISTA: SANDRA KRYSIAK<\/p><p>T\u00cdTULO: \u2018Cardo\u2019<\/p><p>T\u00c9CNICA: Talla en madera de tilo<\/p><p>DIMENSIONES: 46 x 46 x 6 cm<\/p><p>PRECIO DE VENTA: 1800 EUROS<\/p><p>PRECIO DE SALIDA: 900 EUROS<\/p>\t\t\t\t\t\t\t\t<\/div>\n\t\t\t\t<\/div>\n\t\t\t\t<\/div>\n\t\t\t\t\t<\/div>\n\t\t\t\t<\/div>\n\t\t\t\t\t\t\t\t<\/div>\n\t\t\t\t\t\t\t\t\t\t\t<div class=\"swiper-slide\" data-slide=\"7\" role=\"group\" aria-roledescription=\"slide\" aria-label=\"7 of 10\">\n\t\t\t\t\t\t\t<div class=\"elementor-element elementor-element-0ab6630 e-flex e-con-boxed e-con e-child\" data-id=\"0ab6630\" data-element_type=\"container\" data-e-type=\"container\">\n\t\t\t\t\t<div class=\"e-con-inner\">\n\t\t<div class=\"elementor-element elementor-element-d802bfc e-con-full e-flex e-con e-child\" data-id=\"d802bfc\" data-element_type=\"container\" data-e-type=\"container\">\n\t\t\t\t<div class=\"elementor-element elementor-element-fd262c5 elementor-widget__width-inherit elementor-widget elementor-widget-image\" data-id=\"fd262c5\" data-element_type=\"widget\" data-e-type=\"widget\" data-widget_type=\"image.default\">\n\t\t\t\t<div class=\"elementor-widget-container\">\n\t\t\t\t\t\t\t\t\t\t\t\t\t\t\t\t<a href=\"https:\/\/fundacionrecover.org\/wp-content\/uploads\/2026\/04\/Seno-en-barro-cocido.jpg\" data-elementor-open-lightbox=\"yes\" data-elementor-lightbox-title=\"Seno en barro cocido\" data-e-action-hash=\"#elementor-action%3Aaction%3Dlightbox%26settings%3DeyJpZCI6MTA5MjEsInVybCI6Imh0dHBzOlwvXC9mdW5kYWNpb25yZWNvdmVyLm9yZ1wvd3AtY29udGVudFwvdXBsb2Fkc1wvMjAyNlwvMDRcL1Nlbm8tZW4tYmFycm8tY29jaWRvLmpwZyJ9\">\n\t\t\t\t\t\t\t<img loading=\"lazy\" decoding=\"async\" width=\"800\" height=\"534\" src=\"https:\/\/fundacionrecover.org\/wp-content\/uploads\/2026\/04\/Seno-en-barro-cocido-1024x683.jpg\" class=\"attachment-large size-large wp-image-10921\" alt=\"Seno en barro cocido\" srcset=\"https:\/\/fundacionrecover.org\/wp-content\/uploads\/2026\/04\/Seno-en-barro-cocido-1024x683.jpg 1024w, https:\/\/fundacionrecover.org\/wp-content\/uploads\/2026\/04\/Seno-en-barro-cocido-300x200.jpg 300w, https:\/\/fundacionrecover.org\/wp-content\/uploads\/2026\/04\/Seno-en-barro-cocido-768x512.jpg 768w, https:\/\/fundacionrecover.org\/wp-content\/uploads\/2026\/04\/Seno-en-barro-cocido-1536x1024.jpg 1536w, https:\/\/fundacionrecover.org\/wp-content\/uploads\/2026\/04\/Seno-en-barro-cocido-18x12.jpg 18w, https:\/\/fundacionrecover.org\/wp-content\/uploads\/2026\/04\/Seno-en-barro-cocido.jpg 1800w\" sizes=\"(max-width: 800px) 100vw, 800px\" \/>\t\t\t\t\t\t\t\t<\/a>\n\t\t\t\t\t\t\t\t\t\t\t\t\t\t\t<\/div>\n\t\t\t\t<\/div>\n\t\t\t\t<\/div>\n\t\t<div class=\"elementor-element elementor-element-2786920 e-con-full e-flex e-con e-child\" data-id=\"2786920\" data-element_type=\"container\" data-e-type=\"container\">\n\t\t\t\t<div class=\"elementor-element elementor-element-636ecb7 elementor-widget__width-initial elementor-widget-mobile__width-inherit elementor-widget elementor-widget-text-editor\" data-id=\"636ecb7\" data-element_type=\"widget\" data-e-type=\"widget\" data-widget_type=\"text-editor.default\">\n\t\t\t\t<div class=\"elementor-widget-container\">\n\t\t\t\t\t\t\t\t\t<p>ARTISTA: LAURA LIS<\/p><p>T\u00cdTULO: Seno cer\u00e1mica<\/p><p>A\u00d1O: 2023<\/p><p>T\u00c9CNICA: Barro cocido<\/p><p>DIMENSIONES: 22 x 38 x 20 cm<\/p><p>PRECIO DE VENTA: 500 EUROS<\/p><p>PRECIO DE SALIDA: 250 EUROS<\/p>\t\t\t\t\t\t\t\t<\/div>\n\t\t\t\t<\/div>\n\t\t\t\t<\/div>\n\t\t\t\t\t<\/div>\n\t\t\t\t<\/div>\n\t\t\t\t\t\t\t\t<\/div>\n\t\t\t\t\t\t\t\t\t\t\t<div class=\"swiper-slide\" data-slide=\"8\" role=\"group\" aria-roledescription=\"slide\" aria-label=\"8 of 10\">\n\t\t\t\t\t\t\t<div class=\"elementor-element elementor-element-fbc60db e-flex e-con-boxed e-con e-child\" data-id=\"fbc60db\" data-element_type=\"container\" data-e-type=\"container\">\n\t\t\t\t\t<div class=\"e-con-inner\">\n\t\t<div class=\"elementor-element elementor-element-17ba5c4 e-con-full e-flex e-con e-child\" data-id=\"17ba5c4\" data-element_type=\"container\" data-e-type=\"container\">\n\t\t\t\t<div class=\"elementor-element elementor-element-60c4731 elementor-widget__width-initial elementor-widget elementor-widget-image\" data-id=\"60c4731\" data-element_type=\"widget\" data-e-type=\"widget\" data-widget_type=\"image.default\">\n\t\t\t\t<div class=\"elementor-widget-container\">\n\t\t\t\t\t\t\t\t\t\t\t\t\t\t\t\t<a href=\"https:\/\/fundacionrecover.org\/wp-content\/uploads\/2026\/04\/JoseManuelMartinezPerez_Profeta.jpg\" data-elementor-open-lightbox=\"yes\" data-elementor-lightbox-title=\"Jos\u00e9ManuelMart\u00ednezP\u00e9rez_Profeta\" data-e-action-hash=\"#elementor-action%3Aaction%3Dlightbox%26settings%3DeyJpZCI6MTA4NzgsInVybCI6Imh0dHBzOlwvXC9mdW5kYWNpb25yZWNvdmVyLm9yZ1wvd3AtY29udGVudFwvdXBsb2Fkc1wvMjAyNlwvMDRcL0pvc2VNYW51ZWxNYXJ0aW5lelBlcmV6X1Byb2ZldGEuanBnIn0%3D\">\n\t\t\t\t\t\t\t<img loading=\"lazy\" decoding=\"async\" width=\"768\" height=\"1024\" src=\"https:\/\/fundacionrecover.org\/wp-content\/uploads\/2026\/04\/JoseManuelMartinezPerez_Profeta-768x1024.jpg\" class=\"attachment-large size-large wp-image-10878\" alt=\"PROFETA -Jos\u00e9 Manuel Mart\u00ednez P\u00e9rez\" srcset=\"https:\/\/fundacionrecover.org\/wp-content\/uploads\/2026\/04\/JoseManuelMartinezPerez_Profeta-768x1024.jpg 768w, https:\/\/fundacionrecover.org\/wp-content\/uploads\/2026\/04\/JoseManuelMartinezPerez_Profeta-225x300.jpg 225w, https:\/\/fundacionrecover.org\/wp-content\/uploads\/2026\/04\/JoseManuelMartinezPerez_Profeta-1152x1536.jpg 1152w, https:\/\/fundacionrecover.org\/wp-content\/uploads\/2026\/04\/JoseManuelMartinezPerez_Profeta-9x12.jpg 9w, https:\/\/fundacionrecover.org\/wp-content\/uploads\/2026\/04\/JoseManuelMartinezPerez_Profeta.jpg 1200w\" sizes=\"(max-width: 768px) 100vw, 768px\" \/>\t\t\t\t\t\t\t\t<\/a>\n\t\t\t\t\t\t\t\t\t\t\t\t\t\t\t<\/div>\n\t\t\t\t<\/div>\n\t\t\t\t<\/div>\n\t\t<div class=\"elementor-element elementor-element-ac83120 e-con-full e-flex e-con e-child\" data-id=\"ac83120\" data-element_type=\"container\" data-e-type=\"container\">\n\t\t\t\t<div class=\"elementor-element elementor-element-df16d62 elementor-widget__width-initial elementor-widget-mobile__width-inherit elementor-widget elementor-widget-text-editor\" data-id=\"df16d62\" data-element_type=\"widget\" data-e-type=\"widget\" data-widget_type=\"text-editor.default\">\n\t\t\t\t<div class=\"elementor-widget-container\">\n\t\t\t\t\t\t\t\t\t<p>ARTISTA: JOSE MANUEL MART\u00cdNEZ\u00a0<\/p><p>T\u00cdTULO: \u2018Profeta\u2019<\/p><p>A\u00d1O: 2025<\/p><p>T\u00c9CNICA: Tinta directa sobre papel<\/p><p>DIMENSIONES: 35 x 25 cm\u00a0<\/p><p>Obra \u00fanica firmada<\/p><p>PRECIO DE VENTA: 300 EUROS<\/p><p>PRECIO DE SALIDA: 150 EUROS<\/p>\t\t\t\t\t\t\t\t<\/div>\n\t\t\t\t<\/div>\n\t\t\t\t<\/div>\n\t\t\t\t\t<\/div>\n\t\t\t\t<\/div>\n\t\t\t\t\t\t\t\t<\/div>\n\t\t\t\t\t\t\t\t\t\t\t<div class=\"swiper-slide\" data-slide=\"9\" role=\"group\" aria-roledescription=\"slide\" aria-label=\"9 of 10\">\n\t\t\t\t\t\t\t<div class=\"elementor-element elementor-element-f53404a e-flex e-con-boxed e-con e-child\" data-id=\"f53404a\" data-element_type=\"container\" data-e-type=\"container\">\n\t\t\t\t\t<div class=\"e-con-inner\">\n\t\t<div class=\"elementor-element elementor-element-806be59 e-con-full e-flex e-con e-child\" data-id=\"806be59\" data-element_type=\"container\" data-e-type=\"container\">\n\t\t\t\t<div class=\"elementor-element elementor-element-cec83f7 elementor-widget__width-initial elementor-widget elementor-widget-image\" data-id=\"cec83f7\" data-element_type=\"widget\" data-e-type=\"widget\" data-widget_type=\"image.default\">\n\t\t\t\t<div class=\"elementor-widget-container\">\n\t\t\t\t\t\t\t\t\t\t\t\t\t\t\t\t<a href=\"https:\/\/fundacionrecover.org\/wp-content\/uploads\/2026\/04\/OBRA-DONACION-Geometria-cromatica-serigrafia.jpg\" data-elementor-open-lightbox=\"yes\" data-elementor-lightbox-title=\"Geometr\u00eda crom\u00e1tica - serigrafia\" data-e-action-hash=\"#elementor-action%3Aaction%3Dlightbox%26settings%3DeyJpZCI6MTA5MzMsInVybCI6Imh0dHBzOlwvXC9mdW5kYWNpb25yZWNvdmVyLm9yZ1wvd3AtY29udGVudFwvdXBsb2Fkc1wvMjAyNlwvMDRcL09CUkEtRE9OQUNJT04tR2VvbWV0cmlhLWNyb21hdGljYS1zZXJpZ3JhZmlhLmpwZyJ9\">\n\t\t\t\t\t\t\t<img loading=\"lazy\" decoding=\"async\" width=\"800\" height=\"1010\" src=\"https:\/\/fundacionrecover.org\/wp-content\/uploads\/2026\/04\/OBRA-DONACION-Geometria-cromatica-serigrafia-811x1024.jpg\" class=\"attachment-large size-large wp-image-10933\" alt=\"Geometr\u00eda crom\u00e1tica - Federico Echeverr\u00eda\" srcset=\"https:\/\/fundacionrecover.org\/wp-content\/uploads\/2026\/04\/OBRA-DONACION-Geometria-cromatica-serigrafia-811x1024.jpg 811w, https:\/\/fundacionrecover.org\/wp-content\/uploads\/2026\/04\/OBRA-DONACION-Geometria-cromatica-serigrafia-238x300.jpg 238w, https:\/\/fundacionrecover.org\/wp-content\/uploads\/2026\/04\/OBRA-DONACION-Geometria-cromatica-serigrafia-768x970.jpg 768w, https:\/\/fundacionrecover.org\/wp-content\/uploads\/2026\/04\/OBRA-DONACION-Geometria-cromatica-serigrafia-10x12.jpg 10w, https:\/\/fundacionrecover.org\/wp-content\/uploads\/2026\/04\/OBRA-DONACION-Geometria-cromatica-serigrafia.jpg 1188w\" sizes=\"(max-width: 800px) 100vw, 800px\" \/>\t\t\t\t\t\t\t\t<\/a>\n\t\t\t\t\t\t\t\t\t\t\t\t\t\t\t<\/div>\n\t\t\t\t<\/div>\n\t\t\t\t<\/div>\n\t\t<div class=\"elementor-element elementor-element-e692675 e-con-full e-flex e-con e-child\" data-id=\"e692675\" data-element_type=\"container\" data-e-type=\"container\">\n\t\t\t\t<div class=\"elementor-element elementor-element-337c323 elementor-widget__width-initial elementor-widget-mobile__width-inherit elementor-widget elementor-widget-text-editor\" data-id=\"337c323\" data-element_type=\"widget\" data-e-type=\"widget\" data-widget_type=\"text-editor.default\">\n\t\t\t\t<div class=\"elementor-widget-container\">\n\t\t\t\t\t\t\t\t\t<p>ARTISTA: FEDERICO ECHEVARR\u00cdA<\/p><p>T\u00cdTULO: \u2018Geometr\u00eda crom\u00e1tica\u2019<\/p><p>A\u00d1O: 2026<\/p><p>T\u00c9CNICA: Serigraf\u00eda<\/p><p>DIMENSIONES: 78 x 62.5 cm<\/p><p>PRECIO DE VENTA: 480 EUROS<\/p><p>PRECIO DE SALIDA: 240 EUROS<\/p>\t\t\t\t\t\t\t\t<\/div>\n\t\t\t\t<\/div>\n\t\t\t\t<\/div>\n\t\t\t\t\t<\/div>\n\t\t\t\t<\/div>\n\t\t\t\t\t\t\t\t<\/div>\n\t\t\t\t\t\t\t\t\t\t\t<div class=\"swiper-slide\" data-slide=\"10\" role=\"group\" aria-roledescription=\"slide\" aria-label=\"10 of 10\">\n\t\t\t\t\t\t\t<div class=\"elementor-element elementor-element-6a6bfb0 e-flex e-con-boxed e-con e-child\" data-id=\"6a6bfb0\" data-element_type=\"container\" data-e-type=\"container\">\n\t\t\t\t\t<div class=\"e-con-inner\">\n\t\t<div class=\"elementor-element elementor-element-b921a97 e-con-full e-flex e-con e-child\" data-id=\"b921a97\" data-element_type=\"container\" data-e-type=\"container\">\n\t\t\t\t<div class=\"elementor-element elementor-element-69b2d2b elementor-widget__width-initial elementor-widget elementor-widget-image\" data-id=\"69b2d2b\" data-element_type=\"widget\" data-e-type=\"widget\" data-widget_type=\"image.default\">\n\t\t\t\t<div class=\"elementor-widget-container\">\n\t\t\t\t\t\t\t\t\t\t\t\t\t\t\t\t<a href=\"https:\/\/fundacionrecover.org\/wp-content\/uploads\/2026\/04\/AlbertoGuerrero.png\" data-elementor-open-lightbox=\"yes\" data-elementor-lightbox-title=\"AlbertoGuerrero\" data-e-action-hash=\"#elementor-action%3Aaction%3Dlightbox%26settings%3DeyJpZCI6MTEwMTYsInVybCI6Imh0dHBzOlwvXC9mdW5kYWNpb25yZWNvdmVyLm9yZ1wvd3AtY29udGVudFwvdXBsb2Fkc1wvMjAyNlwvMDRcL0FsYmVydG9HdWVycmVyby5wbmcifQ%3D%3D\">\n\t\t\t\t\t\t\t<img loading=\"lazy\" decoding=\"async\" width=\"568\" height=\"580\" src=\"https:\/\/fundacionrecover.org\/wp-content\/uploads\/2026\/04\/AlbertoGuerrero.png\" class=\"attachment-large size-large wp-image-11016\" alt=\"\" srcset=\"https:\/\/fundacionrecover.org\/wp-content\/uploads\/2026\/04\/AlbertoGuerrero.png 568w, https:\/\/fundacionrecover.org\/wp-content\/uploads\/2026\/04\/AlbertoGuerrero-294x300.png 294w, https:\/\/fundacionrecover.org\/wp-content\/uploads\/2026\/04\/AlbertoGuerrero-12x12.png 12w\" sizes=\"(max-width: 568px) 100vw, 568px\" \/>\t\t\t\t\t\t\t\t<\/a>\n\t\t\t\t\t\t\t\t\t\t\t\t\t\t\t<\/div>\n\t\t\t\t<\/div>\n\t\t\t\t<\/div>\n\t\t<div class=\"elementor-element elementor-element-8c2420b e-con-full e-flex e-con e-child\" data-id=\"8c2420b\" data-element_type=\"container\" data-e-type=\"container\">\n\t\t\t\t<div class=\"elementor-element elementor-element-365369c elementor-widget__width-initial elementor-widget-mobile__width-inherit elementor-widget elementor-widget-text-editor\" data-id=\"365369c\" data-element_type=\"widget\" data-e-type=\"widget\" data-widget_type=\"text-editor.default\">\n\t\t\t\t<div class=\"elementor-widget-container\">\n\t\t\t\t\t\t\t\t\t<p>ARTISTA: ALBERTO GUERRERO<\/p><p>T\u00cdTULO: (Sin t\u00edtulo)<\/p><p>A\u00d1O: 2021<\/p><p>T\u00c9CNICA: Pigmento y l\u00e1tex sobre lienzo<\/p><p>DIMENSIONES: 45 x 45 cm<\/p><p>PRECIO DE VENTA: 1000 EUROS<\/p><p>PRECIO DE SALIDA: 500 EUROS<\/p>\t\t\t\t\t\t\t\t<\/div>\n\t\t\t\t<\/div>\n\t\t\t\t<\/div>\n\t\t\t\t\t<\/div>\n\t\t\t\t<\/div>\n\t\t\t\t\t\t\t\t<\/div>\n\t\t\t\t\t\t\t\t<\/div>\n\t\t<\/div>\n\t\t\t\t\t<div class=\"elementor-swiper-button elementor-swiper-button-prev\" role=\"button\" tabindex=\"0\" aria-label=\"Previous\">\n\t\t\t\t<svg aria-hidden=\"true\" class=\"e-font-icon-svg e-eicon-chevron-left\" viewBox=\"0 0 1000 1000\" xmlns=\"http:\/\/www.w3.org\/2000\/svg\"><path d=\"M646 125C629 125 613 133 604 142L308 442C296 454 292 471 292 487 292 504 296 521 308 533L604 854C617 867 629 875 646 875 663 875 679 871 692 858 704 846 713 829 713 812 713 796 708 779 692 767L438 487 692 225C700 217 708 204 708 187 708 171 704 154 692 142 675 129 663 125 646 125Z\"><\/path><\/svg>\t\t\t<\/div>\n\t\t\t<div class=\"elementor-swiper-button elementor-swiper-button-next\" role=\"button\" tabindex=\"0\" aria-label=\"Next\">\n\t\t\t\t<svg aria-hidden=\"true\" class=\"e-font-icon-svg e-eicon-chevron-right\" viewBox=\"0 0 1000 1000\" xmlns=\"http:\/\/www.w3.org\/2000\/svg\"><path d=\"M696 533C708 521 713 504 713 487 713 471 708 454 696 446L400 146C388 133 375 125 354 125 338 125 325 129 313 142 300 154 292 171 292 187 292 204 296 221 308 233L563 492 304 771C292 783 288 800 288 817 288 833 296 850 308 863 321 871 338 875 354 875 371 875 388 867 400 854L696 533Z\"><\/path><\/svg>\t\t\t<\/div>\n\t\t\t\t\t<div class=\"swiper-pagination\"><\/div>\n\t\t\t\t\t\t<\/div>\n\t\t\t\t<\/div>\n\t\t\t\t\t<\/div>\n\t\t\t\t<\/div>\n\t\t<div class=\"elementor-element elementor-element-cfdcfd9 e-con-full e-flex e-con e-parent\" data-id=\"cfdcfd9\" data-element_type=\"container\" data-e-type=\"container\">\n\t\t<div class=\"elementor-element elementor-element-51df5e8 e-flex e-con-boxed e-con e-child\" data-id=\"51df5e8\" data-element_type=\"container\" data-e-type=\"container\">\n\t\t\t\t\t<div class=\"e-con-inner\">\n\t\t<div class=\"elementor-element elementor-element-15a8051 e-con-full e-flex e-con e-child\" data-id=\"15a8051\" data-element_type=\"container\" data-e-type=\"container\" data-settings=\"{&quot;background_background&quot;:&quot;classic&quot;}\">\n\t\t\t\t<div class=\"elementor-element elementor-element-3333f6e elementor-widget__width-initial elementor-widget-mobile__width-inherit elementor-widget-tablet_extra__width-inherit elementor-invisible elementor-widget elementor-widget-heading\" data-id=\"3333f6e\" data-element_type=\"widget\" data-e-type=\"widget\" data-settings=\"{&quot;_animation&quot;:&quot;fadeIn&quot;}\" data-widget_type=\"heading.default\">\n\t\t\t\t<div class=\"elementor-widget-container\">\n\t\t\t\t\t<h3 class=\"elementor-heading-title elementor-size-default\">Organizadores<\/h3>\t\t\t\t<\/div>\n\t\t\t\t<\/div>\n\t\t\t\t<\/div>\n\t\t<div class=\"elementor-element elementor-element-2273560 e-con-full e-flex e-con e-child\" data-id=\"2273560\" data-element_type=\"container\" data-e-type=\"container\">\n\t\t<div class=\"elementor-element elementor-element-5902689 e-con-full e-flex e-con e-child\" data-id=\"5902689\" data-element_type=\"container\" data-e-type=\"container\">\n\t\t<div class=\"elementor-element elementor-element-0845497 e-con-full e-flex e-con e-child\" data-id=\"0845497\" data-element_type=\"container\" data-e-type=\"container\">\n\t\t\t\t<div class=\"elementor-element elementor-element-5e3c4a9 elementor-widget__width-initial elementor-widget-mobile__width-inherit elementor-widget elementor-widget-text-editor\" data-id=\"5e3c4a9\" data-element_type=\"widget\" data-e-type=\"widget\" data-widget_type=\"text-editor.default\">\n\t\t\t\t<div class=\"elementor-widget-container\">\n\t\t\t\t\t\t\t\t\t<p><strong>Fundaci\u00f3n Recover, Hospitales para \u00c1frica<\/strong> es una organizaci\u00f3n laica, independiente y sin \u00e1nimo de lucro que hace cooperaci\u00f3n sanitaria en \u00c1frica desde 2007. Tiene como misi\u00f3n fortalecer las capacidades de los centros de salud con los que colabora, as\u00ed como de su personal, para que, de forma sostenible, puedan ofrecer una atenci\u00f3n sanitaria digna y de calidad a personas con pocos recursos de \u00c1frica.<\/p>\t\t\t\t\t\t\t\t<\/div>\n\t\t\t\t<\/div>\n\t\t\t\t<div class=\"elementor-element elementor-element-caa77d2 elementor-widget__width-initial elementor-widget elementor-widget-image\" data-id=\"caa77d2\" data-element_type=\"widget\" data-e-type=\"widget\" data-widget_type=\"image.default\">\n\t\t\t\t<div class=\"elementor-widget-container\">\n\t\t\t\t\t\t\t\t\t\t\t\t\t\t\t<img loading=\"lazy\" decoding=\"async\" width=\"334\" height=\"181\" src=\"https:\/\/fundacionrecover.org\/wp-content\/uploads\/2024\/05\/Logotipo_FundacionRecover_VerdeOscuro_ESP-1-e1716720124510.png\" class=\"attachment-medium_large size-medium_large wp-image-4719\" alt=\"\" srcset=\"https:\/\/fundacionrecover.org\/wp-content\/uploads\/2024\/05\/Logotipo_FundacionRecover_VerdeOscuro_ESP-1-e1716720124510.png 334w, https:\/\/fundacionrecover.org\/wp-content\/uploads\/2024\/05\/Logotipo_FundacionRecover_VerdeOscuro_ESP-1-e1716720124510-300x163.png 300w\" sizes=\"(max-width: 334px) 100vw, 334px\" \/>\t\t\t\t\t\t\t\t\t\t\t\t\t\t\t<\/div>\n\t\t\t\t<\/div>\n\t\t\t\t<\/div>\n\t\t\t\t<\/div>\n\t\t\t\t<\/div>\n\t\t<div class=\"elementor-element elementor-element-fb19dc4 e-con-full e-flex e-con e-child\" data-id=\"fb19dc4\" data-element_type=\"container\" data-e-type=\"container\">\n\t\t<div class=\"elementor-element elementor-element-43a4168 e-con-full e-flex e-con e-child\" data-id=\"43a4168\" data-element_type=\"container\" data-e-type=\"container\">\n\t\t<div class=\"elementor-element elementor-element-7ffa5b8 e-con-full e-flex e-con e-child\" data-id=\"7ffa5b8\" data-element_type=\"container\" data-e-type=\"container\">\n\t\t\t\t<div class=\"elementor-element elementor-element-d5ad21d elementor-widget__width-initial elementor-widget-mobile__width-inherit elementor-widget elementor-widget-text-editor\" data-id=\"d5ad21d\" data-element_type=\"widget\" data-e-type=\"widget\" data-widget_type=\"text-editor.default\">\n\t\t\t\t<div class=\"elementor-widget-container\">\n\t\t\t\t\t\t\t\t\t<p><strong>Galer\u00eda Valart<\/strong> es un proyecto \u00fanico que fusiona la creatividad humana con la serenidad y la fuerza de los elementos naturales. El espacio, concebido como un refugio de inspiraci\u00f3n y contemplaci\u00f3n, se sit\u00faa en la cornisa norte de la Vega de Chinch\u00f3n, buscando una conexi\u00f3n profunda entre el arte y el entorno. Aqu\u00ed los elementos naturales no son solo el contexto, sino los propios materiales y protagonistas de las obras que se presentan.<\/p>\t\t\t\t\t\t\t\t<\/div>\n\t\t\t\t<\/div>\n\t\t\t\t<div class=\"elementor-element elementor-element-902c647 elementor-widget__width-initial elementor-widget elementor-widget-image\" data-id=\"902c647\" data-element_type=\"widget\" data-e-type=\"widget\" data-widget_type=\"image.default\">\n\t\t\t\t<div class=\"elementor-widget-container\">\n\t\t\t\t\t\t\t\t\t\t\t\t\t\t\t<img loading=\"lazy\" decoding=\"async\" width=\"253\" height=\"254\" src=\"https:\/\/fundacionrecover.org\/wp-content\/uploads\/2025\/02\/Logo-Valart-verde.png\" class=\"attachment-medium_large size-medium_large wp-image-8548\" alt=\"\" srcset=\"https:\/\/fundacionrecover.org\/wp-content\/uploads\/2025\/02\/Logo-Valart-verde.png 253w, https:\/\/fundacionrecover.org\/wp-content\/uploads\/2025\/02\/Logo-Valart-verde-150x150.png 150w, https:\/\/fundacionrecover.org\/wp-content\/uploads\/2025\/02\/Logo-Valart-verde-12x12.png 12w\" sizes=\"(max-width: 253px) 100vw, 253px\" \/>\t\t\t\t\t\t\t\t\t\t\t\t\t\t\t<\/div>\n\t\t\t\t<\/div>\n\t\t\t\t<\/div>\n\t\t\t\t<\/div>\n\t\t\t\t<\/div>\n\t\t\t\t\t<\/div>\n\t\t\t\t<\/div>\n\t\t\t\t<\/div>\n\t\t<div class=\"elementor-element elementor-element-fcd3e90 e-con-full e-flex e-con e-parent\" data-id=\"fcd3e90\" data-element_type=\"container\" data-e-type=\"container\">\n\t\t<div class=\"elementor-element elementor-element-0ee79b4 e-flex e-con-boxed e-con e-child\" data-id=\"0ee79b4\" data-element_type=\"container\" data-e-type=\"container\">\n\t\t\t\t\t<div class=\"e-con-inner\">\n\t\t<div class=\"elementor-element elementor-element-1255620 e-con-full e-flex e-con e-child\" data-id=\"1255620\" data-element_type=\"container\" data-e-type=\"container\" data-settings=\"{&quot;background_background&quot;:&quot;classic&quot;}\">\n\t\t\t\t<div class=\"elementor-element elementor-element-83dc090 elementor-widget__width-initial elementor-widget-mobile__width-inherit elementor-widget-tablet_extra__width-inherit elementor-invisible elementor-widget elementor-widget-heading\" data-id=\"83dc090\" data-element_type=\"widget\" data-e-type=\"widget\" data-settings=\"{&quot;_animation&quot;:&quot;fadeIn&quot;}\" data-widget_type=\"heading.default\">\n\t\t\t\t<div class=\"elementor-widget-container\">\n\t\t\t\t\t<h3 class=\"elementor-heading-title elementor-size-default\">Patrocinadores<\/h3>\t\t\t\t<\/div>\n\t\t\t\t<\/div>\n\t\t\t\t<\/div>\n\t\t<div class=\"elementor-element elementor-element-5fc6a76 e-con-full e-flex e-con e-child\" data-id=\"5fc6a76\" data-element_type=\"container\" data-e-type=\"container\">\n\t\t<div class=\"elementor-element elementor-element-8ee8a3b e-con-full e-flex e-con e-child\" data-id=\"8ee8a3b\" data-element_type=\"container\" data-e-type=\"container\">\n\t\t<div class=\"elementor-element elementor-element-6cb6977 e-con-full e-flex e-con e-child\" data-id=\"6cb6977\" data-element_type=\"container\" data-e-type=\"container\">\n\t\t\t\t<div class=\"elementor-element elementor-element-5ea8730 elementor-widget__width-initial elementor-widget-mobile__width-inherit elementor-widget elementor-widget-text-editor\" data-id=\"5ea8730\" data-element_type=\"widget\" data-e-type=\"widget\" data-widget_type=\"text-editor.default\">\n\t\t\t\t<div class=\"elementor-widget-container\">\n\t\t\t\t\t\t\t\t\t<p>Esta exposici\u00f3n se lleva a cabo gracias al apoyo recibido por parte del Hospital Universitario Ruber Juan Bravo<\/p>\t\t\t\t\t\t\t\t<\/div>\n\t\t\t\t<\/div>\n\t\t\t\t<div class=\"elementor-element elementor-element-596fafa elementor-widget__width-initial elementor-widget elementor-widget-image\" data-id=\"596fafa\" data-element_type=\"widget\" data-e-type=\"widget\" data-widget_type=\"image.default\">\n\t\t\t\t<div class=\"elementor-widget-container\">\n\t\t\t\t\t\t\t\t\t\t\t\t\t\t\t<img loading=\"lazy\" decoding=\"async\" width=\"318\" height=\"112\" src=\"https:\/\/fundacionrecover.org\/wp-content\/uploads\/2026\/04\/Logo-Ruber-Hospital-Juan-Bravo.png\" class=\"attachment-medium_large size-medium_large wp-image-11045\" alt=\"Logo Ruber Hospital Juan Bravo\" srcset=\"https:\/\/fundacionrecover.org\/wp-content\/uploads\/2026\/04\/Logo-Ruber-Hospital-Juan-Bravo.png 318w, https:\/\/fundacionrecover.org\/wp-content\/uploads\/2026\/04\/Logo-Ruber-Hospital-Juan-Bravo-300x106.png 300w, https:\/\/fundacionrecover.org\/wp-content\/uploads\/2026\/04\/Logo-Ruber-Hospital-Juan-Bravo-18x6.png 18w\" sizes=\"(max-width: 318px) 100vw, 318px\" \/>\t\t\t\t\t\t\t\t\t\t\t\t\t\t\t<\/div>\n\t\t\t\t<\/div>\n\t\t\t\t<\/div>\n\t\t\t\t<\/div>\n\t\t\t\t<\/div>\n\t\t\t\t\t<\/div>\n\t\t\t\t<\/div>\n\t\t\t\t<\/div>\n\t\t<div class=\"elementor-element elementor-element-4610aa8 e-con-full e-flex e-con e-parent\" data-id=\"4610aa8\" data-element_type=\"container\" data-e-type=\"container\" data-settings=\"{&quot;background_background&quot;:&quot;classic&quot;}\">\n\t\t<div class=\"elementor-element elementor-element-da59d3b e-grid e-con-full e-con e-child\" data-id=\"da59d3b\" data-element_type=\"container\" data-e-type=\"container\">\n\t\t<div class=\"elementor-element elementor-element-8dbc0c2 e-flex e-con-boxed e-con e-child\" data-id=\"8dbc0c2\" data-element_type=\"container\" data-e-type=\"container\">\n\t\t\t\t\t<div class=\"e-con-inner\">\n\t\t\t\t<div class=\"elementor-element elementor-element-07fe5aa elementor-nav-menu__align-start elementor-nav-menu--dropdown-none elementor-widget-mobile__width-initial elementor-widget elementor-widget-nav-menu\" data-id=\"07fe5aa\" data-element_type=\"widget\" data-e-type=\"widget\" data-settings=\"{&quot;layout&quot;:&quot;vertical&quot;,&quot;submenu_icon&quot;:{&quot;value&quot;:&quot;&lt;i aria-hidden=\\&quot;true\\&quot; class=\\&quot;\\&quot;&gt;&lt;\\\/i&gt;&quot;,&quot;library&quot;:&quot;&quot;}}\" data-widget_type=\"nav-menu.default\">\n\t\t\t\t<div class=\"elementor-widget-container\">\n\t\t\t\t\t\t\t\t<nav aria-label=\"Men\u00fa\" class=\"elementor-nav-menu--main elementor-nav-menu__container elementor-nav-menu--layout-vertical e--pointer-none\">\n\t\t\t\t<ul id=\"menu-1-07fe5aa\" class=\"elementor-nav-menu sm-vertical\"><li class=\"menu-item menu-item-type-post_type menu-item-object-page menu-item-2247\"><a href=\"https:\/\/fundacionrecover.org\/fr\/hazte-socio\/\" class=\"elementor-item\">Hazte socio<\/a><\/li>\n<li class=\"menu-item menu-item-type-post_type menu-item-object-page menu-item-2246\"><a href=\"https:\/\/fundacionrecover.org\/fr\/dona-por-una-causa\/\" class=\"elementor-item\">Dona por una causa<\/a><\/li>\n<li class=\"menu-item menu-item-type-post_type menu-item-object-page menu-item-2248\"><a href=\"https:\/\/fundacionrecover.org\/fr\/hazte-voluntario\/\" class=\"elementor-item\">Hazte voluntario<\/a><\/li>\n<li class=\"menu-item menu-item-type-post_type menu-item-object-page menu-item-2245\"><a href=\"https:\/\/fundacionrecover.org\/fr\/alianzas\/\" class=\"elementor-item\">Alianzas<\/a><\/li>\n<\/ul>\t\t\t<\/nav>\n\t\t\t\t\t\t<nav class=\"elementor-nav-menu--dropdown elementor-nav-menu__container\" aria-hidden=\"true\">\n\t\t\t\t<ul id=\"menu-2-07fe5aa\" class=\"elementor-nav-menu sm-vertical\"><li class=\"menu-item menu-item-type-post_type menu-item-object-page menu-item-2247\"><a href=\"https:\/\/fundacionrecover.org\/fr\/hazte-socio\/\" class=\"elementor-item\" tabindex=\"-1\">Hazte socio<\/a><\/li>\n<li class=\"menu-item menu-item-type-post_type menu-item-object-page menu-item-2246\"><a href=\"https:\/\/fundacionrecover.org\/fr\/dona-por-una-causa\/\" class=\"elementor-item\" tabindex=\"-1\">Dona por una causa<\/a><\/li>\n<li class=\"menu-item menu-item-type-post_type menu-item-object-page menu-item-2248\"><a href=\"https:\/\/fundacionrecover.org\/fr\/hazte-voluntario\/\" class=\"elementor-item\" tabindex=\"-1\">Hazte voluntario<\/a><\/li>\n<li class=\"menu-item menu-item-type-post_type menu-item-object-page menu-item-2245\"><a href=\"https:\/\/fundacionrecover.org\/fr\/alianzas\/\" class=\"elementor-item\" tabindex=\"-1\">Alianzas<\/a><\/li>\n<\/ul>\t\t\t<\/nav>\n\t\t\t\t\t\t<\/div>\n\t\t\t\t<\/div>\n\t\t\t\t<div class=\"elementor-element elementor-element-67cda5d elementor-nav-menu--dropdown-none elementor-widget-mobile__width-initial elementor-widget elementor-widget-nav-menu\" data-id=\"67cda5d\" data-element_type=\"widget\" data-e-type=\"widget\" data-settings=\"{&quot;layout&quot;:&quot;vertical&quot;,&quot;submenu_icon&quot;:{&quot;value&quot;:&quot;&lt;i aria-hidden=\\&quot;true\\&quot; class=\\&quot;\\&quot;&gt;&lt;\\\/i&gt;&quot;,&quot;library&quot;:&quot;&quot;}}\" data-widget_type=\"nav-menu.default\">\n\t\t\t\t<div class=\"elementor-widget-container\">\n\t\t\t\t\t\t\t\t<nav aria-label=\"Men\u00fa\" class=\"elementor-nav-menu--main elementor-nav-menu__container elementor-nav-menu--layout-vertical e--pointer-none\">\n\t\t\t\t<ul id=\"menu-1-67cda5d\" class=\"elementor-nav-menu sm-vertical\"><li class=\"menu-item menu-item-type-custom menu-item-object-custom menu-item-282\"><a href=\"https:\/\/fundacionrecover.org\/#newsletter\" class=\"elementor-item elementor-item-anchor\">Alta newsletter<\/a><\/li>\n<li class=\"menu-item menu-item-type-custom menu-item-object-custom menu-item-283\"><a href=\"\/contacto\/\" class=\"elementor-item\">Contacto<\/a><\/li>\n<li class=\"menu-item menu-item-type-custom menu-item-object-custom menu-item-284\"><a href=\"\/prensa\/\" class=\"elementor-item\">Prensa<\/a><\/li>\n<li class=\"menu-item menu-item-type-custom menu-item-object-custom menu-item-11094\"><a href=\"https:\/\/fundacionrecover.org\/wp-content\/uploads\/2026\/04\/Bases-2026.-Subasta-expo-Desde-lo-ensencial.pdf\" class=\"elementor-item\">Bases de la subasta solidaria<\/a><\/li>\n<\/ul>\t\t\t<\/nav>\n\t\t\t\t\t\t<nav class=\"elementor-nav-menu--dropdown elementor-nav-menu__container\" aria-hidden=\"true\">\n\t\t\t\t<ul id=\"menu-2-67cda5d\" class=\"elementor-nav-menu sm-vertical\"><li class=\"menu-item menu-item-type-custom menu-item-object-custom menu-item-282\"><a href=\"https:\/\/fundacionrecover.org\/#newsletter\" class=\"elementor-item elementor-item-anchor\" tabindex=\"-1\">Alta newsletter<\/a><\/li>\n<li class=\"menu-item menu-item-type-custom menu-item-object-custom menu-item-283\"><a href=\"\/contacto\/\" class=\"elementor-item\" tabindex=\"-1\">Contacto<\/a><\/li>\n<li class=\"menu-item menu-item-type-custom menu-item-object-custom menu-item-284\"><a href=\"\/prensa\/\" class=\"elementor-item\" tabindex=\"-1\">Prensa<\/a><\/li>\n<li class=\"menu-item menu-item-type-custom menu-item-object-custom menu-item-11094\"><a href=\"https:\/\/fundacionrecover.org\/wp-content\/uploads\/2026\/04\/Bases-2026.-Subasta-expo-Desde-lo-ensencial.pdf\" class=\"elementor-item\" tabindex=\"-1\">Bases de la subasta solidaria<\/a><\/li>\n<\/ul>\t\t\t<\/nav>\n\t\t\t\t\t\t<\/div>\n\t\t\t\t<\/div>\n\t\t\t\t\t<\/div>\n\t\t\t\t<\/div>\n\t\t\t\t<div class=\"elementor-element elementor-element-a89dbd9 elementor-widget elementor-widget-theme-site-logo elementor-widget-image\" data-id=\"a89dbd9\" data-element_type=\"widget\" data-e-type=\"widget\" data-widget_type=\"theme-site-logo.default\">\n\t\t\t\t<div class=\"elementor-widget-container\">\n\t\t\t\t\t\t\t\t\t\t\t<a href=\"https:\/\/fundacionrecover.org\/fr\">\n\t\t\t<img loading=\"lazy\" decoding=\"async\" width=\"335\" height=\"183\" src=\"https:\/\/fundacionrecover.org\/wp-content\/uploads\/2024\/03\/FundacionRecoverHospitalesParaAfrica_logo_blanco_cut.png\" class=\"attachment-full size-full wp-image-721\" alt=\"\" srcset=\"https:\/\/fundacionrecover.org\/wp-content\/uploads\/2024\/03\/FundacionRecoverHospitalesParaAfrica_logo_blanco_cut.png 335w, https:\/\/fundacionrecover.org\/wp-content\/uploads\/2024\/03\/FundacionRecoverHospitalesParaAfrica_logo_blanco_cut-300x164.png 300w\" sizes=\"(max-width: 335px) 100vw, 335px\" \/>\t\t\t\t<\/a>\n\t\t\t\t\t\t\t\t\t\t\t<\/div>\n\t\t\t\t<\/div>\n\t\t<div class=\"elementor-element elementor-element-b0227ef e-flex e-con-boxed e-con e-child\" data-id=\"b0227ef\" data-element_type=\"container\" data-e-type=\"container\">\n\t\t\t\t\t<div class=\"e-con-inner\">\n\t\t\t\t<div class=\"elementor-element elementor-element-1deb340 elementor-shape-circle elementor-grid-0 e-grid-align-center elementor-widget elementor-widget-social-icons\" data-id=\"1deb340\" data-element_type=\"widget\" data-e-type=\"widget\" data-widget_type=\"social-icons.default\">\n\t\t\t\t<div class=\"elementor-widget-container\">\n\t\t\t\t\t\t\t<div class=\"elementor-social-icons-wrapper elementor-grid\" role=\"list\">\n\t\t\t\t\t\t\t<span class=\"elementor-grid-item\" role=\"listitem\">\n\t\t\t\t\t<a class=\"elementor-icon elementor-social-icon elementor-social-icon-facebook elementor-repeater-item-d35c8ac\" href=\"https:\/\/www.facebook.com\/fundacionrecover\/\" target=\"_blank\">\n\t\t\t\t\t\t<span class=\"elementor-screen-only\">Facebook<\/span>\n\t\t\t\t\t\t<svg aria-hidden=\"true\" class=\"e-font-icon-svg e-fab-facebook\" viewBox=\"0 0 512 512\" xmlns=\"http:\/\/www.w3.org\/2000\/svg\"><path d=\"M504 256C504 119 393 8 256 8S8 119 8 256c0 123.78 90.69 226.38 209.25 245V327.69h-63V256h63v-54.64c0-62.15 37-96.48 93.67-96.48 27.14 0 55.52 4.84 55.52 4.84v61h-31.28c-30.8 0-40.41 19.12-40.41 38.73V256h68.78l-11 71.69h-57.78V501C413.31 482.38 504 379.78 504 256z\"><\/path><\/svg>\t\t\t\t\t<\/a>\n\t\t\t\t<\/span>\n\t\t\t\t\t\t\t<span class=\"elementor-grid-item\" role=\"listitem\">\n\t\t\t\t\t<a class=\"elementor-icon elementor-social-icon elementor-social-icon-instagram elementor-repeater-item-2531dcd\" href=\"https:\/\/www.instagram.com\/fundacionrecover\/\" target=\"_blank\">\n\t\t\t\t\t\t<span class=\"elementor-screen-only\">Instagram<\/span>\n\t\t\t\t\t\t<svg aria-hidden=\"true\" class=\"e-font-icon-svg e-fab-instagram\" viewBox=\"0 0 448 512\" xmlns=\"http:\/\/www.w3.org\/2000\/svg\"><path d=\"M224.1 141c-63.6 0-114.9 51.3-114.9 114.9s51.3 114.9 114.9 114.9S339 319.5 339 255.9 287.7 141 224.1 141zm0 189.6c-41.1 0-74.7-33.5-74.7-74.7s33.5-74.7 74.7-74.7 74.7 33.5 74.7 74.7-33.6 74.7-74.7 74.7zm146.4-194.3c0 14.9-12 26.8-26.8 26.8-14.9 0-26.8-12-26.8-26.8s12-26.8 26.8-26.8 26.8 12 26.8 26.8zm76.1 27.2c-1.7-35.9-9.9-67.7-36.2-93.9-26.2-26.2-58-34.4-93.9-36.2-37-2.1-147.9-2.1-184.9 0-35.8 1.7-67.6 9.9-93.9 36.1s-34.4 58-36.2 93.9c-2.1 37-2.1 147.9 0 184.9 1.7 35.9 9.9 67.7 36.2 93.9s58 34.4 93.9 36.2c37 2.1 147.9 2.1 184.9 0 35.9-1.7 67.7-9.9 93.9-36.2 26.2-26.2 34.4-58 36.2-93.9 2.1-37 2.1-147.8 0-184.8zM398.8 388c-7.8 19.6-22.9 34.7-42.6 42.6-29.5 11.7-99.5 9-132.1 9s-102.7 2.6-132.1-9c-19.6-7.8-34.7-22.9-42.6-42.6-11.7-29.5-9-99.5-9-132.1s-2.6-102.7 9-132.1c7.8-19.6 22.9-34.7 42.6-42.6 29.5-11.7 99.5-9 132.1-9s102.7-2.6 132.1 9c19.6 7.8 34.7 22.9 42.6 42.6 11.7 29.5 9 99.5 9 132.1s2.7 102.7-9 132.1z\"><\/path><\/svg>\t\t\t\t\t<\/a>\n\t\t\t\t<\/span>\n\t\t\t\t\t\t\t<span class=\"elementor-grid-item\" role=\"listitem\">\n\t\t\t\t\t<a class=\"elementor-icon elementor-social-icon elementor-social-icon-linkedin elementor-repeater-item-5220171\" href=\"https:\/\/www.linkedin.com\/company\/fundaci%C3%B3n-recover-hospitales-para-%C3%A1frica\/\" target=\"_blank\">\n\t\t\t\t\t\t<span class=\"elementor-screen-only\">Linkedin<\/span>\n\t\t\t\t\t\t<svg aria-hidden=\"true\" class=\"e-font-icon-svg e-fab-linkedin\" viewBox=\"0 0 448 512\" xmlns=\"http:\/\/www.w3.org\/2000\/svg\"><path d=\"M416 32H31.9C14.3 32 0 46.5 0 64.3v383.4C0 465.5 14.3 480 31.9 480H416c17.6 0 32-14.5 32-32.3V64.3c0-17.8-14.4-32.3-32-32.3zM135.4 416H69V202.2h66.5V416zm-33.2-243c-21.3 0-38.5-17.3-38.5-38.5S80.9 96 102.2 96c21.2 0 38.5 17.3 38.5 38.5 0 21.3-17.2 38.5-38.5 38.5zm282.1 243h-66.4V312c0-24.8-.5-56.7-34.5-56.7-34.6 0-39.9 27-39.9 54.9V416h-66.4V202.2h63.7v29.2h.9c8.9-16.8 30.6-34.5 62.9-34.5 67.2 0 79.7 44.3 79.7 101.9V416z\"><\/path><\/svg>\t\t\t\t\t<\/a>\n\t\t\t\t<\/span>\n\t\t\t\t\t\t\t<span class=\"elementor-grid-item\" role=\"listitem\">\n\t\t\t\t\t<a class=\"elementor-icon elementor-social-icon elementor-social-icon-youtube elementor-repeater-item-5f45932\" href=\"https:\/\/www.youtube.com\/channel\/UCGZwi169_4LkO3P48nTT11Q\" target=\"_blank\">\n\t\t\t\t\t\t<span class=\"elementor-screen-only\">Youtube<\/span>\n\t\t\t\t\t\t<svg aria-hidden=\"true\" class=\"e-font-icon-svg e-fab-youtube\" viewBox=\"0 0 576 512\" xmlns=\"http:\/\/www.w3.org\/2000\/svg\"><path d=\"M549.655 124.083c-6.281-23.65-24.787-42.276-48.284-48.597C458.781 64 288 64 288 64S117.22 64 74.629 75.486c-23.497 6.322-42.003 24.947-48.284 48.597-11.412 42.867-11.412 132.305-11.412 132.305s0 89.438 11.412 132.305c6.281 23.65 24.787 41.5 48.284 47.821C117.22 448 288 448 288 448s170.78 0 213.371-11.486c23.497-6.321 42.003-24.171 48.284-47.821 11.412-42.867 11.412-132.305 11.412-132.305s0-89.438-11.412-132.305zm-317.51 213.508V175.185l142.739 81.205-142.739 81.201z\"><\/path><\/svg>\t\t\t\t\t<\/a>\n\t\t\t\t<\/span>\n\t\t\t\t\t<\/div>\n\t\t\t\t\t\t<\/div>\n\t\t\t\t<\/div>\n\t\t\t\t<div class=\"elementor-element elementor-element-01b9c55 elementor-widget-divider--view-line elementor-widget elementor-widget-divider\" data-id=\"01b9c55\" data-element_type=\"widget\" data-e-type=\"widget\" data-widget_type=\"divider.default\">\n\t\t\t\t<div class=\"elementor-widget-container\">\n\t\t\t\t\t\t\t<div class=\"elementor-divider\">\n\t\t\t<span class=\"elementor-divider-separator\">\n\t\t\t\t\t\t<\/span>\n\t\t<\/div>\n\t\t\t\t\t\t<\/div>\n\t\t\t\t<\/div>\n\t\t\t\t<div class=\"elementor-element elementor-element-b3927b5 elementor-widget__width-initial elementor-widget-tablet__width-inherit elementor-widget-mobile__width-initial elementor-hidden-desktop elementor-hidden-laptop elementor-hidden-tablet_extra elementor-widget elementor-widget-text-editor\" data-id=\"b3927b5\" data-element_type=\"widget\" data-e-type=\"widget\" data-widget_type=\"text-editor.default\">\n\t\t\t\t<div class=\"elementor-widget-container\">\n\t\t\t\t\t\t\t\t\tCalle Hilari\u00f3n Eslava, 27 bis<br>\n1\u00aa planta, oficina 7, 28015 Madrid<br>\n<span style=\"color: #ffffff;\"><a style=\"color: #ffffff;\" href=\"tel:+34914110968\">(+34) 91 411 09 68<\/a><br><\/span>\n<span style=\"color: #ffffff;\"><a style=\"color: #ffffff;\" href=\"mailto:info@fundacionrecover.org\" target=\"_blank\" rel=\"noopener\">info@fundacionrecover.org<\/a><\/span><br>\nL-V: 10:00-18:00\t\t\t\t\t\t\t\t<\/div>\n\t\t\t\t<\/div>\n\t\t\t\t<div class=\"elementor-element elementor-element-e3df7aa elementor-widget__width-initial elementor-widget-tablet__width-inherit elementor-widget-mobile__width-initial elementor-hidden-tablet elementor-hidden-mobile elementor-widget elementor-widget-text-editor\" data-id=\"e3df7aa\" data-element_type=\"widget\" data-e-type=\"widget\" data-widget_type=\"text-editor.default\">\n\t\t\t\t<div class=\"elementor-widget-container\">\n\t\t\t\t\t\t\t\t\t<p>Calle Hilari\u00f3n Eslava, 27 bis<br \/>1\u00aa planta, oficina 7, 28015 Madrid<br \/>Telf: (+34) 91 411 09 68<br \/>Email: info@fundacionrecover.org<br \/>L-J: 9:00-18:00, V: 8:00-15:00<\/p>\t\t\t\t\t\t\t\t<\/div>\n\t\t\t\t<\/div>\n\t\t\t\t\t<\/div>\n\t\t\t\t<\/div>\n\t\t\t\t<\/div>\n\t\t\t\t<\/div>\n\t\t<div class=\"elementor-element elementor-element-3f5f2cb e-con-full e-flex e-con e-parent\" data-id=\"3f5f2cb\" data-element_type=\"container\" data-e-type=\"container\" data-settings=\"{&quot;background_background&quot;:&quot;classic&quot;}\">\n\t\t<div class=\"elementor-element elementor-element-8af9644 e-grid e-con-full e-con e-child\" data-id=\"8af9644\" data-element_type=\"container\" data-e-type=\"container\">\n\t\t\t\t<div class=\"elementor-element elementor-element-dea17cd elementor-hidden-mobile elementor-widget elementor-widget-text-editor\" data-id=\"dea17cd\" data-element_type=\"widget\" data-e-type=\"widget\" data-widget_type=\"text-editor.default\">\n\t\t\t\t<div class=\"elementor-widget-container\">\n\t\t\t\t\t\t\t\t\t<p>\u00a9 Copyright 2024 &#8211; Fundaci\u00f3n Recover Hospitales para \u00c1frica<\/p>\t\t\t\t\t\t\t\t<\/div>\n\t\t\t\t<\/div>\n\t\t\t\t<div class=\"elementor-element elementor-element-d0b3330 elementor-hidden-desktop elementor-hidden-laptop elementor-hidden-tablet_extra elementor-hidden-tablet elementor-widget elementor-widget-text-editor\" data-id=\"d0b3330\" data-element_type=\"widget\" data-e-type=\"widget\" data-widget_type=\"text-editor.default\">\n\t\t\t\t<div class=\"elementor-widget-container\">\n\t\t\t\t\t\t\t\t\t<p>\u00a9 2024 &#8211; Fundaci\u00f3n Recover Hospitales para \u00c1frica<\/p>\t\t\t\t\t\t\t\t<\/div>\n\t\t\t\t<\/div>\n\t\t\t\t<div class=\"elementor-element elementor-element-bdb0f96 elementor-nav-menu__align-center elementor-nav-menu--dropdown-none elementor-widget elementor-widget-nav-menu\" data-id=\"bdb0f96\" data-element_type=\"widget\" data-e-type=\"widget\" data-settings=\"{&quot;submenu_icon&quot;:{&quot;value&quot;:&quot;&lt;i aria-hidden=\\&quot;true\\&quot; class=\\&quot;\\&quot;&gt;&lt;\\\/i&gt;&quot;,&quot;library&quot;:&quot;&quot;},&quot;layout&quot;:&quot;horizontal&quot;}\" data-widget_type=\"nav-menu.default\">\n\t\t\t\t<div class=\"elementor-widget-container\">\n\t\t\t\t\t\t\t\t<nav aria-label=\"Men\u00fa\" class=\"elementor-nav-menu--main elementor-nav-menu__container elementor-nav-menu--layout-horizontal e--pointer-none\">\n\t\t\t\t<ul id=\"menu-1-bdb0f96\" class=\"elementor-nav-menu\"><li class=\"menu-item menu-item-type-custom menu-item-object-custom menu-item-286\"><a target=\"_blank\" href=\"\/aviso-legal\/\" class=\"elementor-item\">Aviso Legal<\/a><\/li>\n<li class=\"menu-item menu-item-type-custom menu-item-object-custom menu-item-289\"><a target=\"_blank\" href=\"\/politica-de-privacidad\/\" class=\"elementor-item\">Pol\u00edtica de Privacidad<\/a><\/li>\n<li class=\"menu-item menu-item-type-custom menu-item-object-custom menu-item-288\"><a target=\"_blank\" href=\"\/politica-de-cookies\/\" class=\"elementor-item\">Pol\u00edtica de Cookies<\/a><\/li>\n<li class=\"menu-item menu-item-type-custom menu-item-object-custom menu-item-10857\"><a href=\"https:\/\/fundacionrecover.org\/wp-content\/uploads\/2026\/04\/Bases-2026.-Subasta-expo-Desde-lo-ensencial.pdf\" class=\"elementor-item\">Bases subasta arte<\/a><\/li>\n<\/ul>\t\t\t<\/nav>\n\t\t\t\t\t\t<nav class=\"elementor-nav-menu--dropdown elementor-nav-menu__container\" aria-hidden=\"true\">\n\t\t\t\t<ul id=\"menu-2-bdb0f96\" class=\"elementor-nav-menu\"><li class=\"menu-item menu-item-type-custom menu-item-object-custom menu-item-286\"><a target=\"_blank\" href=\"\/aviso-legal\/\" class=\"elementor-item\" tabindex=\"-1\">Aviso Legal<\/a><\/li>\n<li class=\"menu-item menu-item-type-custom menu-item-object-custom menu-item-289\"><a target=\"_blank\" href=\"\/politica-de-privacidad\/\" class=\"elementor-item\" tabindex=\"-1\">Pol\u00edtica de Privacidad<\/a><\/li>\n<li class=\"menu-item menu-item-type-custom menu-item-object-custom menu-item-288\"><a target=\"_blank\" href=\"\/politica-de-cookies\/\" class=\"elementor-item\" tabindex=\"-1\">Pol\u00edtica de Cookies<\/a><\/li>\n<li class=\"menu-item menu-item-type-custom menu-item-object-custom menu-item-10857\"><a href=\"https:\/\/fundacionrecover.org\/wp-content\/uploads\/2026\/04\/Bases-2026.-Subasta-expo-Desde-lo-ensencial.pdf\" class=\"elementor-item\" tabindex=\"-1\">Bases subasta arte<\/a><\/li>\n<\/ul>\t\t\t<\/nav>\n\t\t\t\t\t\t<\/div>\n\t\t\t\t<\/div>\n\t\t\t\t<\/div>\n\t\t\t\t<\/div>\n\t\t\t\t<\/div>\n\t\t","protected":false},"excerpt":{"rendered":"<p>Desde lo esencial Arte comprometido con la salud y la infancia en \u00c1frica Fundaci\u00f3n Recover, Hospitales para \u00c1frica y Galer\u00eda Valart han organizado, con el apoyo del Hospital Universitario Ruber Juan Bravo, esta II muestra de arte y subasta solidaria cuyo prop\u00f3sito es mejorar la salud y el bienestar de la infancia en \u00c1frica Descarga [&hellip;]<\/p>\n","protected":false},"author":1,"featured_media":8917,"parent":1582,"menu_order":0,"comment_status":"closed","ping_status":"closed","template":"elementor_canvas","meta":{"give_campaign_id":0,"footnotes":""},"class_list":["post-8453","page","type-page","status-publish","has-post-thumbnail","hentry"],"yoast_head":"<!-- This site is optimized with the Yoast SEO plugin v27.4 - https:\/\/yoast.com\/product\/yoast-seo-wordpress\/ -->\n<title>Exposici\u00f3n solidaria &quot;Desde lo esencial&quot; - Fundaci\u00f3n Recover Hospitales para \u00c1frica<\/title>\n<meta name=\"robots\" content=\"index, follow, max-snippet:-1, max-image-preview:large, max-video-preview:-1\" \/>\n<link rel=\"canonical\" href=\"https:\/\/fundacionrecover.org\/fr\/collaborer\/exposition-de-solidarite-a-partir-de-lessentiel\/\" \/>\n<meta property=\"og:locale\" content=\"fr_FR\" \/>\n<meta property=\"og:type\" content=\"article\" \/>\n<meta property=\"og:title\" content=\"Exposici\u00f3n solidaria &quot;Desde lo esencial&quot; - Fundaci\u00f3n Recover Hospitales para \u00c1frica\" \/>\n<meta property=\"og:description\" content=\"Desde lo esencial Arte comprometido con la salud y la infancia en \u00c1frica Fundaci\u00f3n Recover, Hospitales para \u00c1frica y Galer\u00eda Valart han organizado, con el apoyo del Hospital Universitario Ruber Juan Bravo, esta II muestra de arte y subasta solidaria cuyo prop\u00f3sito es mejorar la salud y el bienestar de la infancia en \u00c1frica Descarga [&hellip;]\" \/>\n<meta property=\"og:url\" content=\"https:\/\/fundacionrecover.org\/fr\/collaborer\/exposition-de-solidarite-a-partir-de-lessentiel\/\" \/>\n<meta property=\"og:site_name\" content=\"Fundaci\u00f3n Recover Hospitales para \u00c1frica\" \/>\n<meta property=\"article:publisher\" content=\"https:\/\/www.facebook.com\/fundacionrecover\/\" \/>\n<meta property=\"article:modified_time\" content=\"2026-04-21T22:04:08+00:00\" \/>\n<meta property=\"og:image\" content=\"https:\/\/fundacionrecover.org\/wp-content\/uploads\/2025\/02\/mapa_africa_fondo_blanco-scaled.jpg\" \/>\n\t<meta property=\"og:image:width\" content=\"1828\" \/>\n\t<meta property=\"og:image:height\" content=\"2560\" \/>\n\t<meta property=\"og:image:type\" content=\"image\/jpeg\" \/>\n<meta name=\"twitter:card\" content=\"summary_large_image\" \/>\n<meta name=\"twitter:label1\" content=\"Dur\u00e9e de lecture estim\u00e9e\" \/>\n\t<meta name=\"twitter:data1\" content=\"58 minutes\" \/>\n<script type=\"application\/ld+json\" class=\"yoast-schema-graph\">{\"@context\":\"https:\\\/\\\/schema.org\",\"@graph\":[{\"@type\":\"WebPage\",\"@id\":\"https:\\\/\\\/fundacionrecover.org\\\/colabora\\\/exposicion-solidaria-desde-lo-esencial\\\/\",\"url\":\"https:\\\/\\\/fundacionrecover.org\\\/colabora\\\/exposicion-solidaria-desde-lo-esencial\\\/\",\"name\":\"Exposici\u00f3n solidaria \\\"Desde lo esencial\\\" - Fundaci\u00f3n Recover Hospitales para \u00c1frica\",\"isPartOf\":{\"@id\":\"https:\\\/\\\/fundacionrecover.org\\\/#website\"},\"primaryImageOfPage\":{\"@id\":\"https:\\\/\\\/fundacionrecover.org\\\/colabora\\\/exposicion-solidaria-desde-lo-esencial\\\/#primaryimage\"},\"image\":{\"@id\":\"https:\\\/\\\/fundacionrecover.org\\\/colabora\\\/exposicion-solidaria-desde-lo-esencial\\\/#primaryimage\"},\"thumbnailUrl\":\"https:\\\/\\\/fundacionrecover.org\\\/wp-content\\\/uploads\\\/2025\\\/02\\\/mapa_africa_fondo_blanco-scaled.jpg\",\"datePublished\":\"2025-02-07T17:24:01+00:00\",\"dateModified\":\"2026-04-21T22:04:08+00:00\",\"breadcrumb\":{\"@id\":\"https:\\\/\\\/fundacionrecover.org\\\/colabora\\\/exposicion-solidaria-desde-lo-esencial\\\/#breadcrumb\"},\"inLanguage\":\"fr-FR\",\"potentialAction\":[{\"@type\":\"ReadAction\",\"target\":[\"https:\\\/\\\/fundacionrecover.org\\\/colabora\\\/exposicion-solidaria-desde-lo-esencial\\\/\"]}]},{\"@type\":\"ImageObject\",\"inLanguage\":\"fr-FR\",\"@id\":\"https:\\\/\\\/fundacionrecover.org\\\/colabora\\\/exposicion-solidaria-desde-lo-esencial\\\/#primaryimage\",\"url\":\"https:\\\/\\\/fundacionrecover.org\\\/wp-content\\\/uploads\\\/2025\\\/02\\\/mapa_africa_fondo_blanco-scaled.jpg\",\"contentUrl\":\"https:\\\/\\\/fundacionrecover.org\\\/wp-content\\\/uploads\\\/2025\\\/02\\\/mapa_africa_fondo_blanco-scaled.jpg\",\"width\":1828,\"height\":2560},{\"@type\":\"BreadcrumbList\",\"@id\":\"https:\\\/\\\/fundacionrecover.org\\\/colabora\\\/exposicion-solidaria-desde-lo-esencial\\\/#breadcrumb\",\"itemListElement\":[{\"@type\":\"ListItem\",\"position\":1,\"name\":\"Home\",\"item\":\"https:\\\/\\\/fundacionrecover.org\\\/\"},{\"@type\":\"ListItem\",\"position\":2,\"name\":\"Colabora\",\"item\":\"https:\\\/\\\/fundacionrecover.org\\\/colabora\\\/\"},{\"@type\":\"ListItem\",\"position\":3,\"name\":\"Exposici\u00f3n solidaria \u00abDesde lo esencial\u00bb\"}]},{\"@type\":\"WebSite\",\"@id\":\"https:\\\/\\\/fundacionrecover.org\\\/#website\",\"url\":\"https:\\\/\\\/fundacionrecover.org\\\/\",\"name\":\"Fundaci\u00f3n Recover Hospitales para \u00c1frica\",\"description\":\"Fundaci\u00f3n Recover\",\"publisher\":{\"@id\":\"https:\\\/\\\/fundacionrecover.org\\\/#organization\"},\"potentialAction\":[{\"@type\":\"SearchAction\",\"target\":{\"@type\":\"EntryPoint\",\"urlTemplate\":\"https:\\\/\\\/fundacionrecover.org\\\/?s={search_term_string}\"},\"query-input\":{\"@type\":\"PropertyValueSpecification\",\"valueRequired\":true,\"valueName\":\"search_term_string\"}}],\"inLanguage\":\"fr-FR\"},{\"@type\":\"Organization\",\"@id\":\"https:\\\/\\\/fundacionrecover.org\\\/#organization\",\"name\":\"Fundaci\u00f3n Recover, Hospitales para \u00c1frica\",\"alternateName\":\"Fundaci\u00f3n Recover\",\"url\":\"https:\\\/\\\/fundacionrecover.org\\\/\",\"logo\":{\"@type\":\"ImageObject\",\"inLanguage\":\"fr-FR\",\"@id\":\"https:\\\/\\\/fundacionrecover.org\\\/#\\\/schema\\\/logo\\\/image\\\/\",\"url\":\"https:\\\/\\\/fundacionrecover.org\\\/wp-content\\\/uploads\\\/2024\\\/03\\\/FundacionRecoverHospitalesParaAfrica_logo_blanco_cut.png\",\"contentUrl\":\"https:\\\/\\\/fundacionrecover.org\\\/wp-content\\\/uploads\\\/2024\\\/03\\\/FundacionRecoverHospitalesParaAfrica_logo_blanco_cut.png\",\"width\":335,\"height\":183,\"caption\":\"Fundaci\u00f3n Recover, Hospitales para \u00c1frica\"},\"image\":{\"@id\":\"https:\\\/\\\/fundacionrecover.org\\\/#\\\/schema\\\/logo\\\/image\\\/\"},\"sameAs\":[\"https:\\\/\\\/www.facebook.com\\\/fundacionrecover\\\/\",\"https:\\\/\\\/www.instagram.com\\\/fundacionrecover\\\/\",\"https:\\\/\\\/www.linkedin.com\\\/company\\\/fundaci\u00f3n-recover-hospitales-para-\u00e1frica\\\/\",\"https:\\\/\\\/www.tiktok.com\\\/@fundacionrecover\"]}]}<\/script>\n<!-- \/ Yoast SEO plugin. -->","yoast_head_json":{"title":"Exposition de solidarit\u00e9 \"De l'essentiel\" - Recover Hospitals for Africa Foundation","robots":{"index":"index","follow":"follow","max-snippet":"max-snippet:-1","max-image-preview":"max-image-preview:large","max-video-preview":"max-video-preview:-1"},"canonical":"https:\/\/fundacionrecover.org\/fr\/collaborer\/exposition-de-solidarite-a-partir-de-lessentiel\/","og_locale":"fr_FR","og_type":"article","og_title":"Exposici\u00f3n solidaria \"Desde lo esencial\" - Fundaci\u00f3n Recover Hospitales para \u00c1frica","og_description":"Desde lo esencial Arte comprometido con la salud y la infancia en \u00c1frica Fundaci\u00f3n Recover, Hospitales para \u00c1frica y Galer\u00eda Valart han organizado, con el apoyo del Hospital Universitario Ruber Juan Bravo, esta II muestra de arte y subasta solidaria cuyo prop\u00f3sito es mejorar la salud y el bienestar de la infancia en \u00c1frica Descarga [&hellip;]","og_url":"https:\/\/fundacionrecover.org\/fr\/collaborer\/exposition-de-solidarite-a-partir-de-lessentiel\/","og_site_name":"Fundaci\u00f3n Recover Hospitales para \u00c1frica","article_publisher":"https:\/\/www.facebook.com\/fundacionrecover\/","article_modified_time":"2026-04-21T22:04:08+00:00","og_image":[{"width":1828,"height":2560,"url":"https:\/\/fundacionrecover.org\/wp-content\/uploads\/2025\/02\/mapa_africa_fondo_blanco-scaled.jpg","type":"image\/jpeg"}],"twitter_card":"summary_large_image","twitter_misc":{"Dur\u00e9e de lecture estim\u00e9e":"58 minutes"},"schema":{"@context":"https:\/\/schema.org","@graph":[{"@type":"WebPage","@id":"https:\/\/fundacionrecover.org\/colabora\/exposicion-solidaria-desde-lo-esencial\/","url":"https:\/\/fundacionrecover.org\/colabora\/exposicion-solidaria-desde-lo-esencial\/","name":"Exposition de solidarit\u00e9 \"De l'essentiel\" - Recover Hospitals for Africa Foundation","isPartOf":{"@id":"https:\/\/fundacionrecover.org\/#website"},"primaryImageOfPage":{"@id":"https:\/\/fundacionrecover.org\/colabora\/exposicion-solidaria-desde-lo-esencial\/#primaryimage"},"image":{"@id":"https:\/\/fundacionrecover.org\/colabora\/exposicion-solidaria-desde-lo-esencial\/#primaryimage"},"thumbnailUrl":"https:\/\/fundacionrecover.org\/wp-content\/uploads\/2025\/02\/mapa_africa_fondo_blanco-scaled.jpg","datePublished":"2025-02-07T17:24:01+00:00","dateModified":"2026-04-21T22:04:08+00:00","breadcrumb":{"@id":"https:\/\/fundacionrecover.org\/colabora\/exposicion-solidaria-desde-lo-esencial\/#breadcrumb"},"inLanguage":"fr-FR","potentialAction":[{"@type":"ReadAction","target":["https:\/\/fundacionrecover.org\/colabora\/exposicion-solidaria-desde-lo-esencial\/"]}]},{"@type":"ImageObject","inLanguage":"fr-FR","@id":"https:\/\/fundacionrecover.org\/colabora\/exposicion-solidaria-desde-lo-esencial\/#primaryimage","url":"https:\/\/fundacionrecover.org\/wp-content\/uploads\/2025\/02\/mapa_africa_fondo_blanco-scaled.jpg","contentUrl":"https:\/\/fundacionrecover.org\/wp-content\/uploads\/2025\/02\/mapa_africa_fondo_blanco-scaled.jpg","width":1828,"height":2560},{"@type":"BreadcrumbList","@id":"https:\/\/fundacionrecover.org\/colabora\/exposicion-solidaria-desde-lo-esencial\/#breadcrumb","itemListElement":[{"@type":"ListItem","position":1,"name":"Home","item":"https:\/\/fundacionrecover.org\/"},{"@type":"ListItem","position":2,"name":"Colabora","item":"https:\/\/fundacionrecover.org\/colabora\/"},{"@type":"ListItem","position":3,"name":"Exposici\u00f3n solidaria \u00abDesde lo esencial\u00bb"}]},{"@type":"WebSite","@id":"https:\/\/fundacionrecover.org\/#website","url":"https:\/\/fundacionrecover.org\/","name":"La Fondation Recover, H\u00f2pitaux pour l\u2019Afrique","description":"La Fondation Recover","publisher":{"@id":"https:\/\/fundacionrecover.org\/#organization"},"potentialAction":[{"@type":"SearchAction","target":{"@type":"EntryPoint","urlTemplate":"https:\/\/fundacionrecover.org\/?s={search_term_string}"},"query-input":{"@type":"PropertyValueSpecification","valueRequired":true,"valueName":"search_term_string"}}],"inLanguage":"fr-FR"},{"@type":"Organization","@id":"https:\/\/fundacionrecover.org\/#organization","name":"La Fondation Recover, H\u00f2pitaux pour l\u2019Afrique","alternateName":"Fundaci\u00f3n Recover","url":"https:\/\/fundacionrecover.org\/","logo":{"@type":"ImageObject","inLanguage":"fr-FR","@id":"https:\/\/fundacionrecover.org\/#\/schema\/logo\/image\/","url":"https:\/\/fundacionrecover.org\/wp-content\/uploads\/2024\/03\/FundacionRecoverHospitalesParaAfrica_logo_blanco_cut.png","contentUrl":"https:\/\/fundacionrecover.org\/wp-content\/uploads\/2024\/03\/FundacionRecoverHospitalesParaAfrica_logo_blanco_cut.png","width":335,"height":183,"caption":"Fundaci\u00f3n Recover, Hospitales para \u00c1frica"},"image":{"@id":"https:\/\/fundacionrecover.org\/#\/schema\/logo\/image\/"},"sameAs":["https:\/\/www.facebook.com\/fundacionrecover\/","https:\/\/www.instagram.com\/fundacionrecover\/","https:\/\/www.linkedin.com\/company\/fundaci\u00f3n-recover-hospitales-para-\u00e1frica\/","https:\/\/www.tiktok.com\/@fundacionrecover"]}]}},"campaignId":"","_links":{"self":[{"href":"https:\/\/fundacionrecover.org\/fr\/wp-json\/wp\/v2\/pages\/8453","targetHints":{"allow":["GET"]}}],"collection":[{"href":"https:\/\/fundacionrecover.org\/fr\/wp-json\/wp\/v2\/pages"}],"about":[{"href":"https:\/\/fundacionrecover.org\/fr\/wp-json\/wp\/v2\/types\/page"}],"author":[{"embeddable":true,"href":"https:\/\/fundacionrecover.org\/fr\/wp-json\/wp\/v2\/users\/1"}],"replies":[{"embeddable":true,"href":"https:\/\/fundacionrecover.org\/fr\/wp-json\/wp\/v2\/comments?post=8453"}],"version-history":[{"count":105,"href":"https:\/\/fundacionrecover.org\/fr\/wp-json\/wp\/v2\/pages\/8453\/revisions"}],"predecessor-version":[{"id":11103,"href":"https:\/\/fundacionrecover.org\/fr\/wp-json\/wp\/v2\/pages\/8453\/revisions\/11103"}],"up":[{"embeddable":true,"href":"https:\/\/fundacionrecover.org\/fr\/wp-json\/wp\/v2\/pages\/1582"}],"wp:featuredmedia":[{"embeddable":true,"href":"https:\/\/fundacionrecover.org\/fr\/wp-json\/wp\/v2\/media\/8917"}],"wp:attachment":[{"href":"https:\/\/fundacionrecover.org\/fr\/wp-json\/wp\/v2\/media?parent=8453"}],"curies":[{"name":"wp","href":"https:\/\/api.w.org\/{rel}","templated":true}]}}